{"id":13458,"date":"2019-02-02T16:38:27","date_gmt":"2019-02-02T14:38:27","guid":{"rendered":"http:\/\/eifel.freizeit-oasen.de\/?page_id=13458"},"modified":"2026-04-12T18:03:01","modified_gmt":"2026-04-12T16:03:01","slug":"mobilheimpark","status":"publish","type":"page","link":"https:\/\/eifel-camp.freizeit-oasen.de\/mobilheimpark\/","title":{"rendered":"Mobilheimpark"},"content":{"rendered":"<p><div class=\"xzqv-fullwidth fullwidth-box xzqv-builder-row-1 xzqv-flex-container hundred-percent-fullwidth non-hundred-percent-height-scrolling\" style=\"--awb-border-radius-top-left:0px;--awb-border-radius-top-right:0px;--awb-border-radius-bottom-right:0px;--awb-border-radius-bottom-left:0px;--awb-overflow:visible;--awb-flex-wrap:wrap;\" ><div class=\"xzqv-builder-row xzqv-row xzqv-flex-align-items-flex-start xzqv-flex-content-wrap\" style=\"width:103% !important;max-width:103% !important;margin-left: calc(-3% \/ 2 );margin-right: calc(-3% \/ 2 );\"><div class=\"xzqv-layout-column xzqv_builder_column xzqv-builder-column-0 xzqv_builder_column_1_1 1_1 xzqv-flex-column xzqv-flex-align-self-flex-start xzqv-column-no-min-height\" style=\"--awb-bg-size:cover;--awb-width-large:100%;--awb-margin-top-large:0px;--awb-spacing-right-large:1.455%;--awb-margin-bottom-large:0px;--awb-spacing-left-large:1.455%;--awb-width-medium:100%;--awb-spacing-right-medium:1.455%;--awb-spacing-left-medium:1.455%;--awb-width-small:100%;--awb-spacing-right-small:1.455%;--awb-spacing-left-small:1.455%;\"><div class=\"xzqv-column-wrapper xzqv-flex-justify-content-flex-start xzqv-content-layout-column\"><script type=\"text\/javascript\">jQuery(function() { _initLayerSlider( '#layerslider_49_iotjp0bam77p', {sliderVersion: '6.6.1', responsiveUnder: 670, allowFullscreen: true, slideBGSize: 'auto', pauseOnHover: 1, twoWaySlideshow: true, skin: 'borderlesslight', sliderFadeInDuration: 350, globalBGColor: '#ffffff', navStartStop: false, navButtons: false, useSrcset: true, skinsPath: 'https:\/\/eifel-camp.freizeit-oasen.de\/fo_plugins\/LayerSlider\/assets\/static\/layerslider\/skins\/', performanceMode: true}); });<\/script><div id=\"layerslider_49_iotjp0bam77p\"  class=\"ls-wp-container fitvidsignore ls-selectable\" style=\"width:670px;height:300px;max-width:670px;margin:0 auto;\"><div class=\"ls-slide\" data-ls=\"duration:6000;transition2d:5;\"><img decoding=\"async\" width=\"670\" height=\"300\" src=\"https:\/\/eifel-camp.freizeit-oasen.de\/fo_content\/uploads\/2019\/02\/MH1.jpg\" class=\"ls-bg\" alt=\"Ein kleines wei\u00dfes Wohnmobil mit einer Holzterrasse, Sitzgelegenheiten im Freien und einem roten Feuerl\u00f6scherkasten. Im Vordergrund steht ein Hund im Gras. Im Hintergrund sind B\u00e4ume und ein weiteres Wohnmobil zu sehen.\" srcset=\"https:\/\/eifel-camp.freizeit-oasen.de\/fo_content\/uploads\/2019\/02\/MH1-24x11.jpg 24w, https:\/\/eifel-camp.freizeit-oasen.de\/fo_content\/uploads\/2019\/02\/MH1-36x16.jpg 36w, https:\/\/eifel-camp.freizeit-oasen.de\/fo_content\/uploads\/2019\/02\/MH1-48x21.jpg 48w, https:\/\/eifel-camp.freizeit-oasen.de\/fo_content\/uploads\/2019\/02\/MH1-200x90.jpg 200w, https:\/\/eifel-camp.freizeit-oasen.de\/fo_content\/uploads\/2019\/02\/MH1-400x179.jpg 400w, https:\/\/eifel-camp.freizeit-oasen.de\/fo_content\/uploads\/2019\/02\/MH1-600x269.jpg 600w, https:\/\/eifel-camp.freizeit-oasen.de\/fo_content\/uploads\/2019\/02\/MH1.jpg 670w\" sizes=\"(max-width: 670px) 100vw, 670px\" \/><\/div><div class=\"ls-slide\" data-ls=\"duration:6000;transition2d:5;\"><img decoding=\"async\" width=\"670\" height=\"300\" src=\"https:\/\/eifel-camp.freizeit-oasen.de\/fo_content\/uploads\/2019\/02\/MH2.jpg\" class=\"ls-bg\" alt=\"Eine kleine Holzh\u00fctte mit \u00fcberdachter Veranda ist umgeben von B\u00e4umen, Str\u00e4uchern und Topfpflanzen in einer gr\u00fcnen Gartenanlage.\" srcset=\"https:\/\/eifel-camp.freizeit-oasen.de\/fo_content\/uploads\/2019\/02\/MH2-24x11.jpg 24w, https:\/\/eifel-camp.freizeit-oasen.de\/fo_content\/uploads\/2019\/02\/MH2-36x16.jpg 36w, https:\/\/eifel-camp.freizeit-oasen.de\/fo_content\/uploads\/2019\/02\/MH2-48x21.jpg 48w, https:\/\/eifel-camp.freizeit-oasen.de\/fo_content\/uploads\/2019\/02\/MH2-200x90.jpg 200w, https:\/\/eifel-camp.freizeit-oasen.de\/fo_content\/uploads\/2019\/02\/MH2-400x179.jpg 400w, https:\/\/eifel-camp.freizeit-oasen.de\/fo_content\/uploads\/2019\/02\/MH2-600x269.jpg 600w, https:\/\/eifel-camp.freizeit-oasen.de\/fo_content\/uploads\/2019\/02\/MH2.jpg 670w\" sizes=\"(max-width: 670px) 100vw, 670px\" \/><\/div><div class=\"ls-slide\" data-ls=\"duration:4000;transition2d:5;\"><img decoding=\"async\" width=\"670\" height=\"300\" src=\"https:\/\/eifel-camp.freizeit-oasen.de\/fo_content\/uploads\/2019\/02\/MH3.jpg\" class=\"ls-bg\" alt=\"Ein kleines braunes Modulhaus mit gr\u00fcnem Dach und Fensterl\u00e4den, umgeben von B\u00e4umen und Str\u00e4uchern, steht auf einem gepflasterten Grundst\u00fcck unter einem teilweise bew\u00f6lkten Himmel.\" srcset=\"https:\/\/eifel-camp.freizeit-oasen.de\/fo_content\/uploads\/2019\/02\/MH3-24x11.jpg 24w, https:\/\/eifel-camp.freizeit-oasen.de\/fo_content\/uploads\/2019\/02\/MH3-36x16.jpg 36w, https:\/\/eifel-camp.freizeit-oasen.de\/fo_content\/uploads\/2019\/02\/MH3-48x21.jpg 48w, https:\/\/eifel-camp.freizeit-oasen.de\/fo_content\/uploads\/2019\/02\/MH3-200x90.jpg 200w, https:\/\/eifel-camp.freizeit-oasen.de\/fo_content\/uploads\/2019\/02\/MH3-400x179.jpg 400w, https:\/\/eifel-camp.freizeit-oasen.de\/fo_content\/uploads\/2019\/02\/MH3-600x269.jpg 600w, https:\/\/eifel-camp.freizeit-oasen.de\/fo_content\/uploads\/2019\/02\/MH3.jpg 670w\" sizes=\"(max-width: 670px) 100vw, 670px\" \/><\/div><div class=\"ls-slide\" data-ls=\"duration:4000;transition2d:5;\"><img decoding=\"async\" width=\"670\" height=\"300\" src=\"https:\/\/eifel-camp.freizeit-oasen.de\/fo_content\/uploads\/2019\/02\/MH4.jpg\" class=\"ls-bg\" alt=\"Auf einem Kiesgrundst\u00fcck steht ein kleines, helles Haus mit rotem Dach, einer Veranda mit wei\u00dfem Gel\u00e4nder und einem Fahnenmast mit roter Flagge im Hof.\" srcset=\"https:\/\/eifel-camp.freizeit-oasen.de\/fo_content\/uploads\/2019\/02\/MH4-24x11.jpg 24w, https:\/\/eifel-camp.freizeit-oasen.de\/fo_content\/uploads\/2019\/02\/MH4-36x16.jpg 36w, https:\/\/eifel-camp.freizeit-oasen.de\/fo_content\/uploads\/2019\/02\/MH4-48x21.jpg 48w, https:\/\/eifel-camp.freizeit-oasen.de\/fo_content\/uploads\/2019\/02\/MH4-200x90.jpg 200w, https:\/\/eifel-camp.freizeit-oasen.de\/fo_content\/uploads\/2019\/02\/MH4-400x179.jpg 400w, https:\/\/eifel-camp.freizeit-oasen.de\/fo_content\/uploads\/2019\/02\/MH4-600x269.jpg 600w, https:\/\/eifel-camp.freizeit-oasen.de\/fo_content\/uploads\/2019\/02\/MH4.jpg 670w\" sizes=\"(max-width: 670px) 100vw, 670px\" \/><\/div><div class=\"ls-slide\" data-ls=\"duration:4000;transition2d:5;\"><img decoding=\"async\" width=\"670\" height=\"300\" src=\"https:\/\/eifel-camp.freizeit-oasen.de\/fo_content\/uploads\/2019\/02\/MH5.jpg\" class=\"ls-bg\" alt=\"Eine moderne, braune Holzh\u00fctte mit h\u00e4ngenden Blumenk\u00f6rben, Topfpflanzen und einem Fahnenmast mit zwei Flaggen in einem begr\u00fcnten Hof.\" srcset=\"https:\/\/eifel-camp.freizeit-oasen.de\/fo_content\/uploads\/2019\/02\/MH5-24x11.jpg 24w, https:\/\/eifel-camp.freizeit-oasen.de\/fo_content\/uploads\/2019\/02\/MH5-36x16.jpg 36w, https:\/\/eifel-camp.freizeit-oasen.de\/fo_content\/uploads\/2019\/02\/MH5-48x21.jpg 48w, https:\/\/eifel-camp.freizeit-oasen.de\/fo_content\/uploads\/2019\/02\/MH5-200x90.jpg 200w, https:\/\/eifel-camp.freizeit-oasen.de\/fo_content\/uploads\/2019\/02\/MH5-400x179.jpg 400w, https:\/\/eifel-camp.freizeit-oasen.de\/fo_content\/uploads\/2019\/02\/MH5-600x269.jpg 600w, https:\/\/eifel-camp.freizeit-oasen.de\/fo_content\/uploads\/2019\/02\/MH5.jpg 670w\" sizes=\"(max-width: 670px) 100vw, 670px\" \/><\/div><div class=\"ls-slide\" data-ls=\"duration:4000;transition2d:5;\"><img decoding=\"async\" width=\"670\" height=\"300\" src=\"https:\/\/eifel-camp.freizeit-oasen.de\/fo_content\/uploads\/2019\/02\/MH6.jpg\" class=\"ls-bg\" alt=\"Ein kleines, einst\u00f6ckiges, dunkelbraunes Holzhaus mit zwei Fenstern an der Vorderseite, einem Seiteneingang mit Treppe und einem kleinen Gartenbereich davor.\" srcset=\"https:\/\/eifel-camp.freizeit-oasen.de\/fo_content\/uploads\/2019\/02\/MH6-24x11.jpg 24w, https:\/\/eifel-camp.freizeit-oasen.de\/fo_content\/uploads\/2019\/02\/MH6-36x16.jpg 36w, https:\/\/eifel-camp.freizeit-oasen.de\/fo_content\/uploads\/2019\/02\/MH6-48x21.jpg 48w, https:\/\/eifel-camp.freizeit-oasen.de\/fo_content\/uploads\/2019\/02\/MH6-200x90.jpg 200w, https:\/\/eifel-camp.freizeit-oasen.de\/fo_content\/uploads\/2019\/02\/MH6-400x179.jpg 400w, https:\/\/eifel-camp.freizeit-oasen.de\/fo_content\/uploads\/2019\/02\/MH6-600x269.jpg 600w, https:\/\/eifel-camp.freizeit-oasen.de\/fo_content\/uploads\/2019\/02\/MH6.jpg 670w\" sizes=\"(max-width: 670px) 100vw, 670px\" \/><\/div><\/div><div class=\"xzqv-text xzqv-text-1\" style=\"--awb-text-transform:none;\"><h2><\/h2>\n<h2>Mobilheimpark<\/h2>\n<p>Genie\u00dfen Sie Ihre Freizeit ganzj\u00e4hrig auf dem Eifel-Camp in der Natur und erwerben Sie ein Mobilheim oder Mobilheimstellplatz auf dem Eifel-Camp.<\/p>\n<p>Viele G\u00e4ste haben sich bereits entschlossen, ihre Freizeit im Eifel-Camp zu verbringen. Die Ruhe, die Natur, die nette Nachbarschaft, das gute Freizeitangebot und die \u00fcberschaubaren Kosten sind einfach \u00fcberzeugend.<\/p>\n<p>Die voll ausgestatteten Mobilheime bieten Ihnen einen Luxus, den Sie, wenn Sie Mobilheime noch nicht kennen, nicht erwarten w\u00fcrden.<\/p>\n<p>Die Mobilheime auf dem Eifel-Camp werden fest an Wasser, Gas, Telefon und Antenne angeschlossen. Je nach Ausf\u00fchrung und Standort sind Wohnfl\u00e4chengr\u00f6\u00dfen von 30 \u2013 70 m\u00b2 m\u00f6glich. Die Deckenh\u00f6hen liegen meist bei 2,20 m. Boden, W\u00e4nde und Dach sind speziell isoliert. Eine typische Raumaufteilung sind Wohnzimmer mit Sitz- und Essecke, vollausgestattete kleine K\u00fcche oder K\u00fcchenzeile, Schlafzimmer mit Doppelbett, G\u00e4ste- (Kinder-) Zimmer und Bad mit Dusche, WC und Waschbecken.<\/p>\n<p>Aktuell haben wir keine freien Stellfl\u00e4chen f\u00fcr Mobilheime mehr verf\u00fcgbar. Immer wieder werden aber gebrauchte Mobilheime auf dem Eifel-Camp verkauft. Die gebrauchten Mobilheime sind in der Regel in einem sehr gepflegten Zustand und stammen von langj\u00e4hrigen Dauerg\u00e4sten.<\/p>\n<p>Bei Interesse an einem der unten aufgef\u00fchrten Mobilheime beraten wir Sie gerne und vereinbaren einen Besichtigungstermin.<\/p>\n<\/div><\/div><\/div><\/div><\/div><div class=\"xzqv-fullwidth fullwidth-box xzqv-builder-row-2 xzqv-flex-container hundred-percent-fullwidth non-hundred-percent-height-scrolling\" style=\"--awb-border-radius-top-left:0px;--awb-border-radius-top-right:0px;--awb-border-radius-bottom-right:0px;--awb-border-radius-bottom-left:0px;--awb-overflow:visible;--awb-flex-wrap:wrap;\" ><div class=\"xzqv-builder-row xzqv-row xzqv-flex-align-items-flex-start xzqv-flex-content-wrap\" style=\"width:103% !important;max-width:103% !important;margin-left: calc(-3% \/ 2 );margin-right: calc(-3% \/ 2 );\"><div class=\"xzqv-layout-column xzqv_builder_column xzqv-builder-column-1 xzqv_builder_column_1_1 1_1 xzqv-flex-column xzqv-flex-align-self-flex-start xzqv-column-no-min-height\" style=\"--awb-bg-size:cover;--awb-width-large:100%;--awb-margin-top-large:0px;--awb-spacing-right-large:1.455%;--awb-margin-bottom-large:0px;--awb-spacing-left-large:1.455%;--awb-width-medium:100%;--awb-spacing-right-medium:1.455%;--awb-spacing-left-medium:1.455%;--awb-width-small:100%;--awb-spacing-right-small:1.455%;--awb-spacing-left-small:1.455%;\"><div class=\"xzqv-column-wrapper xzqv-flex-justify-content-flex-start xzqv-content-layout-column\"><div class=\"xzqv-separator xzqv-full-width-sep\" style=\"align-self: center;margin-left: auto;margin-right: auto;margin-bottom:20px;width:100%;\"><\/div><div class=\"xzqv-menu-anchor\" id=\"gebrauchte_mobilheime_verkaufsliste\"><\/div><div class=\"xzqv-title title xzqv-title-1 xzqv-title-text xzqv-title-size-two\"><div class=\"title-sep-container title-sep-container-left xzqv-no-large-visibility xzqv-no-medium-visibility xzqv-no-small-visibility\"><div class=\"title-sep sep-double sep-solid\" style=\"border-color:#e2e2e2;\"><\/div><\/div><span class=\"awb-title-spacer xzqv-no-large-visibility xzqv-no-medium-visibility xzqv-no-small-visibility\"><\/span><h2 class=\"xzqv-title-heading title-heading-left\" style=\"margin:0;\">Verkaufsliste Mobilheime<\/h2><span class=\"awb-title-spacer\"><\/span><div class=\"title-sep-container title-sep-container-right\"><div class=\"title-sep sep-double sep-solid\" style=\"border-color:#e2e2e2;\"><\/div><\/div><\/div><\/div><\/div><\/div><\/div><div class=\"xzqv-fullwidth fullwidth-box xzqv-builder-row-3 xzqv-flex-container has-pattern-background has-mask-background nonhundred-percent-fullwidth non-hundred-percent-height-scrolling\" style=\"--awb-border-radius-top-left:0px;--awb-border-radius-top-right:0px;--awb-border-radius-bottom-right:0px;--awb-border-radius-bottom-left:0px;--awb-flex-wrap:wrap;\" ><div class=\"xzqv-builder-row xzqv-row xzqv-flex-align-items-flex-start xzqv-flex-content-wrap\" style=\"max-width:1030px;margin-left: calc(-3% \/ 2 );margin-right: calc(-3% \/ 2 );\"><div class=\"xzqv-layout-column xzqv_builder_column xzqv-builder-column-2 xzqv_builder_column_1_1 1_1 xzqv-flex-column\" style=\"--awb-bg-blend:overlay;--awb-bg-size:cover;--awb-width-large:100%;--awb-margin-top-large:0px;--awb-spacing-right-large:1.455%;--awb-margin-bottom-large:20px;--awb-spacing-left-large:1.455%;--awb-width-medium:100%;--awb-spacing-right-medium:1.455%;--awb-spacing-left-medium:1.455%;--awb-width-small:100%;--awb-spacing-right-small:1.455%;--awb-spacing-left-small:1.455%;\"><div class=\"xzqv-column-wrapper xzqv-flex-justify-content-flex-start xzqv-content-layout-column\"><div class=\"xzqv-text xzqv-text-2\" style=\"--awb-text-transform:none;\"><p><img decoding=\"async\" class=\"alignnone size-full wp-image-25169\" src=\"https:\/\/eifel-camp.freizeit-oasen.de\/fo_content\/uploads\/2026\/04\/Aussenansicht.jpg\" alt=\"\" width=\"1000\" height=\"750\" srcset=\"https:\/\/eifel-camp.freizeit-oasen.de\/fo_content\/uploads\/2026\/04\/Aussenansicht-24x18.jpg 24w, https:\/\/eifel-camp.freizeit-oasen.de\/fo_content\/uploads\/2026\/04\/Aussenansicht-36x27.jpg 36w, https:\/\/eifel-camp.freizeit-oasen.de\/fo_content\/uploads\/2026\/04\/Aussenansicht-48x36.jpg 48w, https:\/\/eifel-camp.freizeit-oasen.de\/fo_content\/uploads\/2026\/04\/Aussenansicht-200x150.jpg 200w, https:\/\/eifel-camp.freizeit-oasen.de\/fo_content\/uploads\/2026\/04\/Aussenansicht-400x300.jpg 400w, https:\/\/eifel-camp.freizeit-oasen.de\/fo_content\/uploads\/2026\/04\/Aussenansicht-600x450.jpg 600w, https:\/\/eifel-camp.freizeit-oasen.de\/fo_content\/uploads\/2026\/04\/Aussenansicht-768x576.jpg 768w, https:\/\/eifel-camp.freizeit-oasen.de\/fo_content\/uploads\/2026\/04\/Aussenansicht-800x600.jpg 800w, https:\/\/eifel-camp.freizeit-oasen.de\/fo_content\/uploads\/2026\/04\/Aussenansicht.jpg 1000w\" sizes=\"(max-width: 1000px) 100vw, 1000px\" \/><\/p>\n<\/div><\/div><\/div><div class=\"xzqv-layout-column xzqv_builder_column xzqv-builder-column-3 xzqv_builder_column_1_3 1_3 xzqv-flex-column\" style=\"--awb-bg-size:cover;--awb-width-large:33.333333333333%;--awb-margin-top-large:0px;--awb-spacing-right-large:4.365%;--awb-margin-bottom-large:20px;--awb-spacing-left-large:4.365%;--awb-width-medium:33.333333333333%;--awb-spacing-right-medium:4.365%;--awb-spacing-left-medium:4.365%;--awb-width-small:100%;--awb-spacing-right-small:1.455%;--awb-spacing-left-small:1.455%;\"><div class=\"xzqv-column-wrapper xzqv-flex-justify-content-flex-start xzqv-content-layout-column\"><div class=\"xzqv-text xzqv-text-3\" style=\"--awb-text-transform:none;\"><h2 data-cya11y-org-font-size=\"18\" style=\"font-size: 18px; --fontSize: 18; line-height: 1.5; --minFontSize: 18;\" data-fontsize=\"18\" data-lineheight=\"27px\" class=\"xzqv-responsive-typography-calculated\">Mobilheim Kleines Blaues H\u00e4uschen<\/h2>\n<p data-cya11y-org-font-size=\"13\" style=\"font-size: 13px;\">Gr\u00f6\u00dfe Mobilheim: ca. 49 m\u00b2<br \/>\nStellplatzgr\u00f6\u00dfe: 150 m\u00b2<\/p>\n<h2 data-cya11y-org-font-size=\"18\" style=\"font-size: 18px; --fontSize: 18; line-height: 1.5; --minFontSize: 18;\" data-fontsize=\"18\" data-lineheight=\"27px\" class=\"xzqv-responsive-typography-calculated\"><span style=\"color: rgb(132, 178, 49); font-size: 18px;\" data-cya11y-org-font-size=\"18\">Kaufpreis: 48.500 \u20ac <\/span><\/h2>\n<\/div><\/div><\/div><div class=\"xzqv-layout-column xzqv_builder_column xzqv-builder-column-4 xzqv_builder_column_2_3 2_3 xzqv-flex-column\" style=\"--awb-bg-size:cover;--awb-width-large:66.666666666667%;--awb-margin-top-large:0px;--awb-spacing-right-large:2.1825%;--awb-margin-bottom-large:20px;--awb-spacing-left-large:2.1825%;--awb-width-medium:66.666666666667%;--awb-spacing-right-medium:2.1825%;--awb-spacing-left-medium:2.1825%;--awb-width-small:100%;--awb-spacing-right-small:1.455%;--awb-spacing-left-small:1.455%;\"><div class=\"xzqv-column-wrapper xzqv-flex-justify-content-flex-start xzqv-content-layout-column\"><div class=\"awb-gallery-wrapper awb-gallery-wrapper-1 button-span-no\" style=\"--more-btn-alignment:center;\"><div style=\"margin:-5px;--awb-bordersize:0px;\" class=\"xzqv-gallery xzqv-gallery-container xzqv-grid-3 xzqv-columns-total-9 xzqv-gallery-layout-grid xzqv-gallery-1\"><div style=\"padding:5px;\" class=\"xzqv-grid-column xzqv-gallery-column xzqv-gallery-column-3 hover-type-none\"><div class=\"xzqv-gallery-image\"><a href=\"https:\/\/eifel-camp.freizeit-oasen.de\/fo_content\/uploads\/2026\/04\/Wohnzimmer.jpg\" rel=\"noreferrer\" data-rel=\"iLightbox[gallery_image_1]\" class=\"xzqv-lightbox\" target=\"_self\"><img decoding=\"async\" src=\"https:\/\/eifel-camp.freizeit-oasen.de\/fo_content\/uploads\/2026\/04\/Wohnzimmer.jpg\" width=\"1000\" height=\"750\" alt=\"\" title=\"Wohnzimmer\" aria-label=\"Wohnzimmer\" class=\"img-responsive wp-image-25196\" srcset=\"https:\/\/eifel-camp.freizeit-oasen.de\/fo_content\/uploads\/2026\/04\/Wohnzimmer-200x150.jpg 200w, https:\/\/eifel-camp.freizeit-oasen.de\/fo_content\/uploads\/2026\/04\/Wohnzimmer-400x300.jpg 400w, https:\/\/eifel-camp.freizeit-oasen.de\/fo_content\/uploads\/2026\/04\/Wohnzimmer-600x450.jpg 600w, https:\/\/eifel-camp.freizeit-oasen.de\/fo_content\/uploads\/2026\/04\/Wohnzimmer-800x600.jpg 800w, https:\/\/eifel-camp.freizeit-oasen.de\/fo_content\/uploads\/2026\/04\/Wohnzimmer.jpg 1000w\" sizes=\"(min-width: 2200px) 100vw, (min-width: 824px) 330px, (min-width: 732px) 495px, (min-width: 640px) 732px, \" \/><\/a><\/div><\/div><div style=\"padding:5px;\" class=\"xzqv-grid-column xzqv-gallery-column xzqv-gallery-column-3 hover-type-none\"><div class=\"xzqv-gallery-image\"><a href=\"https:\/\/eifel-camp.freizeit-oasen.de\/fo_content\/uploads\/2026\/04\/Wohnzimmer-und-Eingang.jpg\" rel=\"noreferrer\" data-rel=\"iLightbox[gallery_image_1]\" class=\"xzqv-lightbox\" target=\"_self\"><img decoding=\"async\" src=\"https:\/\/eifel-camp.freizeit-oasen.de\/fo_content\/uploads\/2026\/04\/Wohnzimmer-und-Eingang.jpg\" width=\"1000\" height=\"750\" alt=\"\" title=\"Wohnzimmer und Eingang\" aria-label=\"Wohnzimmer und Eingang\" class=\"img-responsive wp-image-25193\" srcset=\"https:\/\/eifel-camp.freizeit-oasen.de\/fo_content\/uploads\/2026\/04\/Wohnzimmer-und-Eingang-200x150.jpg 200w, https:\/\/eifel-camp.freizeit-oasen.de\/fo_content\/uploads\/2026\/04\/Wohnzimmer-und-Eingang-400x300.jpg 400w, https:\/\/eifel-camp.freizeit-oasen.de\/fo_content\/uploads\/2026\/04\/Wohnzimmer-und-Eingang-600x450.jpg 600w, https:\/\/eifel-camp.freizeit-oasen.de\/fo_content\/uploads\/2026\/04\/Wohnzimmer-und-Eingang-800x600.jpg 800w, https:\/\/eifel-camp.freizeit-oasen.de\/fo_content\/uploads\/2026\/04\/Wohnzimmer-und-Eingang.jpg 1000w\" sizes=\"(min-width: 2200px) 100vw, (min-width: 824px) 330px, (min-width: 732px) 495px, (min-width: 640px) 732px, \" \/><\/a><\/div><\/div><div style=\"padding:5px;\" class=\"xzqv-grid-column xzqv-gallery-column xzqv-gallery-column-3 hover-type-none\"><div class=\"xzqv-gallery-image\"><a href=\"https:\/\/eifel-camp.freizeit-oasen.de\/fo_content\/uploads\/2026\/04\/Schlafzimmer.jpg\" rel=\"noreferrer\" data-rel=\"iLightbox[gallery_image_1]\" class=\"xzqv-lightbox\" target=\"_self\"><img decoding=\"async\" src=\"https:\/\/eifel-camp.freizeit-oasen.de\/fo_content\/uploads\/2026\/04\/Schlafzimmer.jpg\" width=\"1000\" height=\"750\" alt=\"\" title=\"Schlafzimmer\" aria-label=\"Schlafzimmer\" class=\"img-responsive wp-image-25190\" srcset=\"https:\/\/eifel-camp.freizeit-oasen.de\/fo_content\/uploads\/2026\/04\/Schlafzimmer-200x150.jpg 200w, https:\/\/eifel-camp.freizeit-oasen.de\/fo_content\/uploads\/2026\/04\/Schlafzimmer-400x300.jpg 400w, https:\/\/eifel-camp.freizeit-oasen.de\/fo_content\/uploads\/2026\/04\/Schlafzimmer-600x450.jpg 600w, https:\/\/eifel-camp.freizeit-oasen.de\/fo_content\/uploads\/2026\/04\/Schlafzimmer-800x600.jpg 800w, https:\/\/eifel-camp.freizeit-oasen.de\/fo_content\/uploads\/2026\/04\/Schlafzimmer.jpg 1000w\" sizes=\"(min-width: 2200px) 100vw, (min-width: 824px) 330px, (min-width: 732px) 495px, (min-width: 640px) 732px, \" \/><\/a><\/div><\/div><div class=\"clearfix\"><\/div><div style=\"padding:5px;\" class=\"xzqv-grid-column xzqv-gallery-column xzqv-gallery-column-3 hover-type-none\"><div class=\"xzqv-gallery-image\"><a href=\"https:\/\/eifel-camp.freizeit-oasen.de\/fo_content\/uploads\/2026\/04\/Kueche.jpg\" rel=\"noreferrer\" data-rel=\"iLightbox[gallery_image_1]\" class=\"xzqv-lightbox\" target=\"_self\"><img decoding=\"async\" src=\"https:\/\/eifel-camp.freizeit-oasen.de\/fo_content\/uploads\/2026\/04\/Kueche.jpg\" width=\"1000\" height=\"750\" alt=\"\" title=\"Ku\u0308che\" aria-label=\"Ku\u0308che\" class=\"img-responsive wp-image-25187\" srcset=\"https:\/\/eifel-camp.freizeit-oasen.de\/fo_content\/uploads\/2026\/04\/Kueche-200x150.jpg 200w, https:\/\/eifel-camp.freizeit-oasen.de\/fo_content\/uploads\/2026\/04\/Kueche-400x300.jpg 400w, https:\/\/eifel-camp.freizeit-oasen.de\/fo_content\/uploads\/2026\/04\/Kueche-600x450.jpg 600w, https:\/\/eifel-camp.freizeit-oasen.de\/fo_content\/uploads\/2026\/04\/Kueche-800x600.jpg 800w, https:\/\/eifel-camp.freizeit-oasen.de\/fo_content\/uploads\/2026\/04\/Kueche.jpg 1000w\" sizes=\"(min-width: 2200px) 100vw, (min-width: 824px) 330px, (min-width: 732px) 495px, (min-width: 640px) 732px, \" \/><\/a><\/div><\/div><div style=\"padding:5px;\" class=\"xzqv-grid-column xzqv-gallery-column xzqv-gallery-column-3 hover-type-none\"><div class=\"xzqv-gallery-image\"><a href=\"https:\/\/eifel-camp.freizeit-oasen.de\/fo_content\/uploads\/2026\/04\/Haushaltsraum.jpg\" rel=\"noreferrer\" data-rel=\"iLightbox[gallery_image_1]\" class=\"xzqv-lightbox\" target=\"_self\"><img decoding=\"async\" src=\"https:\/\/eifel-camp.freizeit-oasen.de\/fo_content\/uploads\/2026\/04\/Haushaltsraum.jpg\" width=\"1000\" height=\"750\" alt=\"\" title=\"Haushaltsraum\" aria-label=\"Haushaltsraum\" class=\"img-responsive wp-image-25184\" srcset=\"https:\/\/eifel-camp.freizeit-oasen.de\/fo_content\/uploads\/2026\/04\/Haushaltsraum-200x150.jpg 200w, https:\/\/eifel-camp.freizeit-oasen.de\/fo_content\/uploads\/2026\/04\/Haushaltsraum-400x300.jpg 400w, https:\/\/eifel-camp.freizeit-oasen.de\/fo_content\/uploads\/2026\/04\/Haushaltsraum-600x450.jpg 600w, https:\/\/eifel-camp.freizeit-oasen.de\/fo_content\/uploads\/2026\/04\/Haushaltsraum-800x600.jpg 800w, https:\/\/eifel-camp.freizeit-oasen.de\/fo_content\/uploads\/2026\/04\/Haushaltsraum.jpg 1000w\" sizes=\"(min-width: 2200px) 100vw, (min-width: 824px) 330px, (min-width: 732px) 495px, (min-width: 640px) 732px, \" \/><\/a><\/div><\/div><div style=\"padding:5px;\" class=\"xzqv-grid-column xzqv-gallery-column xzqv-gallery-column-3 hover-type-none\"><div class=\"xzqv-gallery-image\"><a href=\"https:\/\/eifel-camp.freizeit-oasen.de\/fo_content\/uploads\/2026\/04\/Essecke.jpg\" rel=\"noreferrer\" data-rel=\"iLightbox[gallery_image_1]\" class=\"xzqv-lightbox\" target=\"_self\"><img decoding=\"async\" src=\"https:\/\/eifel-camp.freizeit-oasen.de\/fo_content\/uploads\/2026\/04\/Essecke.jpg\" width=\"1000\" height=\"750\" alt=\"\" title=\"Essecke\" aria-label=\"Essecke\" class=\"img-responsive wp-image-25181\" srcset=\"https:\/\/eifel-camp.freizeit-oasen.de\/fo_content\/uploads\/2026\/04\/Essecke-200x150.jpg 200w, https:\/\/eifel-camp.freizeit-oasen.de\/fo_content\/uploads\/2026\/04\/Essecke-400x300.jpg 400w, https:\/\/eifel-camp.freizeit-oasen.de\/fo_content\/uploads\/2026\/04\/Essecke-600x450.jpg 600w, https:\/\/eifel-camp.freizeit-oasen.de\/fo_content\/uploads\/2026\/04\/Essecke-800x600.jpg 800w, https:\/\/eifel-camp.freizeit-oasen.de\/fo_content\/uploads\/2026\/04\/Essecke.jpg 1000w\" sizes=\"(min-width: 2200px) 100vw, (min-width: 824px) 330px, (min-width: 732px) 495px, (min-width: 640px) 732px, \" \/><\/a><\/div><\/div><div class=\"clearfix\"><\/div><div style=\"padding:5px;\" class=\"xzqv-grid-column xzqv-gallery-column xzqv-gallery-column-3 hover-type-none\"><div class=\"xzqv-gallery-image\"><a href=\"https:\/\/eifel-camp.freizeit-oasen.de\/fo_content\/uploads\/2026\/04\/Eingangsbereich.jpg\" rel=\"noreferrer\" data-rel=\"iLightbox[gallery_image_1]\" class=\"xzqv-lightbox\" target=\"_self\"><img decoding=\"async\" src=\"https:\/\/eifel-camp.freizeit-oasen.de\/fo_content\/uploads\/2026\/04\/Eingangsbereich.jpg\" width=\"750\" height=\"1000\" alt=\"\" title=\"Eingangsbereich\" aria-label=\"Eingangsbereich\" class=\"img-responsive wp-image-25178\" srcset=\"https:\/\/eifel-camp.freizeit-oasen.de\/fo_content\/uploads\/2026\/04\/Eingangsbereich-200x267.jpg 200w, https:\/\/eifel-camp.freizeit-oasen.de\/fo_content\/uploads\/2026\/04\/Eingangsbereich-400x533.jpg 400w, https:\/\/eifel-camp.freizeit-oasen.de\/fo_content\/uploads\/2026\/04\/Eingangsbereich-600x800.jpg 600w, https:\/\/eifel-camp.freizeit-oasen.de\/fo_content\/uploads\/2026\/04\/Eingangsbereich.jpg 750w\" sizes=\"(min-width: 2200px) 100vw, (min-width: 824px) 330px, (min-width: 732px) 495px, (min-width: 640px) 732px, \" \/><\/a><\/div><\/div><div style=\"padding:5px;\" class=\"xzqv-grid-column xzqv-gallery-column xzqv-gallery-column-3 hover-type-none\"><div class=\"xzqv-gallery-image\"><a href=\"https:\/\/eifel-camp.freizeit-oasen.de\/fo_content\/uploads\/2026\/04\/Buero.jpg\" rel=\"noreferrer\" data-rel=\"iLightbox[gallery_image_1]\" class=\"xzqv-lightbox\" target=\"_self\"><img decoding=\"async\" src=\"https:\/\/eifel-camp.freizeit-oasen.de\/fo_content\/uploads\/2026\/04\/Buero.jpg\" width=\"1000\" height=\"750\" alt=\"\" title=\"Bu\u0308ro\" aria-label=\"Bu\u0308ro\" class=\"img-responsive wp-image-25175\" srcset=\"https:\/\/eifel-camp.freizeit-oasen.de\/fo_content\/uploads\/2026\/04\/Buero-200x150.jpg 200w, https:\/\/eifel-camp.freizeit-oasen.de\/fo_content\/uploads\/2026\/04\/Buero-400x300.jpg 400w, https:\/\/eifel-camp.freizeit-oasen.de\/fo_content\/uploads\/2026\/04\/Buero-600x450.jpg 600w, https:\/\/eifel-camp.freizeit-oasen.de\/fo_content\/uploads\/2026\/04\/Buero-800x600.jpg 800w, https:\/\/eifel-camp.freizeit-oasen.de\/fo_content\/uploads\/2026\/04\/Buero.jpg 1000w\" sizes=\"(min-width: 2200px) 100vw, (min-width: 824px) 330px, (min-width: 732px) 495px, (min-width: 640px) 732px, \" \/><\/a><\/div><\/div><div style=\"padding:5px;\" class=\"xzqv-grid-column xzqv-gallery-column xzqv-gallery-column-3 hover-type-none\"><div class=\"xzqv-gallery-image\"><a href=\"https:\/\/eifel-camp.freizeit-oasen.de\/fo_content\/uploads\/2026\/04\/Badezimmer.jpg\" rel=\"noreferrer\" data-rel=\"iLightbox[gallery_image_1]\" class=\"xzqv-lightbox\" target=\"_self\"><img decoding=\"async\" src=\"https:\/\/eifel-camp.freizeit-oasen.de\/fo_content\/uploads\/2026\/04\/Badezimmer.jpg\" width=\"1000\" height=\"750\" alt=\"\" title=\"Badezimmer\" aria-label=\"Badezimmer\" class=\"img-responsive wp-image-25172\" srcset=\"https:\/\/eifel-camp.freizeit-oasen.de\/fo_content\/uploads\/2026\/04\/Badezimmer-200x150.jpg 200w, https:\/\/eifel-camp.freizeit-oasen.de\/fo_content\/uploads\/2026\/04\/Badezimmer-400x300.jpg 400w, https:\/\/eifel-camp.freizeit-oasen.de\/fo_content\/uploads\/2026\/04\/Badezimmer-600x450.jpg 600w, https:\/\/eifel-camp.freizeit-oasen.de\/fo_content\/uploads\/2026\/04\/Badezimmer-800x600.jpg 800w, https:\/\/eifel-camp.freizeit-oasen.de\/fo_content\/uploads\/2026\/04\/Badezimmer.jpg 1000w\" sizes=\"(min-width: 2200px) 100vw, (min-width: 824px) 330px, (min-width: 732px) 495px, (min-width: 640px) 732px, \" \/><\/a><\/div><\/div><div class=\"clearfix\"><\/div><\/div><\/div><\/div><\/div><div class=\"xzqv-layout-column xzqv_builder_column xzqv-builder-column-5 xzqv_builder_column_1_1 1_1 xzqv-flex-column\" style=\"--awb-bg-size:cover;--awb-width-large:100%;--awb-margin-top-large:0px;--awb-spacing-right-large:1.455%;--awb-margin-bottom-large:20px;--awb-spacing-left-large:1.455%;--awb-width-medium:100%;--awb-spacing-right-medium:1.455%;--awb-spacing-left-medium:1.455%;--awb-width-small:100%;--awb-spacing-right-small:1.455%;--awb-spacing-left-small:1.455%;\"><div class=\"xzqv-column-wrapper xzqv-flex-justify-content-flex-start xzqv-content-layout-column\"><div class=\"xzqv-text xzqv-text-4\"><p class=\"p2\">Am Rande der Vulkaneifel, auf dem herrlichen Campingplatz \u201eEifelcamp\u201c in direkter N\u00e4he zum Freilinger See und umgeben von wunderbarer Natur und erholsamer Ruhe, steht das 49 Quadratmeter gro\u00dfe H\u00e4uschen. Von au\u00dfen erstrahlt es in herrlichem Blau und \u00fcberzeugt von innen mit wohliger Gem\u00fctlichkeit. Auf den 49 Quadratmetern befinden sich ein Schlafzimmer, eine vollm\u00f6blierte K\u00fcche mit Esstisch, ein klimatisiertes Wohnzimmer, ein vollm\u00f6bliertes Badezimmer mit Dusche, ein Haushaltsraum und ein B\u00fcro. Ebenfalls geh\u00f6rt zum H\u00e4uschen ein direkt anliegender Parkplatz f\u00fcr zwei Fahrzeuge und eine kleine voll ausgestattete Grillecke im Eingangsbereich<\/p>\n<ul>\n<li class=\"p2\">Jahresstellplatz 2100,00\u20ac<\/li>\n<li class=\"p2\">Abfallbeseitigung 230,00\u20ac<\/li>\n<li class=\"p2\">Gas Grundgeb\u00fchr 108,00\u20ac<\/li>\n<li class=\"p2\">Stromgrundgeb\u00fchr 84,00\u20ac<\/li>\n<li class=\"p2\">Wasser- Kanalgeb\u00fchr 104,40\u20ac<\/li>\n<\/ul>\n<p class=\"p2\">Bei Fragen: 0160\/3117143<\/p>\n<\/div><div class=\"xzqv-separator xzqv-full-width-sep\" style=\"align-self: center;margin-left: auto;margin-right: auto;margin-top:20px;margin-bottom:20px;width:100%;\"><div class=\"xzqv-separator-border sep-single sep-solid\" style=\"--awb-height:20px;--awb-amount:20px;border-color:#435b7e;border-top-width:1px;\"><\/div><\/div><\/div><\/div><\/div><\/div><\/p>\n","protected":false},"excerpt":{"rendered":"","protected":false},"author":1,"featured_media":0,"parent":0,"menu_order":0,"comment_status":"open","ping_status":"closed","template":"","meta":{"footnotes":""},"class_list":["post-13458","page","type-page","status-publish","hentry","page_cat-unterkuenfte"],"_links":{"self":[{"href":"https:\/\/eifel-camp.freizeit-oasen.de\/api-json\/wp\/v2\/pages\/13458","targetHints":{"allow":["GET"]}}],"collection":[{"href":"https:\/\/eifel-camp.freizeit-oasen.de\/api-json\/wp\/v2\/pages"}],"about":[{"href":"https:\/\/eifel-camp.freizeit-oasen.de\/api-json\/wp\/v2\/types\/page"}],"author":[{"embeddable":true,"href":"https:\/\/eifel-camp.freizeit-oasen.de\/api-json\/wp\/v2\/users\/1"}],"replies":[{"embeddable":true,"href":"https:\/\/eifel-camp.freizeit-oasen.de\/api-json\/wp\/v2\/comments?post=13458"}],"version-history":[{"count":186,"href":"https:\/\/eifel-camp.freizeit-oasen.de\/api-json\/wp\/v2\/pages\/13458\/revisions"}],"predecessor-version":[{"id":25204,"href":"https:\/\/eifel-camp.freizeit-oasen.de\/api-json\/wp\/v2\/pages\/13458\/revisions\/25204"}],"wp:attachment":[{"href":"https:\/\/eifel-camp.freizeit-oasen.de\/api-json\/wp\/v2\/media?parent=13458"}],"curies":[{"name":"wp","href":"https:\/\/api.w.org\/{rel}","templated":true}]}}