{"id":13665,"date":"2019-02-07T14:08:10","date_gmt":"2019-02-07T12:08:10","guid":{"rendered":"http:\/\/eifel.freizeit-oasen.de\/?page_id=13665"},"modified":"2025-12-27T13:33:28","modified_gmt":"2025-12-27T11:33:28","slug":"preisliste-stellplaetze-vorteilsangebote","status":"publish","type":"page","link":"https:\/\/eifel-camp.freizeit-oasen.de\/preisliste-stellplaetze-vorteilsangebote\/","title":{"rendered":"Preisliste Stellpl\u00e4tze Vorteilsangebote"},"content":{"rendered":"<p><div class=\"xzqv-fullwidth fullwidth-box xzqv-builder-row-1 xzqv-flex-container nonhundred-percent-fullwidth non-hundred-percent-height-scrolling\" style=\"--awb-border-radius-top-left:0px;--awb-border-radius-top-right:0px;--awb-border-radius-bottom-right:0px;--awb-border-radius-bottom-left:0px;--awb-flex-wrap:wrap;\" ><div class=\"xzqv-builder-row xzqv-row xzqv-flex-align-items-flex-start xzqv-flex-content-wrap\" style=\"max-width:calc( 1000px + 0px );margin-left: calc(-0px \/ 2 );margin-right: calc(-0px \/ 2 );\"><div class=\"xzqv-layout-column xzqv_builder_column xzqv-builder-column-0 xzqv_builder_column_1_1 1_1 xzqv-flex-column\" style=\"--awb-bg-blend:overlay;--awb-bg-size:cover;--awb-width-large:100%;--awb-margin-top-large:0px;--awb-spacing-right-large:0px;--awb-margin-bottom-large:0px;--awb-spacing-left-large:0px;--awb-width-medium:100%;--awb-spacing-right-medium:0px;--awb-spacing-left-medium:0px;--awb-width-small:100%;--awb-spacing-right-small:0px;--awb-spacing-left-small:0px;\"><div class=\"xzqv-column-wrapper xzqv-flex-justify-content-flex-start xzqv-content-layout-column\"><div class=\"xzqv-title title xzqv-title-1 xzqv-title-text xzqv-title-size-two\" style=\"--awb-margin-bottom:10px;\"><div class=\"title-sep-container title-sep-container-left xzqv-no-large-visibility xzqv-no-medium-visibility xzqv-no-small-visibility\"><div class=\"title-sep sep-double sep-solid\" style=\"border-color:#e2e2e2;\"><\/div><\/div><span class=\"awb-title-spacer xzqv-no-large-visibility xzqv-no-medium-visibility xzqv-no-small-visibility\"><\/span><h2 class=\"xzqv-title-heading title-heading-left\" style=\"margin:0;\">Vorteilsangebote<\/h2><span class=\"awb-title-spacer\"><\/span><div class=\"title-sep-container title-sep-container-right\"><div class=\"title-sep sep-double sep-solid\" style=\"border-color:#e2e2e2;\"><\/div><\/div><\/div><div class=\"xzqv-text xzqv-text-1 pricetable-intro\" style=\"--awb-text-transform:none;\"><p>Neben unseren bekannten Dauerbrennern, wie dem \u201eOsterarrangement\u201c und dem \u201eWeihnachts- und Silvesterarrangement\u201c haben wir auch zwei Angebote im Sp\u00e4tsommer und Herbst!<\/p>\n<p><strong>Entdecken Sie hier Ihr passendes Angebot!<\/strong><\/p>\n<\/div><\/div><\/div><\/div><\/div><div class=\"xzqv-fullwidth fullwidth-box xzqv-builder-row-2 xzqv-flex-container nonhundred-percent-fullwidth non-hundred-percent-height-scrolling\" style=\"--awb-border-radius-top-left:0px;--awb-border-radius-top-right:0px;--awb-border-radius-bottom-right:0px;--awb-border-radius-bottom-left:0px;--awb-flex-wrap:wrap;\" ><div class=\"xzqv-builder-row xzqv-row xzqv-flex-align-items-flex-start xzqv-flex-content-wrap\" style=\"max-width:calc( 1000px + 0px );margin-left: calc(-0px \/ 2 );margin-right: calc(-0px \/ 2 );\"><div class=\"xzqv-layout-column xzqv_builder_column xzqv-builder-column-1 xzqv_builder_column_1_1 1_1 xzqv-flex-column\" style=\"--awb-bg-color:#f8f8f8;--awb-bg-color-hover:#f8f8f8;--awb-bg-size:cover;--awb-width-large:100%;--awb-margin-top-large:0px;--awb-spacing-right-large:0px;--awb-margin-bottom-large:20px;--awb-spacing-left-large:0px;--awb-width-medium:100%;--awb-spacing-right-medium:0px;--awb-spacing-left-medium:0px;--awb-width-small:100%;--awb-spacing-right-small:0px;--awb-spacing-left-small:0px;\"><div class=\"xzqv-column-wrapper xzqv-flex-justify-content-flex-start xzqv-content-layout-column\"><div class=\"xzqv-content-boxes content-boxes columns row xzqv-columns-1 xzqv-columns-total-1 xzqv-content-boxes-1 content-boxes-clean-horizontal content-left content-boxes-icon-on-side pricetable-intro\" style=\"--awb-hover-accent-color:#a0ce4e;--awb-circle-hover-accent-color:#a0ce4e;--awb-item-margin-bottom:40px;\" data-animationOffset=\"top-into-view\"><div style=\"--awb-backgroundcolor:rgba(255,255,255,0);border-color:rgba(255,255,255,0);\" class=\"xzqv-column content-box-column content-box-column content-box-column-1 col-lg-12 col-md-12 col-sm-12 xzqv-content-box-hover content-box-column-last content-box-column-last-in-row\"><div class=\"col content-box-wrapper content-wrapper link-area-link-icon content-icon-wrapper-yes icon-hover-animation-fade\" data-animationOffset=\"top-into-view\"><div class=\"xzqv-clearfix\"><\/div><div class=\"content-container\">\n<p><img decoding=\"async\" class=\"alignnone wp-image-16469 size-full\" src=\"https:\/\/eifel-camp.freizeit-oasen.de\/fo_content\/uploads\/2019\/11\/karneval.jpg\" alt=\"Zwei Personen in bunten Patchwork-Kost\u00fcmen und Holzmasken posieren im Freien und halten jeweils einen verzierten Stock in der Hand. Eine Person winkt in die Kamera.\" width=\"1000\" height=\"667\" srcset=\"https:\/\/eifel-camp.freizeit-oasen.de\/fo_content\/uploads\/2019\/11\/karneval-24x16.jpg 24w, https:\/\/eifel-camp.freizeit-oasen.de\/fo_content\/uploads\/2019\/11\/karneval-36x24.jpg 36w, https:\/\/eifel-camp.freizeit-oasen.de\/fo_content\/uploads\/2019\/11\/karneval-48x32.jpg 48w, https:\/\/eifel-camp.freizeit-oasen.de\/fo_content\/uploads\/2019\/11\/karneval-200x133.jpg 200w, https:\/\/eifel-camp.freizeit-oasen.de\/fo_content\/uploads\/2019\/11\/karneval-400x267.jpg 400w, https:\/\/eifel-camp.freizeit-oasen.de\/fo_content\/uploads\/2019\/11\/karneval-600x400.jpg 600w, https:\/\/eifel-camp.freizeit-oasen.de\/fo_content\/uploads\/2019\/11\/karneval-768x512.jpg 768w, https:\/\/eifel-camp.freizeit-oasen.de\/fo_content\/uploads\/2019\/11\/karneval-800x534.jpg 800w, https:\/\/eifel-camp.freizeit-oasen.de\/fo_content\/uploads\/2019\/11\/karneval.jpg 1000w\" sizes=\"(max-width: 1000px) 100vw, 1000px\" \/><\/p>\n<\/div><\/div><\/div><div class=\"xzqv-clearfix\"><\/div><\/div><div class=\"xzqv-content-boxes content-boxes columns row xzqv-columns-1 xzqv-columns-total-1 xzqv-content-boxes-2 content-boxes-clean-horizontal content-left content-boxes-icon-on-side pricetable-intro\" style=\"--awb-backgroundcolor:#f8f8f8;--awb-body-color:#3c577a;--awb-margin-top:0px;--awb-margin-bottom:0px;--awb-hover-accent-color:#a0ce4e;--awb-circle-hover-accent-color:transparent;--awb-item-margin-bottom:40px;\" data-animationOffset=\"top-into-view\"><div style=\"--awb-backgroundcolor:#f8f8f8;border-color:rgba(255,255,255,0);\" class=\"xzqv-column content-box-column content-box-column content-box-column-1 col-lg-12 col-md-12 col-sm-12 xzqv-content-box-hover content-box-column-last content-box-column-last-in-row\"><div class=\"col content-box-wrapper content-wrapper-background link-area-link-icon content-icon-wrapper-yes icon-hover-animation-none\" data-animationOffset=\"top-into-view\"><div class=\"heading icon-left\"><h2 class=\"content-box-heading\" style=\"--h2_typography-font-size:18px;line-height:23px;\">Vorteilsangebot Karneval<\/h2><\/div><div class=\"xzqv-clearfix\"><\/div><div class=\"content-container\">\n<p><span style=\"color: #84b231;\"><strong>Erleben Sie den Karneval in der Eifel und Karnevals-Geister in Blankenheim!<br \/>\n<\/strong><\/span><br \/>\nEin besonderer Termin ist wie jedes Jahr der Karnevalssamstag, an dem sich Blankenheim in ein von Geistern beherrschtes St\u00e4dtchen verwandelt.<\/p>\n<p><strong>5 \u00dcbernachtungen, inkl. 2 Erwachsene &amp; Hunde zum g\u00fcnstigen Pauschalpreis:<\/strong><\/p>\n<p>Buchbar in der Zeit vom <b>06.02.26-21.02.26<\/b> auf einem der Touristikstellpl\u00e4tze (f\u00fcr Reisemobil, Wohnwagen oder Zelt mit 1 Auto) oder einem Mietobjekt inklusive der entsprechenden Stellplatz-, Mietobjekt-, Personen- und Hundegeb\u00fchren.<\/p>\n<p><b>Vorteilsangebot Karneval jetzt reservieren!<\/b><strong><br \/>\n<\/strong>Nur mit verbindlicher Reservierung bis 7 Tage vor dem ersten Tag des Angebots. Der Angebotspreis ist im Voraus zu leisten<\/p>\n<\/div><\/div><\/div><div class=\"xzqv-clearfix\"><\/div><\/div><style type='text\/css'>\n\t\t\t\t.pricing-table-1.xzqv-pricing-table .panel-container, .pricing-table-1.xzqv-pricing-table .standout .panel-container,\n\t\t\t\t.pricing-table-1.full-boxed-pricing.xzqv-pricing-table {background-color:#f8f8f8;}\n\t\t\t\t.pricing-table-1.xzqv-pricing-table .list-group .list-group-item,\n\t\t\t\t.pricing-table-1.xzqv-pricing-table .list-group .list-group-item:last-child{background-color:#ffffff; border-color:#ededed;}\n\t\t\t\t.pricing-table-1.full-boxed-pricing.xzqv-pricing-table .panel-wrapper:hover .panel-heading,\n\t\t\t\t.pricing-table-1.xzqv-pricing-table .panel-wrapper:hover .list-group-item {background-color:#f8f8f8;}\n\t\t\t\t.pricing-table-1.full-boxed-pricing.xzqv-pricing-table .panel-heading{background-color:#ffffff;}\n\t\t\t\t.pricing-table-1.xzqv-pricing-table .xzqv-panel, .pricing-table-1 .panel-wrapper:last-child .xzqv-panel,\n\t\t\t\t.pricing-table-1.xzqv-pricing-table .standout .xzqv-panel, .pricing-table-1.xzqv-pricing-table  .panel-heading,\n\t\t\t\t.pricing-table-1.xzqv-pricing-table .panel-body, .pricing-table-1.xzqv-pricing-table .panel-footer{border-color:#ededed;}\n\t\t\t\t.pricing-table-1.xzqv-pricing-table .panel-body, .pricing-table-1.xzqv-pricing-table .panel-footer{background-color:#f8f8f8;}\n\t\t\t\t.pricing-table-1.sep-boxed-pricing.xzqv-pricing-table .panel-heading h3{color:#333333;}\n\t\t\t\t.pricing-table-1.full-boxed-pricing.xzqv-pricing-table .panel-heading h3{color:#333333;}\n\t\t\t\t.pricing-table-1.xzqv-pricing-table .panel-body .price .decimal-part{color:#a0ce4e;}\n\t\t\t\t.pricing-table-1.xzqv-pricing-table .panel-body .price .integer-part{color:#a0ce4e;}\n\t\t\t\t.pricing-table-1.xzqv-pricing-table ul.list-group li{color:#153961;}\n\t\t\t\t<\/style><div class=\"xzqv-pricing-table pricing-table-1 full-boxed-pricing row xzqv-columns-4 columns-4 xzqv-clearfix prictable-margintop\"><div class=\"panel-wrapper xzqv-column column col-lg-3 col-md-3 col-sm-3 xzqv-pricingtable-column\"><div class=\"panel-container\"><div class=\"xzqv-panel\"><div class=\"panel-heading\"><h3 class=\"title-row\">Standardplatz<\/h3><\/div><div class=\"panel-body pricing-row\"><div class=\"price \"><span class=\"currency\">\u20ac <\/span><span class=\"integer-part\">125,00<\/span><span class=\"time price-without-decimal\"> pauschal<\/span><\/div><\/div><\/ul><div class=\"panel-footer footer-row\"><div class=\"xzqv-button-wrapper\"><a class=\"xzqv-button button-flat xzqv-button-default-size button-default xzqv-button-default button-1 xzqv-button-default-span xzqv-button-default-type\" target=\"_self\" href=\"https:\/\/eifel-camp.freizeit-oasen.de\/standardplaetze\/\"><span class=\"xzqv-button-text awb-button__text awb-button__text--default\">Details<\/span><\/a><\/div><\/div><\/div><\/div><\/div><div class=\"panel-wrapper xzqv-column column col-lg-3 col-md-3 col-sm-3 xzqv-pricingtable-column\"><div class=\"panel-container\"><div class=\"xzqv-panel\"><div class=\"panel-heading\"><h3 class=\"title-row\">Komfortplatz<\/h3><\/div><div class=\"panel-body pricing-row\"><div class=\"price \"><span class=\"currency\">\u20ac <\/span><span class=\"integer-part\">135,00<\/span><span class=\"time price-without-decimal\"> pauschal<\/span><\/div><\/div><\/ul><div class=\"panel-footer footer-row\"><div class=\"xzqv-button-wrapper\"><a class=\"xzqv-button button-flat xzqv-button-default-size button-default xzqv-button-default button-2 xzqv-button-default-span xzqv-button-default-type\" target=\"_self\" href=\"https:\/\/eifel-camp.freizeit-oasen.de\/komfortplaetze\/\"><span class=\"xzqv-button-text awb-button__text awb-button__text--default\">Details<\/span><\/a><\/div><\/div><\/div><\/div><\/div><div class=\"panel-wrapper xzqv-column column col-lg-3 col-md-3 col-sm-3 xzqv-pricingtable-column\"><div class=\"panel-container\"><div class=\"xzqv-panel\"><div class=\"panel-heading\"><h3 class=\"title-row\">Komfort-Plus Platz<\/h3><\/div><div class=\"panel-body pricing-row\"><div class=\"price \"><span class=\"currency\">\u20ac <\/span><span class=\"integer-part\">210,00<\/span><span class=\"time price-without-decimal\"> pauschal<\/span><\/div><\/div><\/ul><div class=\"panel-footer footer-row\"><div class=\"xzqv-button-wrapper\"><a class=\"xzqv-button button-flat xzqv-button-default-size button-default xzqv-button-default button-3 xzqv-button-default-span xzqv-button-default-type\" target=\"_self\" href=\"https:\/\/eifel-camp.freizeit-oasen.de\/komfort-plus-plaetze\/\"><span class=\"xzqv-button-text awb-button__text awb-button__text--default\">Details<\/span><\/a><\/div><\/div><\/div><\/div><\/div><div class=\"panel-wrapper xzqv-column column col-lg-3 col-md-3 col-sm-3 xzqv-pricingtable-column\"><div class=\"panel-container\"><div class=\"xzqv-panel\"><div class=\"panel-heading\"><h3 class=\"title-row\">Luxusplatz<\/h3><\/div><div class=\"panel-body pricing-row\"><div class=\"price \"><span class=\"currency\">\u20ac <\/span><span class=\"integer-part\">260,00<\/span><span class=\"time price-without-decimal\"> pauschal<\/span><\/div><\/div><\/ul><div class=\"panel-footer footer-row\"><div class=\"xzqv-button-wrapper\"><a class=\"xzqv-button button-flat xzqv-button-default-size button-default xzqv-button-default button-4 xzqv-button-default-span xzqv-button-default-type\" target=\"_self\" href=\"https:\/\/eifel-camp.freizeit-oasen.de\/luxusplaetze\/\"><span class=\"xzqv-button-text awb-button__text awb-button__text--default\">Details<\/span><\/a><\/div><\/div><\/div><\/div><\/div><\/div><style type='text\/css'>\n\t\t\t\t.pricing-table-2.xzqv-pricing-table .panel-container, .pricing-table-2.xzqv-pricing-table .standout .panel-container,\n\t\t\t\t.pricing-table-2.full-boxed-pricing.xzqv-pricing-table {background-color:#f8f8f8;}\n\t\t\t\t.pricing-table-2.xzqv-pricing-table .list-group .list-group-item,\n\t\t\t\t.pricing-table-2.xzqv-pricing-table .list-group .list-group-item:last-child{background-color:#ffffff; border-color:#ededed;}\n\t\t\t\t.pricing-table-2.full-boxed-pricing.xzqv-pricing-table .panel-wrapper:hover .panel-heading,\n\t\t\t\t.pricing-table-2.xzqv-pricing-table .panel-wrapper:hover .list-group-item {background-color:#f8f8f8;}\n\t\t\t\t.pricing-table-2.full-boxed-pricing.xzqv-pricing-table .panel-heading{background-color:#ffffff;}\n\t\t\t\t.pricing-table-2.xzqv-pricing-table .xzqv-panel, .pricing-table-2 .panel-wrapper:last-child .xzqv-panel,\n\t\t\t\t.pricing-table-2.xzqv-pricing-table .standout .xzqv-panel, .pricing-table-2.xzqv-pricing-table  .panel-heading,\n\t\t\t\t.pricing-table-2.xzqv-pricing-table .panel-body, .pricing-table-2.xzqv-pricing-table .panel-footer{border-color:#ededed;}\n\t\t\t\t.pricing-table-2.xzqv-pricing-table .panel-body, .pricing-table-2.xzqv-pricing-table .panel-footer{background-color:#f8f8f8;}\n\t\t\t\t.pricing-table-2.sep-boxed-pricing.xzqv-pricing-table .panel-heading h3{color:#333333;}\n\t\t\t\t.pricing-table-2.full-boxed-pricing.xzqv-pricing-table .panel-heading h3{color:#333333;}\n\t\t\t\t.pricing-table-2.xzqv-pricing-table .panel-body .price .decimal-part{color:#a0ce4e;}\n\t\t\t\t.pricing-table-2.xzqv-pricing-table .panel-body .price .integer-part{color:#a0ce4e;}\n\t\t\t\t.pricing-table-2.xzqv-pricing-table ul.list-group li{color:#153961;}\n\t\t\t\t<\/style><div class=\"xzqv-pricing-table pricing-table-2 full-boxed-pricing row xzqv-columns-4 columns-4 xzqv-clearfix prictable-margintop\"><div class=\"panel-wrapper xzqv-column column col-lg-3 col-md-3 col-sm-3 xzqv-pricingtable-column\"><div class=\"panel-container\"><div class=\"xzqv-panel\"><div class=\"panel-heading\"><h3 class=\"title-row\">Campingh\u00fctte<\/h3><\/div><div class=\"panel-body pricing-row\"><div class=\"price \"><span class=\"currency\">\u20ac <\/span><span class=\"integer-part\">230,00<\/span><span class=\"time price-without-decimal\"> pauschal<\/span><\/div><\/div><\/ul><div class=\"panel-footer footer-row\"><div class=\"xzqv-button-wrapper\"><a class=\"xzqv-button button-flat xzqv-button-default-size button-default xzqv-button-default button-5 xzqv-button-default-span xzqv-button-default-type\" target=\"_self\" href=\"https:\/\/eifel-camp.freizeit-oasen.de\/campinghuetten\/\"><span class=\"xzqv-button-text awb-button__text awb-button__text--default\">Details<\/span><\/a><\/div><\/div><\/div><\/div><\/div><div class=\"panel-wrapper xzqv-column column col-lg-3 col-md-3 col-sm-3 xzqv-pricingtable-column\"><div class=\"panel-container\"><div class=\"xzqv-panel\"><div class=\"panel-heading\"><h3 class=\"title-row\">Eifel-Lodge<\/h3><\/div><div class=\"panel-body pricing-row\"><div class=\"price \"><span class=\"currency\">\u20ac <\/span><span class=\"integer-part\">230,00<\/span><span class=\"time price-without-decimal\"> pauschal<\/span><\/div><\/div><\/ul><div class=\"panel-footer footer-row\"><div class=\"xzqv-button-wrapper\"><a class=\"xzqv-button button-flat xzqv-button-default-size button-default xzqv-button-default button-6 xzqv-button-default-span xzqv-button-default-type\" target=\"_self\" href=\"https:\/\/eifel-camp.freizeit-oasen.de\/eifel-lodges\/\"><span class=\"xzqv-button-text awb-button__text awb-button__text--default\">Details<\/span><\/a><\/div><\/div><\/div><\/div><\/div><div class=\"panel-wrapper xzqv-column column col-lg-3 col-md-3 col-sm-3 xzqv-pricingtable-column\"><div class=\"panel-container\"><div class=\"xzqv-panel\"><div class=\"panel-heading\"><h3 class=\"title-row\">Naturwagen klein<\/h3><\/div><div class=\"panel-body pricing-row\"><div class=\"price \"><span class=\"currency\">\u20ac <\/span><span class=\"integer-part\">320,00<\/span><span class=\"time price-without-decimal\"> pauschal<\/span><\/div><\/div><\/ul><div class=\"panel-footer footer-row\"><div class=\"xzqv-button-wrapper\"><a class=\"xzqv-button button-flat xzqv-button-default-size button-default xzqv-button-default button-7 xzqv-button-default-span xzqv-button-default-type\" target=\"_self\" href=\"https:\/\/eifel-camp.freizeit-oasen.de\/naturwagen\/\"><span class=\"xzqv-button-text awb-button__text awb-button__text--default\">Details<\/span><\/a><\/div><\/div><\/div><\/div><\/div><div class=\"panel-wrapper xzqv-column column col-lg-3 col-md-3 col-sm-3 xzqv-pricingtable-column\"><div class=\"panel-container\"><div class=\"xzqv-panel\"><div class=\"panel-heading\"><h3 class=\"title-row\">Naturwagen gro\u00df<\/h3><\/div><div class=\"panel-body pricing-row\"><div class=\"price \"><span class=\"currency\">\u20ac <\/span><span class=\"integer-part\">320,00<\/span><span class=\"time price-without-decimal\"> pauschal<\/span><\/div><\/div><\/ul><div class=\"panel-footer footer-row\"><div class=\"xzqv-button-wrapper\"><a class=\"xzqv-button button-flat xzqv-button-default-size button-default xzqv-button-default button-8 xzqv-button-default-span xzqv-button-default-type\" target=\"_self\" href=\"https:\/\/eifel-camp.freizeit-oasen.de\/naturwagen\/\"><span class=\"xzqv-button-text awb-button__text awb-button__text--default\">Details<\/span><\/a><\/div><\/div><\/div><\/div><\/div><\/div><\/div><\/div><\/div><\/div><div class=\"xzqv-fullwidth fullwidth-box xzqv-builder-row-3 xzqv-flex-container nonhundred-percent-fullwidth non-hundred-percent-height-scrolling\" style=\"--awb-border-radius-top-left:0px;--awb-border-radius-top-right:0px;--awb-border-radius-bottom-right:0px;--awb-border-radius-bottom-left:0px;--awb-flex-wrap:wrap;\" ><div class=\"xzqv-builder-row xzqv-row xzqv-flex-align-items-flex-start xzqv-flex-content-wrap\" style=\"max-width:calc( 1000px + 0px );margin-left: calc(-0px \/ 2 );margin-right: calc(-0px \/ 2 );\"><div class=\"xzqv-layout-column xzqv_builder_column xzqv-builder-column-2 xzqv_builder_column_1_1 1_1 xzqv-flex-column\" style=\"--awb-bg-color:#f8f8f8;--awb-bg-color-hover:#f8f8f8;--awb-bg-size:cover;--awb-width-large:100%;--awb-margin-top-large:0px;--awb-spacing-right-large:0px;--awb-margin-bottom-large:20px;--awb-spacing-left-large:0px;--awb-width-medium:100%;--awb-spacing-right-medium:0px;--awb-spacing-left-medium:0px;--awb-width-small:100%;--awb-spacing-right-small:0px;--awb-spacing-left-small:0px;\"><div class=\"xzqv-column-wrapper xzqv-flex-justify-content-flex-start xzqv-content-layout-column\"><div class=\"xzqv-content-boxes content-boxes columns row xzqv-columns-1 xzqv-columns-total-1 xzqv-content-boxes-3 content-boxes-clean-horizontal content-left content-boxes-icon-on-side pricetable-intro\" style=\"--awb-hover-accent-color:#a0ce4e;--awb-circle-hover-accent-color:#a0ce4e;--awb-item-margin-bottom:40px;\" data-animationOffset=\"top-into-view\"><div style=\"--awb-backgroundcolor:rgba(255,255,255,0);border-color:rgba(255,255,255,0);\" class=\"xzqv-column content-box-column content-box-column content-box-column-1 col-lg-12 col-md-12 col-sm-12 xzqv-content-box-hover content-box-column-last content-box-column-last-in-row\"><div class=\"col content-box-wrapper content-wrapper link-area-link-icon content-icon-wrapper-yes icon-hover-animation-fade\" data-animationOffset=\"top-into-view\"><div class=\"xzqv-clearfix\"><\/div><div class=\"content-container\">\n<p><a href=\"https:\/\/eifel-camp.freizeit-oasen.de\/fo_content\/uploads\/2019\/02\/Ostern_01.jpg\"><img decoding=\"async\" class=\"alignleft wp-image-13772 size-800\" src=\"https:\/\/eifel-camp.freizeit-oasen.de\/fo_content\/uploads\/2019\/02\/Ostern_01-800x534.jpg\" alt=\"Ein geflochtener Korb, gef\u00fcllt mit verzierten und einfarbigen Eiern, die auf Stroh liegen.\" width=\"800\" height=\"534\" srcset=\"https:\/\/eifel-camp.freizeit-oasen.de\/fo_content\/uploads\/2019\/02\/Ostern_01-24x16.jpg 24w, https:\/\/eifel-camp.freizeit-oasen.de\/fo_content\/uploads\/2019\/02\/Ostern_01-36x24.jpg 36w, https:\/\/eifel-camp.freizeit-oasen.de\/fo_content\/uploads\/2019\/02\/Ostern_01-48x32.jpg 48w, https:\/\/eifel-camp.freizeit-oasen.de\/fo_content\/uploads\/2019\/02\/Ostern_01-200x133.jpg 200w, https:\/\/eifel-camp.freizeit-oasen.de\/fo_content\/uploads\/2019\/02\/Ostern_01-400x267.jpg 400w, https:\/\/eifel-camp.freizeit-oasen.de\/fo_content\/uploads\/2019\/02\/Ostern_01-600x400.jpg 600w, https:\/\/eifel-camp.freizeit-oasen.de\/fo_content\/uploads\/2019\/02\/Ostern_01-768x512.jpg 768w, https:\/\/eifel-camp.freizeit-oasen.de\/fo_content\/uploads\/2019\/02\/Ostern_01-800x534.jpg 800w, https:\/\/eifel-camp.freizeit-oasen.de\/fo_content\/uploads\/2019\/02\/Ostern_01.jpg 1000w\" sizes=\"(max-width: 800px) 100vw, 800px\" \/><\/a><\/p>\n<\/div><\/div><\/div><div class=\"xzqv-clearfix\"><\/div><\/div><div class=\"xzqv-content-boxes content-boxes columns row xzqv-columns-1 xzqv-columns-total-1 xzqv-content-boxes-4 content-boxes-clean-horizontal content-left content-boxes-icon-on-side pricetable-intro\" style=\"--awb-backgroundcolor:#f8f8f8;--awb-body-color:#3c577a;--awb-margin-top:0px;--awb-margin-bottom:0px;--awb-hover-accent-color:#a0ce4e;--awb-circle-hover-accent-color:transparent;--awb-item-margin-bottom:40px;\" data-animationOffset=\"top-into-view\"><div style=\"--awb-backgroundcolor:#f8f8f8;border-color:rgba(255,255,255,0);\" class=\"xzqv-column content-box-column content-box-column content-box-column-1 col-lg-12 col-md-12 col-sm-12 xzqv-content-box-hover content-box-column-last content-box-column-last-in-row\"><div class=\"col content-box-wrapper content-wrapper-background link-area-link-icon content-icon-wrapper-yes icon-hover-animation-none\" data-animationOffset=\"top-into-view\"><div class=\"heading icon-left\"><h2 class=\"content-box-heading\" style=\"--h2_typography-font-size:18px;line-height:23px;\">Vorteilsangebot Ostern<\/h2><\/div><div class=\"xzqv-clearfix\"><\/div><div class=\"content-container\">\n<p><b style=\"color: var(--awb-color3);\">Erlebe den Fr\u00fchling und verbringen Sie die Ostertage in der Eifel!<\/b><\/p>\n<p><strong>7 \u00dcbernachtungen, inkl. 2 Erwachsene, 1 Kind &amp; Hunde zum g\u00fcnstigen Pauschalpreis:<\/strong><\/p>\n<p>Buchbar in der Zeit vom <b>27.03.26-11.04.26<\/b> auf einem der Touristikstellpl\u00e4tze (f\u00fcr Reisemobil, Wohnwagen oder Zelt mit 1 Auto) oder einem Mietobjekt inklusive der entsprechenden Stellplatz-, Mietobjekt-, Personen- und Hundegeb\u00fchren.<\/p>\n<p><b>Vorteilsangebot Ostern jetzt reservieren!<\/b><strong><br \/>\n<\/strong>Nur mit verbindlicher Reservierung bis 7 Tage vor dem ersten Tag des Angebots. Der Angebotspreis ist im Voraus zu leisten<\/p>\n<\/div><\/div><\/div><div class=\"xzqv-clearfix\"><\/div><\/div><style type='text\/css'>\n\t\t\t\t.pricing-table-3.xzqv-pricing-table .panel-container, .pricing-table-3.xzqv-pricing-table .standout .panel-container,\n\t\t\t\t.pricing-table-3.full-boxed-pricing.xzqv-pricing-table {background-color:#f8f8f8;}\n\t\t\t\t.pricing-table-3.xzqv-pricing-table .list-group .list-group-item,\n\t\t\t\t.pricing-table-3.xzqv-pricing-table .list-group .list-group-item:last-child{background-color:#ffffff; border-color:#ededed;}\n\t\t\t\t.pricing-table-3.full-boxed-pricing.xzqv-pricing-table .panel-wrapper:hover .panel-heading,\n\t\t\t\t.pricing-table-3.xzqv-pricing-table .panel-wrapper:hover .list-group-item {background-color:#f8f8f8;}\n\t\t\t\t.pricing-table-3.full-boxed-pricing.xzqv-pricing-table .panel-heading{background-color:#ffffff;}\n\t\t\t\t.pricing-table-3.xzqv-pricing-table .xzqv-panel, .pricing-table-3 .panel-wrapper:last-child .xzqv-panel,\n\t\t\t\t.pricing-table-3.xzqv-pricing-table .standout .xzqv-panel, .pricing-table-3.xzqv-pricing-table  .panel-heading,\n\t\t\t\t.pricing-table-3.xzqv-pricing-table .panel-body, .pricing-table-3.xzqv-pricing-table .panel-footer{border-color:#ededed;}\n\t\t\t\t.pricing-table-3.xzqv-pricing-table .panel-body, .pricing-table-3.xzqv-pricing-table .panel-footer{background-color:#f8f8f8;}\n\t\t\t\t.pricing-table-3.sep-boxed-pricing.xzqv-pricing-table .panel-heading h3{color:#333333;}\n\t\t\t\t.pricing-table-3.full-boxed-pricing.xzqv-pricing-table .panel-heading h3{color:#333333;}\n\t\t\t\t.pricing-table-3.xzqv-pricing-table .panel-body .price .decimal-part{color:#a0ce4e;}\n\t\t\t\t.pricing-table-3.xzqv-pricing-table .panel-body .price .integer-part{color:#a0ce4e;}\n\t\t\t\t.pricing-table-3.xzqv-pricing-table ul.list-group li{color:#153961;}\n\t\t\t\t<\/style><div class=\"xzqv-pricing-table pricing-table-3 full-boxed-pricing row xzqv-columns-4 columns-4 xzqv-clearfix prictable-margintop\"><div class=\"panel-wrapper xzqv-column column col-lg-3 col-md-3 col-sm-3 xzqv-pricingtable-column\"><div class=\"panel-container\"><div class=\"xzqv-panel\"><div class=\"panel-heading\"><h3 class=\"title-row\">Standardplatz<\/h3><\/div><div class=\"panel-body pricing-row\"><div class=\"price \"><span class=\"currency\">\u20ac <\/span><span class=\"integer-part\">295,00<\/span><span class=\"time price-without-decimal\"> pauschal<\/span><\/div><\/div><\/ul><div class=\"panel-footer footer-row\"><div class=\"xzqv-button-wrapper\"><a class=\"xzqv-button button-flat xzqv-button-default-size button-default xzqv-button-default button-9 xzqv-button-default-span xzqv-button-default-type\" target=\"_self\" href=\"https:\/\/eifel-camp.freizeit-oasen.de\/standardplaetze\/\"><span class=\"xzqv-button-text awb-button__text awb-button__text--default\">Details<\/span><\/a><\/div><\/div><\/div><\/div><\/div><div class=\"panel-wrapper xzqv-column column col-lg-3 col-md-3 col-sm-3 xzqv-pricingtable-column\"><div class=\"panel-container\"><div class=\"xzqv-panel\"><div class=\"panel-heading\"><h3 class=\"title-row\">Komfortplatz<\/h3><\/div><div class=\"panel-body pricing-row\"><div class=\"price \"><span class=\"currency\">\u20ac <\/span><span class=\"integer-part\">330,00<\/span><span class=\"time price-without-decimal\"> pauschal<\/span><\/div><\/div><\/ul><div class=\"panel-footer footer-row\"><div class=\"xzqv-button-wrapper\"><a class=\"xzqv-button button-flat xzqv-button-default-size button-default xzqv-button-default button-10 xzqv-button-default-span xzqv-button-default-type\" target=\"_self\" href=\"https:\/\/eifel-camp.freizeit-oasen.de\/komfortplaetze\/\"><span class=\"xzqv-button-text awb-button__text awb-button__text--default\">Details<\/span><\/a><\/div><\/div><\/div><\/div><\/div><div class=\"panel-wrapper xzqv-column column col-lg-3 col-md-3 col-sm-3 xzqv-pricingtable-column\"><div class=\"panel-container\"><div class=\"xzqv-panel\"><div class=\"panel-heading\"><h3 class=\"title-row\">Komfort-Plus Platz<\/h3><\/div><div class=\"panel-body pricing-row\"><div class=\"price \"><span class=\"currency\">\u20ac <\/span><span class=\"integer-part\">460,00<\/span><span class=\"time price-without-decimal\"> pauschal<\/span><\/div><\/div><\/ul><div class=\"panel-footer footer-row\"><div class=\"xzqv-button-wrapper\"><a class=\"xzqv-button button-flat xzqv-button-default-size button-default xzqv-button-default button-11 xzqv-button-default-span xzqv-button-default-type\" target=\"_self\" href=\"https:\/\/eifel-camp.freizeit-oasen.de\/komfort-plus-plaetze\/\"><span class=\"xzqv-button-text awb-button__text awb-button__text--default\">Details<\/span><\/a><\/div><\/div><\/div><\/div><\/div><div class=\"panel-wrapper xzqv-column column col-lg-3 col-md-3 col-sm-3 xzqv-pricingtable-column\"><div class=\"panel-container\"><div class=\"xzqv-panel\"><div class=\"panel-heading\"><h3 class=\"title-row\">Luxusplatz<\/h3><\/div><div class=\"panel-body pricing-row\"><div class=\"price \"><span class=\"currency\">\u20ac <\/span><span class=\"integer-part\">565,00<\/span><span class=\"time price-without-decimal\"> pauschal<\/span><\/div><\/div><\/ul><div class=\"panel-footer footer-row\"><div class=\"xzqv-button-wrapper\"><a class=\"xzqv-button button-flat xzqv-button-default-size button-default xzqv-button-default button-12 xzqv-button-default-span xzqv-button-default-type\" target=\"_self\" href=\"https:\/\/eifel-camp.freizeit-oasen.de\/luxusplaetze\/\"><span class=\"xzqv-button-text awb-button__text awb-button__text--default\">Details<\/span><\/a><\/div><\/div><\/div><\/div><\/div><\/div><style type='text\/css'>\n\t\t\t\t.pricing-table-4.xzqv-pricing-table .panel-container, .pricing-table-4.xzqv-pricing-table .standout .panel-container,\n\t\t\t\t.pricing-table-4.full-boxed-pricing.xzqv-pricing-table {background-color:#f8f8f8;}\n\t\t\t\t.pricing-table-4.xzqv-pricing-table .list-group .list-group-item,\n\t\t\t\t.pricing-table-4.xzqv-pricing-table .list-group .list-group-item:last-child{background-color:#ffffff; border-color:#ededed;}\n\t\t\t\t.pricing-table-4.full-boxed-pricing.xzqv-pricing-table .panel-wrapper:hover .panel-heading,\n\t\t\t\t.pricing-table-4.xzqv-pricing-table .panel-wrapper:hover .list-group-item {background-color:#f8f8f8;}\n\t\t\t\t.pricing-table-4.full-boxed-pricing.xzqv-pricing-table .panel-heading{background-color:#ffffff;}\n\t\t\t\t.pricing-table-4.xzqv-pricing-table .xzqv-panel, .pricing-table-4 .panel-wrapper:last-child .xzqv-panel,\n\t\t\t\t.pricing-table-4.xzqv-pricing-table .standout .xzqv-panel, .pricing-table-4.xzqv-pricing-table  .panel-heading,\n\t\t\t\t.pricing-table-4.xzqv-pricing-table .panel-body, .pricing-table-4.xzqv-pricing-table .panel-footer{border-color:#ededed;}\n\t\t\t\t.pricing-table-4.xzqv-pricing-table .panel-body, .pricing-table-4.xzqv-pricing-table .panel-footer{background-color:#f8f8f8;}\n\t\t\t\t.pricing-table-4.sep-boxed-pricing.xzqv-pricing-table .panel-heading h3{color:#333333;}\n\t\t\t\t.pricing-table-4.full-boxed-pricing.xzqv-pricing-table .panel-heading h3{color:#333333;}\n\t\t\t\t.pricing-table-4.xzqv-pricing-table .panel-body .price .decimal-part{color:#a0ce4e;}\n\t\t\t\t.pricing-table-4.xzqv-pricing-table .panel-body .price .integer-part{color:#a0ce4e;}\n\t\t\t\t.pricing-table-4.xzqv-pricing-table ul.list-group li{color:#153961;}\n\t\t\t\t<\/style><div class=\"xzqv-pricing-table pricing-table-4 full-boxed-pricing row xzqv-columns-4 columns-4 xzqv-clearfix prictable-margintop\"><div class=\"panel-wrapper xzqv-column column col-lg-3 col-md-3 col-sm-3 xzqv-pricingtable-column\"><div class=\"panel-container\"><div class=\"xzqv-panel\"><div class=\"panel-heading\"><h3 class=\"title-row\">Campingh\u00fctte<\/h3><\/div><div class=\"panel-body pricing-row\"><div class=\"price \"><span class=\"currency\">\u20ac <\/span><span class=\"integer-part\">475,00<\/span><span class=\"time price-without-decimal\"> pauschal<\/span><\/div><\/div><\/ul><div class=\"panel-footer footer-row\"><div class=\"xzqv-button-wrapper\"><a class=\"xzqv-button button-flat xzqv-button-default-size button-default xzqv-button-default button-13 xzqv-button-default-span xzqv-button-default-type\" target=\"_self\" href=\"https:\/\/eifel-camp.freizeit-oasen.de\/campinghuetten\/\"><span class=\"xzqv-button-text awb-button__text awb-button__text--default\">Details<\/span><\/a><\/div><\/div><\/div><\/div><\/div><div class=\"panel-wrapper xzqv-column column col-lg-3 col-md-3 col-sm-3 xzqv-pricingtable-column\"><div class=\"panel-container\"><div class=\"xzqv-panel\"><div class=\"panel-heading\"><h3 class=\"title-row\">Eifel-Lodge<\/h3><\/div><div class=\"panel-body pricing-row\"><div class=\"price \"><span class=\"currency\">\u20ac <\/span><span class=\"integer-part\">475,00<\/span><span class=\"time price-without-decimal\"> pauschal<\/span><\/div><\/div><\/ul><div class=\"panel-footer footer-row\"><div class=\"xzqv-button-wrapper\"><a class=\"xzqv-button button-flat xzqv-button-default-size button-default xzqv-button-default button-14 xzqv-button-default-span xzqv-button-default-type\" target=\"_self\" href=\"https:\/\/eifel-camp.freizeit-oasen.de\/eifel-lodges\/\"><span class=\"xzqv-button-text awb-button__text awb-button__text--default\">Details<\/span><\/a><\/div><\/div><\/div><\/div><\/div><div class=\"panel-wrapper xzqv-column column col-lg-3 col-md-3 col-sm-3 xzqv-pricingtable-column\"><div class=\"panel-container\"><div class=\"xzqv-panel\"><div class=\"panel-heading\"><h3 class=\"title-row\">Naturwagen klein<\/h3><\/div><div class=\"panel-body pricing-row\"><div class=\"price \"><span class=\"currency\">\u20ac <\/span><span class=\"integer-part\">695,00<\/span><span class=\"time price-without-decimal\"> pauschal<\/span><\/div><\/div><\/ul><div class=\"panel-footer footer-row\"><div class=\"xzqv-button-wrapper\"><a class=\"xzqv-button button-flat xzqv-button-default-size button-default xzqv-button-default button-15 xzqv-button-default-span xzqv-button-default-type\" target=\"_self\" href=\"https:\/\/eifel-camp.freizeit-oasen.de\/naturwagen\/\"><span class=\"xzqv-button-text awb-button__text awb-button__text--default\">Details<\/span><\/a><\/div><\/div><\/div><\/div><\/div><div class=\"panel-wrapper xzqv-column column col-lg-3 col-md-3 col-sm-3 xzqv-pricingtable-column\"><div class=\"panel-container\"><div class=\"xzqv-panel\"><div class=\"panel-heading\"><h3 class=\"title-row\">Naturwagen gro\u00df<\/h3><\/div><div class=\"panel-body pricing-row\"><div class=\"price \"><span class=\"currency\">\u20ac <\/span><span class=\"integer-part\">760,00<\/span><span class=\"time price-without-decimal\"> pauschal<\/span><\/div><\/div><\/ul><div class=\"panel-footer footer-row\"><div class=\"xzqv-button-wrapper\"><a class=\"xzqv-button button-flat xzqv-button-default-size button-default xzqv-button-default button-16 xzqv-button-default-span xzqv-button-default-type\" target=\"_self\" href=\"https:\/\/eifel-camp.freizeit-oasen.de\/naturwagen\/\"><span class=\"xzqv-button-text awb-button__text awb-button__text--default\">Details<\/span><\/a><\/div><\/div><\/div><\/div><\/div><\/div><\/div><\/div><\/div><\/div><div class=\"xzqv-fullwidth fullwidth-box xzqv-builder-row-4 xzqv-flex-container nonhundred-percent-fullwidth non-hundred-percent-height-scrolling\" style=\"--awb-border-radius-top-left:0px;--awb-border-radius-top-right:0px;--awb-border-radius-bottom-right:0px;--awb-border-radius-bottom-left:0px;--awb-flex-wrap:wrap;\" ><div class=\"xzqv-builder-row xzqv-row xzqv-flex-align-items-flex-start xzqv-flex-content-wrap\" style=\"max-width:calc( 1000px + 0px );margin-left: calc(-0px \/ 2 );margin-right: calc(-0px \/ 2 );\"><div class=\"xzqv-layout-column xzqv_builder_column xzqv-builder-column-3 xzqv_builder_column_1_1 1_1 xzqv-flex-column\" style=\"--awb-bg-color:#f8f8f8;--awb-bg-color-hover:#f8f8f8;--awb-bg-size:cover;--awb-width-large:100%;--awb-margin-top-large:0px;--awb-spacing-right-large:0px;--awb-margin-bottom-large:20px;--awb-spacing-left-large:0px;--awb-width-medium:100%;--awb-spacing-right-medium:0px;--awb-spacing-left-medium:0px;--awb-width-small:100%;--awb-spacing-right-small:0px;--awb-spacing-left-small:0px;\"><div class=\"xzqv-column-wrapper xzqv-flex-justify-content-flex-start xzqv-content-layout-column\"><div class=\"xzqv-content-boxes content-boxes columns row xzqv-columns-1 xzqv-columns-total-1 xzqv-content-boxes-5 content-boxes-clean-horizontal content-left content-boxes-icon-on-side pricetable-intro\" style=\"--awb-hover-accent-color:#a0ce4e;--awb-circle-hover-accent-color:#a0ce4e;--awb-item-margin-bottom:40px;\" data-animationOffset=\"top-into-view\"><div style=\"--awb-backgroundcolor:rgba(255,255,255,0);border-color:rgba(255,255,255,0);\" class=\"xzqv-column content-box-column content-box-column content-box-column-1 col-lg-12 col-md-12 col-sm-12 xzqv-content-box-hover content-box-column-last content-box-column-last-in-row\"><div class=\"col content-box-wrapper content-wrapper link-area-link-icon content-icon-wrapper-yes icon-hover-animation-fade\" data-animationOffset=\"top-into-view\"><div class=\"xzqv-clearfix\"><\/div><div class=\"content-container\">\n<p><a href=\"https:\/\/eifel-camp.freizeit-oasen.de\/fo_content\/uploads\/2019\/02\/Indian_Summer.jpg\"><img decoding=\"async\" class=\"alignleft wp-image-19585 size-full\" src=\"https:\/\/eifel-camp.freizeit-oasen.de\/fo_content\/uploads\/2022\/03\/spaetsommer.jpg\" alt=\"Ein sonniger Morgen \u00fcber einer gr\u00fcnen Wiese mit vereinzelten B\u00e4umen, sanften H\u00fcgeln und einem Himmel voller Wolkenfetzen.\" width=\"1000\" height=\"667\" srcset=\"https:\/\/eifel-camp.freizeit-oasen.de\/fo_content\/uploads\/2022\/03\/spaetsommer-24x16.jpg 24w, https:\/\/eifel-camp.freizeit-oasen.de\/fo_content\/uploads\/2022\/03\/spaetsommer-36x24.jpg 36w, https:\/\/eifel-camp.freizeit-oasen.de\/fo_content\/uploads\/2022\/03\/spaetsommer-48x32.jpg 48w, https:\/\/eifel-camp.freizeit-oasen.de\/fo_content\/uploads\/2022\/03\/spaetsommer-200x133.jpg 200w, https:\/\/eifel-camp.freizeit-oasen.de\/fo_content\/uploads\/2022\/03\/spaetsommer-400x267.jpg 400w, https:\/\/eifel-camp.freizeit-oasen.de\/fo_content\/uploads\/2022\/03\/spaetsommer-600x400.jpg 600w, https:\/\/eifel-camp.freizeit-oasen.de\/fo_content\/uploads\/2022\/03\/spaetsommer-768x512.jpg 768w, https:\/\/eifel-camp.freizeit-oasen.de\/fo_content\/uploads\/2022\/03\/spaetsommer-800x534.jpg 800w, https:\/\/eifel-camp.freizeit-oasen.de\/fo_content\/uploads\/2022\/03\/spaetsommer.jpg 1000w\" sizes=\"(max-width: 1000px) 100vw, 1000px\" \/><\/a><\/p>\n<\/div><\/div><\/div><div class=\"xzqv-clearfix\"><\/div><\/div><div class=\"xzqv-content-boxes content-boxes columns row xzqv-columns-1 xzqv-columns-total-1 xzqv-content-boxes-6 content-boxes-clean-horizontal content-left content-boxes-icon-on-side pricetable-intro\" style=\"--awb-backgroundcolor:#f8f8f8;--awb-body-color:#3c577a;--awb-margin-top:0px;--awb-margin-bottom:0px;--awb-hover-accent-color:#a0ce4e;--awb-circle-hover-accent-color:transparent;--awb-item-margin-bottom:40px;\" data-animationOffset=\"top-into-view\"><div style=\"--awb-backgroundcolor:#f8f8f8;border-color:rgba(255,255,255,0);\" class=\"xzqv-column content-box-column content-box-column content-box-column-1 col-lg-12 col-md-12 col-sm-12 xzqv-content-box-hover content-box-column-last content-box-column-last-in-row\"><div class=\"col content-box-wrapper content-wrapper-background link-area-link-icon content-icon-wrapper-yes icon-hover-animation-none\" data-animationOffset=\"top-into-view\"><div class=\"heading icon-left\"><h2 class=\"content-box-heading\" style=\"--h2_typography-font-size:18px;line-height:23px;\">Vorteilsangebot Sp\u00e4tsommer<\/h2><\/div><div class=\"xzqv-clearfix\"><\/div><div class=\"content-container\">\n<p><span style=\"color: #84b231;\"><strong>Genie\u00dfen Sie den Sp\u00e4tsommer und entdecken Sie das Naturparadies Eifel!<\/strong><\/span><\/p>\n<p><strong>5 \u00dcbernachtungen, inkl. 2 Erwachsene &amp; Hunde zum g\u00fcnstigen Pauschalpreis:<\/strong><\/p>\n<p>Buchbar in der Zeit vom <b>11.09.26-26.09.26<\/b> auf einem der Touristikstellpl\u00e4tze (f\u00fcr Reisemobil, Wohnwagen oder Zelt mit 1 Auto) oder einem Mietobjekt inklusive der entsprechenden Stellplatz-, Mietobjekt-, Personen- und Hundegeb\u00fchren.<\/p>\n<p><b>Vorteilsangebot Sp\u00e4tsommer jetzt reservieren!<\/b><strong><br \/>\n<\/strong>Nur mit verbindlicher Reservierung bis 7 Tage vor dem ersten Tag des Angebots. Der Angebotspreis ist im Voraus zu leisten<\/p>\n<\/div><\/div><\/div><div class=\"xzqv-clearfix\"><\/div><\/div><style type='text\/css'>\n\t\t\t\t.pricing-table-5.xzqv-pricing-table .panel-container, .pricing-table-5.xzqv-pricing-table .standout .panel-container,\n\t\t\t\t.pricing-table-5.full-boxed-pricing.xzqv-pricing-table {background-color:#f8f8f8;}\n\t\t\t\t.pricing-table-5.xzqv-pricing-table .list-group .list-group-item,\n\t\t\t\t.pricing-table-5.xzqv-pricing-table .list-group .list-group-item:last-child{background-color:#ffffff; border-color:#ededed;}\n\t\t\t\t.pricing-table-5.full-boxed-pricing.xzqv-pricing-table .panel-wrapper:hover .panel-heading,\n\t\t\t\t.pricing-table-5.xzqv-pricing-table .panel-wrapper:hover .list-group-item {background-color:#f8f8f8;}\n\t\t\t\t.pricing-table-5.full-boxed-pricing.xzqv-pricing-table .panel-heading{background-color:#ffffff;}\n\t\t\t\t.pricing-table-5.xzqv-pricing-table .xzqv-panel, .pricing-table-5 .panel-wrapper:last-child .xzqv-panel,\n\t\t\t\t.pricing-table-5.xzqv-pricing-table .standout .xzqv-panel, .pricing-table-5.xzqv-pricing-table  .panel-heading,\n\t\t\t\t.pricing-table-5.xzqv-pricing-table .panel-body, .pricing-table-5.xzqv-pricing-table .panel-footer{border-color:#ededed;}\n\t\t\t\t.pricing-table-5.xzqv-pricing-table .panel-body, .pricing-table-5.xzqv-pricing-table .panel-footer{background-color:#f8f8f8;}\n\t\t\t\t.pricing-table-5.sep-boxed-pricing.xzqv-pricing-table .panel-heading h3{color:#333333;}\n\t\t\t\t.pricing-table-5.full-boxed-pricing.xzqv-pricing-table .panel-heading h3{color:#333333;}\n\t\t\t\t.pricing-table-5.xzqv-pricing-table .panel-body .price .decimal-part{color:#a0ce4e;}\n\t\t\t\t.pricing-table-5.xzqv-pricing-table .panel-body .price .integer-part{color:#a0ce4e;}\n\t\t\t\t.pricing-table-5.xzqv-pricing-table ul.list-group li{color:#153961;}\n\t\t\t\t<\/style><div class=\"xzqv-pricing-table pricing-table-5 full-boxed-pricing row xzqv-columns-4 columns-4 xzqv-clearfix prictable-margintop\"><div class=\"panel-wrapper xzqv-column column col-lg-3 col-md-3 col-sm-3 xzqv-pricingtable-column\"><div class=\"panel-container\"><div class=\"xzqv-panel\"><div class=\"panel-heading\"><h3 class=\"title-row\">Standardplatz<\/h3><\/div><div class=\"panel-body pricing-row\"><div class=\"price \"><span class=\"currency\">\u20ac <\/span><span class=\"integer-part\">175,00<\/span><span class=\"time price-without-decimal\"> pauschal<\/span><\/div><\/div><\/ul><div class=\"panel-footer footer-row\"><div class=\"xzqv-button-wrapper\"><a class=\"xzqv-button button-flat xzqv-button-default-size button-default xzqv-button-default button-17 xzqv-button-default-span xzqv-button-default-type\" target=\"_self\" href=\"https:\/\/eifel-camp.freizeit-oasen.de\/standardplaetze\/\"><span class=\"xzqv-button-text awb-button__text awb-button__text--default\">Details<\/span><\/a><\/div><\/div><\/div><\/div><\/div><div class=\"panel-wrapper xzqv-column column col-lg-3 col-md-3 col-sm-3 xzqv-pricingtable-column\"><div class=\"panel-container\"><div class=\"xzqv-panel\"><div class=\"panel-heading\"><h3 class=\"title-row\">Komfortplatz<\/h3><\/div><div class=\"panel-body pricing-row\"><div class=\"price \"><span class=\"currency\">\u20ac <\/span><span class=\"integer-part\">205,00<\/span><span class=\"time price-without-decimal\"> pauschal<\/span><\/div><\/div><\/ul><div class=\"panel-footer footer-row\"><div class=\"xzqv-button-wrapper\"><a class=\"xzqv-button button-flat xzqv-button-default-size button-default xzqv-button-default button-18 xzqv-button-default-span xzqv-button-default-type\" target=\"_self\" href=\"https:\/\/eifel-camp.freizeit-oasen.de\/komfortplaetze\/\"><span class=\"xzqv-button-text awb-button__text awb-button__text--default\">Details<\/span><\/a><\/div><\/div><\/div><\/div><\/div><div class=\"panel-wrapper xzqv-column column col-lg-3 col-md-3 col-sm-3 xzqv-pricingtable-column\"><div class=\"panel-container\"><div class=\"xzqv-panel\"><div class=\"panel-heading\"><h3 class=\"title-row\">Komfort-Plus Platz<\/h3><\/div><div class=\"panel-body pricing-row\"><div class=\"price \"><span class=\"currency\">\u20ac <\/span><span class=\"integer-part\">320,00<\/span><span class=\"time price-without-decimal\"> pauschal<\/span><\/div><\/div><\/ul><div class=\"panel-footer footer-row\"><div class=\"xzqv-button-wrapper\"><a class=\"xzqv-button button-flat xzqv-button-default-size button-default xzqv-button-default button-19 xzqv-button-default-span xzqv-button-default-type\" target=\"_self\" href=\"https:\/\/eifel-camp.freizeit-oasen.de\/komfort-plus-plaetze\/\"><span class=\"xzqv-button-text awb-button__text awb-button__text--default\">Details<\/span><\/a><\/div><\/div><\/div><\/div><\/div><div class=\"panel-wrapper xzqv-column column col-lg-3 col-md-3 col-sm-3 xzqv-pricingtable-column\"><div class=\"panel-container\"><div class=\"xzqv-panel\"><div class=\"panel-heading\"><h3 class=\"title-row\">Luxusplatz<\/h3><\/div><div class=\"panel-body pricing-row\"><div class=\"price \"><span class=\"currency\">\u20ac <\/span><span class=\"integer-part\">390,00<\/span><span class=\"time price-without-decimal\"> pauschal<\/span><\/div><\/div><\/ul><div class=\"panel-footer footer-row\"><div class=\"xzqv-button-wrapper\"><a class=\"xzqv-button button-flat xzqv-button-default-size button-default xzqv-button-default button-20 xzqv-button-default-span xzqv-button-default-type\" target=\"_self\" href=\"https:\/\/eifel-camp.freizeit-oasen.de\/luxusplaetze\/\"><span class=\"xzqv-button-text awb-button__text awb-button__text--default\">Details<\/span><\/a><\/div><\/div><\/div><\/div><\/div><\/div><style type='text\/css'>\n\t\t\t\t.pricing-table-6.xzqv-pricing-table .panel-container, .pricing-table-6.xzqv-pricing-table .standout .panel-container,\n\t\t\t\t.pricing-table-6.full-boxed-pricing.xzqv-pricing-table {background-color:#f8f8f8;}\n\t\t\t\t.pricing-table-6.xzqv-pricing-table .list-group .list-group-item,\n\t\t\t\t.pricing-table-6.xzqv-pricing-table .list-group .list-group-item:last-child{background-color:#ffffff; border-color:#ededed;}\n\t\t\t\t.pricing-table-6.full-boxed-pricing.xzqv-pricing-table .panel-wrapper:hover .panel-heading,\n\t\t\t\t.pricing-table-6.xzqv-pricing-table .panel-wrapper:hover .list-group-item {background-color:#f8f8f8;}\n\t\t\t\t.pricing-table-6.full-boxed-pricing.xzqv-pricing-table .panel-heading{background-color:#ffffff;}\n\t\t\t\t.pricing-table-6.xzqv-pricing-table .xzqv-panel, .pricing-table-6 .panel-wrapper:last-child .xzqv-panel,\n\t\t\t\t.pricing-table-6.xzqv-pricing-table .standout .xzqv-panel, .pricing-table-6.xzqv-pricing-table  .panel-heading,\n\t\t\t\t.pricing-table-6.xzqv-pricing-table .panel-body, .pricing-table-6.xzqv-pricing-table .panel-footer{border-color:#ededed;}\n\t\t\t\t.pricing-table-6.xzqv-pricing-table .panel-body, .pricing-table-6.xzqv-pricing-table .panel-footer{background-color:#f8f8f8;}\n\t\t\t\t.pricing-table-6.sep-boxed-pricing.xzqv-pricing-table .panel-heading h3{color:#333333;}\n\t\t\t\t.pricing-table-6.full-boxed-pricing.xzqv-pricing-table .panel-heading h3{color:#333333;}\n\t\t\t\t.pricing-table-6.xzqv-pricing-table .panel-body .price .decimal-part{color:#a0ce4e;}\n\t\t\t\t.pricing-table-6.xzqv-pricing-table .panel-body .price .integer-part{color:#a0ce4e;}\n\t\t\t\t.pricing-table-6.xzqv-pricing-table ul.list-group li{color:#153961;}\n\t\t\t\t<\/style><div class=\"xzqv-pricing-table pricing-table-6 full-boxed-pricing row xzqv-columns-4 columns-4 xzqv-clearfix prictable-margintop\"><div class=\"panel-wrapper xzqv-column column col-lg-3 col-md-3 col-sm-3 xzqv-pricingtable-column\"><div class=\"panel-container\"><div class=\"xzqv-panel\"><div class=\"panel-heading\"><h3 class=\"title-row\">Campingh\u00fctte<\/h3><\/div><div class=\"panel-body pricing-row\"><div class=\"price \"><span class=\"currency\">\u20ac <\/span><span class=\"integer-part\">321,00<\/span><span class=\"time price-without-decimal\"> pauschal<\/span><\/div><\/div><\/ul><div class=\"panel-footer footer-row\"><div class=\"xzqv-button-wrapper\"><a class=\"xzqv-button button-flat xzqv-button-default-size button-default xzqv-button-default button-21 xzqv-button-default-span xzqv-button-default-type\" target=\"_self\" href=\"https:\/\/eifel-camp.freizeit-oasen.de\/campinghuetten\/\"><span class=\"xzqv-button-text awb-button__text awb-button__text--default\">Details<\/span><\/a><\/div><\/div><\/div><\/div><\/div><div class=\"panel-wrapper xzqv-column column col-lg-3 col-md-3 col-sm-3 xzqv-pricingtable-column\"><div class=\"panel-container\"><div class=\"xzqv-panel\"><div class=\"panel-heading\"><h3 class=\"title-row\">Eifel-Lodge<\/h3><\/div><div class=\"panel-body pricing-row\"><div class=\"price \"><span class=\"currency\">\u20ac <\/span><span class=\"integer-part\">321,00<\/span><span class=\"time price-without-decimal\"> pauschal<\/span><\/div><\/div><\/ul><div class=\"panel-footer footer-row\"><div class=\"xzqv-button-wrapper\"><a class=\"xzqv-button button-flat xzqv-button-default-size button-default xzqv-button-default button-22 xzqv-button-default-span xzqv-button-default-type\" target=\"_self\" href=\"https:\/\/eifel-camp.freizeit-oasen.de\/eifel-lodges\/\"><span class=\"xzqv-button-text awb-button__text awb-button__text--default\">Details<\/span><\/a><\/div><\/div><\/div><\/div><\/div><div class=\"panel-wrapper xzqv-column column col-lg-3 col-md-3 col-sm-3 xzqv-pricingtable-column\"><div class=\"panel-container\"><div class=\"xzqv-panel\"><div class=\"panel-heading\"><h3 class=\"title-row\">Naturwagen klein<\/h3><\/div><div class=\"panel-body pricing-row\"><div class=\"price \"><span class=\"currency\">\u20ac <\/span><span class=\"integer-part\">480,00<\/span><span class=\"time price-without-decimal\"> pauschal<\/span><\/div><\/div><\/ul><div class=\"panel-footer footer-row\"><div class=\"xzqv-button-wrapper\"><a class=\"xzqv-button button-flat xzqv-button-default-size button-default xzqv-button-default button-23 xzqv-button-default-span xzqv-button-default-type\" target=\"_self\" href=\"https:\/\/eifel-camp.freizeit-oasen.de\/naturwagen\/\"><span class=\"xzqv-button-text awb-button__text awb-button__text--default\">Details<\/span><\/a><\/div><\/div><\/div><\/div><\/div><div class=\"panel-wrapper xzqv-column column col-lg-3 col-md-3 col-sm-3 xzqv-pricingtable-column\"><div class=\"panel-container\"><div class=\"xzqv-panel\"><div class=\"panel-heading\"><h3 class=\"title-row\">Naturwagen gro\u00df<\/h3><\/div><div class=\"panel-body pricing-row\"><div class=\"price \"><span class=\"currency\">\u20ac <\/span><span class=\"integer-part\">530,00<\/span><span class=\"time price-without-decimal\"> pauschal<\/span><\/div><\/div><\/ul><div class=\"panel-footer footer-row\"><div class=\"xzqv-button-wrapper\"><a class=\"xzqv-button button-flat xzqv-button-default-size button-default xzqv-button-default button-24 xzqv-button-default-span xzqv-button-default-type\" target=\"_self\" href=\"https:\/\/eifel-camp.freizeit-oasen.de\/naturwagen\/\"><span class=\"xzqv-button-text awb-button__text awb-button__text--default\">Details<\/span><\/a><\/div><\/div><\/div><\/div><\/div><\/div><\/div><\/div><\/div><\/div><div class=\"xzqv-fullwidth fullwidth-box xzqv-builder-row-5 xzqv-flex-container nonhundred-percent-fullwidth non-hundred-percent-height-scrolling\" style=\"--awb-border-radius-top-left:0px;--awb-border-radius-top-right:0px;--awb-border-radius-bottom-right:0px;--awb-border-radius-bottom-left:0px;--awb-flex-wrap:wrap;\" ><div class=\"xzqv-builder-row xzqv-row xzqv-flex-align-items-flex-start xzqv-flex-content-wrap\" style=\"max-width:calc( 1000px + 0px );margin-left: calc(-0px \/ 2 );margin-right: calc(-0px \/ 2 );\"><div class=\"xzqv-layout-column xzqv_builder_column xzqv-builder-column-4 xzqv_builder_column_1_1 1_1 xzqv-flex-column\" style=\"--awb-bg-color:#f8f8f8;--awb-bg-color-hover:#f8f8f8;--awb-bg-size:cover;--awb-width-large:100%;--awb-margin-top-large:0px;--awb-spacing-right-large:0px;--awb-margin-bottom-large:20px;--awb-spacing-left-large:0px;--awb-width-medium:100%;--awb-spacing-right-medium:0px;--awb-spacing-left-medium:0px;--awb-width-small:100%;--awb-spacing-right-small:0px;--awb-spacing-left-small:0px;\"><div class=\"xzqv-column-wrapper xzqv-flex-justify-content-flex-start xzqv-content-layout-column\"><div class=\"xzqv-content-boxes content-boxes columns row xzqv-columns-1 xzqv-columns-total-1 xzqv-content-boxes-7 content-boxes-clean-horizontal content-left content-boxes-icon-on-side pricetable-intro\" style=\"--awb-hover-accent-color:#a0ce4e;--awb-circle-hover-accent-color:#a0ce4e;--awb-item-margin-bottom:40px;\" data-animationOffset=\"top-into-view\"><div style=\"--awb-backgroundcolor:rgba(255,255,255,0);border-color:rgba(255,255,255,0);\" class=\"xzqv-column content-box-column content-box-column content-box-column-1 col-lg-12 col-md-12 col-sm-12 xzqv-content-box-hover content-box-column-last content-box-column-last-in-row\"><div class=\"col content-box-wrapper content-wrapper link-area-link-icon content-icon-wrapper-yes icon-hover-animation-fade\" data-animationOffset=\"top-into-view\"><div class=\"xzqv-clearfix\"><\/div><div class=\"content-container\">\n<p><a href=\"https:\/\/eifel-camp.freizeit-oasen.de\/fo_content\/uploads\/2019\/02\/Indian_Summer.jpg\"><img decoding=\"async\" class=\"alignleft wp-image-13776 size-800\" src=\"https:\/\/eifel-camp.freizeit-oasen.de\/fo_content\/uploads\/2019\/02\/Indian_Summer-800x534.jpg\" alt=\"Reihen von Weinst\u00f6cken mit roten Bl\u00e4ttern erstrecken sich \u00fcber einen Weinberg in Hanglage, mit gr\u00fcnen H\u00fcgeln und verstreuten H\u00e4usern im Hintergrund unter einem klaren Himmel.\" width=\"800\" height=\"534\" srcset=\"https:\/\/eifel-camp.freizeit-oasen.de\/fo_content\/uploads\/2019\/02\/Indian_Summer-24x16.jpg 24w, https:\/\/eifel-camp.freizeit-oasen.de\/fo_content\/uploads\/2019\/02\/Indian_Summer-36x24.jpg 36w, https:\/\/eifel-camp.freizeit-oasen.de\/fo_content\/uploads\/2019\/02\/Indian_Summer-48x32.jpg 48w, https:\/\/eifel-camp.freizeit-oasen.de\/fo_content\/uploads\/2019\/02\/Indian_Summer-200x133.jpg 200w, https:\/\/eifel-camp.freizeit-oasen.de\/fo_content\/uploads\/2019\/02\/Indian_Summer-400x267.jpg 400w, https:\/\/eifel-camp.freizeit-oasen.de\/fo_content\/uploads\/2019\/02\/Indian_Summer-600x400.jpg 600w, https:\/\/eifel-camp.freizeit-oasen.de\/fo_content\/uploads\/2019\/02\/Indian_Summer-768x512.jpg 768w, https:\/\/eifel-camp.freizeit-oasen.de\/fo_content\/uploads\/2019\/02\/Indian_Summer-800x534.jpg 800w, https:\/\/eifel-camp.freizeit-oasen.de\/fo_content\/uploads\/2019\/02\/Indian_Summer.jpg 1000w\" sizes=\"(max-width: 800px) 100vw, 800px\" \/><\/a><\/p>\n<\/div><\/div><\/div><div class=\"xzqv-clearfix\"><\/div><\/div><div class=\"xzqv-content-boxes content-boxes columns row xzqv-columns-1 xzqv-columns-total-1 xzqv-content-boxes-8 content-boxes-clean-horizontal content-left content-boxes-icon-on-side pricetable-intro\" style=\"--awb-backgroundcolor:#f8f8f8;--awb-body-color:#3c577a;--awb-margin-top:0px;--awb-margin-bottom:0px;--awb-hover-accent-color:#a0ce4e;--awb-circle-hover-accent-color:transparent;--awb-item-margin-bottom:40px;\" data-animationOffset=\"top-into-view\"><div style=\"--awb-backgroundcolor:#f8f8f8;border-color:rgba(255,255,255,0);\" class=\"xzqv-column content-box-column content-box-column content-box-column-1 col-lg-12 col-md-12 col-sm-12 xzqv-content-box-hover content-box-column-last content-box-column-last-in-row\"><div class=\"col content-box-wrapper content-wrapper-background link-area-link-icon content-icon-wrapper-yes icon-hover-animation-none\" data-animationOffset=\"top-into-view\"><div class=\"heading icon-left\"><h2 class=\"content-box-heading\" style=\"--h2_typography-font-size:18px;line-height:23px;\">Vorteilsangebot Herbst<\/h2><\/div><div class=\"xzqv-clearfix\"><\/div><div class=\"content-container\">\n<p><span style=\"color: #84b231;\"><strong>Erleben Sie den Indian Summer mit seiner ganzen bekannten Vielfalt in der Eifel!<\/strong><\/span><\/p>\n<p><strong>7 \u00dcbernachtungen, inkl. 2 Erwachsene, 1 Kind &amp; Hunde zum g\u00fcnstigen Pauschalpreis:<\/strong><\/p>\n<p>Buchbar in der Zeit vom <b>16.10.26-31.10.26<\/b> auf einem der Touristikstellpl\u00e4tze (f\u00fcr Reisemobil, Wohnwagen oder Zelt mit 1 Auto) oder einem Mietobjekt inklusive der entsprechenden Stellplatz-, Mietobjekt-, Personen- und Hundegeb\u00fchren.<\/p>\n<p><b>Vorteilsangebot Herbst jetzt reservieren!<\/b><strong><br \/>\n<\/strong>Nur mit verbindlicher Reservierung bis 7 Tage vor dem ersten Tag des Angebots. Der Angebotspreis ist im Voraus zu leisten<\/p>\n<\/div><\/div><\/div><div class=\"xzqv-clearfix\"><\/div><\/div><style type='text\/css'>\n\t\t\t\t.pricing-table-7.xzqv-pricing-table .panel-container, .pricing-table-7.xzqv-pricing-table .standout .panel-container,\n\t\t\t\t.pricing-table-7.full-boxed-pricing.xzqv-pricing-table {background-color:#f8f8f8;}\n\t\t\t\t.pricing-table-7.xzqv-pricing-table .list-group .list-group-item,\n\t\t\t\t.pricing-table-7.xzqv-pricing-table .list-group .list-group-item:last-child{background-color:#ffffff; border-color:#ededed;}\n\t\t\t\t.pricing-table-7.full-boxed-pricing.xzqv-pricing-table .panel-wrapper:hover .panel-heading,\n\t\t\t\t.pricing-table-7.xzqv-pricing-table .panel-wrapper:hover .list-group-item {background-color:#f8f8f8;}\n\t\t\t\t.pricing-table-7.full-boxed-pricing.xzqv-pricing-table .panel-heading{background-color:#ffffff;}\n\t\t\t\t.pricing-table-7.xzqv-pricing-table .xzqv-panel, .pricing-table-7 .panel-wrapper:last-child .xzqv-panel,\n\t\t\t\t.pricing-table-7.xzqv-pricing-table .standout .xzqv-panel, .pricing-table-7.xzqv-pricing-table  .panel-heading,\n\t\t\t\t.pricing-table-7.xzqv-pricing-table .panel-body, .pricing-table-7.xzqv-pricing-table .panel-footer{border-color:#ededed;}\n\t\t\t\t.pricing-table-7.xzqv-pricing-table .panel-body, .pricing-table-7.xzqv-pricing-table .panel-footer{background-color:#f8f8f8;}\n\t\t\t\t.pricing-table-7.sep-boxed-pricing.xzqv-pricing-table .panel-heading h3{color:#333333;}\n\t\t\t\t.pricing-table-7.full-boxed-pricing.xzqv-pricing-table .panel-heading h3{color:#333333;}\n\t\t\t\t.pricing-table-7.xzqv-pricing-table .panel-body .price .decimal-part{color:#a0ce4e;}\n\t\t\t\t.pricing-table-7.xzqv-pricing-table .panel-body .price .integer-part{color:#a0ce4e;}\n\t\t\t\t.pricing-table-7.xzqv-pricing-table ul.list-group li{color:#153961;}\n\t\t\t\t<\/style><div class=\"xzqv-pricing-table pricing-table-7 full-boxed-pricing row xzqv-columns-4 columns-4 xzqv-clearfix prictable-margintop\"><div class=\"panel-wrapper xzqv-column column col-lg-3 col-md-3 col-sm-3 xzqv-pricingtable-column\"><div class=\"panel-container\"><div class=\"xzqv-panel\"><div class=\"panel-heading\"><h3 class=\"title-row\">Standardplatz<\/h3><\/div><div class=\"panel-body pricing-row\"><div class=\"price \"><span class=\"currency\">\u20ac <\/span><span class=\"integer-part\">265,00<\/span><span class=\"time price-without-decimal\"> pauschal<\/span><\/div><\/div><\/ul><div class=\"panel-footer footer-row\"><div class=\"xzqv-button-wrapper\"><a class=\"xzqv-button button-flat xzqv-button-default-size button-default xzqv-button-default button-25 xzqv-button-default-span xzqv-button-default-type\" target=\"_self\" href=\"https:\/\/eifel-camp.freizeit-oasen.de\/standardplaetze\/\"><span class=\"xzqv-button-text awb-button__text awb-button__text--default\">Details<\/span><\/a><\/div><\/div><\/div><\/div><\/div><div class=\"panel-wrapper xzqv-column column col-lg-3 col-md-3 col-sm-3 xzqv-pricingtable-column\"><div class=\"panel-container\"><div class=\"xzqv-panel\"><div class=\"panel-heading\"><h3 class=\"title-row\">Komfortplatz<\/h3><\/div><div class=\"panel-body pricing-row\"><div class=\"price \"><span class=\"currency\">\u20ac <\/span><span class=\"integer-part\">285,00<\/span><span class=\"time price-without-decimal\"> pauschal<\/span><\/div><\/div><\/ul><div class=\"panel-footer footer-row\"><div class=\"xzqv-button-wrapper\"><a class=\"xzqv-button button-flat xzqv-button-default-size button-default xzqv-button-default button-26 xzqv-button-default-span xzqv-button-default-type\" target=\"_self\" href=\"https:\/\/eifel-camp.freizeit-oasen.de\/komfortplaetze\/\"><span class=\"xzqv-button-text awb-button__text awb-button__text--default\">Details<\/span><\/a><\/div><\/div><\/div><\/div><\/div><div class=\"panel-wrapper xzqv-column column col-lg-3 col-md-3 col-sm-3 xzqv-pricingtable-column\"><div class=\"panel-container\"><div class=\"xzqv-panel\"><div class=\"panel-heading\"><h3 class=\"title-row\">Komfort-Plus Platz<\/h3><\/div><div class=\"panel-body pricing-row\"><div class=\"price \"><span class=\"currency\">\u20ac <\/span><span class=\"integer-part\">405,00<\/span><span class=\"time price-without-decimal\"> pauschal<\/span><\/div><\/div><\/ul><div class=\"panel-footer footer-row\"><div class=\"xzqv-button-wrapper\"><a class=\"xzqv-button button-flat xzqv-button-default-size button-default xzqv-button-default button-27 xzqv-button-default-span xzqv-button-default-type\" target=\"_self\" href=\"https:\/\/eifel-camp.freizeit-oasen.de\/komfort-plus-plaetze\/\"><span class=\"xzqv-button-text awb-button__text awb-button__text--default\">Details<\/span><\/a><\/div><\/div><\/div><\/div><\/div><div class=\"panel-wrapper xzqv-column column col-lg-3 col-md-3 col-sm-3 xzqv-pricingtable-column\"><div class=\"panel-container\"><div class=\"xzqv-panel\"><div class=\"panel-heading\"><h3 class=\"title-row\">Luxusplatz<\/h3><\/div><div class=\"panel-body pricing-row\"><div class=\"price \"><span class=\"currency\">\u20ac <\/span><span class=\"integer-part\">490,00<\/span><span class=\"time price-without-decimal\"> pauschal<\/span><\/div><\/div><\/ul><div class=\"panel-footer footer-row\"><div class=\"xzqv-button-wrapper\"><a class=\"xzqv-button button-flat xzqv-button-default-size button-default xzqv-button-default button-28 xzqv-button-default-span xzqv-button-default-type\" target=\"_self\" href=\"https:\/\/eifel-camp.freizeit-oasen.de\/luxusplaetze\/\"><span class=\"xzqv-button-text awb-button__text awb-button__text--default\">Details<\/span><\/a><\/div><\/div><\/div><\/div><\/div><\/div><style type='text\/css'>\n\t\t\t\t.pricing-table-8.xzqv-pricing-table .panel-container, .pricing-table-8.xzqv-pricing-table .standout .panel-container,\n\t\t\t\t.pricing-table-8.full-boxed-pricing.xzqv-pricing-table {background-color:#f8f8f8;}\n\t\t\t\t.pricing-table-8.xzqv-pricing-table .list-group .list-group-item,\n\t\t\t\t.pricing-table-8.xzqv-pricing-table .list-group .list-group-item:last-child{background-color:#ffffff; border-color:#ededed;}\n\t\t\t\t.pricing-table-8.full-boxed-pricing.xzqv-pricing-table .panel-wrapper:hover .panel-heading,\n\t\t\t\t.pricing-table-8.xzqv-pricing-table .panel-wrapper:hover .list-group-item {background-color:#f8f8f8;}\n\t\t\t\t.pricing-table-8.full-boxed-pricing.xzqv-pricing-table .panel-heading{background-color:#ffffff;}\n\t\t\t\t.pricing-table-8.xzqv-pricing-table .xzqv-panel, .pricing-table-8 .panel-wrapper:last-child .xzqv-panel,\n\t\t\t\t.pricing-table-8.xzqv-pricing-table .standout .xzqv-panel, .pricing-table-8.xzqv-pricing-table  .panel-heading,\n\t\t\t\t.pricing-table-8.xzqv-pricing-table .panel-body, .pricing-table-8.xzqv-pricing-table .panel-footer{border-color:#ededed;}\n\t\t\t\t.pricing-table-8.xzqv-pricing-table .panel-body, .pricing-table-8.xzqv-pricing-table .panel-footer{background-color:#f8f8f8;}\n\t\t\t\t.pricing-table-8.sep-boxed-pricing.xzqv-pricing-table .panel-heading h3{color:#333333;}\n\t\t\t\t.pricing-table-8.full-boxed-pricing.xzqv-pricing-table .panel-heading h3{color:#333333;}\n\t\t\t\t.pricing-table-8.xzqv-pricing-table .panel-body .price .decimal-part{color:#a0ce4e;}\n\t\t\t\t.pricing-table-8.xzqv-pricing-table .panel-body .price .integer-part{color:#a0ce4e;}\n\t\t\t\t.pricing-table-8.xzqv-pricing-table ul.list-group li{color:#153961;}\n\t\t\t\t<\/style><div class=\"xzqv-pricing-table pricing-table-8 full-boxed-pricing row xzqv-columns-4 columns-4 xzqv-clearfix prictable-margintop\"><div class=\"panel-wrapper xzqv-column column col-lg-3 col-md-3 col-sm-3 xzqv-pricingtable-column\"><div class=\"panel-container\"><div class=\"xzqv-panel\"><div class=\"panel-heading\"><h3 class=\"title-row\">Campingh\u00fctte<\/h3><\/div><div class=\"panel-body pricing-row\"><div class=\"price \"><span class=\"currency\">\u20ac <\/span><span class=\"integer-part\">435,00<\/span><span class=\"time price-without-decimal\"> pauschal<\/span><\/div><\/div><\/ul><div class=\"panel-footer footer-row\"><div class=\"xzqv-button-wrapper\"><a class=\"xzqv-button button-flat xzqv-button-default-size button-default xzqv-button-default button-29 xzqv-button-default-span xzqv-button-default-type\" target=\"_self\" href=\"https:\/\/eifel-camp.freizeit-oasen.de\/campinghuetten\/\"><span class=\"xzqv-button-text awb-button__text awb-button__text--default\">Details<\/span><\/a><\/div><\/div><\/div><\/div><\/div><div class=\"panel-wrapper xzqv-column column col-lg-3 col-md-3 col-sm-3 xzqv-pricingtable-column\"><div class=\"panel-container\"><div class=\"xzqv-panel\"><div class=\"panel-heading\"><h3 class=\"title-row\">Eifel-Lodge<\/h3><\/div><div class=\"panel-body pricing-row\"><div class=\"price \"><span class=\"currency\">\u20ac <\/span><span class=\"integer-part\">435,00<\/span><span class=\"time price-without-decimal\"> pauschal<\/span><\/div><\/div><\/ul><div class=\"panel-footer footer-row\"><div class=\"xzqv-button-wrapper\"><a class=\"xzqv-button button-flat xzqv-button-default-size button-default xzqv-button-default button-30 xzqv-button-default-span xzqv-button-default-type\" target=\"_self\" href=\"https:\/\/eifel-camp.freizeit-oasen.de\/eifel-lodges\/\"><span class=\"xzqv-button-text awb-button__text awb-button__text--default\">Details<\/span><\/a><\/div><\/div><\/div><\/div><\/div><div class=\"panel-wrapper xzqv-column column col-lg-3 col-md-3 col-sm-3 xzqv-pricingtable-column\"><div class=\"panel-container\"><div class=\"xzqv-panel\"><div class=\"panel-heading\"><h3 class=\"title-row\">Naturwagen klein<\/h3><\/div><div class=\"panel-body pricing-row\"><div class=\"price \"><span class=\"currency\">\u20ac <\/span><span class=\"integer-part\">560,00<\/span><span class=\"time price-without-decimal\"> pauschal<\/span><\/div><\/div><\/ul><div class=\"panel-footer footer-row\"><div class=\"xzqv-button-wrapper\"><a class=\"xzqv-button button-flat xzqv-button-default-size button-default xzqv-button-default button-31 xzqv-button-default-span xzqv-button-default-type\" target=\"_self\" href=\"https:\/\/eifel-camp.freizeit-oasen.de\/naturwagen\/\"><span class=\"xzqv-button-text awb-button__text awb-button__text--default\">Details<\/span><\/a><\/div><\/div><\/div><\/div><\/div><div class=\"panel-wrapper xzqv-column column col-lg-3 col-md-3 col-sm-3 xzqv-pricingtable-column\"><div class=\"panel-container\"><div class=\"xzqv-panel\"><div class=\"panel-heading\"><h3 class=\"title-row\">Naturwagen gro\u00df<\/h3><\/div><div class=\"panel-body pricing-row\"><div class=\"price \"><span class=\"currency\">\u20ac <\/span><span class=\"integer-part\">650,00<\/span><span class=\"time price-without-decimal\"> pauschal<\/span><\/div><\/div><\/ul><div class=\"panel-footer footer-row\"><div class=\"xzqv-button-wrapper\"><a class=\"xzqv-button button-flat xzqv-button-default-size button-default xzqv-button-default button-32 xzqv-button-default-span xzqv-button-default-type\" target=\"_self\" href=\"https:\/\/eifel-camp.freizeit-oasen.de\/naturwagen\/\"><span class=\"xzqv-button-text awb-button__text awb-button__text--default\">Details<\/span><\/a><\/div><\/div><\/div><\/div><\/div><\/div><\/div><\/div><\/div><\/div><div class=\"xzqv-fullwidth fullwidth-box xzqv-builder-row-6 xzqv-flex-container nonhundred-percent-fullwidth non-hundred-percent-height-scrolling\" style=\"--awb-border-radius-top-left:0px;--awb-border-radius-top-right:0px;--awb-border-radius-bottom-right:0px;--awb-border-radius-bottom-left:0px;--awb-flex-wrap:wrap;\" ><div class=\"xzqv-builder-row xzqv-row xzqv-flex-align-items-flex-start xzqv-flex-content-wrap\" style=\"max-width:1030px;margin-left: calc(-3% \/ 2 );margin-right: calc(-3% \/ 2 );\"><div class=\"xzqv-layout-column xzqv_builder_column xzqv-builder-column-5 xzqv_builder_column_1_1 1_1 xzqv-flex-column\" style=\"--awb-bg-blend:overlay;--awb-bg-size:cover;--awb-width-large:100%;--awb-margin-top-large:0px;--awb-spacing-right-large:1.455%;--awb-margin-bottom-large:20px;--awb-spacing-left-large:1.455%;--awb-width-medium:100%;--awb-spacing-right-medium:1.455%;--awb-spacing-left-medium:1.455%;--awb-width-small:100%;--awb-spacing-right-small:1.455%;--awb-spacing-left-small:1.455%;\"><div class=\"xzqv-column-wrapper xzqv-flex-justify-content-flex-start xzqv-content-layout-column\"><div class=\"xzqv-separator xzqv-full-width-sep\" style=\"align-self: center;margin-left: auto;margin-right: auto;margin-bottom:20px;width:100%;\"><\/div><div class=\"xzqv-text xzqv-text-2\"><p>An den Feiertagswochenenden und in den NRW Ferienzeiten nehmen wir nur Buchungen ab 3 N\u00e4chten entgegen. Ausnahmen bei spontanen Anreisen sind je nach Verf\u00fcgbarkeit m\u00f6glich.<\/p>\n<p>Alle Preise verstehen sich in Euro inkl. MwSt. und Bettensteuer der Stadt Blankenheim. Bei \u00c4nderungen der Tarife behalten wir uns Anpassungen vor. \u00c4nderungen vorbehalten. Es gelten unsere AGB.<\/p>\n<\/div><div class=\"xzqv-text xzqv-text-3\"><h3>AGB <a href=\"\/fo_content\/uploads\/2020\/01\/AGB.pdf\" target=\"_blank\" rel=\"noopener noreferrer\"><img decoding=\"async\" class=\"alignleft wp-image-5896\" style=\"margin-top: -10px; margin-right: 20px;\" src=\"\/fo_content\/uploads\/2013\/11\/icon_pdf40_tr2.gif\" alt=\"icon_pdf40_tr2\" \/><\/a><\/h3>\n<\/div><div class=\"xzqv-separator xzqv-full-width-sep\" style=\"align-self: center;margin-left: auto;margin-right: auto;margin-top:40px;margin-bottom:40px;width:100%;\"><div class=\"xzqv-separator-border sep-double\" style=\"--awb-height:20px;--awb-amount:20px;border-color:#435b7e;border-top-width:1px;border-bottom-width:1px;\"><\/div><\/div><div class=\"xzqv-text xzqv-text-4\"><h2>Platzordnung<\/h2>\n<p>Um ein erholsames Miteinander zu gew\u00e4hrleisten bitten wir folgende Punkte zu beachten:<\/p>\n<\/div><\/div><\/div><div class=\"xzqv-layout-column xzqv_builder_column xzqv-builder-column-6 xzqv_builder_column_1_1 1_1 xzqv-flex-column xzqv-flex-align-self-flex-start xzqv-column-no-min-height\" style=\"--awb-bg-blend:overlay;--awb-bg-size:cover;--awb-width-large:100%;--awb-margin-top-large:0px;--awb-spacing-right-large:1.455%;--awb-margin-bottom-large:0px;--awb-spacing-left-large:1.455%;--awb-width-medium:100%;--awb-spacing-right-medium:1.455%;--awb-spacing-left-medium:1.455%;--awb-width-small:100%;--awb-spacing-right-small:1.455%;--awb-spacing-left-small:1.455%;\"><div class=\"xzqv-column-wrapper xzqv-flex-justify-content-flex-start xzqv-content-layout-column\"><ul style=\"--awb-line-height:22.1px;--awb-icon-width:22.1px;--awb-icon-height:22.1px;--awb-icon-margin:9.1px;--awb-content-margin:31.2px;--awb-circlecolor:#a0ce4e;--awb-circle-yes-font-size:11.44px;\" class=\"xzqv-checklist xzqv-checklist-1 xzqv-checklist-default type-icons\"><li class=\"xzqv-li-item\" style=\"\"><span class=\"icon-wrapper circle-yes\"><i class=\"xzqv-li-icon fa-check fas\" aria-hidden=\"true\"><\/i><\/span><div class=\"xzqv-li-item-content\">Allgemeine Ruhezeiten von 13.00-14.00 Uhr und 23.00-7.00 Uhr<\/div><\/li><li class=\"xzqv-li-item\" style=\"\"><span class=\"icon-wrapper circle-yes\"><i class=\"xzqv-li-icon fa-check fas\" aria-hidden=\"true\"><\/i><\/span><div class=\"xzqv-li-item-content\">\n<p>Anordnungen des Platzpersonals sind unverz\u00fcglich Folge zu leisten<\/p>\n<\/div><\/li><li class=\"xzqv-li-item\" style=\"\"><span class=\"icon-wrapper circle-yes\"><i class=\"xzqv-li-icon fa-check fas\" aria-hidden=\"true\"><\/i><\/span><div class=\"xzqv-li-item-content\">\n<p>Der Platz dient zur Erholung. Wir bitten daher, w\u00e4hrend der Ruhezeiten keine Musik zu spielen oder andere st\u00f6rende Ger\u00e4usche zu verursachen<\/p>\n<\/div><\/li><li class=\"xzqv-li-item\" style=\"\"><span class=\"icon-wrapper circle-yes\"><i class=\"xzqv-li-icon fa-check fas\" aria-hidden=\"true\"><\/i><\/span><div class=\"xzqv-li-item-content\">\n<p>W\u00e4hrend der n\u00e4chtlichen Ruhezeit darf der Platz nicht befahren werden<\/p>\n<\/div><\/li><\/ul><div class=\"xzqv-separator xzqv-full-width-sep\" style=\"align-self: center;margin-left: auto;margin-right: auto;margin-top:20px;width:100%;\"><\/div><div class=\"xzqv-text xzqv-text-5\"><h3>Platzordnung <a href=\"\/fo_content\/uploads\/2020\/01\/Campingplatzordnung_Touristik.pdf\" target=\"_blank\" rel=\"noopener noreferrer\"><img decoding=\"async\" class=\"alignleft wp-image-5896\" style=\"margin-top: -10px; margin-right: 20px;\" src=\"\/fo_content\/uploads\/2013\/11\/icon_pdf40_tr2.gif\" alt=\"icon_pdf40_tr2\" \/><\/a><\/h3>\n<\/div><\/div><\/div><\/div><\/div>\n<\/p>\n","protected":false},"excerpt":{"rendered":"","protected":false},"author":1,"featured_media":0,"parent":0,"menu_order":0,"comment_status":"open","ping_status":"closed","template":"","meta":{"footnotes":""},"class_list":["post-13665","page","type-page","status-publish","hentry","page_cat-preislisten"],"_links":{"self":[{"href":"https:\/\/eifel-camp.freizeit-oasen.de\/api-json\/wp\/v2\/pages\/13665","targetHints":{"allow":["GET"]}}],"collection":[{"href":"https:\/\/eifel-camp.freizeit-oasen.de\/api-json\/wp\/v2\/pages"}],"about":[{"href":"https:\/\/eifel-camp.freizeit-oasen.de\/api-json\/wp\/v2\/types\/page"}],"author":[{"embeddable":true,"href":"https:\/\/eifel-camp.freizeit-oasen.de\/api-json\/wp\/v2\/users\/1"}],"replies":[{"embeddable":true,"href":"https:\/\/eifel-camp.freizeit-oasen.de\/api-json\/wp\/v2\/comments?post=13665"}],"version-history":[{"count":145,"href":"https:\/\/eifel-camp.freizeit-oasen.de\/api-json\/wp\/v2\/pages\/13665\/revisions"}],"predecessor-version":[{"id":24907,"href":"https:\/\/eifel-camp.freizeit-oasen.de\/api-json\/wp\/v2\/pages\/13665\/revisions\/24907"}],"wp:attachment":[{"href":"https:\/\/eifel-camp.freizeit-oasen.de\/api-json\/wp\/v2\/media?parent=13665"}],"curies":[{"name":"wp","href":"https:\/\/api.w.org\/{rel}","templated":true}]}}