{"id":15481,"date":"2019-05-02T09:23:19","date_gmt":"2019-05-02T07:23:19","guid":{"rendered":"https:\/\/eifel-camp.freizeit-oasen.de\/freizeitanlagen-en\/"},"modified":"2025-07-11T09:47:02","modified_gmt":"2025-07-11T07:47:02","slug":"freizeitanlagen-en","status":"publish","type":"page","link":"https:\/\/eifel-camp.freizeit-oasen.de\/en\/freizeitanlagen-en\/","title":{"rendered":"Freizeitanlagen EN"},"content":{"rendered":"<p><div class=\"xzqv-fullwidth fullwidth-box xzqv-builder-row-1 xzqv-flex-container hundred-percent-fullwidth non-hundred-percent-height-scrolling\" style=\"--awb-border-radius-top-left:0px;--awb-border-radius-top-right:0px;--awb-border-radius-bottom-right:0px;--awb-border-radius-bottom-left:0px;--awb-overflow:visible;--awb-flex-wrap:wrap;\" ><div class=\"xzqv-builder-row xzqv-row xzqv-flex-align-items-flex-start xzqv-flex-content-wrap\" style=\"width:103% !important;max-width:103% !important;margin-left: calc(-3% \/ 2 );margin-right: calc(-3% \/ 2 );\"><div class=\"xzqv-layout-column xzqv_builder_column xzqv-builder-column-0 xzqv_builder_column_1_1 1_1 xzqv-flex-column xzqv-flex-align-self-flex-start xzqv-column-no-min-height\" style=\"--awb-bg-size:cover;--awb-width-large:100%;--awb-margin-top-large:0px;--awb-spacing-right-large:1.455%;--awb-margin-bottom-large:0px;--awb-spacing-left-large:1.455%;--awb-width-medium:100%;--awb-spacing-right-medium:1.455%;--awb-spacing-left-medium:1.455%;--awb-width-small:100%;--awb-spacing-right-small:1.455%;--awb-spacing-left-small:1.455%;\"><div class=\"xzqv-column-wrapper xzqv-flex-justify-content-flex-start xzqv-content-layout-column\"><script type=\"text\/javascript\">jQuery(function() { _initLayerSlider( '#layerslider_38_15u9llokyi7rn', {sliderVersion: '7.11.1', responsiveUnder: 670, allowFullscreen: true, slideBGSize: 'auto', pauseOnHover: 1, twoWaySlideshow: true, skin: 'borderlesslight', sliderFadeInDuration: 350, globalBGColor: '#ffffff', navStartStop: false, navButtons: false, useSrcset: true, skinsPath: 'https:\/\/eifel-camp.freizeit-oasen.de\/fo_plugins\/LayerSlider\/assets\/static\/layerslider\/skins\/', performanceMode: true}); });<\/script><div id=\"layerslider_38_15u9llokyi7rn\"  class=\"ls-wp-container fitvidsignore ls-selectable\" style=\"width:670px;height:300px;max-width:670px;margin:0 auto;\"><div class=\"ls-slide\" data-ls=\"duration:4000;transition2d:5;\"><img decoding=\"async\" width=\"670\" height=\"300\" src=\"https:\/\/eifel-camp.freizeit-oasen.de\/fo_content\/uploads\/2024\/08\/slider_freizeitanlagen_13.jpg\" class=\"ls-bg\" alt=\"Ein farbenfrohes Mosaikschild mit der Aufschrift &quot;Chill Area&quot; zeigt einen Dinosaurier mit Sonnenbrille, der sich unter einem Sonnenschirm auf einer Wiese mit Sonne und B\u00e4umen entspannt.\" srcset=\"https:\/\/eifel-camp.freizeit-oasen.de\/fo_content\/uploads\/2024\/08\/slider_freizeitanlagen_13-24x11.jpg 24w, https:\/\/eifel-camp.freizeit-oasen.de\/fo_content\/uploads\/2024\/08\/slider_freizeitanlagen_13-36x16.jpg 36w, https:\/\/eifel-camp.freizeit-oasen.de\/fo_content\/uploads\/2024\/08\/slider_freizeitanlagen_13-48x21.jpg 48w, https:\/\/eifel-camp.freizeit-oasen.de\/fo_content\/uploads\/2024\/08\/slider_freizeitanlagen_13-200x90.jpg 200w, https:\/\/eifel-camp.freizeit-oasen.de\/fo_content\/uploads\/2024\/08\/slider_freizeitanlagen_13-400x179.jpg 400w, https:\/\/eifel-camp.freizeit-oasen.de\/fo_content\/uploads\/2024\/08\/slider_freizeitanlagen_13-600x269.jpg 600w, https:\/\/eifel-camp.freizeit-oasen.de\/fo_content\/uploads\/2024\/08\/slider_freizeitanlagen_13.jpg 670w\" sizes=\"(max-width: 670px) 100vw, 670px\" \/><\/div><div class=\"ls-slide\" data-ls=\"duration:6000;transition2d:5;\"><img decoding=\"async\" width=\"670\" height=\"300\" src=\"https:\/\/eifel-camp.freizeit-oasen.de\/fo_content\/uploads\/2024\/08\/slider_freizeitanlagen_06.jpg\" class=\"ls-bg\" alt=\"Ein grasbewachsener Au\u00dfenbereich mit Holzb\u00e4nken, Tischen, Liegest\u00fchlen, Schaukeln und Sonnenschirmen, umgeben von B\u00e4umen und unter einem teilweise bew\u00f6lkten Himmel.\" srcset=\"https:\/\/eifel-camp.freizeit-oasen.de\/fo_content\/uploads\/2024\/08\/slider_freizeitanlagen_06-24x11.jpg 24w, https:\/\/eifel-camp.freizeit-oasen.de\/fo_content\/uploads\/2024\/08\/slider_freizeitanlagen_06-36x16.jpg 36w, https:\/\/eifel-camp.freizeit-oasen.de\/fo_content\/uploads\/2024\/08\/slider_freizeitanlagen_06-48x21.jpg 48w, https:\/\/eifel-camp.freizeit-oasen.de\/fo_content\/uploads\/2024\/08\/slider_freizeitanlagen_06-200x90.jpg 200w, https:\/\/eifel-camp.freizeit-oasen.de\/fo_content\/uploads\/2024\/08\/slider_freizeitanlagen_06-400x179.jpg 400w, https:\/\/eifel-camp.freizeit-oasen.de\/fo_content\/uploads\/2024\/08\/slider_freizeitanlagen_06-600x269.jpg 600w, https:\/\/eifel-camp.freizeit-oasen.de\/fo_content\/uploads\/2024\/08\/slider_freizeitanlagen_06.jpg 670w\" sizes=\"(max-width: 670px) 100vw, 670px\" \/><\/div><div class=\"ls-slide\" data-ls=\"duration:4000;transition2d:5;\"><img decoding=\"async\" width=\"670\" height=\"300\" src=\"https:\/\/eifel-camp.freizeit-oasen.de\/fo_content\/uploads\/2024\/08\/slider_freizeitanlagen_05.jpg\" class=\"ls-bg\" alt=\"Spielplatz im Freien mit Kletterger\u00e4ten, B\u00e4nken, einem Sandkasten und B\u00e4umen in einem park\u00e4hnlichen Gel\u00e4nde mit einem Geb\u00e4ude auf der linken Seite.\" srcset=\"https:\/\/eifel-camp.freizeit-oasen.de\/fo_content\/uploads\/2024\/08\/slider_freizeitanlagen_05-24x11.jpg 24w, https:\/\/eifel-camp.freizeit-oasen.de\/fo_content\/uploads\/2024\/08\/slider_freizeitanlagen_05-36x16.jpg 36w, https:\/\/eifel-camp.freizeit-oasen.de\/fo_content\/uploads\/2024\/08\/slider_freizeitanlagen_05-48x21.jpg 48w, https:\/\/eifel-camp.freizeit-oasen.de\/fo_content\/uploads\/2024\/08\/slider_freizeitanlagen_05-200x90.jpg 200w, https:\/\/eifel-camp.freizeit-oasen.de\/fo_content\/uploads\/2024\/08\/slider_freizeitanlagen_05-400x179.jpg 400w, https:\/\/eifel-camp.freizeit-oasen.de\/fo_content\/uploads\/2024\/08\/slider_freizeitanlagen_05-600x269.jpg 600w, https:\/\/eifel-camp.freizeit-oasen.de\/fo_content\/uploads\/2024\/08\/slider_freizeitanlagen_05.jpg 670w\" sizes=\"(max-width: 670px) 100vw, 670px\" \/><\/div><div class=\"ls-slide\" data-ls=\"duration:4000;transition2d:5;\"><img decoding=\"async\" width=\"670\" height=\"300\" src=\"https:\/\/eifel-camp.freizeit-oasen.de\/fo_content\/uploads\/2024\/08\/slider_freizeitanlagen_04.jpg\" class=\"ls-bg\" alt=\"Ein Spielplatz mit Sand, h\u00f6lzernen Kletterger\u00fcsten und einer kleinen H\u00fctte, umgeben von Gras, B\u00e4umen und einem teilweise bew\u00f6lkten Himmel.\" srcset=\"https:\/\/eifel-camp.freizeit-oasen.de\/fo_content\/uploads\/2024\/08\/slider_freizeitanlagen_04-24x11.jpg 24w, https:\/\/eifel-camp.freizeit-oasen.de\/fo_content\/uploads\/2024\/08\/slider_freizeitanlagen_04-36x16.jpg 36w, https:\/\/eifel-camp.freizeit-oasen.de\/fo_content\/uploads\/2024\/08\/slider_freizeitanlagen_04-48x21.jpg 48w, https:\/\/eifel-camp.freizeit-oasen.de\/fo_content\/uploads\/2024\/08\/slider_freizeitanlagen_04-200x90.jpg 200w, https:\/\/eifel-camp.freizeit-oasen.de\/fo_content\/uploads\/2024\/08\/slider_freizeitanlagen_04-400x179.jpg 400w, https:\/\/eifel-camp.freizeit-oasen.de\/fo_content\/uploads\/2024\/08\/slider_freizeitanlagen_04-600x269.jpg 600w, https:\/\/eifel-camp.freizeit-oasen.de\/fo_content\/uploads\/2024\/08\/slider_freizeitanlagen_04.jpg 670w\" sizes=\"(max-width: 670px) 100vw, 670px\" \/><\/div><div class=\"ls-slide\" data-ls=\"duration:4000;transition2d:5;\"><img decoding=\"async\" width=\"670\" height=\"300\" src=\"https:\/\/eifel-camp.freizeit-oasen.de\/fo_content\/uploads\/2024\/08\/slider_freizeitanlagen_12.jpg\" class=\"ls-bg\" alt=\"Kinderspielplatz mit einem Holzspielhaus, einer Rutsche und einem Kletterger\u00fcst, umgeben von B\u00e4umen; im Vordergrund ist ein Schild mit der Aufschrift Spielplatz zu sehen.\" srcset=\"https:\/\/eifel-camp.freizeit-oasen.de\/fo_content\/uploads\/2024\/08\/slider_freizeitanlagen_12-24x11.jpg 24w, https:\/\/eifel-camp.freizeit-oasen.de\/fo_content\/uploads\/2024\/08\/slider_freizeitanlagen_12-36x16.jpg 36w, https:\/\/eifel-camp.freizeit-oasen.de\/fo_content\/uploads\/2024\/08\/slider_freizeitanlagen_12-48x21.jpg 48w, https:\/\/eifel-camp.freizeit-oasen.de\/fo_content\/uploads\/2024\/08\/slider_freizeitanlagen_12-200x90.jpg 200w, https:\/\/eifel-camp.freizeit-oasen.de\/fo_content\/uploads\/2024\/08\/slider_freizeitanlagen_12-400x179.jpg 400w, https:\/\/eifel-camp.freizeit-oasen.de\/fo_content\/uploads\/2024\/08\/slider_freizeitanlagen_12-600x269.jpg 600w, https:\/\/eifel-camp.freizeit-oasen.de\/fo_content\/uploads\/2024\/08\/slider_freizeitanlagen_12.jpg 670w\" sizes=\"(max-width: 670px) 100vw, 670px\" \/><\/div><div class=\"ls-slide\" data-ls=\"duration:4000;transition2d:5;\"><img decoding=\"async\" width=\"670\" height=\"300\" src=\"https:\/\/eifel-camp.freizeit-oasen.de\/fo_content\/uploads\/2024\/08\/slider_freizeitanlagen_03.jpg\" class=\"ls-bg\" alt=\"Auf einem von B\u00e4umen und Holzz\u00e4unen umgebenen Sandspielplatz spielen Kinder auf Schaukeln und einer Rutsche, w\u00e4hrend die Erwachsenen auf B\u00e4nken in der N\u00e4he sitzen.\" srcset=\"https:\/\/eifel-camp.freizeit-oasen.de\/fo_content\/uploads\/2024\/08\/slider_freizeitanlagen_03-24x11.jpg 24w, https:\/\/eifel-camp.freizeit-oasen.de\/fo_content\/uploads\/2024\/08\/slider_freizeitanlagen_03-36x16.jpg 36w, https:\/\/eifel-camp.freizeit-oasen.de\/fo_content\/uploads\/2024\/08\/slider_freizeitanlagen_03-48x21.jpg 48w, https:\/\/eifel-camp.freizeit-oasen.de\/fo_content\/uploads\/2024\/08\/slider_freizeitanlagen_03-200x90.jpg 200w, https:\/\/eifel-camp.freizeit-oasen.de\/fo_content\/uploads\/2024\/08\/slider_freizeitanlagen_03-400x179.jpg 400w, https:\/\/eifel-camp.freizeit-oasen.de\/fo_content\/uploads\/2024\/08\/slider_freizeitanlagen_03-600x269.jpg 600w, https:\/\/eifel-camp.freizeit-oasen.de\/fo_content\/uploads\/2024\/08\/slider_freizeitanlagen_03.jpg 670w\" sizes=\"(max-width: 670px) 100vw, 670px\" \/><\/div><div class=\"ls-slide\" data-ls=\"duration:4000;transition2d:5;\"><img decoding=\"async\" width=\"670\" height=\"300\" src=\"https:\/\/eifel-camp.freizeit-oasen.de\/fo_content\/uploads\/2024\/08\/slider_freizeitanlagen_11.jpg\" class=\"ls-bg\" alt=\"Menschen spielen eine Partie Beachvolleyball auf einem Sandplatz mit Zelten, Gras und B\u00e4umen im Hintergrund.\" srcset=\"https:\/\/eifel-camp.freizeit-oasen.de\/fo_content\/uploads\/2024\/08\/slider_freizeitanlagen_11-24x11.jpg 24w, https:\/\/eifel-camp.freizeit-oasen.de\/fo_content\/uploads\/2024\/08\/slider_freizeitanlagen_11-36x16.jpg 36w, https:\/\/eifel-camp.freizeit-oasen.de\/fo_content\/uploads\/2024\/08\/slider_freizeitanlagen_11-48x21.jpg 48w, https:\/\/eifel-camp.freizeit-oasen.de\/fo_content\/uploads\/2024\/08\/slider_freizeitanlagen_11-200x90.jpg 200w, https:\/\/eifel-camp.freizeit-oasen.de\/fo_content\/uploads\/2024\/08\/slider_freizeitanlagen_11-400x179.jpg 400w, https:\/\/eifel-camp.freizeit-oasen.de\/fo_content\/uploads\/2024\/08\/slider_freizeitanlagen_11-600x269.jpg 600w, https:\/\/eifel-camp.freizeit-oasen.de\/fo_content\/uploads\/2024\/08\/slider_freizeitanlagen_11.jpg 670w\" sizes=\"(max-width: 670px) 100vw, 670px\" \/><\/div><div class=\"ls-slide\" data-ls=\"duration:4000;transition2d:5;\"><img decoding=\"async\" width=\"670\" height=\"300\" src=\"https:\/\/eifel-camp.freizeit-oasen.de\/fo_content\/uploads\/2024\/08\/slider_freizeitanlagen_07.jpg\" class=\"ls-bg\" alt=\"Ein Mann und zwei Kinder befinden sich in einem Skatepark im Freien mit Metallrampen und Gr\u00fcnfl\u00e4chen im Hintergrund. Ein Kind steht oben auf einer Rampe, w\u00e4hrend die anderen auf dem Boden stehen.\" srcset=\"https:\/\/eifel-camp.freizeit-oasen.de\/fo_content\/uploads\/2024\/08\/slider_freizeitanlagen_07-24x11.jpg 24w, https:\/\/eifel-camp.freizeit-oasen.de\/fo_content\/uploads\/2024\/08\/slider_freizeitanlagen_07-36x16.jpg 36w, https:\/\/eifel-camp.freizeit-oasen.de\/fo_content\/uploads\/2024\/08\/slider_freizeitanlagen_07-48x21.jpg 48w, https:\/\/eifel-camp.freizeit-oasen.de\/fo_content\/uploads\/2024\/08\/slider_freizeitanlagen_07-200x90.jpg 200w, https:\/\/eifel-camp.freizeit-oasen.de\/fo_content\/uploads\/2024\/08\/slider_freizeitanlagen_07-400x179.jpg 400w, https:\/\/eifel-camp.freizeit-oasen.de\/fo_content\/uploads\/2024\/08\/slider_freizeitanlagen_07-600x269.jpg 600w, https:\/\/eifel-camp.freizeit-oasen.de\/fo_content\/uploads\/2024\/08\/slider_freizeitanlagen_07.jpg 670w\" sizes=\"(max-width: 670px) 100vw, 670px\" \/><\/div><div class=\"ls-slide\" data-ls=\"duration:4000;transition2d:5;\"><img decoding=\"async\" width=\"670\" height=\"300\" src=\"https:\/\/eifel-camp.freizeit-oasen.de\/fo_content\/uploads\/2024\/08\/slider_freizeitanlagen_09.jpg\" class=\"ls-bg\" alt=\"Eine Gruppe von Kindern spielt auf einer von B\u00e4umen umgebenen Wiese Fu\u00dfball, w\u00e4hrend zwei Erwachsene vom Spielfeldrand aus zusehen.\" srcset=\"https:\/\/eifel-camp.freizeit-oasen.de\/fo_content\/uploads\/2024\/08\/slider_freizeitanlagen_09-24x11.jpg 24w, https:\/\/eifel-camp.freizeit-oasen.de\/fo_content\/uploads\/2024\/08\/slider_freizeitanlagen_09-36x16.jpg 36w, https:\/\/eifel-camp.freizeit-oasen.de\/fo_content\/uploads\/2024\/08\/slider_freizeitanlagen_09-48x21.jpg 48w, https:\/\/eifel-camp.freizeit-oasen.de\/fo_content\/uploads\/2024\/08\/slider_freizeitanlagen_09-200x90.jpg 200w, https:\/\/eifel-camp.freizeit-oasen.de\/fo_content\/uploads\/2024\/08\/slider_freizeitanlagen_09-400x179.jpg 400w, https:\/\/eifel-camp.freizeit-oasen.de\/fo_content\/uploads\/2024\/08\/slider_freizeitanlagen_09-600x269.jpg 600w, https:\/\/eifel-camp.freizeit-oasen.de\/fo_content\/uploads\/2024\/08\/slider_freizeitanlagen_09.jpg 670w\" sizes=\"(max-width: 670px) 100vw, 670px\" \/><\/div><div class=\"ls-slide\" data-ls=\"duration:4000;transition2d:5;\"><img decoding=\"async\" width=\"670\" height=\"300\" src=\"https:\/\/eifel-camp.freizeit-oasen.de\/fo_content\/uploads\/2024\/08\/slider_freizeitanlagen_10.jpg\" class=\"ls-bg\" alt=\"Eine Gruppe von M\u00e4nnern spielt P\u00e9tanque auf einem Kiesplatz im Freien, wobei mehrere Metallkugeln auf dem Boden liegen.\" srcset=\"https:\/\/eifel-camp.freizeit-oasen.de\/fo_content\/uploads\/2024\/08\/slider_freizeitanlagen_10-24x11.jpg 24w, https:\/\/eifel-camp.freizeit-oasen.de\/fo_content\/uploads\/2024\/08\/slider_freizeitanlagen_10-36x16.jpg 36w, https:\/\/eifel-camp.freizeit-oasen.de\/fo_content\/uploads\/2024\/08\/slider_freizeitanlagen_10-48x21.jpg 48w, https:\/\/eifel-camp.freizeit-oasen.de\/fo_content\/uploads\/2024\/08\/slider_freizeitanlagen_10-200x90.jpg 200w, https:\/\/eifel-camp.freizeit-oasen.de\/fo_content\/uploads\/2024\/08\/slider_freizeitanlagen_10-400x179.jpg 400w, https:\/\/eifel-camp.freizeit-oasen.de\/fo_content\/uploads\/2024\/08\/slider_freizeitanlagen_10-600x269.jpg 600w, https:\/\/eifel-camp.freizeit-oasen.de\/fo_content\/uploads\/2024\/08\/slider_freizeitanlagen_10.jpg 670w\" sizes=\"(max-width: 670px) 100vw, 670px\" \/><\/div><div class=\"ls-slide\" data-ls=\"duration:4000;transition2d:5;\"><img decoding=\"async\" width=\"670\" height=\"300\" src=\"https:\/\/eifel-camp.freizeit-oasen.de\/fo_content\/uploads\/2024\/08\/slider_freizeitanlagen_08.jpg\" class=\"ls-bg\" alt=\"Ein grasbewachsener Picknickplatz mit Holzb\u00e4nken um eine Feuerstelle, ein gro\u00dfer blattloser Baum, kleine B\u00fcsche und ein Holzunterstand auf der rechten Seite.\" srcset=\"https:\/\/eifel-camp.freizeit-oasen.de\/fo_content\/uploads\/2024\/08\/slider_freizeitanlagen_08-24x11.jpg 24w, https:\/\/eifel-camp.freizeit-oasen.de\/fo_content\/uploads\/2024\/08\/slider_freizeitanlagen_08-36x16.jpg 36w, https:\/\/eifel-camp.freizeit-oasen.de\/fo_content\/uploads\/2024\/08\/slider_freizeitanlagen_08-48x21.jpg 48w, https:\/\/eifel-camp.freizeit-oasen.de\/fo_content\/uploads\/2024\/08\/slider_freizeitanlagen_08-200x90.jpg 200w, https:\/\/eifel-camp.freizeit-oasen.de\/fo_content\/uploads\/2024\/08\/slider_freizeitanlagen_08-400x179.jpg 400w, https:\/\/eifel-camp.freizeit-oasen.de\/fo_content\/uploads\/2024\/08\/slider_freizeitanlagen_08-600x269.jpg 600w, https:\/\/eifel-camp.freizeit-oasen.de\/fo_content\/uploads\/2024\/08\/slider_freizeitanlagen_08.jpg 670w\" sizes=\"(max-width: 670px) 100vw, 670px\" \/><\/div><div class=\"ls-slide\" data-ls=\"duration:6000;transition2d:5;\"><img decoding=\"async\" width=\"670\" height=\"300\" src=\"https:\/\/eifel-camp.freizeit-oasen.de\/fo_content\/uploads\/2019\/02\/GrillhuetteG2-1.jpg\" class=\"ls-bg\" alt=\"Kleine Holzh\u00fctte mit gr\u00fcnem, schindelgedecktem Sechseckdach und Schornstein steht auf einer Wiese mit einer Holzbank davor; im Hintergrund sind B\u00e4ume und Felder zu sehen.\" srcset=\"https:\/\/eifel-camp.freizeit-oasen.de\/fo_content\/uploads\/2019\/02\/GrillhuetteG2-1-24x11.jpg 24w, https:\/\/eifel-camp.freizeit-oasen.de\/fo_content\/uploads\/2019\/02\/GrillhuetteG2-1-36x16.jpg 36w, https:\/\/eifel-camp.freizeit-oasen.de\/fo_content\/uploads\/2019\/02\/GrillhuetteG2-1-48x21.jpg 48w, https:\/\/eifel-camp.freizeit-oasen.de\/fo_content\/uploads\/2019\/02\/GrillhuetteG2-1-200x90.jpg 200w, https:\/\/eifel-camp.freizeit-oasen.de\/fo_content\/uploads\/2019\/02\/GrillhuetteG2-1-400x179.jpg 400w, https:\/\/eifel-camp.freizeit-oasen.de\/fo_content\/uploads\/2019\/02\/GrillhuetteG2-1-600x269.jpg 600w, https:\/\/eifel-camp.freizeit-oasen.de\/fo_content\/uploads\/2019\/02\/GrillhuetteG2-1.jpg 670w\" sizes=\"(max-width: 670px) 100vw, 670px\" \/><\/div><div class=\"ls-slide\" data-ls=\"duration:4000;transition2d:5;\"><img decoding=\"async\" width=\"670\" height=\"300\" src=\"https:\/\/eifel-camp.freizeit-oasen.de\/fo_content\/uploads\/2019\/02\/Osterfeuer-1.jpg\" class=\"ls-bg\" alt=\"Gro\u00dfe Holzscheite, die in Form eines Tipis angeordnet sind, brennen mit leuchtend orangefarbenen Flammen und Rauch, wobei im Hintergrund die Beine einer Person zu sehen sind.\" srcset=\"https:\/\/eifel-camp.freizeit-oasen.de\/fo_content\/uploads\/2019\/02\/Osterfeuer-1-24x11.jpg 24w, https:\/\/eifel-camp.freizeit-oasen.de\/fo_content\/uploads\/2019\/02\/Osterfeuer-1-36x16.jpg 36w, https:\/\/eifel-camp.freizeit-oasen.de\/fo_content\/uploads\/2019\/02\/Osterfeuer-1-48x21.jpg 48w, https:\/\/eifel-camp.freizeit-oasen.de\/fo_content\/uploads\/2019\/02\/Osterfeuer-1-200x90.jpg 200w, https:\/\/eifel-camp.freizeit-oasen.de\/fo_content\/uploads\/2019\/02\/Osterfeuer-1-400x179.jpg 400w, https:\/\/eifel-camp.freizeit-oasen.de\/fo_content\/uploads\/2019\/02\/Osterfeuer-1-600x269.jpg 600w, https:\/\/eifel-camp.freizeit-oasen.de\/fo_content\/uploads\/2019\/02\/Osterfeuer-1.jpg 670w\" sizes=\"(max-width: 670px) 100vw, 670px\" \/><\/div><\/div><div class=\"xzqv-text xzqv-text-1\"><h2><\/h2>\n<h2>Chill-Area<\/h2>\n<p><strong>Time for relaxation! Enjoy the peace and quiet.<\/strong><\/p>\n<p>Whether old or young &#8211; those seeking peace and quiet will find a wonderful place of peace and relaxation in our Chill Area, away from tents and caravans. Equipped with comfortable, solid wooden loungers, swings and benches, the Chill Area conveys a lounge-like atmosphere and invites you to relax.<\/p>\n<p>Be it to enjoy a pleasant book, to let your gaze wander with relaxed music in your ear, or simply to let the warm summer evening fade away.<\/p>\n<\/div><div class=\"xzqv-text xzqv-text-2\"><h2>Gei\u00dfbockstadl<\/h2>\n<p>The Gei\u00dfbockstadl leisure club is a conference and recreation room equipped with cable TV, a table football and tables and chairs. Here you can stay for a longer time even in bad weather and make new friends. Numerous events take place here as part of the leisure activities and the mini club.<\/p>\n<h2>Barbecue huts<\/h2>\n<p>The <strong>two grill huts<\/strong> of the Eifel-Camp invite you to cozy evenings (subject to a fee, see price list).<\/p>\n<p>The <strong>open barbecue hut<\/strong> is located next to the campfire site at the edge of the camping ground, in the immediate vicinity of the creek meadow and is the perfect location for social barbecue evenings for larger groups.<\/p>\n<p>The <strong>Finnish grill hut<\/strong> on the Almwiese can be used all year round due to its closed construction. It offers space for a maximum of 15 people in a comfortable atmosphere. It is particularly cosy to sit in the warm hut around the barbecue when there is ice and snow and spend social evenings with friends or family.<\/p>\n<p>Due to the high demand, it is recommended to reserve the barbecue huts in advance. Beer tent sets consisting of 2 benches and 1 table can be additionally booked if required.<\/p>\n<h2>Campfire site<\/h2>\n<p>Security is a top priority at the Eifel-Camp. For this reason, open fires are not permitted on the entire grounds of the Eifel-Camp, even in fire bowls. But you don&#8217;t have to abstain from a cosy campfire: there is a <strong>designated campfire site<\/strong> next to the brook meadow. This cannot be reserved and is open to all camping guests.<\/p>\n<h2>Skater-Park<\/h2>\n<p>In the skater park big and small skaters can show their skills. Half-Pipe and Jump-Ramp invite to great jumps and tricks. Of course, inline skaters and BMX artists also get a taste of the action here.<\/p>\n<h2>Playgrounds<\/h2>\n<p><strong>There are three different playgrounds to choose from at the Eifel-Camp:<\/strong><\/p>\n<p>On the <strong>centrally located playground<\/strong> next to the sanitary building there are numerous devices for climbing and gymnastics, a sandpit and a large railing slide &#8211; it won&#8217;t get boring!<\/p>\n<p>A real highlight is the <strong>nature playground<\/strong> near the Indian meadow right next to the nature football arena with its exciting climbing equipment, nest swing, and a separate small children&#8217;s tower.<\/p>\n<p>For the slightly older children, the <strong>play and sports area<\/strong> on the Bachwiese is a real Eldorado. In addition to the skater park with half pipe and jump ramp, a trampoline, climbing rocks and the asphalted multisport area with hockey goals and basketball court offer plenty of opportunities to let off some steam.<\/p>\n<h2>Sports facilities<\/h2>\n<p>The <strong>nature soccer arena<\/strong> above the Indian meadow offers small and large kickers the opportunity to have a good time. If that&#8217;s not enough, you&#8217;ll find a &#8222;real&#8220; football pitch nearby. Usually, enough players for a game are found quickly.<\/p>\n<p>Another popular playing field is the <strong>beach volleyball court<\/strong> next to the Bachwiese. The fine sand creates a real beach feeling and invites players and spectators to exciting games.<\/p>\n<p>Big and small basketball players can go basketball on the <strong>basketball court<\/strong> next door and table tennis invite to exciting encounters.<\/p>\n<p>If you prefer a more comfortable atmosphere, you can let the balls roll on the specially designed <strong>Boccia\/Boule track<\/strong> next to the restaurant terrace.<\/p>\n<\/div><\/div><\/div><\/div><\/div><div class=\"xzqv-fullwidth fullwidth-box xzqv-builder-row-2 xzqv-flex-container has-pattern-background has-mask-background nonhundred-percent-fullwidth non-hundred-percent-height-scrolling xzqv-animated\" style=\"--awb-border-radius-top-left:0px;--awb-border-radius-top-right:0px;--awb-border-radius-bottom-right:0px;--awb-border-radius-bottom-left:0px;--awb-padding-top:20px;--awb-flex-wrap:wrap;\" data-animationType=\"fadeInLeft\" data-animationDuration=\"2.0\" data-animationOffset=\"top-into-view\" ><div class=\"xzqv-builder-row xzqv-row xzqv-flex-align-items-flex-start xzqv-flex-content-wrap\" style=\"max-width:1030px;margin-left: calc(-3% \/ 2 );margin-right: calc(-3% \/ 2 );\"><div class=\"xzqv-layout-column xzqv_builder_column xzqv-builder-column-1 xzqv_builder_column_1_1 1_1 xzqv-flex-column\" style=\"--awb-bg-size:cover;--awb-width-large:100%;--awb-margin-top-large:0px;--awb-spacing-right-large:1.455%;--awb-margin-bottom-large:20px;--awb-spacing-left-large:1.455%;--awb-width-medium:100%;--awb-order-medium:0;--awb-spacing-right-medium:1.455%;--awb-spacing-left-medium:1.455%;--awb-width-small:100%;--awb-order-small:0;--awb-spacing-right-small:1.455%;--awb-spacing-left-small:1.455%;\"><div class=\"xzqv-column-wrapper xzqv-column-has-shadow xzqv-flex-justify-content-flex-start xzqv-content-layout-column\"><div class=\"xzqv-separator xzqv-full-width-sep\" style=\"align-self: center;margin-left: auto;margin-right: auto;margin-top:20px;width:100%;\"><div class=\"xzqv-separator-border sep-single sep-solid\" style=\"--awb-height:20px;--awb-amount:20px;border-color:#435b7e;border-top-width:1px;\"><\/div><\/div><div class=\"xzqv-text xzqv-text-3\" style=\"--awb-text-transform:none;\"><h1>Das k\u00f6nnte Sie auch noch interessieren:<\/h1>\n<\/div><div class=\"xzqv-text xzqv-text-4\"><div class=\"xzqv-text xzqv-text-4\"><\/div>\n<\/div><div class=\"xzqv-separator xzqv-full-width-sep\" style=\"align-self: center;margin-left: auto;margin-right: auto;margin-top:20px;width:100%;\"><\/div><div class=\"xzqv-builder-row xzqv-builder-row-inner xzqv-row xzqv-flex-align-items-flex-start xzqv-flex-content-wrap\" style=\"width:103% !important;max-width:103% !important;margin-left: calc(-3% \/ 2 );margin-right: calc(-3% \/ 2 );\"><div class=\"xzqv-layout-column xzqv_builder_column_inner xzqv-builder-nested-column-0 xzqv_builder_column_inner_1_2 1_2 xzqv-flex-column xzqv-animated\" style=\"--awb-bg-size:cover;--awb-width-large:50%;--awb-margin-top-large:0px;--awb-spacing-right-large:2.91%;--awb-margin-bottom-large:20px;--awb-spacing-left-large:2.91%;--awb-width-medium:50%;--awb-order-medium:0;--awb-spacing-right-medium:2.91%;--awb-spacing-left-medium:2.91%;--awb-width-small:100%;--awb-order-small:0;--awb-spacing-right-small:1.455%;--awb-spacing-left-small:1.455%;\" data-animationType=\"fadeInDown\" data-animationDuration=\"0.5\" data-animationOffset=\"top-into-view\"><div class=\"xzqv-column-wrapper xzqv-column-has-shadow xzqv-flex-justify-content-flex-start xzqv-content-layout-column\"><div class=\"xzqv-image-element awb-imageframe-style awb-imageframe-style-below awb-imageframe-style-1\" style=\"--awb-aspect-ratio:2 \/ 1;--awb-caption-title-font-family:var(--h2_typography-font-family);--awb-caption-title-font-weight:var(--h2_typography-font-weight);--awb-caption-title-font-style:var(--h2_typography-font-style);--awb-caption-title-size:var(--h2_typography-font-size);--awb-caption-title-transform:var(--h2_typography-text-transform);--awb-caption-title-line-height:var(--h2_typography-line-height);--awb-caption-title-letter-spacing:var(--h2_typography-letter-spacing);\"><span class=\" xzqv-imageframe imageframe-none imageframe-1 hover-type-none has-aspect-ratio\"><a class=\"xzqv-no-lightbox\" href=\"https:\/\/eifel-camp.freizeit-oasen.de\/sanitaeranlagen\/\" target=\"_self\" aria-label=\"slider_sanitaer_04\"><img decoding=\"async\" width=\"670\" height=\"300\" alt=\"Ein hell erleuchtetes Badezimmer mit wei\u00dfen Fliesen, die durch horizontale Streifen in Orange, Rot, Gr\u00fcn und Blau akzentuiert sind, mit Waschbecken, Spiegeln und einem Duschbereich.\" src=\"https:\/\/eifel-camp.freizeit-oasen.de\/fo_content\/uploads\/2019\/02\/slider_sanitaer_04.jpg\" class=\"img-responsive wp-image-13197 img-with-aspect-ratio\" data-parent-fit=\"cover\" data-parent-container=\".xzqv-image-element\" srcset=\"https:\/\/eifel-camp.freizeit-oasen.de\/fo_content\/uploads\/2019\/02\/slider_sanitaer_04-200x90.jpg 200w, https:\/\/eifel-camp.freizeit-oasen.de\/fo_content\/uploads\/2019\/02\/slider_sanitaer_04-400x179.jpg 400w, https:\/\/eifel-camp.freizeit-oasen.de\/fo_content\/uploads\/2019\/02\/slider_sanitaer_04-600x269.jpg 600w, https:\/\/eifel-camp.freizeit-oasen.de\/fo_content\/uploads\/2019\/02\/slider_sanitaer_04.jpg 670w\" sizes=\"(max-width: 640px) 100vw, 600px\" \/><\/a><\/span><div class=\"awb-imageframe-caption-container\" style=\"text-align:center;\"><div class=\"awb-imageframe-caption\"><h2 class=\"awb-imageframe-caption-title\">Sanit\u00e4rgeb\u00e4ude<\/h2><\/div><\/div><\/div><\/div><\/div><div class=\"xzqv-layout-column xzqv_builder_column_inner xzqv-builder-nested-column-1 xzqv_builder_column_inner_1_2 1_2 xzqv-flex-column xzqv-animated\" style=\"--awb-bg-size:cover;--awb-width-large:50%;--awb-margin-top-large:0px;--awb-spacing-right-large:2.91%;--awb-margin-bottom-large:20px;--awb-spacing-left-large:2.91%;--awb-width-medium:50%;--awb-order-medium:0;--awb-spacing-right-medium:2.91%;--awb-spacing-left-medium:2.91%;--awb-width-small:100%;--awb-order-small:0;--awb-spacing-right-small:1.455%;--awb-spacing-left-small:1.455%;\" data-animationType=\"fadeInDown\" data-animationDuration=\"0.3\" data-animationOffset=\"top-into-view\"><div class=\"xzqv-column-wrapper xzqv-column-has-shadow xzqv-flex-justify-content-flex-start xzqv-content-layout-column\"><div class=\"xzqv-image-element awb-imageframe-style awb-imageframe-style-below awb-imageframe-style-2\" style=\"--awb-aspect-ratio:2 \/ 1;--awb-caption-title-font-family:var(--h2_typography-font-family);--awb-caption-title-font-weight:var(--h2_typography-font-weight);--awb-caption-title-font-style:var(--h2_typography-font-style);--awb-caption-title-size:var(--h2_typography-font-size);--awb-caption-title-transform:var(--h2_typography-text-transform);--awb-caption-title-line-height:var(--h2_typography-line-height);--awb-caption-title-letter-spacing:var(--h2_typography-letter-spacing);\"><span class=\" xzqv-imageframe imageframe-none imageframe-2 hover-type-none has-aspect-ratio\"><a class=\"xzqv-no-lightbox\" href=\"https:\/\/eifel-camp.freizeit-oasen.de\/360-panoramen\/\" target=\"_self\" aria-label=\"Teaser_360_platzanlage\"><img decoding=\"async\" width=\"485\" height=\"285\" alt=\"Sitzgelegenheiten im Freien mit Holzb\u00e4nken und Sonnenschirmen auf einer Wiese, umgeben von B\u00e4umen, mit einer 360-Grad-Pfeilgrafik als Overlay.\" src=\"https:\/\/eifel-camp.freizeit-oasen.de\/fo_content\/uploads\/2022\/04\/Teaser_360_platzanlage.jpg\" class=\"img-responsive wp-image-19945 img-with-aspect-ratio\" data-parent-fit=\"cover\" data-parent-container=\".xzqv-image-element\" srcset=\"https:\/\/eifel-camp.freizeit-oasen.de\/fo_content\/uploads\/2022\/04\/Teaser_360_platzanlage-200x118.jpg 200w, https:\/\/eifel-camp.freizeit-oasen.de\/fo_content\/uploads\/2022\/04\/Teaser_360_platzanlage-400x235.jpg 400w, https:\/\/eifel-camp.freizeit-oasen.de\/fo_content\/uploads\/2022\/04\/Teaser_360_platzanlage.jpg 485w\" sizes=\"(max-width: 640px) 100vw, 485px\" \/><\/a><\/span><div class=\"awb-imageframe-caption-container\" style=\"text-align:center;\"><div class=\"awb-imageframe-caption\"><h2 class=\"awb-imageframe-caption-title\">Panoramen der Platzanlage<\/h2><\/div><\/div><\/div><\/div><\/div><\/div><div class=\"xzqv-builder-row xzqv-builder-row-inner xzqv-row xzqv-flex-align-items-flex-start xzqv-flex-content-wrap\" style=\"width:103% !important;max-width:103% !important;margin-left: calc(-3% \/ 2 );margin-right: calc(-3% \/ 2 );\"><div class=\"xzqv-layout-column xzqv_builder_column_inner xzqv-builder-nested-column-2 xzqv_builder_column_inner_1_2 1_2 xzqv-flex-column xzqv-animated\" style=\"--awb-bg-size:cover;--awb-width-large:50%;--awb-margin-top-large:0px;--awb-spacing-right-large:2.91%;--awb-margin-bottom-large:20px;--awb-spacing-left-large:2.91%;--awb-width-medium:50%;--awb-order-medium:0;--awb-spacing-right-medium:2.91%;--awb-spacing-left-medium:2.91%;--awb-width-small:100%;--awb-order-small:0;--awb-spacing-right-small:1.455%;--awb-spacing-left-small:1.455%;\" data-animationType=\"fadeInUp\" data-animationDuration=\"0.8\" data-animationOffset=\"top-into-view\"><div class=\"xzqv-column-wrapper xzqv-column-has-shadow xzqv-flex-justify-content-flex-start xzqv-content-layout-column\"><div class=\"xzqv-image-element awb-imageframe-style awb-imageframe-style-below awb-imageframe-style-3\" style=\"--awb-aspect-ratio:2 \/ 1;--awb-caption-title-font-family:var(--h2_typography-font-family);--awb-caption-title-font-weight:var(--h2_typography-font-weight);--awb-caption-title-font-style:var(--h2_typography-font-style);--awb-caption-title-size:var(--h2_typography-font-size);--awb-caption-title-transform:var(--h2_typography-text-transform);--awb-caption-title-line-height:var(--h2_typography-line-height);--awb-caption-title-letter-spacing:var(--h2_typography-letter-spacing);\"><span class=\" xzqv-imageframe imageframe-none imageframe-3 hover-type-none has-aspect-ratio\"><a class=\"xzqv-no-lightbox\" href=\"https:\/\/eifel-camp.freizeit-oasen.de\/fo_content\/uploads\/2019\/02\/Eifel-Camp_Platzplan.pdf\" target=\"_blank\" aria-label=\"Teaser_Plan\" rel=\"noopener noreferrer\"><img decoding=\"async\" width=\"485\" height=\"285\" alt=\"Karte des Eifel-Camps am Freilinger See mit farblich gekennzeichneten Abschnitten f\u00fcr Campingpl\u00e4tze, H\u00fctten, Einrichtungen, Parkpl\u00e4tze, Stra\u00dfen und Gr\u00fcnfl\u00e4chen mit einer Legende und einem Logo auf der rechten Seite.\" src=\"https:\/\/eifel-camp.freizeit-oasen.de\/fo_content\/uploads\/2022\/04\/Teaser_Plan.jpg\" class=\"img-responsive wp-image-19798 img-with-aspect-ratio\" data-parent-fit=\"cover\" data-parent-container=\".xzqv-image-element\" srcset=\"https:\/\/eifel-camp.freizeit-oasen.de\/fo_content\/uploads\/2022\/04\/Teaser_Plan-200x118.jpg 200w, https:\/\/eifel-camp.freizeit-oasen.de\/fo_content\/uploads\/2022\/04\/Teaser_Plan-400x235.jpg 400w, https:\/\/eifel-camp.freizeit-oasen.de\/fo_content\/uploads\/2022\/04\/Teaser_Plan.jpg 485w\" sizes=\"(max-width: 640px) 100vw, 485px\" \/><\/a><\/span><div class=\"awb-imageframe-caption-container\" style=\"text-align:center;\"><div class=\"awb-imageframe-caption\"><h2 class=\"awb-imageframe-caption-title\">Platzplan<\/h2><\/div><\/div><\/div><\/div><\/div><div class=\"xzqv-layout-column xzqv_builder_column_inner xzqv-builder-nested-column-3 xzqv_builder_column_inner_1_2 1_2 xzqv-flex-column xzqv-animated\" style=\"--awb-bg-size:cover;--awb-width-large:50%;--awb-margin-top-large:0px;--awb-spacing-right-large:2.91%;--awb-margin-bottom-large:20px;--awb-spacing-left-large:2.91%;--awb-width-medium:50%;--awb-order-medium:0;--awb-spacing-right-medium:2.91%;--awb-spacing-left-medium:2.91%;--awb-width-small:100%;--awb-order-small:0;--awb-spacing-right-small:1.455%;--awb-spacing-left-small:1.455%;\" data-animationType=\"fadeInUp\" data-animationDuration=\"0.8\" data-animationOffset=\"top-into-view\"><div class=\"xzqv-column-wrapper xzqv-column-has-shadow xzqv-flex-justify-content-flex-start xzqv-content-layout-column\"><div class=\"xzqv-image-element awb-imageframe-style awb-imageframe-style-below awb-imageframe-style-4\" style=\"--awb-aspect-ratio:2 \/ 1;--awb-caption-title-font-family:var(--h2_typography-font-family);--awb-caption-title-font-weight:var(--h2_typography-font-weight);--awb-caption-title-font-style:var(--h2_typography-font-style);--awb-caption-title-size:var(--h2_typography-font-size);--awb-caption-title-transform:var(--h2_typography-text-transform);--awb-caption-title-line-height:var(--h2_typography-line-height);--awb-caption-title-letter-spacing:var(--h2_typography-letter-spacing);\"><span class=\" xzqv-imageframe imageframe-none imageframe-4 hover-type-none has-aspect-ratio\"><a class=\"xzqv-no-lightbox\" href=\"https:\/\/eifel-camp.freizeit-oasen.de\/easybuchen-gutscheine\/\" target=\"_self\" aria-label=\"gutschein\"><img decoding=\"async\" width=\"485\" height=\"285\" alt=\"Cartoon-Dinosaurier mit Blumen und einer Geschenkschachtel steht vor einem See mit Herbstb\u00e4umen im Eifel-Camp; der Text lautet Superior Geschenk-Gutscheine mit f\u00fcnf Sternen dar\u00fcber.\" src=\"https:\/\/eifel-camp.freizeit-oasen.de\/fo_content\/uploads\/2021\/11\/gutschein.jpg\" class=\"img-responsive wp-image-19024 img-with-aspect-ratio\" data-parent-fit=\"cover\" data-parent-container=\".xzqv-image-element\" srcset=\"https:\/\/eifel-camp.freizeit-oasen.de\/fo_content\/uploads\/2021\/11\/gutschein-200x118.jpg 200w, https:\/\/eifel-camp.freizeit-oasen.de\/fo_content\/uploads\/2021\/11\/gutschein-400x235.jpg 400w, https:\/\/eifel-camp.freizeit-oasen.de\/fo_content\/uploads\/2021\/11\/gutschein.jpg 485w\" sizes=\"(max-width: 640px) 100vw, 485px\" \/><\/a><\/span><div class=\"awb-imageframe-caption-container\" style=\"text-align:center;\"><div class=\"awb-imageframe-caption\"><h2 class=\"awb-imageframe-caption-title\">Geschenkgutscheine<\/h2><\/div><\/div><\/div><\/div><\/div><\/div><\/div><\/div><\/div><\/div>\n<div class=\"xzqv-fullwidth fullwidth-box xzqv-builder-row-3 xzqv-flex-container nonhundred-percent-fullwidth non-hundred-percent-height-scrolling\" style=\"--awb-background-position:top right;--awb-border-color:#e5e4e4;--awb-border-radius-top-left:0px;--awb-border-radius-top-right:0px;--awb-border-radius-bottom-right:0px;--awb-border-radius-bottom-left:0px;--awb-padding-top:20px;--awb-padding-bottom:20px;--awb-background-color:#b3c6db;--awb-border-sizes-top:1px;--awb-border-sizes-bottom:1px;--awb-flex-wrap:wrap;\" ><div class=\"xzqv-builder-row xzqv-row xzqv-flex-align-items-flex-start xzqv-flex-content-wrap\" style=\"max-width:1030px;margin-left: calc(-3% \/ 2 );margin-right: calc(-3% \/ 2 );\"><div class=\"xzqv-layout-column xzqv_builder_column xzqv-builder-column-2 xzqv_builder_column_1_1 1_1 xzqv-flex-column\" style=\"--awb-bg-size:cover;--awb-width-large:100%;--awb-margin-top-large:0px;--awb-spacing-right-large:1.455%;--awb-margin-bottom-large:0px;--awb-spacing-left-large:1.455%;--awb-width-medium:100%;--awb-spacing-right-medium:1.455%;--awb-spacing-left-medium:1.455%;--awb-width-small:100%;--awb-spacing-right-small:1.455%;--awb-spacing-left-small:1.455%;\"><div class=\"xzqv-column-wrapper xzqv-flex-justify-content-flex-start xzqv-content-layout-column\"><div class=\"xzqv-text xzqv-text-6\"><h1 style=\"text-align: center; font-size: 30px !important;\">We are looking forward to your visit!<\/h1>\n<\/div><\/div><\/div><div class=\"xzqv-layout-column xzqv_builder_column xzqv-builder-column-3 xzqv_builder_column_1_1 1_1 xzqv-flex-column xzqv-flex-align-self-flex-start xzqv-column-no-min-height\" style=\"--awb-bg-size:cover;--awb-width-large:100%;--awb-margin-top-large:0px;--awb-spacing-right-large:1.455%;--awb-margin-bottom-large:0px;--awb-spacing-left-large:1.455%;--awb-width-medium:100%;--awb-spacing-right-medium:1.455%;--awb-spacing-left-medium:1.455%;--awb-width-small:100%;--awb-spacing-right-small:1.455%;--awb-spacing-left-small:1.455%;\"><div class=\"xzqv-column-wrapper xzqv-flex-justify-content-flex-start xzqv-content-layout-column\"><div class=\"xzqv-separator xzqv-full-width-sep\" style=\"align-self: center;margin-left: auto;margin-right: auto;margin-top:10px;width:100%;\"><\/div><\/div><\/div><\/div><\/div><\/p>\n","protected":false},"excerpt":{"rendered":"","protected":false},"author":1,"featured_media":0,"parent":0,"menu_order":0,"comment_status":"open","ping_status":"open","template":"","meta":{"footnotes":""},"class_list":["post-15481","page","type-page","status-publish","hentry","page_cat-platzanlage"],"_links":{"self":[{"href":"https:\/\/eifel-camp.freizeit-oasen.de\/api-json\/wp\/v2\/pages\/15481","targetHints":{"allow":["GET"]}}],"collection":[{"href":"https:\/\/eifel-camp.freizeit-oasen.de\/api-json\/wp\/v2\/pages"}],"about":[{"href":"https:\/\/eifel-camp.freizeit-oasen.de\/api-json\/wp\/v2\/types\/page"}],"author":[{"embeddable":true,"href":"https:\/\/eifel-camp.freizeit-oasen.de\/api-json\/wp\/v2\/users\/1"}],"replies":[{"embeddable":true,"href":"https:\/\/eifel-camp.freizeit-oasen.de\/api-json\/wp\/v2\/comments?post=15481"}],"version-history":[{"count":8,"href":"https:\/\/eifel-camp.freizeit-oasen.de\/api-json\/wp\/v2\/pages\/15481\/revisions"}],"predecessor-version":[{"id":24482,"href":"https:\/\/eifel-camp.freizeit-oasen.de\/api-json\/wp\/v2\/pages\/15481\/revisions\/24482"}],"wp:attachment":[{"href":"https:\/\/eifel-camp.freizeit-oasen.de\/api-json\/wp\/v2\/media?parent=15481"}],"curies":[{"name":"wp","href":"https:\/\/api.w.org\/{rel}","templated":true}]}}