{"id":15485,"date":"2019-05-02T09:34:56","date_gmt":"2019-05-02T07:34:56","guid":{"rendered":"https:\/\/eifel-camp.freizeit-oasen.de\/sanitaeranlagen-en\/"},"modified":"2024-04-04T10:26:44","modified_gmt":"2024-04-04T08:26:44","slug":"sanitaeranlagen-en","status":"publish","type":"page","link":"https:\/\/eifel-camp.freizeit-oasen.de\/en\/sanitaeranlagen-en\/","title":{"rendered":"Sanit\u00e4ranlagen EN"},"content":{"rendered":"<p><div class=\"xzqv-fullwidth fullwidth-box xzqv-builder-row-1 xzqv-flex-container hundred-percent-fullwidth non-hundred-percent-height-scrolling\" style=\"--awb-border-radius-top-left:0px;--awb-border-radius-top-right:0px;--awb-border-radius-bottom-right:0px;--awb-border-radius-bottom-left:0px;--awb-overflow:visible;--awb-flex-wrap:wrap;\" ><div class=\"xzqv-builder-row xzqv-row xzqv-flex-align-items-flex-start xzqv-flex-content-wrap\" style=\"width:103% !important;max-width:103% !important;margin-left: calc(-3% \/ 2 );margin-right: calc(-3% \/ 2 );\"><div class=\"xzqv-layout-column xzqv_builder_column xzqv-builder-column-0 xzqv_builder_column_1_1 1_1 xzqv-flex-column xzqv-flex-align-self-flex-start xzqv-column-no-min-height\" style=\"--awb-bg-size:cover;--awb-width-large:100%;--awb-margin-top-large:0px;--awb-spacing-right-large:1.455%;--awb-margin-bottom-large:0px;--awb-spacing-left-large:1.455%;--awb-width-medium:100%;--awb-spacing-right-medium:1.455%;--awb-spacing-left-medium:1.455%;--awb-width-small:100%;--awb-spacing-right-small:1.455%;--awb-spacing-left-small:1.455%;\"><div class=\"xzqv-column-wrapper xzqv-flex-justify-content-flex-start xzqv-content-layout-column\"><script type=\"text\/javascript\">jQuery(function() { _initLayerSlider( '#layerslider_39_abco0zmog826', {sliderVersion: '6.6.1', responsiveUnder: 670, allowFullscreen: true, slideBGSize: 'auto', pauseOnHover: 1, twoWaySlideshow: true, skin: 'borderlesslight', sliderFadeInDuration: 350, globalBGColor: '#ffffff', navStartStop: false, navButtons: false, useSrcset: true, skinsPath: 'https:\/\/eifel-camp.freizeit-oasen.de\/fo_plugins\/LayerSlider\/assets\/static\/layerslider\/skins\/', performanceMode: true}); });<\/script><div id=\"layerslider_39_abco0zmog826\"  class=\"ls-wp-container fitvidsignore ls-selectable\" style=\"width:670px;height:300px;max-width:670px;margin:0 auto;\"><div class=\"ls-slide\" data-ls=\"duration:6000;transition2d:5;\"><img decoding=\"async\" width=\"670\" height=\"300\" src=\"https:\/\/eifel-camp.freizeit-oasen.de\/fo_content\/uploads\/2019\/02\/slider_sanitaer_01.jpg\" class=\"ls-bg\" alt=\"Ein zweist\u00f6ckiges Geb\u00e4ude mit einem dunklen Ziegeldach, cremefarbenen W\u00e4nden, schwarzen T\u00fcren und mehreren Fenstern, umgeben von B\u00e4umen und Gr\u00fcnpflanzen im Sonnenlicht.\" srcset=\"https:\/\/eifel-camp.freizeit-oasen.de\/fo_content\/uploads\/2019\/02\/slider_sanitaer_01-24x11.jpg 24w, https:\/\/eifel-camp.freizeit-oasen.de\/fo_content\/uploads\/2019\/02\/slider_sanitaer_01-36x16.jpg 36w, https:\/\/eifel-camp.freizeit-oasen.de\/fo_content\/uploads\/2019\/02\/slider_sanitaer_01-48x21.jpg 48w, https:\/\/eifel-camp.freizeit-oasen.de\/fo_content\/uploads\/2019\/02\/slider_sanitaer_01-200x90.jpg 200w, https:\/\/eifel-camp.freizeit-oasen.de\/fo_content\/uploads\/2019\/02\/slider_sanitaer_01-400x179.jpg 400w, https:\/\/eifel-camp.freizeit-oasen.de\/fo_content\/uploads\/2019\/02\/slider_sanitaer_01-600x269.jpg 600w, https:\/\/eifel-camp.freizeit-oasen.de\/fo_content\/uploads\/2019\/02\/slider_sanitaer_01.jpg 670w\" sizes=\"(max-width: 670px) 100vw, 670px\" \/><\/div><div class=\"ls-slide\" data-ls=\"duration:6000;transition2d:5;\"><img decoding=\"async\" width=\"670\" height=\"300\" src=\"https:\/\/eifel-camp.freizeit-oasen.de\/fo_content\/uploads\/2019\/02\/slider_sanitaer_02.jpg\" class=\"ls-bg\" alt=\"Modernes Badezimmer mit beigen Fliesen, einem rechteckigen Waschbecken mit Wasserhahn, einer teilweise offenen T\u00fcr, einer Toilette und einem begehbaren Duschbereich.\" srcset=\"https:\/\/eifel-camp.freizeit-oasen.de\/fo_content\/uploads\/2019\/02\/slider_sanitaer_02-24x11.jpg 24w, https:\/\/eifel-camp.freizeit-oasen.de\/fo_content\/uploads\/2019\/02\/slider_sanitaer_02-36x16.jpg 36w, https:\/\/eifel-camp.freizeit-oasen.de\/fo_content\/uploads\/2019\/02\/slider_sanitaer_02-48x21.jpg 48w, https:\/\/eifel-camp.freizeit-oasen.de\/fo_content\/uploads\/2019\/02\/slider_sanitaer_02-200x90.jpg 200w, https:\/\/eifel-camp.freizeit-oasen.de\/fo_content\/uploads\/2019\/02\/slider_sanitaer_02-400x179.jpg 400w, https:\/\/eifel-camp.freizeit-oasen.de\/fo_content\/uploads\/2019\/02\/slider_sanitaer_02-600x269.jpg 600w, https:\/\/eifel-camp.freizeit-oasen.de\/fo_content\/uploads\/2019\/02\/slider_sanitaer_02.jpg 670w\" sizes=\"(max-width: 670px) 100vw, 670px\" \/><\/div><div class=\"ls-slide\" data-ls=\"duration:4000;transition2d:5;\"><img decoding=\"async\" width=\"670\" height=\"300\" src=\"https:\/\/eifel-camp.freizeit-oasen.de\/fo_content\/uploads\/2019\/02\/slider_sanitaer_03.jpg\" class=\"ls-bg\" alt=\"Modernes Badezimmer mit beigen und dunklen Fliesenw\u00e4nden, offenem Duschbereich, Toilette, kleinem Fenster und teilweise offener T\u00fcr.\" srcset=\"https:\/\/eifel-camp.freizeit-oasen.de\/fo_content\/uploads\/2019\/02\/slider_sanitaer_03-24x11.jpg 24w, https:\/\/eifel-camp.freizeit-oasen.de\/fo_content\/uploads\/2019\/02\/slider_sanitaer_03-36x16.jpg 36w, https:\/\/eifel-camp.freizeit-oasen.de\/fo_content\/uploads\/2019\/02\/slider_sanitaer_03-48x21.jpg 48w, https:\/\/eifel-camp.freizeit-oasen.de\/fo_content\/uploads\/2019\/02\/slider_sanitaer_03-200x90.jpg 200w, https:\/\/eifel-camp.freizeit-oasen.de\/fo_content\/uploads\/2019\/02\/slider_sanitaer_03-400x179.jpg 400w, https:\/\/eifel-camp.freizeit-oasen.de\/fo_content\/uploads\/2019\/02\/slider_sanitaer_03-600x269.jpg 600w, https:\/\/eifel-camp.freizeit-oasen.de\/fo_content\/uploads\/2019\/02\/slider_sanitaer_03.jpg 670w\" sizes=\"(max-width: 670px) 100vw, 670px\" \/><\/div><div class=\"ls-slide\" data-ls=\"duration:4000;transition2d:5;\"><img decoding=\"async\" width=\"670\" height=\"300\" src=\"https:\/\/eifel-camp.freizeit-oasen.de\/fo_content\/uploads\/2019\/02\/slider_sanitaer_05.jpg\" class=\"ls-bg\" alt=\"Ein farbenfroher \u00f6ffentlicher Duschbereich mit gefliesten W\u00e4nden und S\u00e4ulen, mit mehreren Duschk\u00f6pfen und Sichtschutzw\u00e4nden.\" srcset=\"https:\/\/eifel-camp.freizeit-oasen.de\/fo_content\/uploads\/2019\/02\/slider_sanitaer_05-24x11.jpg 24w, https:\/\/eifel-camp.freizeit-oasen.de\/fo_content\/uploads\/2019\/02\/slider_sanitaer_05-36x16.jpg 36w, https:\/\/eifel-camp.freizeit-oasen.de\/fo_content\/uploads\/2019\/02\/slider_sanitaer_05-48x21.jpg 48w, https:\/\/eifel-camp.freizeit-oasen.de\/fo_content\/uploads\/2019\/02\/slider_sanitaer_05-200x90.jpg 200w, https:\/\/eifel-camp.freizeit-oasen.de\/fo_content\/uploads\/2019\/02\/slider_sanitaer_05-400x179.jpg 400w, https:\/\/eifel-camp.freizeit-oasen.de\/fo_content\/uploads\/2019\/02\/slider_sanitaer_05-600x269.jpg 600w, https:\/\/eifel-camp.freizeit-oasen.de\/fo_content\/uploads\/2019\/02\/slider_sanitaer_05.jpg 670w\" sizes=\"(max-width: 670px) 100vw, 670px\" \/><\/div><div class=\"ls-slide\" data-ls=\"duration:4000;transition2d:5;\"><img decoding=\"async\" width=\"670\" height=\"300\" src=\"https:\/\/eifel-camp.freizeit-oasen.de\/fo_content\/uploads\/2019\/02\/slider_sanitaer_04.jpg\" class=\"ls-bg\" alt=\"Ein hell erleuchtetes Badezimmer mit wei\u00dfen Fliesen, die durch horizontale Streifen in Orange, Rot, Gr\u00fcn und Blau akzentuiert sind, mit Waschbecken, Spiegeln und einem Duschbereich.\" srcset=\"https:\/\/eifel-camp.freizeit-oasen.de\/fo_content\/uploads\/2019\/02\/slider_sanitaer_04-24x11.jpg 24w, https:\/\/eifel-camp.freizeit-oasen.de\/fo_content\/uploads\/2019\/02\/slider_sanitaer_04-36x16.jpg 36w, https:\/\/eifel-camp.freizeit-oasen.de\/fo_content\/uploads\/2019\/02\/slider_sanitaer_04-48x21.jpg 48w, https:\/\/eifel-camp.freizeit-oasen.de\/fo_content\/uploads\/2019\/02\/slider_sanitaer_04-200x90.jpg 200w, https:\/\/eifel-camp.freizeit-oasen.de\/fo_content\/uploads\/2019\/02\/slider_sanitaer_04-400x179.jpg 400w, https:\/\/eifel-camp.freizeit-oasen.de\/fo_content\/uploads\/2019\/02\/slider_sanitaer_04-600x269.jpg 600w, https:\/\/eifel-camp.freizeit-oasen.de\/fo_content\/uploads\/2019\/02\/slider_sanitaer_04.jpg 670w\" sizes=\"(max-width: 670px) 100vw, 670px\" \/><\/div><\/div><div class=\"xzqv-text xzqv-text-1\"><h2><\/h2>\n<h2>Sanitary facilities<\/h2>\n<p>The Eifel-Camp am Freilinger See is known for its<strong> modern and comfortable sanitary facilities<\/strong>. On the camp site, there are two sanitary buildings and two separate toilet houses as well as a cooking and a dishwashing house.<\/p>\n<p><strong>Sanitary building 3 and the toilet houses at the creek meadow and summer meadow are only open from April to October and during the NRW vacations.<\/strong><\/p>\n<h2>Sanitary buildings<\/h2>\n<p>The two sanitary buildings each have a unisex area and a conventional part with separate areas for men and women.<strong>The unisex areas will delight you with their equipment and comfort!<\/strong> All toilets are spacious, bricked from bottom to top and have modern tiles. Each individual toilet has an inflow and outflow air system, which eliminates odors and noise. All cabins, so-called sanitary units, are either equipped with shower and washbasin or with shower, washbasin and separate toilet.<\/p>\n<p>A rare luxury for the camping industry, which can be used in the Eifel-Camp without extra charge: <strong>all showers and all hot and cold water outlets are included!<\/strong> Due to the completely enclosed, spacious units, families, and couples can use the units together, just like in their own bathroom at home. <strong>Underfloor heating<\/strong> provides pleasant warmth even in winter.<\/p>\n<h2>Children and baby area<\/h2>\n<p>In sanitary building 1, there is also <strong>a unique children&#8217;s and baby area<\/strong>. How often have parents been annoyed that they can&#8217;t help their toddlers shower without getting wet themselves? An <strong>innovative children&#8217;s bathroom<\/strong> has been developed for the Eifel-Camp. With centrally located shower columns of different heights, children of different ages can shower themselves or be supported by an adult when taking a shower without dad or mum getting wet!<\/p>\n<p>The washbasins are also installed at three different heights, and in the children&#8217;s toilet, there is a toilet at a low height as well as a urinal for the little boys. A changing station with a practical baby bathtub completes the facilities.<\/p>\n<h2>Single sanitary cabins<\/h2>\n<p>Those who would like to have their own bathroom for the entire period of their stay in the Eifel-Camp can book one of the <strong>exclusive single sanitary cabins<\/strong> in sanitary building 1. The practical private sanitary cabins are each equipped with a washbasin, shower, and toilet. For a stay of more than 14 days, we will arrange a weekly cleanup appointment, during which the private sanitary facilities will be cleaned for you.<\/p>\n<p><strong>Other facilities in the sanitary building:<\/strong><\/p>\n<\/div><ul style=\"--awb-line-height:22.1px;--awb-icon-width:22.1px;--awb-icon-height:22.1px;--awb-icon-margin:9.1px;--awb-content-margin:31.2px;--awb-circlecolor:#a0ce4e;--awb-circle-yes-font-size:11.44px;\" class=\"xzqv-checklist xzqv-checklist-1 xzqv-checklist-default type-icons\">\n\n<li class=\"xzqv-li-item\" style=\"\"><span class=\"icon-wrapper circle-yes\"><i class=\"xzqv-li-icon fa fa-check\" aria-hidden=\"true\"><\/i><\/span><div class=\"xzqv-li-item-content\">Bathroom for the disabled, sanitary building 1 only, key at reception<\/div><\/li>\n<li class=\"xzqv-li-item\" style=\"\"><span class=\"icon-wrapper circle-yes\"><i class=\"xzqv-li-icon fa fa-check\" aria-hidden=\"true\"><\/i><\/span><div class=\"xzqv-li-item-content\">Dog shower, sanitary building 1 only, key at reception<\/div><\/li>\n<li class=\"xzqv-li-item\" style=\"\"><span class=\"icon-wrapper circle-yes\"><i class=\"xzqv-li-icon fa fa-check\" aria-hidden=\"true\"><\/i><\/span><div class=\"xzqv-li-item-content\">Drying room with shoe rack, sanitary building 1 only, key at reception<\/div><\/li>\n<li class=\"xzqv-li-item\" style=\"\"><span class=\"icon-wrapper circle-yes\"><i class=\"xzqv-li-icon fa fa-check\" aria-hidden=\"true\"><\/i><\/span><div class=\"xzqv-li-item-content\">Washrooms with washing machine and dryer, only sanitary building 1 (chargeable), keys at reception<\/div><\/li>\n<li class=\"xzqv-li-item\" style=\"\"><span class=\"icon-wrapper circle-yes\"><i class=\"xzqv-li-icon fa fa-check\" aria-hidden=\"true\"><\/i><\/span><div class=\"xzqv-li-item-content\">dishwasher rooms<\/div><\/li>\n<li class=\"xzqv-li-item\" style=\"\"><span class=\"icon-wrapper circle-yes\"><i class=\"xzqv-li-icon fa fa-check\" aria-hidden=\"true\"><\/i><\/span><div class=\"xzqv-li-item-content\">Chemical toilet emptying<\/div><\/li>\n\n<\/ul><div class=\"xzqv-text xzqv-text-2\"><h2><\/h2>\n<h2>Cooking and dishwashing house<\/h2>\n<p>The cooking and dishwashing house with modern induction plates (subject to a charge) is located in the upper area of the site in the immediate vicinity of the tent meadows and camping cabins. Corresponding induction adapter plates can be borrowed in the reception against a deposit.<\/p>\n<p>Three sinks are available in the dishwashing area (only in the summer months). During the summer months, there is also an additional laundry room with washing machine and dryer. You can get the key at the reception.<\/p>\n<\/div><\/div><\/div><\/div><\/div><div class=\"xzqv-fullwidth fullwidth-box xzqv-builder-row-2 xzqv-flex-container nonhundred-percent-fullwidth non-hundred-percent-height-scrolling\" style=\"--awb-background-position:top right;--awb-border-color:#e5e4e4;--awb-border-radius-top-left:0px;--awb-border-radius-top-right:0px;--awb-border-radius-bottom-right:0px;--awb-border-radius-bottom-left:0px;--awb-padding-top:20px;--awb-padding-bottom:20px;--awb-background-color:#b3c6db;--awb-border-sizes-top:1px;--awb-border-sizes-bottom:1px;--awb-flex-wrap:wrap;\" ><div class=\"xzqv-builder-row xzqv-row xzqv-flex-align-items-flex-start xzqv-flex-content-wrap\" style=\"max-width:1030px;margin-left: calc(-3% \/ 2 );margin-right: calc(-3% \/ 2 );\"><div class=\"xzqv-layout-column xzqv_builder_column xzqv-builder-column-1 xzqv_builder_column_1_1 1_1 xzqv-flex-column\" style=\"--awb-bg-size:cover;--awb-width-large:100%;--awb-margin-top-large:0px;--awb-spacing-right-large:1.455%;--awb-margin-bottom-large:0px;--awb-spacing-left-large:1.455%;--awb-width-medium:100%;--awb-spacing-right-medium:1.455%;--awb-spacing-left-medium:1.455%;--awb-width-small:100%;--awb-spacing-right-small:1.455%;--awb-spacing-left-small:1.455%;\"><div class=\"xzqv-column-wrapper xzqv-flex-justify-content-flex-start xzqv-content-layout-column\"><div class=\"xzqv-text xzqv-text-3\"><h1 style=\"text-align: center; font-size: 30px !important;\">We are looking forward to your visit!<\/h1>\n<\/div><\/div><\/div><div class=\"xzqv-layout-column xzqv_builder_column xzqv-builder-column-2 xzqv_builder_column_1_1 1_1 xzqv-flex-column xzqv-flex-align-self-flex-start xzqv-column-no-min-height\" style=\"--awb-bg-size:cover;--awb-width-large:100%;--awb-margin-top-large:0px;--awb-spacing-right-large:1.455%;--awb-margin-bottom-large:0px;--awb-spacing-left-large:1.455%;--awb-width-medium:100%;--awb-spacing-right-medium:1.455%;--awb-spacing-left-medium:1.455%;--awb-width-small:100%;--awb-spacing-right-small:1.455%;--awb-spacing-left-small:1.455%;\"><div class=\"xzqv-column-wrapper xzqv-flex-justify-content-flex-start xzqv-content-layout-column\"><div class=\"xzqv-separator xzqv-full-width-sep\" style=\"align-self: center;margin-left: auto;margin-right: auto;margin-top:10px;width:100%;\"><\/div><\/div><\/div><\/div><\/div><\/p>\n","protected":false},"excerpt":{"rendered":"","protected":false},"author":1,"featured_media":0,"parent":0,"menu_order":0,"comment_status":"open","ping_status":"open","template":"","meta":{"footnotes":""},"class_list":["post-15485","page","type-page","status-publish","hentry","page_cat-platzanlage"],"_links":{"self":[{"href":"https:\/\/eifel-camp.freizeit-oasen.de\/api-json\/wp\/v2\/pages\/15485","targetHints":{"allow":["GET"]}}],"collection":[{"href":"https:\/\/eifel-camp.freizeit-oasen.de\/api-json\/wp\/v2\/pages"}],"about":[{"href":"https:\/\/eifel-camp.freizeit-oasen.de\/api-json\/wp\/v2\/types\/page"}],"author":[{"embeddable":true,"href":"https:\/\/eifel-camp.freizeit-oasen.de\/api-json\/wp\/v2\/users\/1"}],"replies":[{"embeddable":true,"href":"https:\/\/eifel-camp.freizeit-oasen.de\/api-json\/wp\/v2\/comments?post=15485"}],"version-history":[{"count":9,"href":"https:\/\/eifel-camp.freizeit-oasen.de\/api-json\/wp\/v2\/pages\/15485\/revisions"}],"predecessor-version":[{"id":20639,"href":"https:\/\/eifel-camp.freizeit-oasen.de\/api-json\/wp\/v2\/pages\/15485\/revisions\/20639"}],"wp:attachment":[{"href":"https:\/\/eifel-camp.freizeit-oasen.de\/api-json\/wp\/v2\/media?parent=15485"}],"curies":[{"name":"wp","href":"https:\/\/api.w.org\/{rel}","templated":true}]}}