{"id":18299,"date":"2021-01-25T14:28:40","date_gmt":"2021-01-25T12:28:40","guid":{"rendered":"https:\/\/eifel-camp.freizeit-oasen.de\/freizeitanlagen-nl\/"},"modified":"2025-07-11T09:46:21","modified_gmt":"2025-07-11T07:46:21","slug":"freizeitanlagen-nl","status":"publish","type":"page","link":"https:\/\/eifel-camp.freizeit-oasen.de\/nl\/freizeitanlagen-nl\/","title":{"rendered":"Freizeitanlagen NL"},"content":{"rendered":"<p><div class=\"xzqv-fullwidth fullwidth-box xzqv-builder-row-1 xzqv-flex-container hundred-percent-fullwidth non-hundred-percent-height-scrolling\" style=\"--awb-border-radius-top-left:0px;--awb-border-radius-top-right:0px;--awb-border-radius-bottom-right:0px;--awb-border-radius-bottom-left:0px;--awb-overflow:visible;--awb-flex-wrap:wrap;\" ><div class=\"xzqv-builder-row xzqv-row xzqv-flex-align-items-flex-start xzqv-flex-content-wrap\" style=\"width:calc( 100% + 0px ) !important;max-width:calc( 100% + 0px ) !important;margin-left: calc(-0px \/ 2 );margin-right: calc(-0px \/ 2 );\"><div class=\"xzqv-layout-column xzqv_builder_column xzqv-builder-column-0 xzqv_builder_column_1_1 1_1 xzqv-flex-column xzqv-flex-align-self-flex-start xzqv-column-no-min-height\" style=\"--awb-bg-size:cover;--awb-width-large:100%;--awb-margin-top-large:0px;--awb-spacing-right-large:0px;--awb-margin-bottom-large:0px;--awb-spacing-left-large:0px;--awb-width-medium:100%;--awb-spacing-right-medium:0px;--awb-spacing-left-medium:0px;--awb-width-small:100%;--awb-spacing-right-small:0px;--awb-spacing-left-small:0px;\"><div class=\"xzqv-column-wrapper xzqv-flex-justify-content-flex-start xzqv-content-layout-column\"><script type=\"text\/javascript\">jQuery(function() { _initLayerSlider( '#layerslider_38_4iseojtr9l3q', {sliderVersion: '7.11.1', responsiveUnder: 670, allowFullscreen: true, slideBGSize: 'auto', pauseOnHover: 1, twoWaySlideshow: true, skin: 'borderlesslight', sliderFadeInDuration: 350, globalBGColor: '#ffffff', navStartStop: false, navButtons: false, useSrcset: true, skinsPath: 'https:\/\/eifel-camp.freizeit-oasen.de\/fo_plugins\/LayerSlider\/assets\/static\/layerslider\/skins\/', performanceMode: true}); });<\/script><div id=\"layerslider_38_4iseojtr9l3q\"  class=\"ls-wp-container fitvidsignore ls-selectable\" style=\"width:670px;height:300px;max-width:670px;margin:0 auto;\"><div class=\"ls-slide\" data-ls=\"duration:4000;transition2d:5;\"><img decoding=\"async\" width=\"670\" height=\"300\" src=\"https:\/\/eifel-camp.freizeit-oasen.de\/fo_content\/uploads\/2024\/08\/slider_freizeitanlagen_13.jpg\" class=\"ls-bg\" alt=\"Ein farbenfrohes Mosaikschild mit der Aufschrift &quot;Chill Area&quot; zeigt einen Dinosaurier mit Sonnenbrille, der sich unter einem Sonnenschirm auf einer Wiese mit Sonne und B\u00e4umen entspannt.\" srcset=\"https:\/\/eifel-camp.freizeit-oasen.de\/fo_content\/uploads\/2024\/08\/slider_freizeitanlagen_13-24x11.jpg 24w, https:\/\/eifel-camp.freizeit-oasen.de\/fo_content\/uploads\/2024\/08\/slider_freizeitanlagen_13-36x16.jpg 36w, https:\/\/eifel-camp.freizeit-oasen.de\/fo_content\/uploads\/2024\/08\/slider_freizeitanlagen_13-48x21.jpg 48w, https:\/\/eifel-camp.freizeit-oasen.de\/fo_content\/uploads\/2024\/08\/slider_freizeitanlagen_13-200x90.jpg 200w, https:\/\/eifel-camp.freizeit-oasen.de\/fo_content\/uploads\/2024\/08\/slider_freizeitanlagen_13-400x179.jpg 400w, https:\/\/eifel-camp.freizeit-oasen.de\/fo_content\/uploads\/2024\/08\/slider_freizeitanlagen_13-600x269.jpg 600w, https:\/\/eifel-camp.freizeit-oasen.de\/fo_content\/uploads\/2024\/08\/slider_freizeitanlagen_13.jpg 670w\" sizes=\"(max-width: 670px) 100vw, 670px\" \/><\/div><div class=\"ls-slide\" data-ls=\"duration:6000;transition2d:5;\"><img decoding=\"async\" width=\"670\" height=\"300\" src=\"https:\/\/eifel-camp.freizeit-oasen.de\/fo_content\/uploads\/2024\/08\/slider_freizeitanlagen_06.jpg\" class=\"ls-bg\" alt=\"Ein grasbewachsener Au\u00dfenbereich mit Holzb\u00e4nken, Tischen, Liegest\u00fchlen, Schaukeln und Sonnenschirmen, umgeben von B\u00e4umen und unter einem teilweise bew\u00f6lkten Himmel.\" srcset=\"https:\/\/eifel-camp.freizeit-oasen.de\/fo_content\/uploads\/2024\/08\/slider_freizeitanlagen_06-24x11.jpg 24w, https:\/\/eifel-camp.freizeit-oasen.de\/fo_content\/uploads\/2024\/08\/slider_freizeitanlagen_06-36x16.jpg 36w, https:\/\/eifel-camp.freizeit-oasen.de\/fo_content\/uploads\/2024\/08\/slider_freizeitanlagen_06-48x21.jpg 48w, https:\/\/eifel-camp.freizeit-oasen.de\/fo_content\/uploads\/2024\/08\/slider_freizeitanlagen_06-200x90.jpg 200w, https:\/\/eifel-camp.freizeit-oasen.de\/fo_content\/uploads\/2024\/08\/slider_freizeitanlagen_06-400x179.jpg 400w, https:\/\/eifel-camp.freizeit-oasen.de\/fo_content\/uploads\/2024\/08\/slider_freizeitanlagen_06-600x269.jpg 600w, https:\/\/eifel-camp.freizeit-oasen.de\/fo_content\/uploads\/2024\/08\/slider_freizeitanlagen_06.jpg 670w\" sizes=\"(max-width: 670px) 100vw, 670px\" \/><\/div><div class=\"ls-slide\" data-ls=\"duration:4000;transition2d:5;\"><img decoding=\"async\" width=\"670\" height=\"300\" src=\"https:\/\/eifel-camp.freizeit-oasen.de\/fo_content\/uploads\/2024\/08\/slider_freizeitanlagen_05.jpg\" class=\"ls-bg\" alt=\"Spielplatz im Freien mit Kletterger\u00e4ten, B\u00e4nken, einem Sandkasten und B\u00e4umen in einem park\u00e4hnlichen Gel\u00e4nde mit einem Geb\u00e4ude auf der linken Seite.\" srcset=\"https:\/\/eifel-camp.freizeit-oasen.de\/fo_content\/uploads\/2024\/08\/slider_freizeitanlagen_05-24x11.jpg 24w, https:\/\/eifel-camp.freizeit-oasen.de\/fo_content\/uploads\/2024\/08\/slider_freizeitanlagen_05-36x16.jpg 36w, https:\/\/eifel-camp.freizeit-oasen.de\/fo_content\/uploads\/2024\/08\/slider_freizeitanlagen_05-48x21.jpg 48w, https:\/\/eifel-camp.freizeit-oasen.de\/fo_content\/uploads\/2024\/08\/slider_freizeitanlagen_05-200x90.jpg 200w, https:\/\/eifel-camp.freizeit-oasen.de\/fo_content\/uploads\/2024\/08\/slider_freizeitanlagen_05-400x179.jpg 400w, https:\/\/eifel-camp.freizeit-oasen.de\/fo_content\/uploads\/2024\/08\/slider_freizeitanlagen_05-600x269.jpg 600w, https:\/\/eifel-camp.freizeit-oasen.de\/fo_content\/uploads\/2024\/08\/slider_freizeitanlagen_05.jpg 670w\" sizes=\"(max-width: 670px) 100vw, 670px\" \/><\/div><div class=\"ls-slide\" data-ls=\"duration:4000;transition2d:5;\"><img decoding=\"async\" width=\"670\" height=\"300\" src=\"https:\/\/eifel-camp.freizeit-oasen.de\/fo_content\/uploads\/2024\/08\/slider_freizeitanlagen_04.jpg\" class=\"ls-bg\" alt=\"Ein Spielplatz mit Sand, h\u00f6lzernen Kletterger\u00fcsten und einer kleinen H\u00fctte, umgeben von Gras, B\u00e4umen und einem teilweise bew\u00f6lkten Himmel.\" srcset=\"https:\/\/eifel-camp.freizeit-oasen.de\/fo_content\/uploads\/2024\/08\/slider_freizeitanlagen_04-24x11.jpg 24w, https:\/\/eifel-camp.freizeit-oasen.de\/fo_content\/uploads\/2024\/08\/slider_freizeitanlagen_04-36x16.jpg 36w, https:\/\/eifel-camp.freizeit-oasen.de\/fo_content\/uploads\/2024\/08\/slider_freizeitanlagen_04-48x21.jpg 48w, https:\/\/eifel-camp.freizeit-oasen.de\/fo_content\/uploads\/2024\/08\/slider_freizeitanlagen_04-200x90.jpg 200w, https:\/\/eifel-camp.freizeit-oasen.de\/fo_content\/uploads\/2024\/08\/slider_freizeitanlagen_04-400x179.jpg 400w, https:\/\/eifel-camp.freizeit-oasen.de\/fo_content\/uploads\/2024\/08\/slider_freizeitanlagen_04-600x269.jpg 600w, https:\/\/eifel-camp.freizeit-oasen.de\/fo_content\/uploads\/2024\/08\/slider_freizeitanlagen_04.jpg 670w\" sizes=\"(max-width: 670px) 100vw, 670px\" \/><\/div><div class=\"ls-slide\" data-ls=\"duration:4000;transition2d:5;\"><img decoding=\"async\" width=\"670\" height=\"300\" src=\"https:\/\/eifel-camp.freizeit-oasen.de\/fo_content\/uploads\/2024\/08\/slider_freizeitanlagen_12.jpg\" class=\"ls-bg\" alt=\"Kinderspielplatz mit einem Holzspielhaus, einer Rutsche und einem Kletterger\u00fcst, umgeben von B\u00e4umen; im Vordergrund ist ein Schild mit der Aufschrift Spielplatz zu sehen.\" srcset=\"https:\/\/eifel-camp.freizeit-oasen.de\/fo_content\/uploads\/2024\/08\/slider_freizeitanlagen_12-24x11.jpg 24w, https:\/\/eifel-camp.freizeit-oasen.de\/fo_content\/uploads\/2024\/08\/slider_freizeitanlagen_12-36x16.jpg 36w, https:\/\/eifel-camp.freizeit-oasen.de\/fo_content\/uploads\/2024\/08\/slider_freizeitanlagen_12-48x21.jpg 48w, https:\/\/eifel-camp.freizeit-oasen.de\/fo_content\/uploads\/2024\/08\/slider_freizeitanlagen_12-200x90.jpg 200w, https:\/\/eifel-camp.freizeit-oasen.de\/fo_content\/uploads\/2024\/08\/slider_freizeitanlagen_12-400x179.jpg 400w, https:\/\/eifel-camp.freizeit-oasen.de\/fo_content\/uploads\/2024\/08\/slider_freizeitanlagen_12-600x269.jpg 600w, https:\/\/eifel-camp.freizeit-oasen.de\/fo_content\/uploads\/2024\/08\/slider_freizeitanlagen_12.jpg 670w\" sizes=\"(max-width: 670px) 100vw, 670px\" \/><\/div><div class=\"ls-slide\" data-ls=\"duration:4000;transition2d:5;\"><img decoding=\"async\" width=\"670\" height=\"300\" src=\"https:\/\/eifel-camp.freizeit-oasen.de\/fo_content\/uploads\/2024\/08\/slider_freizeitanlagen_03.jpg\" class=\"ls-bg\" alt=\"Auf einem von B\u00e4umen und Holzz\u00e4unen umgebenen Sandspielplatz spielen Kinder auf Schaukeln und einer Rutsche, w\u00e4hrend die Erwachsenen auf B\u00e4nken in der N\u00e4he sitzen.\" srcset=\"https:\/\/eifel-camp.freizeit-oasen.de\/fo_content\/uploads\/2024\/08\/slider_freizeitanlagen_03-24x11.jpg 24w, https:\/\/eifel-camp.freizeit-oasen.de\/fo_content\/uploads\/2024\/08\/slider_freizeitanlagen_03-36x16.jpg 36w, https:\/\/eifel-camp.freizeit-oasen.de\/fo_content\/uploads\/2024\/08\/slider_freizeitanlagen_03-48x21.jpg 48w, https:\/\/eifel-camp.freizeit-oasen.de\/fo_content\/uploads\/2024\/08\/slider_freizeitanlagen_03-200x90.jpg 200w, https:\/\/eifel-camp.freizeit-oasen.de\/fo_content\/uploads\/2024\/08\/slider_freizeitanlagen_03-400x179.jpg 400w, https:\/\/eifel-camp.freizeit-oasen.de\/fo_content\/uploads\/2024\/08\/slider_freizeitanlagen_03-600x269.jpg 600w, https:\/\/eifel-camp.freizeit-oasen.de\/fo_content\/uploads\/2024\/08\/slider_freizeitanlagen_03.jpg 670w\" sizes=\"(max-width: 670px) 100vw, 670px\" \/><\/div><div class=\"ls-slide\" data-ls=\"duration:4000;transition2d:5;\"><img decoding=\"async\" width=\"670\" height=\"300\" src=\"https:\/\/eifel-camp.freizeit-oasen.de\/fo_content\/uploads\/2024\/08\/slider_freizeitanlagen_11.jpg\" class=\"ls-bg\" alt=\"Menschen spielen eine Partie Beachvolleyball auf einem Sandplatz mit Zelten, Gras und B\u00e4umen im Hintergrund.\" srcset=\"https:\/\/eifel-camp.freizeit-oasen.de\/fo_content\/uploads\/2024\/08\/slider_freizeitanlagen_11-24x11.jpg 24w, https:\/\/eifel-camp.freizeit-oasen.de\/fo_content\/uploads\/2024\/08\/slider_freizeitanlagen_11-36x16.jpg 36w, https:\/\/eifel-camp.freizeit-oasen.de\/fo_content\/uploads\/2024\/08\/slider_freizeitanlagen_11-48x21.jpg 48w, https:\/\/eifel-camp.freizeit-oasen.de\/fo_content\/uploads\/2024\/08\/slider_freizeitanlagen_11-200x90.jpg 200w, https:\/\/eifel-camp.freizeit-oasen.de\/fo_content\/uploads\/2024\/08\/slider_freizeitanlagen_11-400x179.jpg 400w, https:\/\/eifel-camp.freizeit-oasen.de\/fo_content\/uploads\/2024\/08\/slider_freizeitanlagen_11-600x269.jpg 600w, https:\/\/eifel-camp.freizeit-oasen.de\/fo_content\/uploads\/2024\/08\/slider_freizeitanlagen_11.jpg 670w\" sizes=\"(max-width: 670px) 100vw, 670px\" \/><\/div><div class=\"ls-slide\" data-ls=\"duration:4000;transition2d:5;\"><img decoding=\"async\" width=\"670\" height=\"300\" src=\"https:\/\/eifel-camp.freizeit-oasen.de\/fo_content\/uploads\/2024\/08\/slider_freizeitanlagen_07.jpg\" class=\"ls-bg\" alt=\"Ein Mann und zwei Kinder befinden sich in einem Skatepark im Freien mit Metallrampen und Gr\u00fcnfl\u00e4chen im Hintergrund. Ein Kind steht oben auf einer Rampe, w\u00e4hrend die anderen auf dem Boden stehen.\" srcset=\"https:\/\/eifel-camp.freizeit-oasen.de\/fo_content\/uploads\/2024\/08\/slider_freizeitanlagen_07-24x11.jpg 24w, https:\/\/eifel-camp.freizeit-oasen.de\/fo_content\/uploads\/2024\/08\/slider_freizeitanlagen_07-36x16.jpg 36w, https:\/\/eifel-camp.freizeit-oasen.de\/fo_content\/uploads\/2024\/08\/slider_freizeitanlagen_07-48x21.jpg 48w, https:\/\/eifel-camp.freizeit-oasen.de\/fo_content\/uploads\/2024\/08\/slider_freizeitanlagen_07-200x90.jpg 200w, https:\/\/eifel-camp.freizeit-oasen.de\/fo_content\/uploads\/2024\/08\/slider_freizeitanlagen_07-400x179.jpg 400w, https:\/\/eifel-camp.freizeit-oasen.de\/fo_content\/uploads\/2024\/08\/slider_freizeitanlagen_07-600x269.jpg 600w, https:\/\/eifel-camp.freizeit-oasen.de\/fo_content\/uploads\/2024\/08\/slider_freizeitanlagen_07.jpg 670w\" sizes=\"(max-width: 670px) 100vw, 670px\" \/><\/div><div class=\"ls-slide\" data-ls=\"duration:4000;transition2d:5;\"><img decoding=\"async\" width=\"670\" height=\"300\" src=\"https:\/\/eifel-camp.freizeit-oasen.de\/fo_content\/uploads\/2024\/08\/slider_freizeitanlagen_09.jpg\" class=\"ls-bg\" alt=\"Eine Gruppe von Kindern spielt auf einer von B\u00e4umen umgebenen Wiese Fu\u00dfball, w\u00e4hrend zwei Erwachsene vom Spielfeldrand aus zusehen.\" srcset=\"https:\/\/eifel-camp.freizeit-oasen.de\/fo_content\/uploads\/2024\/08\/slider_freizeitanlagen_09-24x11.jpg 24w, https:\/\/eifel-camp.freizeit-oasen.de\/fo_content\/uploads\/2024\/08\/slider_freizeitanlagen_09-36x16.jpg 36w, https:\/\/eifel-camp.freizeit-oasen.de\/fo_content\/uploads\/2024\/08\/slider_freizeitanlagen_09-48x21.jpg 48w, https:\/\/eifel-camp.freizeit-oasen.de\/fo_content\/uploads\/2024\/08\/slider_freizeitanlagen_09-200x90.jpg 200w, https:\/\/eifel-camp.freizeit-oasen.de\/fo_content\/uploads\/2024\/08\/slider_freizeitanlagen_09-400x179.jpg 400w, https:\/\/eifel-camp.freizeit-oasen.de\/fo_content\/uploads\/2024\/08\/slider_freizeitanlagen_09-600x269.jpg 600w, https:\/\/eifel-camp.freizeit-oasen.de\/fo_content\/uploads\/2024\/08\/slider_freizeitanlagen_09.jpg 670w\" sizes=\"(max-width: 670px) 100vw, 670px\" \/><\/div><div class=\"ls-slide\" data-ls=\"duration:4000;transition2d:5;\"><img decoding=\"async\" width=\"670\" height=\"300\" src=\"https:\/\/eifel-camp.freizeit-oasen.de\/fo_content\/uploads\/2024\/08\/slider_freizeitanlagen_10.jpg\" class=\"ls-bg\" alt=\"Eine Gruppe von M\u00e4nnern spielt P\u00e9tanque auf einem Kiesplatz im Freien, wobei mehrere Metallkugeln auf dem Boden liegen.\" srcset=\"https:\/\/eifel-camp.freizeit-oasen.de\/fo_content\/uploads\/2024\/08\/slider_freizeitanlagen_10-24x11.jpg 24w, https:\/\/eifel-camp.freizeit-oasen.de\/fo_content\/uploads\/2024\/08\/slider_freizeitanlagen_10-36x16.jpg 36w, https:\/\/eifel-camp.freizeit-oasen.de\/fo_content\/uploads\/2024\/08\/slider_freizeitanlagen_10-48x21.jpg 48w, https:\/\/eifel-camp.freizeit-oasen.de\/fo_content\/uploads\/2024\/08\/slider_freizeitanlagen_10-200x90.jpg 200w, https:\/\/eifel-camp.freizeit-oasen.de\/fo_content\/uploads\/2024\/08\/slider_freizeitanlagen_10-400x179.jpg 400w, https:\/\/eifel-camp.freizeit-oasen.de\/fo_content\/uploads\/2024\/08\/slider_freizeitanlagen_10-600x269.jpg 600w, https:\/\/eifel-camp.freizeit-oasen.de\/fo_content\/uploads\/2024\/08\/slider_freizeitanlagen_10.jpg 670w\" sizes=\"(max-width: 670px) 100vw, 670px\" \/><\/div><div class=\"ls-slide\" data-ls=\"duration:4000;transition2d:5;\"><img decoding=\"async\" width=\"670\" height=\"300\" src=\"https:\/\/eifel-camp.freizeit-oasen.de\/fo_content\/uploads\/2024\/08\/slider_freizeitanlagen_08.jpg\" class=\"ls-bg\" alt=\"Ein grasbewachsener Picknickplatz mit Holzb\u00e4nken um eine Feuerstelle, ein gro\u00dfer blattloser Baum, kleine B\u00fcsche und ein Holzunterstand auf der rechten Seite.\" srcset=\"https:\/\/eifel-camp.freizeit-oasen.de\/fo_content\/uploads\/2024\/08\/slider_freizeitanlagen_08-24x11.jpg 24w, https:\/\/eifel-camp.freizeit-oasen.de\/fo_content\/uploads\/2024\/08\/slider_freizeitanlagen_08-36x16.jpg 36w, https:\/\/eifel-camp.freizeit-oasen.de\/fo_content\/uploads\/2024\/08\/slider_freizeitanlagen_08-48x21.jpg 48w, https:\/\/eifel-camp.freizeit-oasen.de\/fo_content\/uploads\/2024\/08\/slider_freizeitanlagen_08-200x90.jpg 200w, https:\/\/eifel-camp.freizeit-oasen.de\/fo_content\/uploads\/2024\/08\/slider_freizeitanlagen_08-400x179.jpg 400w, https:\/\/eifel-camp.freizeit-oasen.de\/fo_content\/uploads\/2024\/08\/slider_freizeitanlagen_08-600x269.jpg 600w, https:\/\/eifel-camp.freizeit-oasen.de\/fo_content\/uploads\/2024\/08\/slider_freizeitanlagen_08.jpg 670w\" sizes=\"(max-width: 670px) 100vw, 670px\" \/><\/div><div class=\"ls-slide\" data-ls=\"duration:6000;transition2d:5;\"><img decoding=\"async\" width=\"670\" height=\"300\" src=\"https:\/\/eifel-camp.freizeit-oasen.de\/fo_content\/uploads\/2019\/02\/GrillhuetteG2-1.jpg\" class=\"ls-bg\" alt=\"Kleine Holzh\u00fctte mit gr\u00fcnem, schindelgedecktem Sechseckdach und Schornstein steht auf einer Wiese mit einer Holzbank davor; im Hintergrund sind B\u00e4ume und Felder zu sehen.\" srcset=\"https:\/\/eifel-camp.freizeit-oasen.de\/fo_content\/uploads\/2019\/02\/GrillhuetteG2-1-24x11.jpg 24w, https:\/\/eifel-camp.freizeit-oasen.de\/fo_content\/uploads\/2019\/02\/GrillhuetteG2-1-36x16.jpg 36w, https:\/\/eifel-camp.freizeit-oasen.de\/fo_content\/uploads\/2019\/02\/GrillhuetteG2-1-48x21.jpg 48w, https:\/\/eifel-camp.freizeit-oasen.de\/fo_content\/uploads\/2019\/02\/GrillhuetteG2-1-200x90.jpg 200w, https:\/\/eifel-camp.freizeit-oasen.de\/fo_content\/uploads\/2019\/02\/GrillhuetteG2-1-400x179.jpg 400w, https:\/\/eifel-camp.freizeit-oasen.de\/fo_content\/uploads\/2019\/02\/GrillhuetteG2-1-600x269.jpg 600w, https:\/\/eifel-camp.freizeit-oasen.de\/fo_content\/uploads\/2019\/02\/GrillhuetteG2-1.jpg 670w\" sizes=\"(max-width: 670px) 100vw, 670px\" \/><\/div><div class=\"ls-slide\" data-ls=\"duration:4000;transition2d:5;\"><img decoding=\"async\" width=\"670\" height=\"300\" src=\"https:\/\/eifel-camp.freizeit-oasen.de\/fo_content\/uploads\/2019\/02\/Osterfeuer-1.jpg\" class=\"ls-bg\" alt=\"Gro\u00dfe Holzscheite, die in Form eines Tipis angeordnet sind, brennen mit leuchtend orangefarbenen Flammen und Rauch, wobei im Hintergrund die Beine einer Person zu sehen sind.\" srcset=\"https:\/\/eifel-camp.freizeit-oasen.de\/fo_content\/uploads\/2019\/02\/Osterfeuer-1-24x11.jpg 24w, https:\/\/eifel-camp.freizeit-oasen.de\/fo_content\/uploads\/2019\/02\/Osterfeuer-1-36x16.jpg 36w, https:\/\/eifel-camp.freizeit-oasen.de\/fo_content\/uploads\/2019\/02\/Osterfeuer-1-48x21.jpg 48w, https:\/\/eifel-camp.freizeit-oasen.de\/fo_content\/uploads\/2019\/02\/Osterfeuer-1-200x90.jpg 200w, https:\/\/eifel-camp.freizeit-oasen.de\/fo_content\/uploads\/2019\/02\/Osterfeuer-1-400x179.jpg 400w, https:\/\/eifel-camp.freizeit-oasen.de\/fo_content\/uploads\/2019\/02\/Osterfeuer-1-600x269.jpg 600w, https:\/\/eifel-camp.freizeit-oasen.de\/fo_content\/uploads\/2019\/02\/Osterfeuer-1.jpg 670w\" sizes=\"(max-width: 670px) 100vw, 670px\" \/><\/div><\/div><div class=\"xzqv-text xzqv-text-1\"><h2><\/h2>\n<h2>Chill-Area<\/h2>\n<p><b>Tijd voor ontstanning! Geniet van de rust.<\/b><\/p>\n<p>In onze Chill area vind je de rust die je nodig hebt, ongeacht je leeftijd. Een prachtige plek voor ontspanning, ver weg van tenten en caravans. Uitgerust met comfortabele, massieve houten schommels en banken biedt het een lounge-achtige sfeer en nodigt u uit om van de stilte te genieten.<\/p>\n<p>Of u tijdens de zwoele zomer avonden ongestoord een boek wilt lezen, of wilt genieten van de stilte en de rust, het is de ideale plek om de dag perfect af te sluiten.<\/p>\n<h2>Gei\u00dfbockstadl<\/h2>\n<p>Recreatieruimte de Gei\u00dfbockstadl is een conferentie- en recreatieruimte, uitgerust met kabel-tv, een tafelvoetbalspel, tafels en stoelen. Hier is het fijn vertoeven en kun je nieuwe vrienden ontmoeten, ook bij slecht weer. Tijdens de Mini-club-aktiviteiten vinden hier verschillende evenementen plaats.<\/p>\n<h2>Barbecue-hutten<\/h2>\n<p>Voor een gezellig avondje grillen kunt u gebruik maken van \u00e9\u00e9n van onze twee barbecue-hutten. Kijk voor de huurprijzen op onze prijslijst.<\/p>\n<p>De <b>open barbecue-hut <\/b>in de directe nabijheid van de Bachwiese, naast het openbare kampvuur aan de rand van de camping. Is voor grotere groepen de perfecte locatie voor een gezellige samenzijn.<\/p>\n<p>De <b>Finse-barbecue-hut<\/b> bevindt zich op de Almwiese en biedt een gezellige sfeer. Deze hut kan worden afgesloten en kan dus het hele jaar door worden gebruikt. Deze hut biedt plaats aan maximaal 15 personen. Vooral in de winter als er buiten sneeuw en ijs ligt is het bijzonder aangenaam om samen met familie en vrienden in de warme hut gezellig en knus rond de grill te zitten.<\/p>\n<p>Vanwege de grote vraag raden wij u aan de grilhutten op tijd te boeken. Biertafels en banken kunnen desgewenst extra gehuurd worden.<\/p>\n<h2>Kampvuur<\/h2>\n<p>Veiligheid staat bij Eifel-Camp groot geschreven. Daarom is open vuur niet toegestaan op het hele terrein van Eifel-Camp, \u00f3\u00f3k niet in vuurkorven. Om toch te kunnen genieten van een gezellig kampvuur, is er direct naast de Bachwiese een <b>openbare-vaste- kamp-vuur-plaats<\/b>. Deze plaats is voor alle gasten vrij toegankelijk en kan niet worden gereserveerd.<\/p>\n<h2>Skater-Park<\/h2>\n<p>In het skate-park kunnen grote en kleine skaters hun kunsten laten zien. De Halfpipe en springschans nodigen de skaters uit voor grote sprongen en trucs. Natuurlijk komen ook inline skaters en BMX-liefhebbers hier aan hun trekken.<\/p>\n<h2>Spielpl\u00e4tze<\/h2>\n<p><b>Eifel-Camp heeft 3 mooie speeltuinen zodat onze kleine gasten zich niet hoeven te vervelen.<\/b><\/p>\n<p>De <b>centraal gelegen speelplaats <\/b>bevindt zich naast het sanitairgebouw. Hier staan veel klim- en klautertoestellen, een zandbak en een grote glijbaan &#8211; het wordt beslist niet saai!<\/p>\n<p>Voor de iets oudere kinderen is het <b>speel- en sportterrein<\/b> bij de Bachwiese een El Dorado. Naast het skatepark met halfpipe en springschans, bieden een trampoline, klimrotsen en het multisportveld met hockeydoelen, basketbalnet en tafeltennistafel volop mogelijkheden om jezelf te vermaken.<\/p>\n<p>Het hoogtepunt is de <b>natuurspeeltuin<\/b> bij de Indianawiese direct naast de natuur-voetbal-arena, hier vind je uitdagende klimtoestellen, nestschommel en een aparte kindertoren.<\/p>\n<h2>Sportfaciliteiten<\/h2>\n<p>De <b>natuur-voetbal-arena <\/b>nabij de Indianawiese biedt kleine en grote kickers de mogelijkheid om zich uit te leven. En als dit niet genoeg is, vindt u een &#8222;echt&#8220; voetbalveld in de buurt van de camping. Meestal vind je snel genoeg sportieve vriendjes om je spel te spelen.<\/p>\n<p>Een populair speelveld is het<b> beachvolleybalveld <\/b>naast de Bachwiese. Het fijne zand zorgt voor een echt strandgevoel en nodigt spelers en toeschouwers uit voor een spannend spel.<\/p>\n<p>Naast volleybal, kan ook een potje <b>basketbal en tafeltennis<\/b> gespeeld worden. Het terrein nodigt uit tot het spelen van spannende wedstrijden.<\/p>\n<p>En tot slot daagt de speciaal gebouwde jeu de <b>boules-baan<\/b>, naast het terras van het restaurant u uit voor een gemoedelijk en rustig potje jeu de boules.<\/p>\n<\/div><\/div><\/div><\/div><\/div><div class=\"xzqv-fullwidth fullwidth-box xzqv-builder-row-2 xzqv-flex-container has-pattern-background has-mask-background nonhundred-percent-fullwidth non-hundred-percent-height-scrolling xzqv-animated\" style=\"--awb-border-radius-top-left:0px;--awb-border-radius-top-right:0px;--awb-border-radius-bottom-right:0px;--awb-border-radius-bottom-left:0px;--awb-padding-top:20px;--awb-flex-wrap:wrap;\" data-animationType=\"fadeInLeft\" data-animationDuration=\"2.0\" data-animationOffset=\"top-into-view\" ><div class=\"xzqv-builder-row xzqv-row xzqv-flex-align-items-flex-start xzqv-flex-content-wrap\" style=\"max-width:1030px;margin-left: calc(-3% \/ 2 );margin-right: calc(-3% \/ 2 );\"><div class=\"xzqv-layout-column xzqv_builder_column xzqv-builder-column-1 xzqv_builder_column_1_1 1_1 xzqv-flex-column\" style=\"--awb-bg-size:cover;--awb-width-large:100%;--awb-margin-top-large:0px;--awb-spacing-right-large:1.455%;--awb-margin-bottom-large:20px;--awb-spacing-left-large:1.455%;--awb-width-medium:100%;--awb-order-medium:0;--awb-spacing-right-medium:1.455%;--awb-spacing-left-medium:1.455%;--awb-width-small:100%;--awb-order-small:0;--awb-spacing-right-small:1.455%;--awb-spacing-left-small:1.455%;\"><div class=\"xzqv-column-wrapper xzqv-column-has-shadow xzqv-flex-justify-content-flex-start xzqv-content-layout-column\"><div class=\"xzqv-separator xzqv-full-width-sep\" style=\"align-self: center;margin-left: auto;margin-right: auto;margin-top:20px;width:100%;\"><div class=\"xzqv-separator-border sep-single sep-solid\" style=\"--awb-height:20px;--awb-amount:20px;border-color:#435b7e;border-top-width:1px;\"><\/div><\/div><div class=\"xzqv-text xzqv-text-2\" style=\"--awb-text-transform:none;\"><h1>Das k\u00f6nnte Sie auch noch interessieren:<\/h1>\n<\/div><div class=\"xzqv-text xzqv-text-3\"><div class=\"xzqv-text xzqv-text-3\"><\/div>\n<\/div><div class=\"xzqv-separator xzqv-full-width-sep\" style=\"align-self: center;margin-left: auto;margin-right: auto;margin-top:20px;width:100%;\"><\/div><div class=\"xzqv-builder-row xzqv-builder-row-inner xzqv-row xzqv-flex-align-items-flex-start xzqv-flex-content-wrap\" style=\"width:103% !important;max-width:103% !important;margin-left: calc(-3% \/ 2 );margin-right: calc(-3% \/ 2 );\"><div class=\"xzqv-layout-column xzqv_builder_column_inner xzqv-builder-nested-column-0 xzqv_builder_column_inner_1_2 1_2 xzqv-flex-column xzqv-animated\" style=\"--awb-bg-size:cover;--awb-width-large:50%;--awb-margin-top-large:0px;--awb-spacing-right-large:2.91%;--awb-margin-bottom-large:20px;--awb-spacing-left-large:2.91%;--awb-width-medium:50%;--awb-order-medium:0;--awb-spacing-right-medium:2.91%;--awb-spacing-left-medium:2.91%;--awb-width-small:100%;--awb-order-small:0;--awb-spacing-right-small:1.455%;--awb-spacing-left-small:1.455%;\" data-animationType=\"fadeInDown\" data-animationDuration=\"0.5\" data-animationOffset=\"top-into-view\"><div class=\"xzqv-column-wrapper xzqv-column-has-shadow xzqv-flex-justify-content-flex-start xzqv-content-layout-column\"><div class=\"xzqv-image-element awb-imageframe-style awb-imageframe-style-below awb-imageframe-style-1\" style=\"--awb-aspect-ratio:2 \/ 1;--awb-caption-title-font-family:var(--h2_typography-font-family);--awb-caption-title-font-weight:var(--h2_typography-font-weight);--awb-caption-title-font-style:var(--h2_typography-font-style);--awb-caption-title-size:var(--h2_typography-font-size);--awb-caption-title-transform:var(--h2_typography-text-transform);--awb-caption-title-line-height:var(--h2_typography-line-height);--awb-caption-title-letter-spacing:var(--h2_typography-letter-spacing);\"><span class=\" xzqv-imageframe imageframe-none imageframe-1 hover-type-none has-aspect-ratio\"><a class=\"xzqv-no-lightbox\" href=\"https:\/\/eifel-camp.freizeit-oasen.de\/sanitaeranlagen\/\" target=\"_self\" aria-label=\"slider_sanitaer_04\"><img decoding=\"async\" width=\"670\" height=\"300\" alt=\"Ein hell erleuchtetes Badezimmer mit wei\u00dfen Fliesen, die durch horizontale Streifen in Orange, Rot, Gr\u00fcn und Blau akzentuiert sind, mit Waschbecken, Spiegeln und einem Duschbereich.\" src=\"https:\/\/eifel-camp.freizeit-oasen.de\/fo_content\/uploads\/2019\/02\/slider_sanitaer_04.jpg\" class=\"img-responsive wp-image-13197 img-with-aspect-ratio\" data-parent-fit=\"cover\" data-parent-container=\".xzqv-image-element\" srcset=\"https:\/\/eifel-camp.freizeit-oasen.de\/fo_content\/uploads\/2019\/02\/slider_sanitaer_04-200x90.jpg 200w, https:\/\/eifel-camp.freizeit-oasen.de\/fo_content\/uploads\/2019\/02\/slider_sanitaer_04-400x179.jpg 400w, https:\/\/eifel-camp.freizeit-oasen.de\/fo_content\/uploads\/2019\/02\/slider_sanitaer_04-600x269.jpg 600w, https:\/\/eifel-camp.freizeit-oasen.de\/fo_content\/uploads\/2019\/02\/slider_sanitaer_04.jpg 670w\" sizes=\"(max-width: 640px) 100vw, 600px\" \/><\/a><\/span><div class=\"awb-imageframe-caption-container\" style=\"text-align:center;\"><div class=\"awb-imageframe-caption\"><h2 class=\"awb-imageframe-caption-title\">Sanit\u00e4rgeb\u00e4ude<\/h2><\/div><\/div><\/div><\/div><\/div><div class=\"xzqv-layout-column xzqv_builder_column_inner xzqv-builder-nested-column-1 xzqv_builder_column_inner_1_2 1_2 xzqv-flex-column xzqv-animated\" style=\"--awb-bg-size:cover;--awb-width-large:50%;--awb-margin-top-large:0px;--awb-spacing-right-large:2.91%;--awb-margin-bottom-large:20px;--awb-spacing-left-large:2.91%;--awb-width-medium:50%;--awb-order-medium:0;--awb-spacing-right-medium:2.91%;--awb-spacing-left-medium:2.91%;--awb-width-small:100%;--awb-order-small:0;--awb-spacing-right-small:1.455%;--awb-spacing-left-small:1.455%;\" data-animationType=\"fadeInDown\" data-animationDuration=\"0.3\" data-animationOffset=\"top-into-view\"><div class=\"xzqv-column-wrapper xzqv-column-has-shadow xzqv-flex-justify-content-flex-start xzqv-content-layout-column\"><div class=\"xzqv-image-element awb-imageframe-style awb-imageframe-style-below awb-imageframe-style-2\" style=\"--awb-aspect-ratio:2 \/ 1;--awb-caption-title-font-family:var(--h2_typography-font-family);--awb-caption-title-font-weight:var(--h2_typography-font-weight);--awb-caption-title-font-style:var(--h2_typography-font-style);--awb-caption-title-size:var(--h2_typography-font-size);--awb-caption-title-transform:var(--h2_typography-text-transform);--awb-caption-title-line-height:var(--h2_typography-line-height);--awb-caption-title-letter-spacing:var(--h2_typography-letter-spacing);\"><span class=\" xzqv-imageframe imageframe-none imageframe-2 hover-type-none has-aspect-ratio\"><a class=\"xzqv-no-lightbox\" href=\"https:\/\/eifel-camp.freizeit-oasen.de\/360-panoramen\/\" target=\"_self\" aria-label=\"Teaser_360_platzanlage\"><img decoding=\"async\" width=\"485\" height=\"285\" alt=\"Sitzgelegenheiten im Freien mit Holzb\u00e4nken und Sonnenschirmen auf einer Wiese, umgeben von B\u00e4umen, mit einer 360-Grad-Pfeilgrafik als Overlay.\" src=\"https:\/\/eifel-camp.freizeit-oasen.de\/fo_content\/uploads\/2022\/04\/Teaser_360_platzanlage.jpg\" class=\"img-responsive wp-image-19945 img-with-aspect-ratio\" data-parent-fit=\"cover\" data-parent-container=\".xzqv-image-element\" srcset=\"https:\/\/eifel-camp.freizeit-oasen.de\/fo_content\/uploads\/2022\/04\/Teaser_360_platzanlage-200x118.jpg 200w, https:\/\/eifel-camp.freizeit-oasen.de\/fo_content\/uploads\/2022\/04\/Teaser_360_platzanlage-400x235.jpg 400w, https:\/\/eifel-camp.freizeit-oasen.de\/fo_content\/uploads\/2022\/04\/Teaser_360_platzanlage.jpg 485w\" sizes=\"(max-width: 640px) 100vw, 485px\" \/><\/a><\/span><div class=\"awb-imageframe-caption-container\" style=\"text-align:center;\"><div class=\"awb-imageframe-caption\"><h2 class=\"awb-imageframe-caption-title\">Panoramen der Platzanlage<\/h2><\/div><\/div><\/div><\/div><\/div><\/div><div class=\"xzqv-builder-row xzqv-builder-row-inner xzqv-row xzqv-flex-align-items-flex-start xzqv-flex-content-wrap\" style=\"width:103% !important;max-width:103% !important;margin-left: calc(-3% \/ 2 );margin-right: calc(-3% \/ 2 );\"><div class=\"xzqv-layout-column xzqv_builder_column_inner xzqv-builder-nested-column-2 xzqv_builder_column_inner_1_2 1_2 xzqv-flex-column xzqv-animated\" style=\"--awb-bg-size:cover;--awb-width-large:50%;--awb-margin-top-large:0px;--awb-spacing-right-large:2.91%;--awb-margin-bottom-large:20px;--awb-spacing-left-large:2.91%;--awb-width-medium:50%;--awb-order-medium:0;--awb-spacing-right-medium:2.91%;--awb-spacing-left-medium:2.91%;--awb-width-small:100%;--awb-order-small:0;--awb-spacing-right-small:1.455%;--awb-spacing-left-small:1.455%;\" data-animationType=\"fadeInUp\" data-animationDuration=\"0.8\" data-animationOffset=\"top-into-view\"><div class=\"xzqv-column-wrapper xzqv-column-has-shadow xzqv-flex-justify-content-flex-start xzqv-content-layout-column\"><div class=\"xzqv-image-element awb-imageframe-style awb-imageframe-style-below awb-imageframe-style-3\" style=\"--awb-aspect-ratio:2 \/ 1;--awb-caption-title-font-family:var(--h2_typography-font-family);--awb-caption-title-font-weight:var(--h2_typography-font-weight);--awb-caption-title-font-style:var(--h2_typography-font-style);--awb-caption-title-size:var(--h2_typography-font-size);--awb-caption-title-transform:var(--h2_typography-text-transform);--awb-caption-title-line-height:var(--h2_typography-line-height);--awb-caption-title-letter-spacing:var(--h2_typography-letter-spacing);\"><span class=\" xzqv-imageframe imageframe-none imageframe-3 hover-type-none has-aspect-ratio\"><a class=\"xzqv-no-lightbox\" href=\"https:\/\/eifel-camp.freizeit-oasen.de\/fo_content\/uploads\/2019\/02\/Eifel-Camp_Platzplan.pdf\" target=\"_blank\" aria-label=\"Teaser_Plan\" rel=\"noopener noreferrer\"><img decoding=\"async\" width=\"485\" height=\"285\" alt=\"Karte des Eifel-Camps am Freilinger See mit farblich gekennzeichneten Abschnitten f\u00fcr Campingpl\u00e4tze, H\u00fctten, Einrichtungen, Parkpl\u00e4tze, Stra\u00dfen und Gr\u00fcnfl\u00e4chen mit einer Legende und einem Logo auf der rechten Seite.\" src=\"https:\/\/eifel-camp.freizeit-oasen.de\/fo_content\/uploads\/2022\/04\/Teaser_Plan.jpg\" class=\"img-responsive wp-image-19798 img-with-aspect-ratio\" data-parent-fit=\"cover\" data-parent-container=\".xzqv-image-element\" srcset=\"https:\/\/eifel-camp.freizeit-oasen.de\/fo_content\/uploads\/2022\/04\/Teaser_Plan-200x118.jpg 200w, https:\/\/eifel-camp.freizeit-oasen.de\/fo_content\/uploads\/2022\/04\/Teaser_Plan-400x235.jpg 400w, https:\/\/eifel-camp.freizeit-oasen.de\/fo_content\/uploads\/2022\/04\/Teaser_Plan.jpg 485w\" sizes=\"(max-width: 640px) 100vw, 485px\" \/><\/a><\/span><div class=\"awb-imageframe-caption-container\" style=\"text-align:center;\"><div class=\"awb-imageframe-caption\"><h2 class=\"awb-imageframe-caption-title\">Platzplan<\/h2><\/div><\/div><\/div><\/div><\/div><div class=\"xzqv-layout-column xzqv_builder_column_inner xzqv-builder-nested-column-3 xzqv_builder_column_inner_1_2 1_2 xzqv-flex-column xzqv-animated\" style=\"--awb-bg-size:cover;--awb-width-large:50%;--awb-margin-top-large:0px;--awb-spacing-right-large:2.91%;--awb-margin-bottom-large:20px;--awb-spacing-left-large:2.91%;--awb-width-medium:50%;--awb-order-medium:0;--awb-spacing-right-medium:2.91%;--awb-spacing-left-medium:2.91%;--awb-width-small:100%;--awb-order-small:0;--awb-spacing-right-small:1.455%;--awb-spacing-left-small:1.455%;\" data-animationType=\"fadeInUp\" data-animationDuration=\"0.8\" data-animationOffset=\"top-into-view\"><div class=\"xzqv-column-wrapper xzqv-column-has-shadow xzqv-flex-justify-content-flex-start xzqv-content-layout-column\"><div class=\"xzqv-image-element awb-imageframe-style awb-imageframe-style-below awb-imageframe-style-4\" style=\"--awb-aspect-ratio:2 \/ 1;--awb-caption-title-font-family:var(--h2_typography-font-family);--awb-caption-title-font-weight:var(--h2_typography-font-weight);--awb-caption-title-font-style:var(--h2_typography-font-style);--awb-caption-title-size:var(--h2_typography-font-size);--awb-caption-title-transform:var(--h2_typography-text-transform);--awb-caption-title-line-height:var(--h2_typography-line-height);--awb-caption-title-letter-spacing:var(--h2_typography-letter-spacing);\"><span class=\" xzqv-imageframe imageframe-none imageframe-4 hover-type-none has-aspect-ratio\"><a class=\"xzqv-no-lightbox\" href=\"https:\/\/eifel-camp.freizeit-oasen.de\/easybuchen-gutscheine\/\" target=\"_self\" aria-label=\"gutschein\"><img decoding=\"async\" width=\"485\" height=\"285\" alt=\"Cartoon-Dinosaurier mit Blumen und einer Geschenkschachtel steht vor einem See mit Herbstb\u00e4umen im Eifel-Camp; der Text lautet Superior Geschenk-Gutscheine mit f\u00fcnf Sternen dar\u00fcber.\" src=\"https:\/\/eifel-camp.freizeit-oasen.de\/fo_content\/uploads\/2021\/11\/gutschein.jpg\" class=\"img-responsive wp-image-19024 img-with-aspect-ratio\" data-parent-fit=\"cover\" data-parent-container=\".xzqv-image-element\" srcset=\"https:\/\/eifel-camp.freizeit-oasen.de\/fo_content\/uploads\/2021\/11\/gutschein-200x118.jpg 200w, https:\/\/eifel-camp.freizeit-oasen.de\/fo_content\/uploads\/2021\/11\/gutschein-400x235.jpg 400w, https:\/\/eifel-camp.freizeit-oasen.de\/fo_content\/uploads\/2021\/11\/gutschein.jpg 485w\" sizes=\"(max-width: 640px) 100vw, 485px\" \/><\/a><\/span><div class=\"awb-imageframe-caption-container\" style=\"text-align:center;\"><div class=\"awb-imageframe-caption\"><h2 class=\"awb-imageframe-caption-title\">Geschenkgutscheine<\/h2><\/div><\/div><\/div><\/div><\/div><\/div><\/div><\/div><\/div><\/div>\n<div class=\"xzqv-fullwidth fullwidth-box xzqv-builder-row-3 xzqv-flex-container nonhundred-percent-fullwidth non-hundred-percent-height-scrolling\" style=\"--awb-background-position:left top;--awb-border-sizes-top:1px;--awb-border-sizes-bottom:1px;--awb-border-sizes-left:0px;--awb-border-sizes-right:0px;--awb-border-color:#e5e4e4;--awb-border-radius-top-left:0px;--awb-border-radius-top-right:0px;--awb-border-radius-bottom-right:0px;--awb-border-radius-bottom-left:0px;--awb-padding-top:20px;--awb-padding-bottom:20px;--awb-background-color:#b3c6db;--awb-flex-wrap:wrap;\" ><div class=\"xzqv-builder-row xzqv-row xzqv-flex-align-items-flex-start xzqv-flex-justify-content-center xzqv-flex-content-wrap\" style=\"max-width:calc( 1000px + 0px );margin-left: calc(-0px \/ 2 );margin-right: calc(-0px \/ 2 );\"><div class=\"xzqv-layout-column xzqv_builder_column xzqv-builder-column-2 xzqv_builder_column_1_1 1_1 xzqv-flex-column\" style=\"--awb-bg-size:cover;--awb-width-large:100%;--awb-margin-top-large:0px;--awb-spacing-right-large:0px;--awb-margin-bottom-large:0px;--awb-spacing-left-large:0px;--awb-width-medium:100%;--awb-order-medium:0;--awb-spacing-right-medium:0px;--awb-spacing-left-medium:0px;--awb-width-small:100%;--awb-order-small:0;--awb-spacing-right-small:0px;--awb-spacing-left-small:0px;\"><div class=\"xzqv-column-wrapper xzqv-column-has-shadow xzqv-flex-justify-content-center xzqv-content-layout-column\"><div class=\"xzqv-text xzqv-text-5\"><h1 style=\"text-align: center;\">We verheugen ons op uw komst!<\/h1>\n<\/div><\/div><\/div><div class=\"xzqv-layout-column xzqv_builder_column xzqv-builder-column-3 xzqv_builder_column_1_1 1_1 xzqv-flex-column xzqv-flex-align-self-flex-start xzqv-column-no-min-height\" style=\"--awb-bg-size:cover;--awb-width-large:100%;--awb-margin-top-large:0px;--awb-spacing-right-large:0px;--awb-margin-bottom-large:0px;--awb-spacing-left-large:0px;--awb-width-medium:100%;--awb-spacing-right-medium:0px;--awb-spacing-left-medium:0px;--awb-width-small:100%;--awb-spacing-right-small:0px;--awb-spacing-left-small:0px;\"><div class=\"xzqv-column-wrapper xzqv-flex-justify-content-flex-start xzqv-content-layout-column\"><div class=\"xzqv-separator xzqv-full-width-sep\" style=\"align-self: center;margin-left: auto;margin-right: auto;margin-top:10px;width:100%;\"><\/div><\/div><\/div><\/div><\/div><\/p>\n","protected":false},"excerpt":{"rendered":"","protected":false},"author":1,"featured_media":0,"parent":0,"menu_order":0,"comment_status":"open","ping_status":"open","template":"","meta":{"footnotes":""},"class_list":["post-18299","page","type-page","status-publish","hentry","page_cat-platzanlage"],"_links":{"self":[{"href":"https:\/\/eifel-camp.freizeit-oasen.de\/api-json\/wp\/v2\/pages\/18299","targetHints":{"allow":["GET"]}}],"collection":[{"href":"https:\/\/eifel-camp.freizeit-oasen.de\/api-json\/wp\/v2\/pages"}],"about":[{"href":"https:\/\/eifel-camp.freizeit-oasen.de\/api-json\/wp\/v2\/types\/page"}],"author":[{"embeddable":true,"href":"https:\/\/eifel-camp.freizeit-oasen.de\/api-json\/wp\/v2\/users\/1"}],"replies":[{"embeddable":true,"href":"https:\/\/eifel-camp.freizeit-oasen.de\/api-json\/wp\/v2\/comments?post=18299"}],"version-history":[{"count":14,"href":"https:\/\/eifel-camp.freizeit-oasen.de\/api-json\/wp\/v2\/pages\/18299\/revisions"}],"predecessor-version":[{"id":24481,"href":"https:\/\/eifel-camp.freizeit-oasen.de\/api-json\/wp\/v2\/pages\/18299\/revisions\/24481"}],"wp:attachment":[{"href":"https:\/\/eifel-camp.freizeit-oasen.de\/api-json\/wp\/v2\/media?parent=18299"}],"curies":[{"name":"wp","href":"https:\/\/api.w.org\/{rel}","templated":true}]}}