{"id":18315,"date":"2021-01-25T15:30:53","date_gmt":"2021-01-25T13:30:53","guid":{"rendered":"https:\/\/eifel-camp.freizeit-oasen.de\/gastronomie-nl\/"},"modified":"2025-12-26T12:34:26","modified_gmt":"2025-12-26T10:34:26","slug":"gastronomie-nl","status":"publish","type":"page","link":"https:\/\/eifel-camp.freizeit-oasen.de\/nl\/gastronomie-nl\/","title":{"rendered":"Gastronomie NL"},"content":{"rendered":"<p><div class=\"xzqv-fullwidth fullwidth-box xzqv-builder-row-1 xzqv-flex-container hundred-percent-fullwidth non-hundred-percent-height-scrolling\" style=\"--awb-border-radius-top-left:0px;--awb-border-radius-top-right:0px;--awb-border-radius-bottom-right:0px;--awb-border-radius-bottom-left:0px;--awb-overflow:visible;--awb-flex-wrap:wrap;\" ><div class=\"xzqv-builder-row xzqv-row xzqv-flex-align-items-flex-start xzqv-flex-content-wrap\" style=\"width:103% !important;max-width:103% !important;margin-left: calc(-3% \/ 2 );margin-right: calc(-3% \/ 2 );\"><div class=\"xzqv-layout-column xzqv_builder_column xzqv-builder-column-0 xzqv_builder_column_1_1 1_1 xzqv-flex-column xzqv-flex-align-self-flex-start xzqv-column-no-min-height\" style=\"--awb-bg-size:cover;--awb-width-large:100%;--awb-margin-top-large:0px;--awb-spacing-right-large:1.455%;--awb-margin-bottom-large:0px;--awb-spacing-left-large:1.455%;--awb-width-medium:100%;--awb-spacing-right-medium:1.455%;--awb-spacing-left-medium:1.455%;--awb-width-small:100%;--awb-spacing-right-small:1.455%;--awb-spacing-left-small:1.455%;\"><div class=\"xzqv-column-wrapper xzqv-flex-justify-content-flex-start xzqv-content-layout-column\"><script type=\"text\/javascript\">jQuery(function() { _initLayerSlider( '#layerslider_16_mgo42bmft3ck', {sliderVersion: '6.6.1', responsiveUnder: 670, allowFullscreen: true, slideBGSize: 'auto', pauseOnHover: 1, twoWaySlideshow: true, skin: 'borderlesslight', sliderFadeInDuration: 350, globalBGColor: '#ffffff', navStartStop: false, navButtons: false, useSrcset: true, skinsPath: 'https:\/\/eifel-camp.freizeit-oasen.de\/fo_plugins\/LayerSlider\/assets\/static\/layerslider\/skins\/', performanceMode: true}); });<\/script><div id=\"layerslider_16_mgo42bmft3ck\"  class=\"ls-wp-container fitvidsignore ls-selectable\" style=\"width:670px;height:300px;max-width:670px;margin:0 auto;\"><div class=\"ls-slide\" data-ls=\"duration:4000;transition2d:5;\"><img decoding=\"async\" width=\"670\" height=\"300\" src=\"https:\/\/eifel-camp.freizeit-oasen.de\/fo_content\/uploads\/2020\/10\/Waldlaufer-6.jpg\" class=\"ls-bg\" alt=\"Au\u00dfensitzbereich eines Restaurants mit roten Sonnenschirmen, Sonnenkollektoren auf dem Dach, einer gr\u00fcnen Dampfwalze und Spielger\u00e4ten im Vordergrund.\" srcset=\"https:\/\/eifel-camp.freizeit-oasen.de\/fo_content\/uploads\/2020\/10\/Waldlaufer-6-24x11.jpg 24w, https:\/\/eifel-camp.freizeit-oasen.de\/fo_content\/uploads\/2020\/10\/Waldlaufer-6-36x16.jpg 36w, https:\/\/eifel-camp.freizeit-oasen.de\/fo_content\/uploads\/2020\/10\/Waldlaufer-6-48x21.jpg 48w, https:\/\/eifel-camp.freizeit-oasen.de\/fo_content\/uploads\/2020\/10\/Waldlaufer-6-200x90.jpg 200w, https:\/\/eifel-camp.freizeit-oasen.de\/fo_content\/uploads\/2020\/10\/Waldlaufer-6-400x179.jpg 400w, https:\/\/eifel-camp.freizeit-oasen.de\/fo_content\/uploads\/2020\/10\/Waldlaufer-6-600x269.jpg 600w, https:\/\/eifel-camp.freizeit-oasen.de\/fo_content\/uploads\/2020\/10\/Waldlaufer-6.jpg 670w\" sizes=\"(max-width: 670px) 100vw, 670px\" \/><\/div><div class=\"ls-slide\" data-ls=\"duration:4000;transition2d:5;\"><img decoding=\"async\" width=\"670\" height=\"300\" src=\"https:\/\/eifel-camp.freizeit-oasen.de\/fo_content\/uploads\/2020\/10\/Waldlaufer-7.jpg\" class=\"ls-bg\" alt=\"Sitzbereich im Freien mit leeren Holztischen und -st\u00fchlen unter roten Sonnenschirmen, im Hintergrund sind Gr\u00fcnpflanzen und Recycling-Tonnen zu sehen.\" srcset=\"https:\/\/eifel-camp.freizeit-oasen.de\/fo_content\/uploads\/2020\/10\/Waldlaufer-7-24x11.jpg 24w, https:\/\/eifel-camp.freizeit-oasen.de\/fo_content\/uploads\/2020\/10\/Waldlaufer-7-36x16.jpg 36w, https:\/\/eifel-camp.freizeit-oasen.de\/fo_content\/uploads\/2020\/10\/Waldlaufer-7-48x21.jpg 48w, https:\/\/eifel-camp.freizeit-oasen.de\/fo_content\/uploads\/2020\/10\/Waldlaufer-7-200x90.jpg 200w, https:\/\/eifel-camp.freizeit-oasen.de\/fo_content\/uploads\/2020\/10\/Waldlaufer-7-400x179.jpg 400w, https:\/\/eifel-camp.freizeit-oasen.de\/fo_content\/uploads\/2020\/10\/Waldlaufer-7-600x269.jpg 600w, https:\/\/eifel-camp.freizeit-oasen.de\/fo_content\/uploads\/2020\/10\/Waldlaufer-7.jpg 670w\" sizes=\"(max-width: 670px) 100vw, 670px\" \/><\/div><div class=\"ls-slide\" data-ls=\"duration:4000;transition2d:5;\"><img decoding=\"async\" width=\"670\" height=\"300\" src=\"https:\/\/eifel-camp.freizeit-oasen.de\/fo_content\/uploads\/2020\/10\/Waldlaufer-2.jpg\" class=\"ls-bg\" alt=\"Ger\u00e4umiges Restaurant mit Holztischen und -st\u00fchlen, einem Hochstuhl, gro\u00dfen Fenstern, einem Kronleuchter und einem mit Orangenbl\u00e4ttern dekorierten Barbereich.\" srcset=\"https:\/\/eifel-camp.freizeit-oasen.de\/fo_content\/uploads\/2020\/10\/Waldlaufer-2-24x11.jpg 24w, https:\/\/eifel-camp.freizeit-oasen.de\/fo_content\/uploads\/2020\/10\/Waldlaufer-2-36x16.jpg 36w, https:\/\/eifel-camp.freizeit-oasen.de\/fo_content\/uploads\/2020\/10\/Waldlaufer-2-48x21.jpg 48w, https:\/\/eifel-camp.freizeit-oasen.de\/fo_content\/uploads\/2020\/10\/Waldlaufer-2-200x90.jpg 200w, https:\/\/eifel-camp.freizeit-oasen.de\/fo_content\/uploads\/2020\/10\/Waldlaufer-2-400x179.jpg 400w, https:\/\/eifel-camp.freizeit-oasen.de\/fo_content\/uploads\/2020\/10\/Waldlaufer-2-600x269.jpg 600w, https:\/\/eifel-camp.freizeit-oasen.de\/fo_content\/uploads\/2020\/10\/Waldlaufer-2.jpg 670w\" sizes=\"(max-width: 670px) 100vw, 670px\" \/><\/div><div class=\"ls-slide\" data-ls=\"duration:4000;transition2d:5;\"><img decoding=\"async\" width=\"670\" height=\"300\" src=\"https:\/\/eifel-camp.freizeit-oasen.de\/fo_content\/uploads\/2020\/10\/Waldlaufer-3.jpg\" class=\"ls-bg\" alt=\"Rustikales Restaurantinterieur mit Holzbalken, verschiedenen St\u00fchlen, Holztischen, Kronleuchtern, gro\u00dfen Fenstern und einem dekorativen Spiegel an der Wand.\" srcset=\"https:\/\/eifel-camp.freizeit-oasen.de\/fo_content\/uploads\/2020\/10\/Waldlaufer-3-24x11.jpg 24w, https:\/\/eifel-camp.freizeit-oasen.de\/fo_content\/uploads\/2020\/10\/Waldlaufer-3-36x16.jpg 36w, https:\/\/eifel-camp.freizeit-oasen.de\/fo_content\/uploads\/2020\/10\/Waldlaufer-3-48x21.jpg 48w, https:\/\/eifel-camp.freizeit-oasen.de\/fo_content\/uploads\/2020\/10\/Waldlaufer-3-200x90.jpg 200w, https:\/\/eifel-camp.freizeit-oasen.de\/fo_content\/uploads\/2020\/10\/Waldlaufer-3-400x179.jpg 400w, https:\/\/eifel-camp.freizeit-oasen.de\/fo_content\/uploads\/2020\/10\/Waldlaufer-3-600x269.jpg 600w, https:\/\/eifel-camp.freizeit-oasen.de\/fo_content\/uploads\/2020\/10\/Waldlaufer-3.jpg 670w\" sizes=\"(max-width: 670px) 100vw, 670px\" \/><\/div><div class=\"ls-slide\" data-ls=\"duration:4000;transition2d:5;\"><img decoding=\"async\" width=\"670\" height=\"300\" src=\"https:\/\/eifel-camp.freizeit-oasen.de\/fo_content\/uploads\/2020\/10\/Waldlaufer-4.jpg\" class=\"ls-bg\" alt=\"Ein gem\u00fctliches Restaurant mit Holzm\u00f6beln, gro\u00dfen Fenstern, rustikalem Dekor und Topfpflanzen auf den Tischen.\" srcset=\"https:\/\/eifel-camp.freizeit-oasen.de\/fo_content\/uploads\/2020\/10\/Waldlaufer-4-24x11.jpg 24w, https:\/\/eifel-camp.freizeit-oasen.de\/fo_content\/uploads\/2020\/10\/Waldlaufer-4-36x16.jpg 36w, https:\/\/eifel-camp.freizeit-oasen.de\/fo_content\/uploads\/2020\/10\/Waldlaufer-4-48x21.jpg 48w, https:\/\/eifel-camp.freizeit-oasen.de\/fo_content\/uploads\/2020\/10\/Waldlaufer-4-200x90.jpg 200w, https:\/\/eifel-camp.freizeit-oasen.de\/fo_content\/uploads\/2020\/10\/Waldlaufer-4-400x179.jpg 400w, https:\/\/eifel-camp.freizeit-oasen.de\/fo_content\/uploads\/2020\/10\/Waldlaufer-4-600x269.jpg 600w, https:\/\/eifel-camp.freizeit-oasen.de\/fo_content\/uploads\/2020\/10\/Waldlaufer-4.jpg 670w\" sizes=\"(max-width: 670px) 100vw, 670px\" \/><\/div><div class=\"ls-slide\" data-ls=\"duration:4000;transition2d:5;\"><img decoding=\"async\" width=\"670\" height=\"300\" src=\"https:\/\/eifel-camp.freizeit-oasen.de\/fo_content\/uploads\/2020\/10\/Waldlaufer-1.jpg\" class=\"ls-bg\" alt=\"Rustikales Restaurantinterieur mit Holzbalken, eklektischen Kronleuchtern und einem Wandbild mit einem Elefanten. Die Tische und St\u00fchle sind so angeordnet, dass man mit nat\u00fcrlichem Licht aus gro\u00dfen Fenstern speisen kann.\" srcset=\"https:\/\/eifel-camp.freizeit-oasen.de\/fo_content\/uploads\/2020\/10\/Waldlaufer-1-24x11.jpg 24w, https:\/\/eifel-camp.freizeit-oasen.de\/fo_content\/uploads\/2020\/10\/Waldlaufer-1-36x16.jpg 36w, https:\/\/eifel-camp.freizeit-oasen.de\/fo_content\/uploads\/2020\/10\/Waldlaufer-1-48x21.jpg 48w, https:\/\/eifel-camp.freizeit-oasen.de\/fo_content\/uploads\/2020\/10\/Waldlaufer-1-200x90.jpg 200w, https:\/\/eifel-camp.freizeit-oasen.de\/fo_content\/uploads\/2020\/10\/Waldlaufer-1-400x179.jpg 400w, https:\/\/eifel-camp.freizeit-oasen.de\/fo_content\/uploads\/2020\/10\/Waldlaufer-1-600x269.jpg 600w, https:\/\/eifel-camp.freizeit-oasen.de\/fo_content\/uploads\/2020\/10\/Waldlaufer-1.jpg 670w\" sizes=\"(max-width: 670px) 100vw, 670px\" \/><\/div><div class=\"ls-slide\" data-ls=\"duration:4000;transition2d:5;\"><img decoding=\"async\" width=\"670\" height=\"300\" src=\"https:\/\/eifel-camp.freizeit-oasen.de\/fo_content\/uploads\/2020\/10\/See-Bar-1.jpg\" class=\"ls-bg\" alt=\"Zwei Gl\u00e4ser mit eisgek\u00fchlten Getr\u00e4nken, eine Speisekarte und ein Krug stehen auf einem Tisch im Freien an einem See mit einem Fahrrad und B\u00e4umen im Hintergrund.\" srcset=\"https:\/\/eifel-camp.freizeit-oasen.de\/fo_content\/uploads\/2020\/10\/See-Bar-1-24x11.jpg 24w, https:\/\/eifel-camp.freizeit-oasen.de\/fo_content\/uploads\/2020\/10\/See-Bar-1-36x16.jpg 36w, https:\/\/eifel-camp.freizeit-oasen.de\/fo_content\/uploads\/2020\/10\/See-Bar-1-48x21.jpg 48w, https:\/\/eifel-camp.freizeit-oasen.de\/fo_content\/uploads\/2020\/10\/See-Bar-1-200x90.jpg 200w, https:\/\/eifel-camp.freizeit-oasen.de\/fo_content\/uploads\/2020\/10\/See-Bar-1-400x179.jpg 400w, https:\/\/eifel-camp.freizeit-oasen.de\/fo_content\/uploads\/2020\/10\/See-Bar-1-600x269.jpg 600w, https:\/\/eifel-camp.freizeit-oasen.de\/fo_content\/uploads\/2020\/10\/See-Bar-1.jpg 670w\" sizes=\"(max-width: 670px) 100vw, 670px\" \/><\/div><\/div><div class=\"xzqv-text xzqv-text-1\"><h2><\/h2>\n<h2>Waldl\u00e4ufer restaurant<\/h2>\n<p>Het restaurant \u201cWaldl\u00e4ufer\u201d is al jaren erg populair. Het bevindt zich in het hoofdgebouw waar ook de receptie is gevestigd.<\/p>\n<p>Het gezinsvriendelijke restaurant zorgt niet alleen voor de inwendige mens, gezelligheid en een warme sfeer vullen de culinaire gastvrijheid aan.<\/p>\n<p>Het vieren van speciale gelegenheden en feesten is mogelijk in overleg. Het restaurant biedt plaats aan maximaal 90 gasten. Bij mooi weer kunnen nog eens 100 gasten op het terras voor het restaurant plaatsnemen.<\/p>\n<p>In het restaurant zijn twee kinderstoelen beschikbaar. Een luiertafel is te vinden in de beneden gelegen sanitaire ruimte (toilettoegang niet toegankelijk voor gehandicapten).<\/p>\n<h2>Freilinger See Bar<\/h2>\n<p>Van april tot eind oktober nodigt de Freilinger See Bar u uit voor ontspanning, direct aan de oever het Freilinger meer.<\/p>\n<p>Heerlijke zelfgemaakte pizza`s, gegrilde Eifel worstjes, frietjes, salades, frisdranken, bier, wijn en nog veel meer kunnen hier in deze prachtige omgeving worden besteld.<\/p>\n<p>Een overdekt terras voor maximaal 100 personen maakt het mogelijk tijdens alle weersomstandigheden midden in de natuur te verblijven met uitzicht op het meer.<\/p>\n<p><img decoding=\"async\" class=\"alignleft wp-image-17787 size-full\" src=\"https:\/\/eifel-camp.freizeit-oasen.de\/fo_content\/uploads\/2020\/10\/See-Bar-1_xl.jpg\" alt=\"Zwei Gl\u00e4ser mit eisgek\u00fchlten Getr\u00e4nken mit Minze und Zitrone stehen auf einem Tisch im Freien an einem See, mit einer Speisekarte der Freilinger See Bar und einem Fahrrad im Hintergrund.\" width=\"1000\" height=\"667\" srcset=\"https:\/\/eifel-camp.freizeit-oasen.de\/fo_content\/uploads\/2020\/10\/See-Bar-1_xl-24x16.jpg 24w, https:\/\/eifel-camp.freizeit-oasen.de\/fo_content\/uploads\/2020\/10\/See-Bar-1_xl-36x24.jpg 36w, https:\/\/eifel-camp.freizeit-oasen.de\/fo_content\/uploads\/2020\/10\/See-Bar-1_xl-48x32.jpg 48w, https:\/\/eifel-camp.freizeit-oasen.de\/fo_content\/uploads\/2020\/10\/See-Bar-1_xl-200x133.jpg 200w, https:\/\/eifel-camp.freizeit-oasen.de\/fo_content\/uploads\/2020\/10\/See-Bar-1_xl-400x267.jpg 400w, https:\/\/eifel-camp.freizeit-oasen.de\/fo_content\/uploads\/2020\/10\/See-Bar-1_xl-600x400.jpg 600w, https:\/\/eifel-camp.freizeit-oasen.de\/fo_content\/uploads\/2020\/10\/See-Bar-1_xl-768x512.jpg 768w, https:\/\/eifel-camp.freizeit-oasen.de\/fo_content\/uploads\/2020\/10\/See-Bar-1_xl-800x534.jpg 800w, https:\/\/eifel-camp.freizeit-oasen.de\/fo_content\/uploads\/2020\/10\/See-Bar-1_xl.jpg 1000w\" sizes=\"(max-width: 1000px) 100vw, 1000px\" \/><\/p>\n<\/div><div class=\"xzqv-menu-anchor\" id=\"programm\"><\/div><div class=\"xzqv-separator xzqv-full-width-sep\" style=\"align-self: center;margin-left: auto;margin-right: auto;margin-bottom:40px;width:100%;\"><\/div><\/div><\/div><\/div><\/div><div class=\"xzqv-fullwidth fullwidth-box xzqv-builder-row-2 xzqv-flex-container nonhundred-percent-fullwidth non-hundred-percent-height-scrolling\" style=\"--awb-background-position:top right;--awb-border-color:#e5e4e4;--awb-border-radius-top-left:0px;--awb-border-radius-top-right:0px;--awb-border-radius-bottom-right:0px;--awb-border-radius-bottom-left:0px;--awb-padding-top:20px;--awb-padding-bottom:20px;--awb-background-color:#b3c6db;--awb-border-sizes-top:1px;--awb-border-sizes-bottom:1px;--awb-flex-wrap:wrap;\" ><div class=\"xzqv-builder-row xzqv-row xzqv-flex-align-items-flex-start xzqv-flex-content-wrap\" style=\"max-width:1030px;margin-left: calc(-3% \/ 2 );margin-right: calc(-3% \/ 2 );\"><div class=\"xzqv-layout-column xzqv_builder_column xzqv-builder-column-1 xzqv_builder_column_1_1 1_1 xzqv-flex-column\" style=\"--awb-bg-size:cover;--awb-width-large:100%;--awb-margin-top-large:0px;--awb-spacing-right-large:1.455%;--awb-margin-bottom-large:0px;--awb-spacing-left-large:1.455%;--awb-width-medium:100%;--awb-spacing-right-medium:1.455%;--awb-spacing-left-medium:1.455%;--awb-width-small:100%;--awb-spacing-right-small:1.455%;--awb-spacing-left-small:1.455%;\"><div class=\"xzqv-column-wrapper xzqv-flex-justify-content-flex-start xzqv-content-layout-column\"><div class=\"xzqv-text xzqv-text-2\"><h1 style=\"text-align: center; font-size: 30px !important;\">Wij verheugen ons op uw komst!<\/h1>\n<p style=\"text-align: right;\">\n<\/div><\/div><\/div><\/div><\/div><\/p>\n","protected":false},"excerpt":{"rendered":"","protected":false},"author":1,"featured_media":0,"parent":0,"menu_order":0,"comment_status":"open","ping_status":"open","template":"","meta":{"footnotes":""},"class_list":["post-18315","page","type-page","status-publish","hentry","page_cat-platzanlage"],"_links":{"self":[{"href":"https:\/\/eifel-camp.freizeit-oasen.de\/api-json\/wp\/v2\/pages\/18315","targetHints":{"allow":["GET"]}}],"collection":[{"href":"https:\/\/eifel-camp.freizeit-oasen.de\/api-json\/wp\/v2\/pages"}],"about":[{"href":"https:\/\/eifel-camp.freizeit-oasen.de\/api-json\/wp\/v2\/types\/page"}],"author":[{"embeddable":true,"href":"https:\/\/eifel-camp.freizeit-oasen.de\/api-json\/wp\/v2\/users\/1"}],"replies":[{"embeddable":true,"href":"https:\/\/eifel-camp.freizeit-oasen.de\/api-json\/wp\/v2\/comments?post=18315"}],"version-history":[{"count":12,"href":"https:\/\/eifel-camp.freizeit-oasen.de\/api-json\/wp\/v2\/pages\/18315\/revisions"}],"predecessor-version":[{"id":24865,"href":"https:\/\/eifel-camp.freizeit-oasen.de\/api-json\/wp\/v2\/pages\/18315\/revisions\/24865"}],"wp:attachment":[{"href":"https:\/\/eifel-camp.freizeit-oasen.de\/api-json\/wp\/v2\/media?parent=18315"}],"curies":[{"name":"wp","href":"https:\/\/api.w.org\/{rel}","templated":true}]}}