{"id":18421,"date":"2021-01-27T10:39:22","date_gmt":"2021-01-27T08:39:22","guid":{"rendered":"https:\/\/eifel-camp.freizeit-oasen.de\/campinghuetten-nl\/"},"modified":"2024-01-27T15:37:05","modified_gmt":"2024-01-27T13:37:05","slug":"campinghuetten-nl","status":"publish","type":"page","link":"https:\/\/eifel-camp.freizeit-oasen.de\/nl\/campinghuetten-nl\/","title":{"rendered":"Campingh\u00fctten NL"},"content":{"rendered":"<p><div class=\"xzqv-fullwidth fullwidth-box xzqv-builder-row-1 xzqv-flex-container nonhundred-percent-fullwidth non-hundred-percent-height-scrolling\" style=\"--awb-border-radius-top-left:0px;--awb-border-radius-top-right:0px;--awb-border-radius-bottom-right:0px;--awb-border-radius-bottom-left:0px;--awb-flex-wrap:wrap;\" ><div class=\"xzqv-builder-row xzqv-row xzqv-flex-align-items-flex-start xzqv-flex-content-wrap\" style=\"max-width:1030px;margin-left: calc(-3% \/ 2 );margin-right: calc(-3% \/ 2 );\"><div class=\"xzqv-layout-column xzqv_builder_column xzqv-builder-column-0 xzqv_builder_column_1_1 1_1 xzqv-flex-column\" style=\"--awb-bg-size:cover;--awb-width-large:100%;--awb-margin-top-large:0px;--awb-spacing-right-large:1.455%;--awb-margin-bottom-large:20px;--awb-spacing-left-large:1.455%;--awb-width-medium:100%;--awb-spacing-right-medium:1.455%;--awb-spacing-left-medium:1.455%;--awb-width-small:100%;--awb-spacing-right-small:1.455%;--awb-spacing-left-small:1.455%;\"><div class=\"xzqv-column-wrapper xzqv-flex-justify-content-flex-start xzqv-content-layout-column\"><script type=\"text\/javascript\">jQuery(function() { _initLayerSlider( '#layerslider_47_fwc8eyc9392z', {sliderVersion: '7.11.1', responsiveUnder: 670, allowFullscreen: true, slideBGSize: 'auto', pauseOnHover: 1, twoWaySlideshow: true, skin: 'borderlesslight', sliderFadeInDuration: 350, globalBGColor: '#ffffff', navStartStop: false, navButtons: false, useSrcset: true, skinsPath: 'https:\/\/eifel-camp.freizeit-oasen.de\/fo_plugins\/LayerSlider\/assets\/static\/layerslider\/skins\/', performanceMode: true}); });<\/script><div id=\"layerslider_47_fwc8eyc9392z\"  class=\"ls-wp-container fitvidsignore ls-selectable\" style=\"width:670px;height:300px;max-width:670px;margin:0 auto;\"><div class=\"ls-slide\" data-ls=\"duration:6000;transition2d:5;\"><img decoding=\"async\" width=\"670\" height=\"300\" src=\"https:\/\/eifel-camp.freizeit-oasen.de\/fo_content\/uploads\/2024\/08\/slider_campinghuetten_08.jpg\" class=\"ls-bg\" alt=\"Zwei kleine, hellblaue Holzh\u00fctten stehen neben einem Kiesweg, umgeben von Gr\u00fcn und B\u00e4umen unter einem teilweise bew\u00f6lkten Himmel.\" srcset=\"https:\/\/eifel-camp.freizeit-oasen.de\/fo_content\/uploads\/2024\/08\/slider_campinghuetten_08-24x11.jpg 24w, https:\/\/eifel-camp.freizeit-oasen.de\/fo_content\/uploads\/2024\/08\/slider_campinghuetten_08-36x16.jpg 36w, https:\/\/eifel-camp.freizeit-oasen.de\/fo_content\/uploads\/2024\/08\/slider_campinghuetten_08-48x21.jpg 48w, https:\/\/eifel-camp.freizeit-oasen.de\/fo_content\/uploads\/2024\/08\/slider_campinghuetten_08-200x90.jpg 200w, https:\/\/eifel-camp.freizeit-oasen.de\/fo_content\/uploads\/2024\/08\/slider_campinghuetten_08-400x179.jpg 400w, https:\/\/eifel-camp.freizeit-oasen.de\/fo_content\/uploads\/2024\/08\/slider_campinghuetten_08-600x269.jpg 600w, https:\/\/eifel-camp.freizeit-oasen.de\/fo_content\/uploads\/2024\/08\/slider_campinghuetten_08.jpg 670w\" sizes=\"(max-width: 670px) 100vw, 670px\" \/><\/div><div class=\"ls-slide\" data-ls=\"duration:6000;transition2d:5;\"><img decoding=\"async\" width=\"670\" height=\"300\" src=\"https:\/\/eifel-camp.freizeit-oasen.de\/fo_content\/uploads\/2024\/08\/slider_campinghuetten_07.jpg\" class=\"ls-bg\" alt=\"Zwei kleine, hellblaue H\u00fctten stehen auf einer von B\u00e4umen umgebenen Wiese, mit B\u00e4nken und einem roten Feuerl\u00f6scherkasten in der N\u00e4he unter einem teilweise bew\u00f6lkten Himmel.\" srcset=\"https:\/\/eifel-camp.freizeit-oasen.de\/fo_content\/uploads\/2024\/08\/slider_campinghuetten_07-24x11.jpg 24w, https:\/\/eifel-camp.freizeit-oasen.de\/fo_content\/uploads\/2024\/08\/slider_campinghuetten_07-36x16.jpg 36w, https:\/\/eifel-camp.freizeit-oasen.de\/fo_content\/uploads\/2024\/08\/slider_campinghuetten_07-48x21.jpg 48w, https:\/\/eifel-camp.freizeit-oasen.de\/fo_content\/uploads\/2024\/08\/slider_campinghuetten_07-200x90.jpg 200w, https:\/\/eifel-camp.freizeit-oasen.de\/fo_content\/uploads\/2024\/08\/slider_campinghuetten_07-400x179.jpg 400w, https:\/\/eifel-camp.freizeit-oasen.de\/fo_content\/uploads\/2024\/08\/slider_campinghuetten_07-600x269.jpg 600w, https:\/\/eifel-camp.freizeit-oasen.de\/fo_content\/uploads\/2024\/08\/slider_campinghuetten_07.jpg 670w\" sizes=\"(max-width: 670px) 100vw, 670px\" \/><\/div><div class=\"ls-slide\" data-ls=\"duration:6000;transition2d:5;\"><img decoding=\"async\" width=\"670\" height=\"300\" src=\"https:\/\/eifel-camp.freizeit-oasen.de\/fo_content\/uploads\/2024\/08\/slider_campinghuetten_01-1.jpg\" class=\"ls-bg\" alt=\"Mehrere kleine graue Holzh\u00fctten mit darunter gestapelten Baumst\u00e4mmen stehen neben einem Kiesweg in einer grasbewachsenen, l\u00e4ndlichen Gegend, in der B\u00e4ume und ein rotes Auto zu sehen sind.\" srcset=\"https:\/\/eifel-camp.freizeit-oasen.de\/fo_content\/uploads\/2024\/08\/slider_campinghuetten_01-1-24x11.jpg 24w, https:\/\/eifel-camp.freizeit-oasen.de\/fo_content\/uploads\/2024\/08\/slider_campinghuetten_01-1-36x16.jpg 36w, https:\/\/eifel-camp.freizeit-oasen.de\/fo_content\/uploads\/2024\/08\/slider_campinghuetten_01-1-48x21.jpg 48w, https:\/\/eifel-camp.freizeit-oasen.de\/fo_content\/uploads\/2024\/08\/slider_campinghuetten_01-1-200x90.jpg 200w, https:\/\/eifel-camp.freizeit-oasen.de\/fo_content\/uploads\/2024\/08\/slider_campinghuetten_01-1-400x179.jpg 400w, https:\/\/eifel-camp.freizeit-oasen.de\/fo_content\/uploads\/2024\/08\/slider_campinghuetten_01-1-600x269.jpg 600w, https:\/\/eifel-camp.freizeit-oasen.de\/fo_content\/uploads\/2024\/08\/slider_campinghuetten_01-1.jpg 670w\" sizes=\"(max-width: 670px) 100vw, 670px\" \/><\/div><div class=\"ls-slide\" data-ls=\"duration:6000;transition2d:5;\"><img decoding=\"async\" width=\"670\" height=\"300\" src=\"https:\/\/eifel-camp.freizeit-oasen.de\/fo_content\/uploads\/2024\/08\/slider_campinghuetten_02-1.jpg\" class=\"ls-bg\" alt=\"Zwei kleine graue Holzh\u00fctten mit wei\u00dfer Verkleidung stehen auf einer Wiese, in der N\u00e4he stehen Holztische und -st\u00fchle unter einem klaren blauen Himmel.\" srcset=\"https:\/\/eifel-camp.freizeit-oasen.de\/fo_content\/uploads\/2024\/08\/slider_campinghuetten_02-1-24x11.jpg 24w, https:\/\/eifel-camp.freizeit-oasen.de\/fo_content\/uploads\/2024\/08\/slider_campinghuetten_02-1-36x16.jpg 36w, https:\/\/eifel-camp.freizeit-oasen.de\/fo_content\/uploads\/2024\/08\/slider_campinghuetten_02-1-48x21.jpg 48w, https:\/\/eifel-camp.freizeit-oasen.de\/fo_content\/uploads\/2024\/08\/slider_campinghuetten_02-1-200x90.jpg 200w, https:\/\/eifel-camp.freizeit-oasen.de\/fo_content\/uploads\/2024\/08\/slider_campinghuetten_02-1-400x179.jpg 400w, https:\/\/eifel-camp.freizeit-oasen.de\/fo_content\/uploads\/2024\/08\/slider_campinghuetten_02-1-600x269.jpg 600w, https:\/\/eifel-camp.freizeit-oasen.de\/fo_content\/uploads\/2024\/08\/slider_campinghuetten_02-1.jpg 670w\" sizes=\"(max-width: 670px) 100vw, 670px\" \/><\/div><div class=\"ls-slide\" data-ls=\"duration:6000;transition2d:5;\"><img decoding=\"async\" width=\"670\" height=\"300\" src=\"https:\/\/eifel-camp.freizeit-oasen.de\/fo_content\/uploads\/2019\/02\/slider_campinghuetten_03.jpg\" class=\"ls-bg\" alt=\"Eine Frau sitzt auf den Stufen einer kleinen grauen Holzh\u00fctte und liest eine Zeitschrift. In der N\u00e4he gibt es einen h\u00f6lzernen Picknicktisch und B\u00e4nke im Gras.\" srcset=\"https:\/\/eifel-camp.freizeit-oasen.de\/fo_content\/uploads\/2019\/02\/slider_campinghuetten_03-24x11.jpg 24w, https:\/\/eifel-camp.freizeit-oasen.de\/fo_content\/uploads\/2019\/02\/slider_campinghuetten_03-36x16.jpg 36w, https:\/\/eifel-camp.freizeit-oasen.de\/fo_content\/uploads\/2019\/02\/slider_campinghuetten_03-48x21.jpg 48w, https:\/\/eifel-camp.freizeit-oasen.de\/fo_content\/uploads\/2019\/02\/slider_campinghuetten_03-200x90.jpg 200w, https:\/\/eifel-camp.freizeit-oasen.de\/fo_content\/uploads\/2019\/02\/slider_campinghuetten_03-400x179.jpg 400w, https:\/\/eifel-camp.freizeit-oasen.de\/fo_content\/uploads\/2019\/02\/slider_campinghuetten_03-600x269.jpg 600w, https:\/\/eifel-camp.freizeit-oasen.de\/fo_content\/uploads\/2019\/02\/slider_campinghuetten_03.jpg 670w\" sizes=\"(max-width: 670px) 100vw, 670px\" \/><\/div><div class=\"ls-slide\" data-ls=\"duration:6000;transition2d:5;\"><img decoding=\"async\" width=\"670\" height=\"300\" src=\"https:\/\/eifel-camp.freizeit-oasen.de\/fo_content\/uploads\/2024\/08\/slider_campinghuetten_09.jpg\" class=\"ls-bg\" alt=\"Kleine Holzh\u00fctte mit Tisch, Hockern, Sitzbank, rot karierten Vorh\u00e4ngen und einem Feuerl\u00f6scher in der Ecke.\" srcset=\"https:\/\/eifel-camp.freizeit-oasen.de\/fo_content\/uploads\/2024\/08\/slider_campinghuetten_09-24x11.jpg 24w, https:\/\/eifel-camp.freizeit-oasen.de\/fo_content\/uploads\/2024\/08\/slider_campinghuetten_09-36x16.jpg 36w, https:\/\/eifel-camp.freizeit-oasen.de\/fo_content\/uploads\/2024\/08\/slider_campinghuetten_09-48x21.jpg 48w, https:\/\/eifel-camp.freizeit-oasen.de\/fo_content\/uploads\/2024\/08\/slider_campinghuetten_09-200x90.jpg 200w, https:\/\/eifel-camp.freizeit-oasen.de\/fo_content\/uploads\/2024\/08\/slider_campinghuetten_09-400x179.jpg 400w, https:\/\/eifel-camp.freizeit-oasen.de\/fo_content\/uploads\/2024\/08\/slider_campinghuetten_09-600x269.jpg 600w, https:\/\/eifel-camp.freizeit-oasen.de\/fo_content\/uploads\/2024\/08\/slider_campinghuetten_09.jpg 670w\" sizes=\"(max-width: 670px) 100vw, 670px\" \/><\/div><div class=\"ls-slide\" data-ls=\"duration:6000;transition2d:5;\"><img decoding=\"async\" width=\"670\" height=\"300\" src=\"https:\/\/eifel-camp.freizeit-oasen.de\/fo_content\/uploads\/2024\/08\/slider_campinghuetten_10.jpg\" class=\"ls-bg\" alt=\"Holzget\u00e4feltes Zimmer mit zwei h\u00f6lzernen Etagenbetten, wei\u00dfem Bettzeug, einem Fenster mit rot karierten Vorh\u00e4ngen und einer kleinen Wandheizung.\" srcset=\"https:\/\/eifel-camp.freizeit-oasen.de\/fo_content\/uploads\/2024\/08\/slider_campinghuetten_10-24x11.jpg 24w, https:\/\/eifel-camp.freizeit-oasen.de\/fo_content\/uploads\/2024\/08\/slider_campinghuetten_10-36x16.jpg 36w, https:\/\/eifel-camp.freizeit-oasen.de\/fo_content\/uploads\/2024\/08\/slider_campinghuetten_10-48x21.jpg 48w, https:\/\/eifel-camp.freizeit-oasen.de\/fo_content\/uploads\/2024\/08\/slider_campinghuetten_10-200x90.jpg 200w, https:\/\/eifel-camp.freizeit-oasen.de\/fo_content\/uploads\/2024\/08\/slider_campinghuetten_10-400x179.jpg 400w, https:\/\/eifel-camp.freizeit-oasen.de\/fo_content\/uploads\/2024\/08\/slider_campinghuetten_10-600x269.jpg 600w, https:\/\/eifel-camp.freizeit-oasen.de\/fo_content\/uploads\/2024\/08\/slider_campinghuetten_10.jpg 670w\" sizes=\"(max-width: 670px) 100vw, 670px\" \/><\/div><div class=\"ls-slide\" data-ls=\"duration:6000;transition2d:5;\"><img decoding=\"async\" width=\"670\" height=\"300\" src=\"https:\/\/eifel-camp.freizeit-oasen.de\/fo_content\/uploads\/2019\/02\/slider_campinghuetten_06.jpg\" class=\"ls-bg\" alt=\"Zwei Personen liefern sich eine Schneeballschlacht vor zwei kleinen, schneebedeckten Holzh\u00fctten mit B\u00e4nken in einer Winterlandschaft.\" srcset=\"https:\/\/eifel-camp.freizeit-oasen.de\/fo_content\/uploads\/2019\/02\/slider_campinghuetten_06-24x11.jpg 24w, https:\/\/eifel-camp.freizeit-oasen.de\/fo_content\/uploads\/2019\/02\/slider_campinghuetten_06-36x16.jpg 36w, https:\/\/eifel-camp.freizeit-oasen.de\/fo_content\/uploads\/2019\/02\/slider_campinghuetten_06-48x21.jpg 48w, https:\/\/eifel-camp.freizeit-oasen.de\/fo_content\/uploads\/2019\/02\/slider_campinghuetten_06-200x90.jpg 200w, https:\/\/eifel-camp.freizeit-oasen.de\/fo_content\/uploads\/2019\/02\/slider_campinghuetten_06-400x179.jpg 400w, https:\/\/eifel-camp.freizeit-oasen.de\/fo_content\/uploads\/2019\/02\/slider_campinghuetten_06-600x269.jpg 600w, https:\/\/eifel-camp.freizeit-oasen.de\/fo_content\/uploads\/2019\/02\/slider_campinghuetten_06.jpg 670w\" sizes=\"(max-width: 670px) 100vw, 670px\" \/><\/div><\/div><\/div><\/div><div class=\"xzqv-layout-column xzqv_builder_column xzqv-builder-column-1 xzqv_builder_column_1_1 1_1 xzqv-flex-column\" style=\"--awb-bg-size:cover;--awb-width-large:100%;--awb-margin-top-large:0px;--awb-spacing-right-large:1.455%;--awb-margin-bottom-large:0px;--awb-spacing-left-large:1.455%;--awb-width-medium:100%;--awb-spacing-right-medium:1.455%;--awb-spacing-left-medium:1.455%;--awb-width-small:100%;--awb-spacing-right-small:1.455%;--awb-spacing-left-small:1.455%;\"><div class=\"xzqv-column-wrapper xzqv-flex-justify-content-center xzqv-content-layout-column\">\n<table width=\"100%\">\n<tbody>\n<tr>\n<td><img decoding=\"async\" class=\"alignleft size-full wp-image-16791\" src=\"https:\/\/eifel-camp.freizeit-oasen.de\/fo_content\/uploads\/2020\/01\/piktos_Campinghuetten.png\" alt=\"\" width=\"1200\" height=\"68\" srcset=\"https:\/\/eifel-camp.freizeit-oasen.de\/fo_content\/uploads\/2020\/01\/piktos_Campinghuetten-24x1.png 24w, https:\/\/eifel-camp.freizeit-oasen.de\/fo_content\/uploads\/2020\/01\/piktos_Campinghuetten-36x2.png 36w, https:\/\/eifel-camp.freizeit-oasen.de\/fo_content\/uploads\/2020\/01\/piktos_Campinghuetten-48x3.png 48w, https:\/\/eifel-camp.freizeit-oasen.de\/fo_content\/uploads\/2020\/01\/piktos_Campinghuetten-200x11.png 200w, https:\/\/eifel-camp.freizeit-oasen.de\/fo_content\/uploads\/2020\/01\/piktos_Campinghuetten-400x23.png 400w, https:\/\/eifel-camp.freizeit-oasen.de\/fo_content\/uploads\/2020\/01\/piktos_Campinghuetten-600x34.png 600w, https:\/\/eifel-camp.freizeit-oasen.de\/fo_content\/uploads\/2020\/01\/piktos_Campinghuetten-768x44.png 768w, https:\/\/eifel-camp.freizeit-oasen.de\/fo_content\/uploads\/2020\/01\/piktos_Campinghuetten-800x45.png 800w, https:\/\/eifel-camp.freizeit-oasen.de\/fo_content\/uploads\/2020\/01\/piktos_Campinghuetten.png 1200w\" sizes=\"(max-width: 1200px) 100vw, 1200px\" \/><\/td>\n<td width=\"60px\"><a href=\"\/fo_content\/uploads\/2020\/01\/FO-Eifel-Camp-Prospekt-Piktogramme.pdf\" target=\"_blank\" rel=\"noopener noreferrer\"><img decoding=\"async\" class=\"wp-image-6999 size-full alignnone alignright\" src=\"https:\/\/eifel-camp.freizeit-oasen.de\/fo_content\/uploads\/2013\/11\/icon_pdf40_tr2.gif\" alt=\"\" width=\"40\" height=\"40\" \/><\/a><\/td>\n<\/tr>\n<\/tbody>\n<\/table>\n<\/div><\/div><\/div><\/div><div class=\"xzqv-fullwidth fullwidth-box xzqv-builder-row-2 xzqv-flex-container hundred-percent-fullwidth non-hundred-percent-height-scrolling\" style=\"--awb-border-radius-top-left:0px;--awb-border-radius-top-right:0px;--awb-border-radius-bottom-right:0px;--awb-border-radius-bottom-left:0px;--awb-overflow:visible;--awb-flex-wrap:wrap;\" ><div class=\"xzqv-builder-row xzqv-row xzqv-flex-align-items-flex-start xzqv-flex-content-wrap\" style=\"width:103% !important;max-width:103% !important;margin-left: calc(-3% \/ 2 );margin-right: calc(-3% \/ 2 );\"><div class=\"xzqv-layout-column xzqv_builder_column xzqv-builder-column-2 xzqv_builder_column_1_1 1_1 xzqv-flex-column xzqv-flex-align-self-flex-start xzqv-column-no-min-height\" style=\"--awb-bg-size:cover;--awb-width-large:100%;--awb-margin-top-large:0px;--awb-spacing-right-large:1.455%;--awb-margin-bottom-large:0px;--awb-spacing-left-large:1.455%;--awb-width-medium:100%;--awb-spacing-right-medium:1.455%;--awb-spacing-left-medium:1.455%;--awb-width-small:100%;--awb-spacing-right-small:1.455%;--awb-spacing-left-small:1.455%;\"><div class=\"xzqv-column-wrapper xzqv-flex-justify-content-flex-start xzqv-content-layout-column\"><div class=\"xzqv-text xzqv-text-1\"><h2><\/h2>\n<h2>Campinghutten<\/h2>\n<p>De knusse houten campinghutten zijn ruim opgesteld en liggen per vier samen op een veldje aan de rand van Eifel-Camp. Alleen al de rustieke uitstraling geven je een huiselijk gevoel en nodigen u uit om hierin te overnachten.<\/p>\n<h2>Aankomen en relaxten<\/h2>\n<p>De campinghutten zijn geschikt voor maximaal 4 personen. Ze zijn goed ge\u00efsoleerd en dankzij de elektrische verwarming perfect geschikt, zelfs in de winter voor een vakantie met het hele gezin. In het lux nabij gelegen sanitairgebouw kunt u gebruik maken van de sanitaire voorzieningen en om te koken staat het kook-en afwasgebouw voor u ter beschikking. Beddengoed, dekens en kussens (of slaapzakken) brengt u mee van huis, evenals handdoeken, serviesgoed, bestek en kookbenodigdheden.<\/p>\n<h2>Gezinsvriendelijk<\/h2>\n<p>Als u op zoek bent naar een knus alternatief voor een vakantiewoning of pension, dan zijn de campinghutten in het Eifel-Camp precies wat u zoekt. De autenthieke en rustieke houten hutten zijn zeer populair bij gezinnen, maar ook motorrijders, fietsers en wandelaars die geen tent mee willen brengen, verblijven hier graag.<\/p>\n<h2>Samen<\/h2>\n<p>In totaal hebben we 12 campinghutten ter beschikking, verdeeld over 3 terassen. Zo kunt u ook als groep genieten van deze bijzondere vorm van kamperen.<\/p>\n<h2>Honden<\/h2>\n<p><img decoding=\"async\" class=\"alignleft wp-image-13006\" src=\"https:\/\/eifel-camp.freizeit-oasen.de\/fo_content\/uploads\/2018\/12\/hunde_erlaubt.png\" alt=\"\" width=\"40\" height=\"51\" srcset=\"https:\/\/eifel-camp.freizeit-oasen.de\/fo_content\/uploads\/2018\/12\/hunde_erlaubt-19x24.png 19w, https:\/\/eifel-camp.freizeit-oasen.de\/fo_content\/uploads\/2018\/12\/hunde_erlaubt-28x36.png 28w, https:\/\/eifel-camp.freizeit-oasen.de\/fo_content\/uploads\/2018\/12\/hunde_erlaubt-38x48.png 38w, https:\/\/eifel-camp.freizeit-oasen.de\/fo_content\/uploads\/2018\/12\/hunde_erlaubt-200x254.png 200w, https:\/\/eifel-camp.freizeit-oasen.de\/fo_content\/uploads\/2018\/12\/hunde_erlaubt.png 237w\" sizes=\"(max-width: 40px) 100vw, 40px\" \/><br \/>\nMaximaal twee honden per campinghut zijn toegestaan.<\/p>\n<div class=\"xzqv-separator xzqv-full-width-sep\" style=\"align-self: center;margin-left: auto;margin-right: auto;margin-top:20px;width:100%;\"><\/div>\n<h2><\/h2>\n<h2>Uitrusting<\/h2>\n<p>De buitenafmetingen van de campinghutten zijn ca. 600 x 250 cm of 500 x 300 cm (l x b). De campinghutten zijn in <strong>twee verschillende uitvoeringen<\/strong> beschikbaar en zijn als volgt uitgerust:<\/p>\n<p><strong>Campinghut type 1<\/strong><\/p>\n<\/div><ul style=\"--awb-line-height:22.1px;--awb-icon-width:22.1px;--awb-icon-height:22.1px;--awb-icon-margin:9.1px;--awb-content-margin:31.2px;--awb-circlecolor:#a0ce4e;--awb-circle-yes-font-size:11.44px;\" class=\"xzqv-checklist xzqv-checklist-1 xzqv-checklist-default type-icons\">\n\n<li class=\"xzqv-li-item\" style=\"\"><span class=\"icon-wrapper circle-yes\"><i class=\"xzqv-li-icon fa fa-check\" aria-hidden=\"true\"><\/i><\/span><div class=\"xzqv-li-item-content\">2 stapelbedden (80 x 200 cm)<\/div><\/li>\n<li class=\"xzqv-li-item\" style=\"\"><span class=\"icon-wrapper circle-yes\"><i class=\"xzqv-li-icon fa fa-check\" aria-hidden=\"true\"><\/i><\/span><div class=\"xzqv-li-item-content\">een kast met legplanken<\/div><\/li>\n<li class=\"xzqv-li-item\" style=\"\"><span class=\"icon-wrapper circle-yes\"><i class=\"xzqv-li-icon fa fa-check\" aria-hidden=\"true\"><\/i><\/span><div class=\"xzqv-li-item-content\">een gaderobe<\/div><\/li>\n<li class=\"xzqv-li-item\" style=\"\"><span class=\"icon-wrapper circle-yes\"><i class=\"xzqv-li-icon fa fa-check\" aria-hidden=\"true\"><\/i><\/span><div class=\"xzqv-li-item-content\">een eettafel met hoekbank<\/div><\/li>\n<li class=\"xzqv-li-item\" style=\"\"><span class=\"icon-wrapper circle-yes\"><i class=\"xzqv-li-icon fa fa-check\" aria-hidden=\"true\"><\/i><\/span><div class=\"xzqv-li-item-content\">buiten- en binnenverlichting<\/div><\/li>\n<li class=\"xzqv-li-item\" style=\"\"><span class=\"icon-wrapper circle-yes\"><i class=\"xzqv-li-icon fa fa-check\" aria-hidden=\"true\"><\/i><\/span><div class=\"xzqv-li-item-content\">elektrische kachel<\/div><\/li>\n<li class=\"xzqv-li-item\" style=\"\"><span class=\"icon-wrapper circle-yes\"><i class=\"xzqv-li-icon fa fa-check\" aria-hidden=\"true\"><\/i><\/span><div class=\"xzqv-li-item-content\">ramen met gordijnen<\/div><\/li>\n<li class=\"xzqv-li-item\" style=\"\"><span class=\"icon-wrapper circle-yes\"><i class=\"xzqv-li-icon fa fa-check\" aria-hidden=\"true\"><\/i><\/span><div class=\"xzqv-li-item-content\">buiten voor de campinghut een rustikale bank met tafel<\/div><\/li>\n<li class=\"xzqv-li-item\" style=\"\"><span class=\"icon-wrapper circle-yes\"><i class=\"xzqv-li-icon fa fa-check\" aria-hidden=\"true\"><\/i><\/span><div class=\"xzqv-li-item-content\">parkeergelegenheid direct naast uw Campinghut<\/div><\/li>\n<li class=\"xzqv-li-item\" style=\"\"><span class=\"icon-wrapper circle-yes\"><i class=\"xzqv-li-icon fa fa-check\" aria-hidden=\"true\"><\/i><\/span><div class=\"xzqv-li-item-content\">beddengoed en handdoeken kunnen tegen betaling worden geleend (graag bij boeking doorgeven)<\/div><\/li>\n\n<\/ul><div class=\"xzqv-separator xzqv-full-width-sep\" style=\"align-self: center;margin-left: auto;margin-right: auto;margin-top:20px;width:100%;\"><\/div><div class=\"xzqv-text xzqv-text-2\"><p><strong>Campinghut type 2<\/strong><\/p>\n<\/div><ul style=\"--awb-line-height:22.1px;--awb-icon-width:22.1px;--awb-icon-height:22.1px;--awb-icon-margin:9.1px;--awb-content-margin:31.2px;--awb-circlecolor:#a0ce4e;--awb-circle-yes-font-size:11.44px;\" class=\"xzqv-checklist xzqv-checklist-2 xzqv-checklist-default type-icons\">\n\n<li class=\"xzqv-li-item\" style=\"\"><span class=\"icon-wrapper circle-yes\"><i class=\"xzqv-li-icon fa fa-check\" aria-hidden=\"true\"><\/i><\/span><div class=\"xzqv-li-item-content\">1 tweepersoons stapelbet (140 x 200 cm)<\/div><\/li>\n<li class=\"xzqv-li-item\" style=\"\"><span class=\"icon-wrapper circle-yes\"><i class=\"xzqv-li-icon fa fa-check\" aria-hidden=\"true\"><\/i><\/span><div class=\"xzqv-li-item-content\">een kast met legplanken<\/div><\/li>\n<li class=\"xzqv-li-item\" style=\"\"><span class=\"icon-wrapper circle-yes\"><i class=\"xzqv-li-icon fa fa-check\" aria-hidden=\"true\"><\/i><\/span><div class=\"xzqv-li-item-content\">en gaderobe<\/div><\/li>\n<li class=\"xzqv-li-item\" style=\"\"><span class=\"icon-wrapper circle-yes\"><i class=\"xzqv-li-icon fa fa-check\" aria-hidden=\"true\"><\/i><\/span><div class=\"xzqv-li-item-content\">een eettafel met hoekbank<\/div><\/li>\n<li class=\"xzqv-li-item\" style=\"\"><span class=\"icon-wrapper circle-yes\"><i class=\"xzqv-li-icon fa fa-check\" aria-hidden=\"true\"><\/i><\/span><div class=\"xzqv-li-item-content\">buiten- en binnenverlichting<\/div><\/li>\n<li class=\"xzqv-li-item\" style=\"\"><span class=\"icon-wrapper circle-yes\"><i class=\"xzqv-li-icon fa fa-check\" aria-hidden=\"true\"><\/i><\/span><div class=\"xzqv-li-item-content\">elektrische kachel<\/div><\/li>\n<li class=\"xzqv-li-item\" style=\"\"><span class=\"icon-wrapper circle-yes\"><i class=\"xzqv-li-icon fa fa-check\" aria-hidden=\"true\"><\/i><\/span><div class=\"xzqv-li-item-content\">ramen met gordijnen<\/div><\/li>\n<li class=\"xzqv-li-item\" style=\"\"><span class=\"icon-wrapper circle-yes\"><i class=\"xzqv-li-icon fa fa-check\" aria-hidden=\"true\"><\/i><\/span><div class=\"xzqv-li-item-content\">buiten voor de campinghut een rustikale bank met tafel<\/div><\/li>\n<li class=\"xzqv-li-item\" style=\"\"><span class=\"icon-wrapper circle-yes\"><i class=\"xzqv-li-icon fa fa-check\" aria-hidden=\"true\"><\/i><\/span><div class=\"xzqv-li-item-content\">parkeergelegenheid direct naast uw Campinghut<\/div><\/li>\n<li class=\"xzqv-li-item\" style=\"\"><span class=\"icon-wrapper circle-yes\"><i class=\"xzqv-li-icon fa fa-check\" aria-hidden=\"true\"><\/i><\/span><div class=\"xzqv-li-item-content\">beddengoed en handdoeken kunnen tegen betaling worden geleend (graag bij boeking doorgeven)<\/div><\/li>\n\n<\/ul><div class=\"xzqv-separator xzqv-full-width-sep\" style=\"align-self: center;margin-left: auto;margin-right: auto;margin-top:20px;width:100%;\"><\/div><div class=\"xzqv-text xzqv-text-3\"><h2>Sanitair-, Kook- en wasgelegenheid<\/h2>\n<p>Vanaf de campinghutten zijn de kook, &#8211; afwas- en sanit\u00e4revoorzieningen eenvoudig en snel te bereiken. Dit zorgt ervoor dat het u aan niets ontbreekt tijdens u verblijf.<\/p>\n<\/div><ul style=\"--awb-line-height:22.1px;--awb-icon-width:22.1px;--awb-icon-height:22.1px;--awb-icon-margin:9.1px;--awb-content-margin:31.2px;--awb-circlecolor:#a0ce4e;--awb-circle-yes-font-size:11.44px;\" class=\"xzqv-checklist xzqv-checklist-3 xzqv-checklist-default type-icons\">\n\n<li class=\"xzqv-li-item\" style=\"\"><span class=\"icon-wrapper circle-yes\"><i class=\"xzqv-li-icon fa fa-check\" aria-hidden=\"true\"><\/i><\/span><div class=\"xzqv-li-item-content\">warmwater om te douchen zonder gebruik van muntjes<\/div><\/li>\n<li class=\"xzqv-li-item\" style=\"\"><span class=\"icon-wrapper circle-yes\"><i class=\"xzqv-li-icon fa fa-check\" aria-hidden=\"true\"><\/i><\/span><div class=\"xzqv-li-item-content\">wasmachine en droger (tegen betaling)<\/div><\/li>\n<li class=\"xzqv-li-item\" style=\"\"><span class=\"icon-wrapper circle-yes\"><i class=\"xzqv-li-icon fa fa-check\" aria-hidden=\"true\"><\/i><\/span><div class=\"xzqv-li-item-content\">een badlkamer speciaal voor kinderen<\/div><\/li>\n<li class=\"xzqv-li-item\" style=\"\"><span class=\"icon-wrapper circle-yes\"><i class=\"xzqv-li-icon fa fa-check\" aria-hidden=\"true\"><\/i><\/span><div class=\"xzqv-li-item-content\">de sanit\u00e4re voorzieningen zijn barrierevrij<\/div><\/li>\n<li class=\"xzqv-li-item\" style=\"\"><span class=\"icon-wrapper circle-yes\"><i class=\"xzqv-li-icon fa fa-check\" aria-hidden=\"true\"><\/i><\/span><div class=\"xzqv-li-item-content\">kookgelegenheid (tegen betaling)<\/div><\/li>\n<li class=\"xzqv-li-item\" style=\"\"><span class=\"icon-wrapper circle-yes\"><i class=\"xzqv-li-icon fa fa-check\" aria-hidden=\"true\"><\/i><\/span><div class=\"xzqv-li-item-content\">hondendouche<\/div><\/li>\n<li class=\"xzqv-li-item\" style=\"\"><span class=\"icon-wrapper circle-yes\"><i class=\"xzqv-li-icon fa fa-check\" aria-hidden=\"true\"><\/i><\/span><div class=\"xzqv-li-item-content\">droogruimte<\/div><\/li>\n\n<\/ul><div class=\"xzqv-separator xzqv-full-width-sep\" style=\"align-self: center;margin-left: auto;margin-right: auto;margin-top:20px;width:100%;\"><\/div><\/div><\/div><\/div><\/div><div class=\"xzqv-fullwidth fullwidth-box xzqv-builder-row-3 xzqv-flex-container has-pattern-background has-mask-background nonhundred-percent-fullwidth non-hundred-percent-height-scrolling xzqv-animated\" style=\"--awb-border-radius-top-left:0px;--awb-border-radius-top-right:0px;--awb-border-radius-bottom-right:0px;--awb-border-radius-bottom-left:0px;--awb-padding-top:20px;--awb-flex-wrap:wrap;\" data-animationType=\"fadeInLeft\" data-animationDuration=\"2.0\" data-animationOffset=\"top-into-view\" ><div class=\"xzqv-builder-row xzqv-row xzqv-flex-align-items-flex-start xzqv-flex-content-wrap\" style=\"max-width:1030px;margin-left: calc(-3% \/ 2 );margin-right: calc(-3% \/ 2 );\"><div class=\"xzqv-layout-column xzqv_builder_column xzqv-builder-column-3 xzqv_builder_column_1_1 1_1 xzqv-flex-column\" style=\"--awb-bg-size:cover;--awb-width-large:100%;--awb-margin-top-large:0px;--awb-spacing-right-large:1.455%;--awb-margin-bottom-large:20px;--awb-spacing-left-large:1.455%;--awb-width-medium:100%;--awb-order-medium:0;--awb-spacing-right-medium:1.455%;--awb-spacing-left-medium:1.455%;--awb-width-small:100%;--awb-order-small:0;--awb-spacing-right-small:1.455%;--awb-spacing-left-small:1.455%;\"><div class=\"xzqv-column-wrapper xzqv-column-has-shadow xzqv-flex-justify-content-flex-start xzqv-content-layout-column\"><div class=\"xzqv-separator xzqv-full-width-sep\" style=\"align-self: center;margin-left: auto;margin-right: auto;margin-top:20px;width:100%;\"><div class=\"xzqv-separator-border sep-single sep-solid\" style=\"--awb-height:20px;--awb-amount:20px;border-color:#435b7e;border-top-width:1px;\"><\/div><\/div><div class=\"xzqv-text xzqv-text-4\" style=\"--awb-text-transform:none;\"><h1>Das k\u00f6nnte Sie auch noch interessieren:<\/h1>\n<\/div><div class=\"xzqv-text xzqv-text-5\"><div class=\"xzqv-text xzqv-text-5\"><\/div>\n<\/div><div class=\"xzqv-separator xzqv-full-width-sep\" style=\"align-self: center;margin-left: auto;margin-right: auto;margin-top:20px;width:100%;\"><\/div><div class=\"xzqv-builder-row xzqv-builder-row-inner xzqv-row xzqv-flex-align-items-flex-start xzqv-flex-content-wrap\" style=\"width:103% !important;max-width:103% !important;margin-left: calc(-3% \/ 2 );margin-right: calc(-3% \/ 2 );\"><div class=\"xzqv-layout-column xzqv_builder_column_inner xzqv-builder-nested-column-0 xzqv_builder_column_inner_1_2 1_2 xzqv-flex-column xzqv-animated\" style=\"--awb-bg-size:cover;--awb-width-large:50%;--awb-margin-top-large:0px;--awb-spacing-right-large:2.91%;--awb-margin-bottom-large:20px;--awb-spacing-left-large:2.91%;--awb-width-medium:50%;--awb-order-medium:0;--awb-spacing-right-medium:2.91%;--awb-spacing-left-medium:2.91%;--awb-width-small:100%;--awb-order-small:0;--awb-spacing-right-small:1.455%;--awb-spacing-left-small:1.455%;\" data-animationType=\"fadeInDown\" data-animationDuration=\"0.5\" data-animationOffset=\"top-into-view\"><div class=\"xzqv-column-wrapper xzqv-column-has-shadow xzqv-flex-justify-content-flex-start xzqv-content-layout-column\"><div class=\"xzqv-image-element awb-imageframe-style awb-imageframe-style-below awb-imageframe-style-1\" style=\"--awb-aspect-ratio:2 \/ 1;--awb-caption-title-font-family:var(--h2_typography-font-family);--awb-caption-title-font-weight:var(--h2_typography-font-weight);--awb-caption-title-font-style:var(--h2_typography-font-style);--awb-caption-title-size:var(--h2_typography-font-size);--awb-caption-title-transform:var(--h2_typography-text-transform);--awb-caption-title-line-height:var(--h2_typography-line-height);--awb-caption-title-letter-spacing:var(--h2_typography-letter-spacing);\"><span class=\" xzqv-imageframe imageframe-none imageframe-1 hover-type-none has-aspect-ratio\"><a class=\"xzqv-no-lightbox\" href=\"https:\/\/eifel-camp.freizeit-oasen.de\/sanitaeranlagen\/\" target=\"_self\" aria-label=\"slider_sanitaer_04\"><img decoding=\"async\" width=\"670\" height=\"300\" alt=\"Ein hell erleuchtetes Badezimmer mit wei\u00dfen Fliesen, die durch horizontale Streifen in Orange, Rot, Gr\u00fcn und Blau akzentuiert sind, mit Waschbecken, Spiegeln und einem Duschbereich.\" src=\"https:\/\/eifel-camp.freizeit-oasen.de\/fo_content\/uploads\/2019\/02\/slider_sanitaer_04.jpg\" class=\"img-responsive wp-image-13197 img-with-aspect-ratio\" data-parent-fit=\"cover\" data-parent-container=\".xzqv-image-element\" srcset=\"https:\/\/eifel-camp.freizeit-oasen.de\/fo_content\/uploads\/2019\/02\/slider_sanitaer_04-200x90.jpg 200w, https:\/\/eifel-camp.freizeit-oasen.de\/fo_content\/uploads\/2019\/02\/slider_sanitaer_04-400x179.jpg 400w, https:\/\/eifel-camp.freizeit-oasen.de\/fo_content\/uploads\/2019\/02\/slider_sanitaer_04-600x269.jpg 600w, https:\/\/eifel-camp.freizeit-oasen.de\/fo_content\/uploads\/2019\/02\/slider_sanitaer_04.jpg 670w\" sizes=\"(max-width: 640px) 100vw, 600px\" \/><\/a><\/span><div class=\"awb-imageframe-caption-container\" style=\"text-align:center;\"><div class=\"awb-imageframe-caption\"><h2 class=\"awb-imageframe-caption-title\">Sanit\u00e4rgeb\u00e4ude<\/h2><\/div><\/div><\/div><\/div><\/div><div class=\"xzqv-layout-column xzqv_builder_column_inner xzqv-builder-nested-column-1 xzqv_builder_column_inner_1_2 1_2 xzqv-flex-column xzqv-animated\" style=\"--awb-bg-size:cover;--awb-width-large:50%;--awb-margin-top-large:0px;--awb-spacing-right-large:2.91%;--awb-margin-bottom-large:20px;--awb-spacing-left-large:2.91%;--awb-width-medium:50%;--awb-order-medium:0;--awb-spacing-right-medium:2.91%;--awb-spacing-left-medium:2.91%;--awb-width-small:100%;--awb-order-small:0;--awb-spacing-right-small:1.455%;--awb-spacing-left-small:1.455%;\" data-animationType=\"fadeInDown\" data-animationDuration=\"0.5\" data-animationOffset=\"top-into-view\"><div class=\"xzqv-column-wrapper xzqv-column-has-shadow xzqv-flex-justify-content-flex-start xzqv-content-layout-column\"><div class=\"xzqv-image-element awb-imageframe-style awb-imageframe-style-below awb-imageframe-style-2\" style=\"--awb-aspect-ratio:2 \/ 1;--awb-caption-title-font-family:var(--h2_typography-font-family);--awb-caption-title-font-weight:var(--h2_typography-font-weight);--awb-caption-title-font-style:var(--h2_typography-font-style);--awb-caption-title-size:var(--h2_typography-font-size);--awb-caption-title-transform:var(--h2_typography-text-transform);--awb-caption-title-line-height:var(--h2_typography-line-height);--awb-caption-title-letter-spacing:var(--h2_typography-letter-spacing);\"><span class=\" xzqv-imageframe imageframe-none imageframe-2 hover-type-none has-aspect-ratio\"><a class=\"xzqv-no-lightbox\" href=\"https:\/\/eifel-camp.freizeit-oasen.de\/360-panoramen-unterkuenfte\/\" target=\"_self\" aria-label=\"360_teaser\"><img decoding=\"async\" width=\"485\" height=\"285\" alt=\"Zwei kleine graue H\u00fctten mit Sitzgelegenheiten im Freien auf einer Wiese im Eifel-Camp, unter einem klaren blauen Himmel, mit einer gro\u00dfen 360\u00b0-Grafik, die \u00fcber das Bild gelegt wird.\" src=\"https:\/\/eifel-camp.freizeit-oasen.de\/fo_content\/uploads\/2019\/06\/360_teaser.jpg\" class=\"img-responsive wp-image-16184 img-with-aspect-ratio\" data-parent-fit=\"cover\" data-parent-container=\".xzqv-image-element\" srcset=\"https:\/\/eifel-camp.freizeit-oasen.de\/fo_content\/uploads\/2019\/06\/360_teaser-200x118.jpg 200w, https:\/\/eifel-camp.freizeit-oasen.de\/fo_content\/uploads\/2019\/06\/360_teaser-400x235.jpg 400w, https:\/\/eifel-camp.freizeit-oasen.de\/fo_content\/uploads\/2019\/06\/360_teaser.jpg 485w\" sizes=\"(max-width: 640px) 100vw, 485px\" \/><\/a><\/span><div class=\"awb-imageframe-caption-container\" style=\"text-align:center;\"><div class=\"awb-imageframe-caption\"><h2 class=\"awb-imageframe-caption-title\">Panoramen der Unterk\u00fcnfte<\/h2><\/div><\/div><\/div><\/div><\/div><\/div><div class=\"xzqv-builder-row xzqv-builder-row-inner xzqv-row xzqv-flex-align-items-flex-start xzqv-flex-content-wrap\" style=\"width:103% !important;max-width:103% !important;margin-left: calc(-3% \/ 2 );margin-right: calc(-3% \/ 2 );\"><div class=\"xzqv-layout-column xzqv_builder_column_inner xzqv-builder-nested-column-2 xzqv_builder_column_inner_1_2 1_2 xzqv-flex-column xzqv-animated\" style=\"--awb-bg-size:cover;--awb-width-large:50%;--awb-margin-top-large:0px;--awb-spacing-right-large:2.91%;--awb-margin-bottom-large:20px;--awb-spacing-left-large:2.91%;--awb-width-medium:50%;--awb-order-medium:0;--awb-spacing-right-medium:2.91%;--awb-spacing-left-medium:2.91%;--awb-width-small:100%;--awb-order-small:0;--awb-spacing-right-small:1.455%;--awb-spacing-left-small:1.455%;\" data-animationType=\"fadeInUp\" data-animationDuration=\"1.0\" data-animationOffset=\"top-into-view\"><div class=\"xzqv-column-wrapper xzqv-column-has-shadow xzqv-flex-justify-content-flex-start xzqv-content-layout-column\"><div class=\"xzqv-image-element awb-imageframe-style awb-imageframe-style-below awb-imageframe-style-3\" style=\"--awb-aspect-ratio:2 \/ 1;--awb-caption-title-font-family:var(--h2_typography-font-family);--awb-caption-title-font-weight:var(--h2_typography-font-weight);--awb-caption-title-font-style:var(--h2_typography-font-style);--awb-caption-title-size:var(--h2_typography-font-size);--awb-caption-title-transform:var(--h2_typography-text-transform);--awb-caption-title-line-height:var(--h2_typography-line-height);--awb-caption-title-letter-spacing:var(--h2_typography-letter-spacing);\"><span class=\" xzqv-imageframe imageframe-none imageframe-3 hover-type-none has-aspect-ratio\"><a class=\"xzqv-no-lightbox\" href=\"https:\/\/eifel-camp.freizeit-oasen.de\/fo_content\/uploads\/2019\/02\/Eifel-Camp_Platzplan.pdf\" target=\"_blank\" aria-label=\"Teaser_Plan\" rel=\"noopener noreferrer\"><img decoding=\"async\" width=\"485\" height=\"285\" alt=\"Karte des Eifel-Camps am Freilinger See mit farblich gekennzeichneten Abschnitten f\u00fcr Campingpl\u00e4tze, H\u00fctten, Einrichtungen, Parkpl\u00e4tze, Stra\u00dfen und Gr\u00fcnfl\u00e4chen mit einer Legende und einem Logo auf der rechten Seite.\" src=\"https:\/\/eifel-camp.freizeit-oasen.de\/fo_content\/uploads\/2022\/04\/Teaser_Plan.jpg\" class=\"img-responsive wp-image-19798 img-with-aspect-ratio\" data-parent-fit=\"cover\" data-parent-container=\".xzqv-image-element\" srcset=\"https:\/\/eifel-camp.freizeit-oasen.de\/fo_content\/uploads\/2022\/04\/Teaser_Plan-200x118.jpg 200w, https:\/\/eifel-camp.freizeit-oasen.de\/fo_content\/uploads\/2022\/04\/Teaser_Plan-400x235.jpg 400w, https:\/\/eifel-camp.freizeit-oasen.de\/fo_content\/uploads\/2022\/04\/Teaser_Plan.jpg 485w\" sizes=\"(max-width: 640px) 100vw, 485px\" \/><\/a><\/span><div class=\"awb-imageframe-caption-container\" style=\"text-align:center;\"><div class=\"awb-imageframe-caption\"><h2 class=\"awb-imageframe-caption-title\">Platzplan<\/h2><\/div><\/div><\/div><\/div><\/div><div class=\"xzqv-layout-column xzqv_builder_column_inner xzqv-builder-nested-column-3 xzqv_builder_column_inner_1_2 1_2 xzqv-flex-column xzqv-animated\" style=\"--awb-bg-size:cover;--awb-width-large:50%;--awb-margin-top-large:0px;--awb-spacing-right-large:2.91%;--awb-margin-bottom-large:20px;--awb-spacing-left-large:2.91%;--awb-width-medium:50%;--awb-order-medium:0;--awb-spacing-right-medium:2.91%;--awb-spacing-left-medium:2.91%;--awb-width-small:100%;--awb-order-small:0;--awb-spacing-right-small:1.455%;--awb-spacing-left-small:1.455%;\" data-animationType=\"fadeInUp\" data-animationDuration=\"1.0\" data-animationOffset=\"top-into-view\"><div class=\"xzqv-column-wrapper xzqv-column-has-shadow xzqv-flex-justify-content-flex-start xzqv-content-layout-column\"><div class=\"xzqv-image-element awb-imageframe-style awb-imageframe-style-below awb-imageframe-style-4\" style=\"--awb-aspect-ratio:2 \/ 1;--awb-caption-title-font-family:var(--h2_typography-font-family);--awb-caption-title-font-weight:var(--h2_typography-font-weight);--awb-caption-title-font-style:var(--h2_typography-font-style);--awb-caption-title-size:var(--h2_typography-font-size);--awb-caption-title-transform:var(--h2_typography-text-transform);--awb-caption-title-line-height:var(--h2_typography-line-height);--awb-caption-title-letter-spacing:var(--h2_typography-letter-spacing);\"><span class=\" xzqv-imageframe imageframe-none imageframe-4 hover-type-none has-aspect-ratio\"><a class=\"xzqv-no-lightbox\" href=\"https:\/\/eifel-camp.freizeit-oasen.de\/easybuchen-gutscheine\/\" target=\"_self\" aria-label=\"gutschein\"><img decoding=\"async\" width=\"485\" height=\"285\" alt=\"Cartoon-Dinosaurier mit Blumen und einer Geschenkschachtel steht vor einem See mit Herbstb\u00e4umen im Eifel-Camp; der Text lautet Superior Geschenk-Gutscheine mit f\u00fcnf Sternen dar\u00fcber.\" src=\"https:\/\/eifel-camp.freizeit-oasen.de\/fo_content\/uploads\/2021\/11\/gutschein.jpg\" class=\"img-responsive wp-image-19024 img-with-aspect-ratio\" data-parent-fit=\"cover\" data-parent-container=\".xzqv-image-element\" srcset=\"https:\/\/eifel-camp.freizeit-oasen.de\/fo_content\/uploads\/2021\/11\/gutschein-200x118.jpg 200w, https:\/\/eifel-camp.freizeit-oasen.de\/fo_content\/uploads\/2021\/11\/gutschein-400x235.jpg 400w, https:\/\/eifel-camp.freizeit-oasen.de\/fo_content\/uploads\/2021\/11\/gutschein.jpg 485w\" sizes=\"(max-width: 640px) 100vw, 485px\" \/><\/a><\/span><div class=\"awb-imageframe-caption-container\" style=\"text-align:center;\"><div class=\"awb-imageframe-caption\"><h2 class=\"awb-imageframe-caption-title\">Geschenkgutscheine<\/h2><\/div><\/div><\/div><\/div><\/div><\/div><\/div><\/div><\/div><\/div>\n<div class=\"xzqv-fullwidth fullwidth-box xzqv-builder-row-4 xzqv-flex-container nonhundred-percent-fullwidth non-hundred-percent-height-scrolling\" style=\"--awb-background-position:top right;--awb-border-color:#e5e4e4;--awb-border-radius-top-left:0px;--awb-border-radius-top-right:0px;--awb-border-radius-bottom-right:0px;--awb-border-radius-bottom-left:0px;--awb-padding-top:20px;--awb-padding-bottom:20px;--awb-background-color:#b3c6db;--awb-border-sizes-top:1px;--awb-border-sizes-bottom:1px;--awb-flex-wrap:wrap;\" ><div class=\"xzqv-builder-row xzqv-row xzqv-flex-align-items-flex-start xzqv-flex-content-wrap\" style=\"max-width:1030px;margin-left: calc(-3% \/ 2 );margin-right: calc(-3% \/ 2 );\"><div class=\"xzqv-layout-column xzqv_builder_column xzqv-builder-column-4 xzqv_builder_column_1_1 1_1 xzqv-flex-column\" style=\"--awb-bg-size:cover;--awb-width-large:100%;--awb-margin-top-large:0px;--awb-spacing-right-large:1.455%;--awb-margin-bottom-large:0px;--awb-spacing-left-large:1.455%;--awb-width-medium:100%;--awb-spacing-right-medium:1.455%;--awb-spacing-left-medium:1.455%;--awb-width-small:100%;--awb-spacing-right-small:1.455%;--awb-spacing-left-small:1.455%;\"><div class=\"xzqv-column-wrapper xzqv-flex-justify-content-flex-start xzqv-content-layout-column\"><div class=\"xzqv-text xzqv-text-7\"><h1 style=\"text-align: center; font-size: 30px !important;\">We verheugen ons op uw komst!<\/h1>\n<p style=\"text-align: right;\">\n<\/div><\/div><\/div><div class=\"xzqv-layout-column xzqv_builder_column xzqv-builder-column-5 xzqv_builder_column_1_1 1_1 xzqv-flex-column xzqv-flex-align-self-flex-start xzqv-column-no-min-height\" style=\"--awb-bg-size:cover;--awb-width-large:100%;--awb-margin-top-large:0px;--awb-spacing-right-large:1.455%;--awb-margin-bottom-large:0px;--awb-spacing-left-large:1.455%;--awb-width-medium:100%;--awb-spacing-right-medium:1.455%;--awb-spacing-left-medium:1.455%;--awb-width-small:100%;--awb-spacing-right-small:1.455%;--awb-spacing-left-small:1.455%;\"><div class=\"xzqv-column-wrapper xzqv-flex-justify-content-flex-start xzqv-content-layout-column\"><div class=\"xzqv-separator xzqv-full-width-sep\" style=\"align-self: center;margin-left: auto;margin-right: auto;margin-top:10px;width:100%;\"><\/div><\/div><\/div><\/div><\/div><div class=\"xzqv-fullwidth fullwidth-box xzqv-builder-row-5 xzqv-flex-container has-pattern-background has-mask-background nonhundred-percent-fullwidth non-hundred-percent-height-scrolling\" style=\"--awb-border-radius-top-left:0px;--awb-border-radius-top-right:0px;--awb-border-radius-bottom-right:0px;--awb-border-radius-bottom-left:0px;--awb-margin-top:10px;--awb-margin-bottom:10px;--awb-flex-wrap:wrap;\" ><div class=\"xzqv-builder-row xzqv-row xzqv-flex-align-items-flex-start xzqv-flex-content-wrap\" style=\"max-width:1030px;margin-left: calc(-3% \/ 2 );margin-right: calc(-3% \/ 2 );\"><div class=\"xzqv-layout-column xzqv_builder_column xzqv-builder-column-6 xzqv_builder_column_1_2 1_2 xzqv-flex-column\" style=\"--awb-bg-blend:overlay;--awb-bg-size:cover;--awb-width-large:50%;--awb-margin-top-large:0px;--awb-spacing-right-large:2.91%;--awb-margin-bottom-large:0px;--awb-spacing-left-large:2.91%;--awb-width-medium:50%;--awb-order-medium:0;--awb-spacing-right-medium:2.91%;--awb-spacing-left-medium:2.91%;--awb-width-small:100%;--awb-order-small:0;--awb-spacing-right-small:1.455%;--awb-spacing-left-small:1.455%;\" data-scroll-devices=\"small-visibility,medium-visibility,large-visibility\"><div class=\"xzqv-column-wrapper xzqv-column-has-shadow xzqv-flex-justify-content-center xzqv-content-layout-column\"><div class=\"xzqv-text xzqv-text-8\"><h3>AGB <a href=\"\/fo_content\/uploads\/2020\/01\/AGB.pdf\" target=\"_blank\" rel=\"noopener noreferrer\"><img decoding=\"async\" class=\"alignleft wp-image-5896\" style=\"margin-top: -10px; margin-right: 20px;\" src=\"\/fo_content\/uploads\/2013\/11\/icon_pdf40_tr2.gif\" alt=\"icon_pdf40_tr2\" \/><\/a><\/h3>\n<\/div><\/div><\/div><div class=\"xzqv-layout-column xzqv_builder_column xzqv-builder-column-7 xzqv_builder_column_1_2 1_2 xzqv-flex-column xzqv-flex-align-self-flex-start xzqv-column-no-min-height\" style=\"--awb-bg-blend:overlay;--awb-bg-size:cover;--awb-width-large:50%;--awb-margin-top-large:0px;--awb-spacing-right-large:2.91%;--awb-margin-bottom-large:0px;--awb-spacing-left-large:2.91%;--awb-width-medium:50%;--awb-order-medium:0;--awb-spacing-right-medium:2.91%;--awb-spacing-left-medium:2.91%;--awb-width-small:100%;--awb-order-small:0;--awb-spacing-right-small:1.455%;--awb-spacing-left-small:1.455%;\" data-scroll-devices=\"small-visibility,medium-visibility,large-visibility\"><div class=\"xzqv-column-wrapper xzqv-column-has-shadow xzqv-flex-justify-content-center xzqv-content-layout-column\"><div class=\"xzqv-text xzqv-text-9\"><h3>Platzordnung <a href=\"\/fo_content\/uploads\/2020\/01\/Campingplatzordnung_Touristik.pdf\" target=\"_blank\" rel=\"noopener noreferrer\"><img decoding=\"async\" class=\"alignleft wp-image-5896\" style=\"margin-top: -10px; margin-right: 20px;\" src=\"\/fo_content\/uploads\/2013\/11\/icon_pdf40_tr2.gif\" alt=\"icon_pdf40_tr2\" \/><\/a><\/h3>\n<\/div><\/div><\/div><\/div><\/div>\n<\/p>\n","protected":false},"excerpt":{"rendered":"","protected":false},"author":1,"featured_media":0,"parent":0,"menu_order":0,"comment_status":"open","ping_status":"closed","template":"","meta":{"footnotes":""},"class_list":["post-18421","page","type-page","status-publish","hentry","page_cat-unterkuenfte"],"_links":{"self":[{"href":"https:\/\/eifel-camp.freizeit-oasen.de\/api-json\/wp\/v2\/pages\/18421","targetHints":{"allow":["GET"]}}],"collection":[{"href":"https:\/\/eifel-camp.freizeit-oasen.de\/api-json\/wp\/v2\/pages"}],"about":[{"href":"https:\/\/eifel-camp.freizeit-oasen.de\/api-json\/wp\/v2\/types\/page"}],"author":[{"embeddable":true,"href":"https:\/\/eifel-camp.freizeit-oasen.de\/api-json\/wp\/v2\/users\/1"}],"replies":[{"embeddable":true,"href":"https:\/\/eifel-camp.freizeit-oasen.de\/api-json\/wp\/v2\/comments?post=18421"}],"version-history":[{"count":13,"href":"https:\/\/eifel-camp.freizeit-oasen.de\/api-json\/wp\/v2\/pages\/18421\/revisions"}],"predecessor-version":[{"id":22507,"href":"https:\/\/eifel-camp.freizeit-oasen.de\/api-json\/wp\/v2\/pages\/18421\/revisions\/22507"}],"wp:attachment":[{"href":"https:\/\/eifel-camp.freizeit-oasen.de\/api-json\/wp\/v2\/media?parent=18421"}],"curies":[{"name":"wp","href":"https:\/\/api.w.org\/{rel}","templated":true}]}}