{"id":18439,"date":"2021-01-27T11:05:19","date_gmt":"2021-01-27T09:05:19","guid":{"rendered":"https:\/\/eifel-camp.freizeit-oasen.de\/mobilheimpark-nl\/"},"modified":"2026-01-14T19:15:57","modified_gmt":"2026-01-14T17:15:57","slug":"mobilheimpark-nl","status":"publish","type":"page","link":"https:\/\/eifel-camp.freizeit-oasen.de\/nl\/mobilheimpark-nl\/","title":{"rendered":"Mobilheimpark NL"},"content":{"rendered":"<p><div class=\"xzqv-fullwidth fullwidth-box xzqv-builder-row-1 xzqv-flex-container hundred-percent-fullwidth non-hundred-percent-height-scrolling\" style=\"--awb-border-radius-top-left:0px;--awb-border-radius-top-right:0px;--awb-border-radius-bottom-right:0px;--awb-border-radius-bottom-left:0px;--awb-overflow:visible;--awb-flex-wrap:wrap;\" ><div class=\"xzqv-builder-row xzqv-row xzqv-flex-align-items-flex-start xzqv-flex-content-wrap\" style=\"width:103% !important;max-width:103% !important;margin-left: calc(-3% \/ 2 );margin-right: calc(-3% \/ 2 );\"><div class=\"xzqv-layout-column xzqv_builder_column xzqv-builder-column-0 xzqv_builder_column_1_1 1_1 xzqv-flex-column xzqv-flex-align-self-flex-start xzqv-column-no-min-height\" style=\"--awb-bg-size:cover;--awb-width-large:100%;--awb-margin-top-large:0px;--awb-spacing-right-large:1.455%;--awb-margin-bottom-large:0px;--awb-spacing-left-large:1.455%;--awb-width-medium:100%;--awb-spacing-right-medium:1.455%;--awb-spacing-left-medium:1.455%;--awb-width-small:100%;--awb-spacing-right-small:1.455%;--awb-spacing-left-small:1.455%;\"><div class=\"xzqv-column-wrapper xzqv-flex-justify-content-flex-start xzqv-content-layout-column\"><script type=\"text\/javascript\">jQuery(function() { _initLayerSlider( '#layerslider_49_2l4gt3e2k37c', {sliderVersion: '6.6.1', responsiveUnder: 670, allowFullscreen: true, slideBGSize: 'auto', pauseOnHover: 1, twoWaySlideshow: true, skin: 'borderlesslight', sliderFadeInDuration: 350, globalBGColor: '#ffffff', navStartStop: false, navButtons: false, useSrcset: true, skinsPath: 'https:\/\/eifel-camp.freizeit-oasen.de\/fo_plugins\/LayerSlider\/assets\/static\/layerslider\/skins\/', performanceMode: true}); });<\/script><div id=\"layerslider_49_2l4gt3e2k37c\"  class=\"ls-wp-container fitvidsignore ls-selectable\" style=\"width:670px;height:300px;max-width:670px;margin:0 auto;\"><div class=\"ls-slide\" data-ls=\"duration:6000;transition2d:5;\"><img decoding=\"async\" width=\"670\" height=\"300\" src=\"https:\/\/eifel-camp.freizeit-oasen.de\/fo_content\/uploads\/2019\/02\/MH1.jpg\" class=\"ls-bg\" alt=\"Ein kleines wei\u00dfes Wohnmobil mit einer Holzterrasse, Sitzgelegenheiten im Freien und einem roten Feuerl\u00f6scherkasten. Im Vordergrund steht ein Hund im Gras. Im Hintergrund sind B\u00e4ume und ein weiteres Wohnmobil zu sehen.\" srcset=\"https:\/\/eifel-camp.freizeit-oasen.de\/fo_content\/uploads\/2019\/02\/MH1-24x11.jpg 24w, https:\/\/eifel-camp.freizeit-oasen.de\/fo_content\/uploads\/2019\/02\/MH1-36x16.jpg 36w, https:\/\/eifel-camp.freizeit-oasen.de\/fo_content\/uploads\/2019\/02\/MH1-48x21.jpg 48w, https:\/\/eifel-camp.freizeit-oasen.de\/fo_content\/uploads\/2019\/02\/MH1-200x90.jpg 200w, https:\/\/eifel-camp.freizeit-oasen.de\/fo_content\/uploads\/2019\/02\/MH1-400x179.jpg 400w, https:\/\/eifel-camp.freizeit-oasen.de\/fo_content\/uploads\/2019\/02\/MH1-600x269.jpg 600w, https:\/\/eifel-camp.freizeit-oasen.de\/fo_content\/uploads\/2019\/02\/MH1.jpg 670w\" sizes=\"(max-width: 670px) 100vw, 670px\" \/><\/div><div class=\"ls-slide\" data-ls=\"duration:6000;transition2d:5;\"><img decoding=\"async\" width=\"670\" height=\"300\" src=\"https:\/\/eifel-camp.freizeit-oasen.de\/fo_content\/uploads\/2019\/02\/MH2.jpg\" class=\"ls-bg\" alt=\"Eine kleine Holzh\u00fctte mit \u00fcberdachter Veranda ist umgeben von B\u00e4umen, Str\u00e4uchern und Topfpflanzen in einer gr\u00fcnen Gartenanlage.\" srcset=\"https:\/\/eifel-camp.freizeit-oasen.de\/fo_content\/uploads\/2019\/02\/MH2-24x11.jpg 24w, https:\/\/eifel-camp.freizeit-oasen.de\/fo_content\/uploads\/2019\/02\/MH2-36x16.jpg 36w, https:\/\/eifel-camp.freizeit-oasen.de\/fo_content\/uploads\/2019\/02\/MH2-48x21.jpg 48w, https:\/\/eifel-camp.freizeit-oasen.de\/fo_content\/uploads\/2019\/02\/MH2-200x90.jpg 200w, https:\/\/eifel-camp.freizeit-oasen.de\/fo_content\/uploads\/2019\/02\/MH2-400x179.jpg 400w, https:\/\/eifel-camp.freizeit-oasen.de\/fo_content\/uploads\/2019\/02\/MH2-600x269.jpg 600w, https:\/\/eifel-camp.freizeit-oasen.de\/fo_content\/uploads\/2019\/02\/MH2.jpg 670w\" sizes=\"(max-width: 670px) 100vw, 670px\" \/><\/div><div class=\"ls-slide\" data-ls=\"duration:4000;transition2d:5;\"><img decoding=\"async\" width=\"670\" height=\"300\" src=\"https:\/\/eifel-camp.freizeit-oasen.de\/fo_content\/uploads\/2019\/02\/MH3.jpg\" class=\"ls-bg\" alt=\"Ein kleines braunes Modulhaus mit gr\u00fcnem Dach und Fensterl\u00e4den, umgeben von B\u00e4umen und Str\u00e4uchern, steht auf einem gepflasterten Grundst\u00fcck unter einem teilweise bew\u00f6lkten Himmel.\" srcset=\"https:\/\/eifel-camp.freizeit-oasen.de\/fo_content\/uploads\/2019\/02\/MH3-24x11.jpg 24w, https:\/\/eifel-camp.freizeit-oasen.de\/fo_content\/uploads\/2019\/02\/MH3-36x16.jpg 36w, https:\/\/eifel-camp.freizeit-oasen.de\/fo_content\/uploads\/2019\/02\/MH3-48x21.jpg 48w, https:\/\/eifel-camp.freizeit-oasen.de\/fo_content\/uploads\/2019\/02\/MH3-200x90.jpg 200w, https:\/\/eifel-camp.freizeit-oasen.de\/fo_content\/uploads\/2019\/02\/MH3-400x179.jpg 400w, https:\/\/eifel-camp.freizeit-oasen.de\/fo_content\/uploads\/2019\/02\/MH3-600x269.jpg 600w, https:\/\/eifel-camp.freizeit-oasen.de\/fo_content\/uploads\/2019\/02\/MH3.jpg 670w\" sizes=\"(max-width: 670px) 100vw, 670px\" \/><\/div><div class=\"ls-slide\" data-ls=\"duration:4000;transition2d:5;\"><img decoding=\"async\" width=\"670\" height=\"300\" src=\"https:\/\/eifel-camp.freizeit-oasen.de\/fo_content\/uploads\/2019\/02\/MH4.jpg\" class=\"ls-bg\" alt=\"Auf einem Kiesgrundst\u00fcck steht ein kleines, helles Haus mit rotem Dach, einer Veranda mit wei\u00dfem Gel\u00e4nder und einem Fahnenmast mit roter Flagge im Hof.\" srcset=\"https:\/\/eifel-camp.freizeit-oasen.de\/fo_content\/uploads\/2019\/02\/MH4-24x11.jpg 24w, https:\/\/eifel-camp.freizeit-oasen.de\/fo_content\/uploads\/2019\/02\/MH4-36x16.jpg 36w, https:\/\/eifel-camp.freizeit-oasen.de\/fo_content\/uploads\/2019\/02\/MH4-48x21.jpg 48w, https:\/\/eifel-camp.freizeit-oasen.de\/fo_content\/uploads\/2019\/02\/MH4-200x90.jpg 200w, https:\/\/eifel-camp.freizeit-oasen.de\/fo_content\/uploads\/2019\/02\/MH4-400x179.jpg 400w, https:\/\/eifel-camp.freizeit-oasen.de\/fo_content\/uploads\/2019\/02\/MH4-600x269.jpg 600w, https:\/\/eifel-camp.freizeit-oasen.de\/fo_content\/uploads\/2019\/02\/MH4.jpg 670w\" sizes=\"(max-width: 670px) 100vw, 670px\" \/><\/div><div class=\"ls-slide\" data-ls=\"duration:4000;transition2d:5;\"><img decoding=\"async\" width=\"670\" height=\"300\" src=\"https:\/\/eifel-camp.freizeit-oasen.de\/fo_content\/uploads\/2019\/02\/MH5.jpg\" class=\"ls-bg\" alt=\"Eine moderne, braune Holzh\u00fctte mit h\u00e4ngenden Blumenk\u00f6rben, Topfpflanzen und einem Fahnenmast mit zwei Flaggen in einem begr\u00fcnten Hof.\" srcset=\"https:\/\/eifel-camp.freizeit-oasen.de\/fo_content\/uploads\/2019\/02\/MH5-24x11.jpg 24w, https:\/\/eifel-camp.freizeit-oasen.de\/fo_content\/uploads\/2019\/02\/MH5-36x16.jpg 36w, https:\/\/eifel-camp.freizeit-oasen.de\/fo_content\/uploads\/2019\/02\/MH5-48x21.jpg 48w, https:\/\/eifel-camp.freizeit-oasen.de\/fo_content\/uploads\/2019\/02\/MH5-200x90.jpg 200w, https:\/\/eifel-camp.freizeit-oasen.de\/fo_content\/uploads\/2019\/02\/MH5-400x179.jpg 400w, https:\/\/eifel-camp.freizeit-oasen.de\/fo_content\/uploads\/2019\/02\/MH5-600x269.jpg 600w, https:\/\/eifel-camp.freizeit-oasen.de\/fo_content\/uploads\/2019\/02\/MH5.jpg 670w\" sizes=\"(max-width: 670px) 100vw, 670px\" \/><\/div><div class=\"ls-slide\" data-ls=\"duration:4000;transition2d:5;\"><img decoding=\"async\" width=\"670\" height=\"300\" src=\"https:\/\/eifel-camp.freizeit-oasen.de\/fo_content\/uploads\/2019\/02\/MH6.jpg\" class=\"ls-bg\" alt=\"Ein kleines, einst\u00f6ckiges, dunkelbraunes Holzhaus mit zwei Fenstern an der Vorderseite, einem Seiteneingang mit Treppe und einem kleinen Gartenbereich davor.\" srcset=\"https:\/\/eifel-camp.freizeit-oasen.de\/fo_content\/uploads\/2019\/02\/MH6-24x11.jpg 24w, https:\/\/eifel-camp.freizeit-oasen.de\/fo_content\/uploads\/2019\/02\/MH6-36x16.jpg 36w, https:\/\/eifel-camp.freizeit-oasen.de\/fo_content\/uploads\/2019\/02\/MH6-48x21.jpg 48w, https:\/\/eifel-camp.freizeit-oasen.de\/fo_content\/uploads\/2019\/02\/MH6-200x90.jpg 200w, https:\/\/eifel-camp.freizeit-oasen.de\/fo_content\/uploads\/2019\/02\/MH6-400x179.jpg 400w, https:\/\/eifel-camp.freizeit-oasen.de\/fo_content\/uploads\/2019\/02\/MH6-600x269.jpg 600w, https:\/\/eifel-camp.freizeit-oasen.de\/fo_content\/uploads\/2019\/02\/MH6.jpg 670w\" sizes=\"(max-width: 670px) 100vw, 670px\" \/><\/div><\/div><div class=\"xzqv-text xzqv-text-1\"><h2><\/h2>\n<h2>Het recreatiepark<\/h2>\n<p>Het hele jaar door, in uw vrije tijd genieten van uw eigen vakantieplek midden in de natuur, dat kan bij ons! Huur een vaste staanplaats of koop een volledig uitgeruste chalet, zodat u elk vrij weekend en\/of uw vakanties het campinggevoel kunt beleven op Eifel-Camp.<\/p>\n<p>Veel gasten zijn u voorgegaan en hebben al besloten om hun vrije tijd bij ons door te brengen. De rust, de natuur, de gevarieerde vrijetijdsbestedingen en de beheersbare kosten kunnen ook voor u de doorslag zijn.<\/p>\n<p>De volledig uitgeruste stacaravans bieden u een luxe die u niet zou verwachten.<\/p>\n<p>De chalets op Eifel-Camp zijn aangesloten op gas, water, telefoon en centrale antenne. Afhankelijk van het type en de locatie is een woonoppervlakte van 30 &#8211; 70 m\u00b2 mogelijk. De hoogte van het plafond ligt op ca. 2,20 m. Vloer, wanden en dak zijn goed ge\u00efsoleerd. De chalets zijn ingedeeld met \u00a0een woonkamer met zit- en eethoek, een volledig ingerichte kleine keuken of kitchenette, een slaapkamer met een tweepersoonsbed, een gasten(kinder)kamer en een badkamer met douche, toilet en wastafel.<\/p>\n<p>Graag adviseren wij u bij het kopen van een chalet en uiteraard kunnen we u in contact brengen met verschillende fabrikanten waarbij u uw gewenste accomodatie in verschillende maten en uitvoeringen kunt laten bezorgen.<\/p>\n<p>Er worden echter ook vaak <strong><a href=\"#gebrauchte_mobilheime_verkaufsliste\">gunstige, gebruikte stacaravans<\/a> <\/strong>aangeboden in het Eifel-Camp. Deze gebruikte stacaravans zijn afkomstig onze vaste gasten en zijn meestal in een zeer goede verzorgde staat.<\/p>\n<p>Mocht u ge\u00efnteresseerd zijn,schroom niet en neem contact met ons op, wij adviseren u graag!<\/p>\n<\/div><\/div><\/div><\/div><\/div><div class=\"xzqv-fullwidth fullwidth-box xzqv-builder-row-2 xzqv-flex-container hundred-percent-fullwidth non-hundred-percent-height-scrolling\" style=\"--awb-border-radius-top-left:0px;--awb-border-radius-top-right:0px;--awb-border-radius-bottom-right:0px;--awb-border-radius-bottom-left:0px;--awb-overflow:visible;--awb-flex-wrap:wrap;\" ><div class=\"xzqv-builder-row xzqv-row xzqv-flex-align-items-flex-start xzqv-flex-content-wrap\" style=\"width:103% !important;max-width:103% !important;margin-left: calc(-3% \/ 2 );margin-right: calc(-3% \/ 2 );\"><div class=\"xzqv-layout-column xzqv_builder_column xzqv-builder-column-1 xzqv_builder_column_1_1 1_1 xzqv-flex-column xzqv-flex-align-self-flex-start xzqv-column-no-min-height\" style=\"--awb-bg-size:cover;--awb-width-large:100%;--awb-margin-top-large:0px;--awb-spacing-right-large:1.455%;--awb-margin-bottom-large:0px;--awb-spacing-left-large:1.455%;--awb-width-medium:100%;--awb-spacing-right-medium:1.455%;--awb-spacing-left-medium:1.455%;--awb-width-small:100%;--awb-spacing-right-small:1.455%;--awb-spacing-left-small:1.455%;\"><div class=\"xzqv-column-wrapper xzqv-flex-justify-content-flex-start xzqv-content-layout-column\"><div class=\"xzqv-separator xzqv-full-width-sep\" style=\"align-self: center;margin-left: auto;margin-right: auto;margin-bottom:20px;width:100%;\"><\/div><div class=\"xzqv-menu-anchor\" id=\"gebrauchte_mobilheime_verkaufsliste\"><\/div><div class=\"xzqv-title title xzqv-title-1 xzqv-title-text xzqv-title-size-two\"><div class=\"title-sep-container title-sep-container-left xzqv-no-large-visibility xzqv-no-medium-visibility xzqv-no-small-visibility\"><div class=\"title-sep sep-double sep-solid\" style=\"border-color:#e2e2e2;\"><\/div><\/div><span class=\"awb-title-spacer xzqv-no-large-visibility xzqv-no-medium-visibility xzqv-no-small-visibility\"><\/span><h2 class=\"xzqv-title-heading title-heading-left\" style=\"margin:0;\">Verkaufsliste Mobilheime<\/h2><span class=\"awb-title-spacer\"><\/span><div class=\"title-sep-container title-sep-container-right\"><div class=\"title-sep sep-double sep-solid\" style=\"border-color:#e2e2e2;\"><\/div><\/div><\/div><\/div><\/div><\/div><\/div><div class=\"xzqv-fullwidth fullwidth-box xzqv-builder-row-3 xzqv-flex-container has-pattern-background has-mask-background nonhundred-percent-fullwidth non-hundred-percent-height-scrolling\" style=\"--awb-border-radius-top-left:0px;--awb-border-radius-top-right:0px;--awb-border-radius-bottom-right:0px;--awb-border-radius-bottom-left:0px;--awb-flex-wrap:wrap;\" ><div class=\"xzqv-builder-row xzqv-row xzqv-flex-align-items-flex-start xzqv-flex-content-wrap\" style=\"max-width:1030px;margin-left: calc(-3% \/ 2 );margin-right: calc(-3% \/ 2 );\"><div class=\"xzqv-layout-column xzqv_builder_column xzqv-builder-column-2 xzqv_builder_column_1_1 1_1 xzqv-flex-column\" style=\"--awb-bg-blend:overlay;--awb-bg-size:cover;--awb-width-large:100%;--awb-margin-top-large:0px;--awb-spacing-right-large:1.455%;--awb-margin-bottom-large:20px;--awb-spacing-left-large:1.455%;--awb-width-medium:100%;--awb-spacing-right-medium:1.455%;--awb-spacing-left-medium:1.455%;--awb-width-small:100%;--awb-spacing-right-small:1.455%;--awb-spacing-left-small:1.455%;\"><div class=\"xzqv-column-wrapper xzqv-flex-justify-content-flex-start xzqv-content-layout-column\"><div class=\"xzqv-text xzqv-text-2\" style=\"--awb-text-transform:none;\"><p><img decoding=\"async\" class=\"alignleft size-full wp-image-24785\" src=\"https:\/\/eifel-camp.freizeit-oasen.de\/fo_content\/uploads\/2025\/12\/Innenhof.jpg\" alt=\"\" width=\"1000\" height=\"750\" srcset=\"https:\/\/eifel-camp.freizeit-oasen.de\/fo_content\/uploads\/2025\/12\/Innenhof-24x18.jpg 24w, https:\/\/eifel-camp.freizeit-oasen.de\/fo_content\/uploads\/2025\/12\/Innenhof-36x27.jpg 36w, https:\/\/eifel-camp.freizeit-oasen.de\/fo_content\/uploads\/2025\/12\/Innenhof-48x36.jpg 48w, https:\/\/eifel-camp.freizeit-oasen.de\/fo_content\/uploads\/2025\/12\/Innenhof-200x150.jpg 200w, https:\/\/eifel-camp.freizeit-oasen.de\/fo_content\/uploads\/2025\/12\/Innenhof-400x300.jpg 400w, https:\/\/eifel-camp.freizeit-oasen.de\/fo_content\/uploads\/2025\/12\/Innenhof-600x450.jpg 600w, https:\/\/eifel-camp.freizeit-oasen.de\/fo_content\/uploads\/2025\/12\/Innenhof-768x576.jpg 768w, https:\/\/eifel-camp.freizeit-oasen.de\/fo_content\/uploads\/2025\/12\/Innenhof-800x600.jpg 800w, https:\/\/eifel-camp.freizeit-oasen.de\/fo_content\/uploads\/2025\/12\/Innenhof.jpg 1000w\" sizes=\"(max-width: 1000px) 100vw, 1000px\" \/><\/p>\n<\/div><\/div><\/div><div class=\"xzqv-layout-column xzqv_builder_column xzqv-builder-column-3 xzqv_builder_column_1_1 1_1 xzqv-flex-column\" style=\"--awb-bg-size:cover;--awb-width-large:100%;--awb-margin-top-large:0px;--awb-spacing-right-large:1.455%;--awb-margin-bottom-large:20px;--awb-spacing-left-large:1.455%;--awb-width-medium:100%;--awb-spacing-right-medium:1.455%;--awb-spacing-left-medium:1.455%;--awb-width-small:100%;--awb-spacing-right-small:1.455%;--awb-spacing-left-small:1.455%;\"><div class=\"xzqv-column-wrapper xzqv-flex-justify-content-flex-start xzqv-content-layout-column\"><div class=\"xzqv-text xzqv-text-3\"><h2>2 bunte Mobilheime<\/h2>\n<\/div><div class=\"xzqv-text xzqv-text-4\" style=\"--awb-text-transform:none;\"><p><strong>Gr\u00f6\u00dfe Mobilheim 1: ca. 45 m\u00b2, Stellplatzgr\u00f6\u00dfe: 140 m\u00b2<\/strong><div id=\"jig1\" class=\"justified-image-grid jig-c3d215d4071a39f1a7cf75f920f9b6e2 jig-preset-c1 jig-source-wp-gallery jig-rml-id-188\"><div class=\"jig-clearfix\"><\/div><noscript id=\"jig1-html\" class=\"justified-image-grid-html\" data-lazy-src=\"skiplazyload\" data-src=\"skipunveillazyload\"><ul><li><a href=\"https:\/\/eifel-camp.freizeit-oasen.de\/fo_content\/uploads\/2025\/12\/632-Zweites-Zimmer-1.jpg\"><img decoding=\"async\" src=\"https:\/\/eifel-camp.freizeit-oasen.de\/fo_content\/uploads\/2025\/12\/632-Zweites-Zimmer-1.jpg\" alt=\"\" width=\"75\" height=\"100\" \/><\/a><\/li><li><a href=\"https:\/\/eifel-camp.freizeit-oasen.de\/fo_content\/uploads\/2025\/12\/632-Wohnzimmer-1.jpg\"><img decoding=\"async\" src=\"https:\/\/eifel-camp.freizeit-oasen.de\/fo_content\/uploads\/2025\/12\/632-Wohnzimmer-1.jpg\" alt=\"\" width=\"133\" height=\"100\" \/><\/a><\/li><li><a href=\"https:\/\/eifel-camp.freizeit-oasen.de\/fo_content\/uploads\/2025\/12\/632-hinteres-Zimmer-1.jpg\"><img decoding=\"async\" src=\"https:\/\/eifel-camp.freizeit-oasen.de\/fo_content\/uploads\/2025\/12\/632-hinteres-Zimmer-1.jpg\" alt=\"\" width=\"133\" height=\"100\" \/><\/a><\/li><li><a href=\"https:\/\/eifel-camp.freizeit-oasen.de\/fo_content\/uploads\/2025\/12\/632-Essecke-1.jpg\"><img decoding=\"async\" src=\"https:\/\/eifel-camp.freizeit-oasen.de\/fo_content\/uploads\/2025\/12\/632-Essecke-1.jpg\" alt=\"\" width=\"75\" height=\"100\" \/><\/a><\/li><li><a href=\"https:\/\/eifel-camp.freizeit-oasen.de\/fo_content\/uploads\/2025\/12\/632-Buero-1.jpg\"><img decoding=\"async\" src=\"https:\/\/eifel-camp.freizeit-oasen.de\/fo_content\/uploads\/2025\/12\/632-Buero-1.jpg\" alt=\"\" width=\"133\" height=\"100\" \/><\/a><\/li><li><a href=\"https:\/\/eifel-camp.freizeit-oasen.de\/fo_content\/uploads\/2025\/12\/632-Aussen-1.jpg\"><img decoding=\"async\" src=\"https:\/\/eifel-camp.freizeit-oasen.de\/fo_content\/uploads\/2025\/12\/632-Aussen-1.jpg\" alt=\"\" width=\"133\" height=\"100\" \/><\/a><\/li><\/ul><\/noscript><\/div><script type=\"text\/javascript\">\r\n(function initJIG ($,ready) {if(typeof $.justifiedImageGrid !== \"undefined\"){if(typeof $.prettyPhoto.JIG === 'undefined'\n&& typeof loadJustifiedImageGrid !== 'undefined'\n&& typeof loadJIGprettyPhoto !== 'undefined'){loadJIGprettyPhoto($);}\nif(typeof $.JIGminVersion !== 'undefined' && $.JIGminVersion('1.7') == false){$.JIGminVersion('1.7',true);return;}else{window['jigAddLightbox1'] = function(){if(typeof $.prettyPhoto === 'undefined'\n&& typeof loadJustifiedImageGrid !== 'undefined'\n&& typeof loadJIGprettyPhoto !== 'undefined'){loadJIGprettyPhoto($);}\n$('#jig1 a.jig-link').prettyPhoto({jig_call: true,jig_socials: \"FTPG\",social_tools: false,\tsmart_deeplinking: false,advanced_deeplinking: false,deeplinking:false,theme: \"pp_default\",animation_speed: 'normal',slideshow: 3500,opacity: 0.6,show_title: true,counter_separator_label: '\/',overlay_gallery: false,default_width: 960,default_height: 540,autoplay: true});};$('#jig1').justifiedImageGrid({\"timthumb\":\"https:\\\/\\\/eifel-camp.freizeit-oasen.de\\\/wp-content\\\/plugins\\\/justified-image-grid\\\/timthumb.php\",\"items\":[{\"url\":\"https%3A%2F%2Feifel-camp.freizeit-oasen.de%2Ffo_content%2Fuploads%2F2025%2F12%2F632-Zweites-Zimmer-1.jpg\",\"width\":75,\"extra_class\":\"jig-contentID-ML-24858\",\"unencoded_url\":\"https:\\\/\\\/eifel-camp.freizeit-oasen.de\\\/wp-content\\\/uploads\\\/2025\\\/12\\\/632-Zweites-Zimmer-1.jpg\",\"photon\":\"https:\\\/\\\/eifel-camp.freizeit-oasen.de\\\/wp-content\\\/uploads\\\/2025\\\/12\\\/632-Zweites-Zimmer-1.jpg\"},{\"url\":\"https%3A%2F%2Feifel-camp.freizeit-oasen.de%2Ffo_content%2Fuploads%2F2025%2F12%2F632-Wohnzimmer-1.jpg\",\"width\":133,\"extra_class\":\"jig-contentID-ML-24855\",\"unencoded_url\":\"https:\\\/\\\/eifel-camp.freizeit-oasen.de\\\/wp-content\\\/uploads\\\/2025\\\/12\\\/632-Wohnzimmer-1.jpg\",\"photon\":\"https:\\\/\\\/eifel-camp.freizeit-oasen.de\\\/wp-content\\\/uploads\\\/2025\\\/12\\\/632-Wohnzimmer-1.jpg\"},{\"url\":\"https%3A%2F%2Feifel-camp.freizeit-oasen.de%2Ffo_content%2Fuploads%2F2025%2F12%2F632-hinteres-Zimmer-1.jpg\",\"width\":133,\"extra_class\":\"jig-contentID-ML-24852\",\"unencoded_url\":\"https:\\\/\\\/eifel-camp.freizeit-oasen.de\\\/wp-content\\\/uploads\\\/2025\\\/12\\\/632-hinteres-Zimmer-1.jpg\",\"photon\":\"https:\\\/\\\/eifel-camp.freizeit-oasen.de\\\/wp-content\\\/uploads\\\/2025\\\/12\\\/632-hinteres-Zimmer-1.jpg\"},{\"url\":\"https%3A%2F%2Feifel-camp.freizeit-oasen.de%2Ffo_content%2Fuploads%2F2025%2F12%2F632-Essecke-1.jpg\",\"width\":75,\"extra_class\":\"jig-contentID-ML-24849\",\"unencoded_url\":\"https:\\\/\\\/eifel-camp.freizeit-oasen.de\\\/wp-content\\\/uploads\\\/2025\\\/12\\\/632-Essecke-1.jpg\",\"photon\":\"https:\\\/\\\/eifel-camp.freizeit-oasen.de\\\/wp-content\\\/uploads\\\/2025\\\/12\\\/632-Essecke-1.jpg\"},{\"url\":\"https%3A%2F%2Feifel-camp.freizeit-oasen.de%2Ffo_content%2Fuploads%2F2025%2F12%2F632-Buero-1.jpg\",\"width\":133,\"extra_class\":\"jig-contentID-ML-24846\",\"unencoded_url\":\"https:\\\/\\\/eifel-camp.freizeit-oasen.de\\\/wp-content\\\/uploads\\\/2025\\\/12\\\/632-Buero-1.jpg\",\"photon\":\"https:\\\/\\\/eifel-camp.freizeit-oasen.de\\\/wp-content\\\/uploads\\\/2025\\\/12\\\/632-Buero-1.jpg\"},{\"url\":\"https%3A%2F%2Feifel-camp.freizeit-oasen.de%2Ffo_content%2Fuploads%2F2025%2F12%2F632-Aussen-1.jpg\",\"width\":133,\"extra_class\":\"jig-contentID-ML-24843\",\"unencoded_url\":\"https:\\\/\\\/eifel-camp.freizeit-oasen.de\\\/wp-content\\\/uploads\\\/2025\\\/12\\\/632-Aussen-1.jpg\",\"photon\":\"https:\\\/\\\/eifel-camp.freizeit-oasen.de\\\/wp-content\\\/uploads\\\/2025\\\/12\\\/632-Aussen-1.jpg\"}],\"targetHeight\":80,\"heightDeviation\":20,\"randomizeWidth\":\"230\",\"linkRel\":\"auto\",\"linkTitleField\":\"off\",\"imgAltField\":\"alternate\",\"titleField\":\"off\",\"captionField\":\"alternate\",\"overlayIcon\":\"on\",\"suppressErrors\":\"publicly\",\"innerBorderWidth\":0});$('#jig1').on('contextmenu', function(e){e.preventDefault();return false;});$(document).on('click', $('#jig1'), function(event){if(event.which === 2){event.preventDefault();}});$(\"body\").on(\"contextmenu\", \"#pp_full_res\", function(e){e.preventDefault();return false;});if(typeof jigOtherPrettyPhotoIsPresent !== 'undefined'){$(document).ready(function(){setTimeout(function(){$(window).trigger('jigPrettyPhotoActivation');}, 50);});}else{$(window).trigger('jigPrettyPhotoActivation');}}}else if(typeof $.justifiedImageGrid === \"undefined\" && ready == true){if(typeof loadJustifiedImageGrid !== \"undefined\"){loadJustifiedImageGrid($);initJIG($,true);return;}\n$(\".justified-image-grid\").html('<span style=\"color:red;font-weight:bold\">The Justified Image Grid JS is not loaded. Try disabling Conditional script loading in the General settings.<\/span>');}else{$(document).ready(function(){initJIG($,true);});}})(jQuery,false);\r\n<\/script>\r\n<style type='text\/css'>\r\n.justified-image-grid {max-width: none !important;padding:0;clear:both;line-height: normal;display: block !important;}.jig-hiddenGallery{display:none !important;}.justified-image-grid .jig-imageContainer img,.justified-image-grid .jig-pixastic {position:absolute;bottom:0;left:0;margin: 0;padding: 0;border-style: none !important;vertical-align: baseline;max-width: none !important;max-height: none !important;min-height: 0 !important;min-width: 0 !important;box-shadow: none !important;z-index: auto !important;visibility: visible !important;margin-bottom: 0 !important;}.justified-image-grid .jig-imageContainer a {margin: 0 !important;padding: 0 !important;position: static !important;display: inline;}.jig-overflow {opacity:0;transition: opacity 0.3s;}.justified-image-grid div {position: static;}.justified-image-grid a:link,.justified-image-grid a:hover,.justified-image-grid a:visited {text-decoration:none;}.justified-image-grid .jig-removeThis {visibility:hidden;}.justified-image-grid .jig-hiddenLink,.justified-image-grid .jig-hiddenImg{display:none !important;}.jig-last:after {clear:both;}.justified-image-grid .tiled-gallery-caption{display: none !important;}.jig-developerLink{line-height: 10px;margin-bottom: 5px;}.jig-developerLink a{font-size: 9px;}.jig-fontCheck{display: block !important;position: absolute !important;left: -99999px !important;top: -99999px !important;visibility: hidden !important;font-size: 100px !important;white-space: nowrap !important;max-width: none !important;width: auto !important;}.justified-image-grid-html li {float:left;position: relative;list-style:none;overflow:hidden;}.justified-image-grid-html .jig-HTMLdescription{position: absolute;bottom: 0;left: 0;right: 0;background-color: rgba(0,0,0,0.5);color: white;margin: 0;padding: 5px;}.justified-image-grid > p, .justified-image-grid > li {display: none;}noscript.justified-image-grid-html p{display:block;}noscript.justified-image-grid-html li {display: list-item;}.justified-image-grid-html li.jig-clearfix:before,.jig-clearfix:after,.justified-image-grid-html:before,.justified-image-grid-html:after {content: \"\";display: table;}.jig-clearfix:after,.justified-image-grid-html:after {clear: both;}.jig-clearfix,.justified-image-grid-html {-webkit-backface-visibility: visible;transform: none;zoom: 1; \/* For IE 6\/7 (trigger hasLayout) *\/}#jig1 {margin:0;min-height:px;}#jig1 .jig-imageContainer {margin-bottom: 4px;margin-right: 4px;float: left;padding: 0;width: auto;}#jig1 .jig-imageContainer img {max-width: none !important;}#jig1 .jig-imageContainer .jig-caption-wrapper img{position: static;background: transparent !important;}#jig1 .jig-overflow {position: relative; overflow:hidden;vertical-align:baseline;}#jig1 .jig-caption-wrapper {max-height:100%;max-width:100%;min-width:100%;bottom: 0;right: 0;left: 0;margin:0 auto;position: absolute;overflow:hidden;opacity: 0.9;-moz-opacity: 0.9;filter:alpha(opacity=90);}#jig1 .jig-caption {display:none;background: #244473;padding:0 7px;margin: 0;}#jig1 .jig-caption-title {overflow: hidden;line-height: normal;box-sizing: border-box !important;color:#FFF !important;font-size: 12px;font-weight: bold;text-align:left;padding:5px 0 5px;}#jig1 .jig-caption-description {overflow: hidden;line-height: normal;color:#FFF !important;font-size: 12px;font-weight: normal;text-align:left;padding-bottom: 5px;}#jig1 .jig-alone{padding-top:5px !important;margin-top: 0 !important;}#jig1 .jig-overlay {background:#000;opacity: 0.2;-moz-opacity: 0.2;filter:alpha(opacity=20);height:100%;}#jig1 .jig-overlay-wrapper {display:none;position: absolute;bottom: 0;left: 0;right: 0;top: 0;}#jig1 .jig-overlay-icon-wrapper {display:none;position: absolute;bottom: 0;left: 0;right: 0;top: 0;}#jig1 .jig-overlay-icon {background: url(https:\/\/eifel-camp.freizeit-oasen.de\/fo_plugins\/justified-image-grid\/images\/magnifier.png) no-repeat center center;opacity: 0.6;-moz-opacity: 0.6;filter:alpha(opacity=60);height:100%;}@media only screen and (-webkit-min-device-pixel-ratio: 1.3), (min-resolution: 1.3dppx), (min-resolution: 124dpi){#jig1 .jig-overlay-icon {background: url(https:\/\/eifel-camp.freizeit-oasen.de\/fo_plugins\/justified-image-grid\/images\/magnifier@2x.png) no-repeat center center;-webkit-background-size:56px 56px;-moz-background-size:56px 56px;-o-background-size:56px 56px; background-size:56px 56px;}}#jig1 .jig-clearfix:after { clear: both; }.jig-last {margin-right: 0 !important;}.jig-ua-old-ie.justified-image-grid .jig-overlay,.jig-ua-old-ie.justified-image-grid .jig-overlay-icon-wrapper,.jig-ua-old-ie.justified-image-grid .jig-overlay-icon{position:absolute;top:0;right:0;bottom:0;left:0;}.jig-ua-old-ie.justified-image-grid .jig-overflow,.jig-ua-old-ie.justified-image-grid .jig-overflow div {cursor: pointer;}.jig-ua-old-ie.jig-caption-wrapper{margin:0 !important;}.jig-ua-ie .jig-caption-wrapper-clone {filter: alpha(opacity=0) !important;}\r\n<\/style><\/p>\n<\/div><div class=\"xzqv-text xzqv-text-5\" style=\"--awb-text-transform:none;\"><p><strong>Gr\u00f6\u00dfe Mobilheim 2: ca. 30 m\u00b2, Stellplatzgr\u00f6\u00dfe: 114 m\u00b2<\/strong><\/p>\n<div id=\"jig2\" class=\"justified-image-grid jig-dc63056bc7871bdc33cbeab3715b3f51 jig-preset-c1 jig-source-wp-gallery jig-rml-id-189\"><div class=\"jig-clearfix\"><\/div><noscript id=\"jig2-html\" class=\"justified-image-grid-html\" data-lazy-src=\"skiplazyload\" data-src=\"skipunveillazyload\"><ul><li><a href=\"https:\/\/eifel-camp.freizeit-oasen.de\/fo_content\/uploads\/2025\/12\/Innenhof.jpg\" title=\"Innenhof\"><img decoding=\"async\" src=\"https:\/\/eifel-camp.freizeit-oasen.de\/fo_content\/uploads\/2025\/12\/Innenhof.jpg\" alt=\"Innenhof\" width=\"133\" height=\"100\" \/><\/a><p class=\"jig-HTMLdescription\">Innenhof<\/p><\/li><li><a href=\"https:\/\/eifel-camp.freizeit-oasen.de\/fo_content\/uploads\/2025\/12\/633-Wohnzimmer-1.jpg\"><img decoding=\"async\" src=\"https:\/\/eifel-camp.freizeit-oasen.de\/fo_content\/uploads\/2025\/12\/633-Wohnzimmer-1.jpg\" alt=\"\" width=\"133\" height=\"100\" \/><\/a><\/li><li><a href=\"https:\/\/eifel-camp.freizeit-oasen.de\/fo_content\/uploads\/2025\/12\/Innenhof-1.jpg\"><img decoding=\"async\" src=\"https:\/\/eifel-camp.freizeit-oasen.de\/fo_content\/uploads\/2025\/12\/Innenhof-1.jpg\" alt=\"\" width=\"133\" height=\"100\" \/><\/a><\/li><li><a href=\"https:\/\/eifel-camp.freizeit-oasen.de\/fo_content\/uploads\/2025\/12\/633-Aussen-1.jpg\"><img decoding=\"async\" src=\"https:\/\/eifel-camp.freizeit-oasen.de\/fo_content\/uploads\/2025\/12\/633-Aussen-1.jpg\" alt=\"\" width=\"133\" height=\"100\" \/><\/a><\/li><li><a href=\"https:\/\/eifel-camp.freizeit-oasen.de\/fo_content\/uploads\/2025\/12\/633-Schlafzimmer-1.jpg\"><img decoding=\"async\" src=\"https:\/\/eifel-camp.freizeit-oasen.de\/fo_content\/uploads\/2025\/12\/633-Schlafzimmer-1.jpg\" alt=\"\" width=\"133\" height=\"100\" \/><\/a><\/li><li><a href=\"https:\/\/eifel-camp.freizeit-oasen.de\/fo_content\/uploads\/2025\/12\/633-Badezimmer-1.jpg\"><img decoding=\"async\" src=\"https:\/\/eifel-camp.freizeit-oasen.de\/fo_content\/uploads\/2025\/12\/633-Badezimmer-1.jpg\" alt=\"\" width=\"75\" height=\"100\" \/><\/a><\/li><li><a href=\"https:\/\/eifel-camp.freizeit-oasen.de\/fo_content\/uploads\/2025\/12\/633-Essecke-1.jpg\"><img decoding=\"async\" src=\"https:\/\/eifel-camp.freizeit-oasen.de\/fo_content\/uploads\/2025\/12\/633-Essecke-1.jpg\" alt=\"\" width=\"133\" height=\"100\" \/><\/a><\/li><li><a href=\"https:\/\/eifel-camp.freizeit-oasen.de\/fo_content\/uploads\/2025\/12\/633-Esszimmer-1.jpg\"><img decoding=\"async\" src=\"https:\/\/eifel-camp.freizeit-oasen.de\/fo_content\/uploads\/2025\/12\/633-Esszimmer-1.jpg\" alt=\"\" width=\"133\" height=\"100\" \/><\/a><\/li><li><a href=\"https:\/\/eifel-camp.freizeit-oasen.de\/fo_content\/uploads\/2025\/12\/633-Kueche-1.jpg\"><img decoding=\"async\" src=\"https:\/\/eifel-camp.freizeit-oasen.de\/fo_content\/uploads\/2025\/12\/633-Kueche-1.jpg\" alt=\"\" width=\"75\" height=\"100\" \/><\/a><\/li><\/ul><\/noscript><\/div><script type=\"text\/javascript\">\r\n(function initJIG ($,ready) {if(typeof $.justifiedImageGrid !== \"undefined\"){if(typeof $.prettyPhoto.JIG === 'undefined'\n&& typeof loadJustifiedImageGrid !== 'undefined'\n&& typeof loadJIGprettyPhoto !== 'undefined'){loadJIGprettyPhoto($);}\nif(typeof $.JIGminVersion !== 'undefined' && $.JIGminVersion('1.7') == false){$.JIGminVersion('1.7',true);return;}else{window['jigAddLightbox1'] = function(){if(typeof $.prettyPhoto === 'undefined'\n&& typeof loadJustifiedImageGrid !== 'undefined'\n&& typeof loadJIGprettyPhoto !== 'undefined'){loadJIGprettyPhoto($);}\n$('#jig1 a.jig-link').prettyPhoto({jig_call: true,jig_socials: \"FTPG\",social_tools: false,\tsmart_deeplinking: false,advanced_deeplinking: false,deeplinking:false,theme: \"pp_default\",animation_speed: 'normal',slideshow: 3500,opacity: 0.6,show_title: true,counter_separator_label: '\/',overlay_gallery: false,default_width: 960,default_height: 540,autoplay: true});};$('#jig1').justifiedImageGrid({\"timthumb\":\"https:\\\/\\\/eifel-camp.freizeit-oasen.de\\\/wp-content\\\/plugins\\\/justified-image-grid\\\/timthumb.php\",\"items\":[{\"url\":\"https%3A%2F%2Feifel-camp.freizeit-oasen.de%2Ffo_content%2Fuploads%2F2025%2F12%2F632-Zweites-Zimmer-1.jpg\",\"width\":75,\"extra_class\":\"jig-contentID-ML-24858\",\"unencoded_url\":\"https:\\\/\\\/eifel-camp.freizeit-oasen.de\\\/wp-content\\\/uploads\\\/2025\\\/12\\\/632-Zweites-Zimmer-1.jpg\",\"photon\":\"https:\\\/\\\/eifel-camp.freizeit-oasen.de\\\/wp-content\\\/uploads\\\/2025\\\/12\\\/632-Zweites-Zimmer-1.jpg\"},{\"url\":\"https%3A%2F%2Feifel-camp.freizeit-oasen.de%2Ffo_content%2Fuploads%2F2025%2F12%2F632-Wohnzimmer-1.jpg\",\"width\":133,\"extra_class\":\"jig-contentID-ML-24855\",\"unencoded_url\":\"https:\\\/\\\/eifel-camp.freizeit-oasen.de\\\/wp-content\\\/uploads\\\/2025\\\/12\\\/632-Wohnzimmer-1.jpg\",\"photon\":\"https:\\\/\\\/eifel-camp.freizeit-oasen.de\\\/wp-content\\\/uploads\\\/2025\\\/12\\\/632-Wohnzimmer-1.jpg\"},{\"url\":\"https%3A%2F%2Feifel-camp.freizeit-oasen.de%2Ffo_content%2Fuploads%2F2025%2F12%2F632-hinteres-Zimmer-1.jpg\",\"width\":133,\"extra_class\":\"jig-contentID-ML-24852\",\"unencoded_url\":\"https:\\\/\\\/eifel-camp.freizeit-oasen.de\\\/wp-content\\\/uploads\\\/2025\\\/12\\\/632-hinteres-Zimmer-1.jpg\",\"photon\":\"https:\\\/\\\/eifel-camp.freizeit-oasen.de\\\/wp-content\\\/uploads\\\/2025\\\/12\\\/632-hinteres-Zimmer-1.jpg\"},{\"url\":\"https%3A%2F%2Feifel-camp.freizeit-oasen.de%2Ffo_content%2Fuploads%2F2025%2F12%2F632-Essecke-1.jpg\",\"width\":75,\"extra_class\":\"jig-contentID-ML-24849\",\"unencoded_url\":\"https:\\\/\\\/eifel-camp.freizeit-oasen.de\\\/wp-content\\\/uploads\\\/2025\\\/12\\\/632-Essecke-1.jpg\",\"photon\":\"https:\\\/\\\/eifel-camp.freizeit-oasen.de\\\/wp-content\\\/uploads\\\/2025\\\/12\\\/632-Essecke-1.jpg\"},{\"url\":\"https%3A%2F%2Feifel-camp.freizeit-oasen.de%2Ffo_content%2Fuploads%2F2025%2F12%2F632-Buero-1.jpg\",\"width\":133,\"extra_class\":\"jig-contentID-ML-24846\",\"unencoded_url\":\"https:\\\/\\\/eifel-camp.freizeit-oasen.de\\\/wp-content\\\/uploads\\\/2025\\\/12\\\/632-Buero-1.jpg\",\"photon\":\"https:\\\/\\\/eifel-camp.freizeit-oasen.de\\\/wp-content\\\/uploads\\\/2025\\\/12\\\/632-Buero-1.jpg\"},{\"url\":\"https%3A%2F%2Feifel-camp.freizeit-oasen.de%2Ffo_content%2Fuploads%2F2025%2F12%2F632-Aussen-1.jpg\",\"width\":133,\"extra_class\":\"jig-contentID-ML-24843\",\"unencoded_url\":\"https:\\\/\\\/eifel-camp.freizeit-oasen.de\\\/wp-content\\\/uploads\\\/2025\\\/12\\\/632-Aussen-1.jpg\",\"photon\":\"https:\\\/\\\/eifel-camp.freizeit-oasen.de\\\/wp-content\\\/uploads\\\/2025\\\/12\\\/632-Aussen-1.jpg\"}],\"targetHeight\":80,\"heightDeviation\":20,\"randomizeWidth\":\"230\",\"linkRel\":\"auto\",\"linkTitleField\":\"off\",\"imgAltField\":\"alternate\",\"titleField\":\"off\",\"captionField\":\"alternate\",\"overlayIcon\":\"on\",\"suppressErrors\":\"publicly\",\"innerBorderWidth\":0});$('#jig1').on('contextmenu', function(e){e.preventDefault();return false;});$(document).on('click', $('#jig1'), function(event){if(event.which === 2){event.preventDefault();}});$(\"body\").on(\"contextmenu\", \"#pp_full_res\", function(e){e.preventDefault();return false;});window['jigAddLightbox2'] = function(){if(typeof $.prettyPhoto === 'undefined'\n&& typeof loadJustifiedImageGrid !== 'undefined'\n&& typeof loadJIGprettyPhoto !== 'undefined'){loadJIGprettyPhoto($);}\n$('#jig2 a.jig-link').prettyPhoto({jig_call: true,jig_socials: \"FTPG\",social_tools: false,\tsmart_deeplinking: false,advanced_deeplinking: false,deeplinking:false,theme: \"pp_default\",animation_speed: 'normal',slideshow: 3500,opacity: 0.6,show_title: true,counter_separator_label: '\/',overlay_gallery: false,default_width: 960,default_height: 540,autoplay: true});};$('#jig2').justifiedImageGrid({\"timthumb\":\"https:\\\/\\\/eifel-camp.freizeit-oasen.de\\\/wp-content\\\/plugins\\\/justified-image-grid\\\/timthumb.php\",\"items\":[{\"url\":\"https%3A%2F%2Feifel-camp.freizeit-oasen.de%2Ffo_content%2Fuploads%2F2025%2F12%2FInnenhof.jpg\",\"width\":133,\"extra_class\":\"jig-contentID-ML-24785\",\"unencoded_url\":\"https:\\\/\\\/eifel-camp.freizeit-oasen.de\\\/wp-content\\\/uploads\\\/2025\\\/12\\\/Innenhof.jpg\",\"photon\":\"https:\\\/\\\/eifel-camp.freizeit-oasen.de\\\/wp-content\\\/uploads\\\/2025\\\/12\\\/Innenhof.jpg\"},{\"url\":\"https%3A%2F%2Feifel-camp.freizeit-oasen.de%2Ffo_content%2Fuploads%2F2025%2F12%2F633-Wohnzimmer-1.jpg\",\"width\":133,\"extra_class\":\"jig-contentID-ML-24821\",\"unencoded_url\":\"https:\\\/\\\/eifel-camp.freizeit-oasen.de\\\/wp-content\\\/uploads\\\/2025\\\/12\\\/633-Wohnzimmer-1.jpg\",\"photon\":\"https:\\\/\\\/eifel-camp.freizeit-oasen.de\\\/wp-content\\\/uploads\\\/2025\\\/12\\\/633-Wohnzimmer-1.jpg\"},{\"url\":\"https%3A%2F%2Feifel-camp.freizeit-oasen.de%2Ffo_content%2Fuploads%2F2025%2F12%2FInnenhof-1.jpg\",\"width\":133,\"extra_class\":\"jig-contentID-ML-24824\",\"unencoded_url\":\"https:\\\/\\\/eifel-camp.freizeit-oasen.de\\\/wp-content\\\/uploads\\\/2025\\\/12\\\/Innenhof-1.jpg\",\"photon\":\"https:\\\/\\\/eifel-camp.freizeit-oasen.de\\\/wp-content\\\/uploads\\\/2025\\\/12\\\/Innenhof-1.jpg\"},{\"url\":\"https%3A%2F%2Feifel-camp.freizeit-oasen.de%2Ffo_content%2Fuploads%2F2025%2F12%2F633-Aussen-1.jpg\",\"width\":133,\"extra_class\":\"jig-contentID-ML-24827\",\"unencoded_url\":\"https:\\\/\\\/eifel-camp.freizeit-oasen.de\\\/wp-content\\\/uploads\\\/2025\\\/12\\\/633-Aussen-1.jpg\",\"photon\":\"https:\\\/\\\/eifel-camp.freizeit-oasen.de\\\/wp-content\\\/uploads\\\/2025\\\/12\\\/633-Aussen-1.jpg\"},{\"url\":\"https%3A%2F%2Feifel-camp.freizeit-oasen.de%2Ffo_content%2Fuploads%2F2025%2F12%2F633-Schlafzimmer-1.jpg\",\"width\":133,\"extra_class\":\"jig-contentID-ML-24818\",\"unencoded_url\":\"https:\\\/\\\/eifel-camp.freizeit-oasen.de\\\/wp-content\\\/uploads\\\/2025\\\/12\\\/633-Schlafzimmer-1.jpg\",\"photon\":\"https:\\\/\\\/eifel-camp.freizeit-oasen.de\\\/wp-content\\\/uploads\\\/2025\\\/12\\\/633-Schlafzimmer-1.jpg\"},{\"url\":\"https%3A%2F%2Feifel-camp.freizeit-oasen.de%2Ffo_content%2Fuploads%2F2025%2F12%2F633-Badezimmer-1.jpg\",\"width\":75,\"extra_class\":\"jig-contentID-ML-24830\",\"unencoded_url\":\"https:\\\/\\\/eifel-camp.freizeit-oasen.de\\\/wp-content\\\/uploads\\\/2025\\\/12\\\/633-Badezimmer-1.jpg\",\"photon\":\"https:\\\/\\\/eifel-camp.freizeit-oasen.de\\\/wp-content\\\/uploads\\\/2025\\\/12\\\/633-Badezimmer-1.jpg\"},{\"url\":\"https%3A%2F%2Feifel-camp.freizeit-oasen.de%2Ffo_content%2Fuploads%2F2025%2F12%2F633-Essecke-1.jpg\",\"width\":133,\"extra_class\":\"jig-contentID-ML-24833\",\"unencoded_url\":\"https:\\\/\\\/eifel-camp.freizeit-oasen.de\\\/wp-content\\\/uploads\\\/2025\\\/12\\\/633-Essecke-1.jpg\",\"photon\":\"https:\\\/\\\/eifel-camp.freizeit-oasen.de\\\/wp-content\\\/uploads\\\/2025\\\/12\\\/633-Essecke-1.jpg\"},{\"url\":\"https%3A%2F%2Feifel-camp.freizeit-oasen.de%2Ffo_content%2Fuploads%2F2025%2F12%2F633-Esszimmer-1.jpg\",\"width\":133,\"extra_class\":\"jig-contentID-ML-24836\",\"unencoded_url\":\"https:\\\/\\\/eifel-camp.freizeit-oasen.de\\\/wp-content\\\/uploads\\\/2025\\\/12\\\/633-Esszimmer-1.jpg\",\"photon\":\"https:\\\/\\\/eifel-camp.freizeit-oasen.de\\\/wp-content\\\/uploads\\\/2025\\\/12\\\/633-Esszimmer-1.jpg\"},{\"url\":\"https%3A%2F%2Feifel-camp.freizeit-oasen.de%2Ffo_content%2Fuploads%2F2025%2F12%2F633-Kueche-1.jpg\",\"width\":75,\"extra_class\":\"jig-contentID-ML-24837\",\"unencoded_url\":\"https:\\\/\\\/eifel-camp.freizeit-oasen.de\\\/wp-content\\\/uploads\\\/2025\\\/12\\\/633-Kueche-1.jpg\",\"photon\":\"https:\\\/\\\/eifel-camp.freizeit-oasen.de\\\/wp-content\\\/uploads\\\/2025\\\/12\\\/633-Kueche-1.jpg\"}],\"targetHeight\":80,\"heightDeviation\":20,\"randomizeWidth\":\"230\",\"linkRel\":\"auto\",\"linkTitleField\":\"off\",\"imgAltField\":\"alternate\",\"titleField\":\"off\",\"captionField\":\"alternate\",\"overlayIcon\":\"on\",\"suppressErrors\":\"publicly\",\"instance\":2,\"lightboxInit\":\"jigAddLightbox2\",\"innerBorderWidth\":0});$('#jig2').on('contextmenu', function(e){e.preventDefault();return false;});$(document).on('click', $('#jig2'), function(event){if(event.which === 2){event.preventDefault();}});$(\"body\").on(\"contextmenu\", \"#pp_full_res\", function(e){e.preventDefault();return false;});if(typeof jigOtherPrettyPhotoIsPresent !== 'undefined'){$(document).ready(function(){setTimeout(function(){$(window).trigger('jigPrettyPhotoActivation');}, 50);});}else{$(window).trigger('jigPrettyPhotoActivation');}}}else if(typeof $.justifiedImageGrid === \"undefined\" && ready == true){if(typeof loadJustifiedImageGrid !== \"undefined\"){loadJustifiedImageGrid($);initJIG($,true);return;}\n$(\".justified-image-grid\").html('<span style=\"color:red;font-weight:bold\">The Justified Image Grid JS is not loaded. Try disabling Conditional script loading in the General settings.<\/span>');}else{$(document).ready(function(){initJIG($,true);});}})(jQuery,false);\r\n<\/script>\r\n<style type='text\/css'>\r\n.justified-image-grid {max-width: none !important;padding:0;clear:both;line-height: normal;display: block !important;}.jig-hiddenGallery{display:none !important;}.justified-image-grid .jig-imageContainer img,.justified-image-grid .jig-pixastic {position:absolute;bottom:0;left:0;margin: 0;padding: 0;border-style: none !important;vertical-align: baseline;max-width: none !important;max-height: none !important;min-height: 0 !important;min-width: 0 !important;box-shadow: none !important;z-index: auto !important;visibility: visible !important;margin-bottom: 0 !important;}.justified-image-grid .jig-imageContainer a {margin: 0 !important;padding: 0 !important;position: static !important;display: inline;}.jig-overflow {opacity:0;transition: opacity 0.3s;}.justified-image-grid div {position: static;}.justified-image-grid a:link,.justified-image-grid a:hover,.justified-image-grid a:visited {text-decoration:none;}.justified-image-grid .jig-removeThis {visibility:hidden;}.justified-image-grid .jig-hiddenLink,.justified-image-grid .jig-hiddenImg{display:none !important;}.jig-last:after {clear:both;}.justified-image-grid .tiled-gallery-caption{display: none !important;}.jig-developerLink{line-height: 10px;margin-bottom: 5px;}.jig-developerLink a{font-size: 9px;}.jig-fontCheck{display: block !important;position: absolute !important;left: -99999px !important;top: -99999px !important;visibility: hidden !important;font-size: 100px !important;white-space: nowrap !important;max-width: none !important;width: auto !important;}.justified-image-grid-html li {float:left;position: relative;list-style:none;overflow:hidden;}.justified-image-grid-html .jig-HTMLdescription{position: absolute;bottom: 0;left: 0;right: 0;background-color: rgba(0,0,0,0.5);color: white;margin: 0;padding: 5px;}.justified-image-grid > p, .justified-image-grid > li {display: none;}noscript.justified-image-grid-html p{display:block;}noscript.justified-image-grid-html li {display: list-item;}.justified-image-grid-html li.jig-clearfix:before,.jig-clearfix:after,.justified-image-grid-html:before,.justified-image-grid-html:after {content: \"\";display: table;}.jig-clearfix:after,.justified-image-grid-html:after {clear: both;}.jig-clearfix,.justified-image-grid-html {-webkit-backface-visibility: visible;transform: none;zoom: 1; \/* For IE 6\/7 (trigger hasLayout) *\/}#jig1 {margin:0;min-height:px;}#jig1 .jig-imageContainer {margin-bottom: 4px;margin-right: 4px;float: left;padding: 0;width: auto;}#jig1 .jig-imageContainer img {max-width: none !important;}#jig1 .jig-imageContainer .jig-caption-wrapper img{position: static;background: transparent !important;}#jig1 .jig-overflow {position: relative; overflow:hidden;vertical-align:baseline;}#jig1 .jig-caption-wrapper {max-height:100%;max-width:100%;min-width:100%;bottom: 0;right: 0;left: 0;margin:0 auto;position: absolute;overflow:hidden;opacity: 0.9;-moz-opacity: 0.9;filter:alpha(opacity=90);}#jig1 .jig-caption {display:none;background: #244473;padding:0 7px;margin: 0;}#jig1 .jig-caption-title {overflow: hidden;line-height: normal;box-sizing: border-box !important;color:#FFF !important;font-size: 12px;font-weight: bold;text-align:left;padding:5px 0 5px;}#jig1 .jig-caption-description {overflow: hidden;line-height: normal;color:#FFF !important;font-size: 12px;font-weight: normal;text-align:left;padding-bottom: 5px;}#jig1 .jig-alone{padding-top:5px !important;margin-top: 0 !important;}#jig1 .jig-overlay {background:#000;opacity: 0.2;-moz-opacity: 0.2;filter:alpha(opacity=20);height:100%;}#jig1 .jig-overlay-wrapper {display:none;position: absolute;bottom: 0;left: 0;right: 0;top: 0;}#jig1 .jig-overlay-icon-wrapper {display:none;position: absolute;bottom: 0;left: 0;right: 0;top: 0;}#jig1 .jig-overlay-icon {background: url(https:\/\/eifel-camp.freizeit-oasen.de\/fo_plugins\/justified-image-grid\/images\/magnifier.png) no-repeat center center;opacity: 0.6;-moz-opacity: 0.6;filter:alpha(opacity=60);height:100%;}@media only screen and (-webkit-min-device-pixel-ratio: 1.3), (min-resolution: 1.3dppx), (min-resolution: 124dpi){#jig1 .jig-overlay-icon {background: url(https:\/\/eifel-camp.freizeit-oasen.de\/fo_plugins\/justified-image-grid\/images\/magnifier@2x.png) no-repeat center center;-webkit-background-size:56px 56px;-moz-background-size:56px 56px;-o-background-size:56px 56px; background-size:56px 56px;}}#jig1 .jig-clearfix:after { clear: both; }.jig-last {margin-right: 0 !important;}.jig-ua-old-ie.justified-image-grid .jig-overlay,.jig-ua-old-ie.justified-image-grid .jig-overlay-icon-wrapper,.jig-ua-old-ie.justified-image-grid .jig-overlay-icon{position:absolute;top:0;right:0;bottom:0;left:0;}.jig-ua-old-ie.justified-image-grid .jig-overflow,.jig-ua-old-ie.justified-image-grid .jig-overflow div {cursor: pointer;}.jig-ua-old-ie.jig-caption-wrapper{margin:0 !important;}.jig-ua-ie .jig-caption-wrapper-clone {filter: alpha(opacity=0) !important;}#jig2 {margin:0;min-height:px;}#jig2 .jig-imageContainer {margin-bottom: 4px;margin-right: 4px;float: left;padding: 0;width: auto;}#jig2 .jig-imageContainer img {max-width: none !important;}#jig2 .jig-imageContainer .jig-caption-wrapper img{position: static;background: transparent !important;}#jig2 .jig-overflow {position: relative; overflow:hidden;vertical-align:baseline;}#jig2 .jig-caption-wrapper {max-height:100%;max-width:100%;min-width:100%;bottom: 0;right: 0;left: 0;margin:0 auto;position: absolute;overflow:hidden;opacity: 0.9;-moz-opacity: 0.9;filter:alpha(opacity=90);}#jig2 .jig-caption {display:none;background: #244473;padding:0 7px;margin: 0;}#jig2 .jig-caption-title {overflow: hidden;line-height: normal;box-sizing: border-box !important;color:#FFF !important;font-size: 12px;font-weight: bold;text-align:left;padding:5px 0 5px;}#jig2 .jig-caption-description {overflow: hidden;line-height: normal;color:#FFF !important;font-size: 12px;font-weight: normal;text-align:left;padding-bottom: 5px;}#jig2 .jig-alone{padding-top:5px !important;margin-top: 0 !important;}#jig2 .jig-overlay {background:#000;opacity: 0.2;-moz-opacity: 0.2;filter:alpha(opacity=20);height:100%;}#jig2 .jig-overlay-wrapper {display:none;position: absolute;bottom: 0;left: 0;right: 0;top: 0;}#jig2 .jig-overlay-icon-wrapper {display:none;position: absolute;bottom: 0;left: 0;right: 0;top: 0;}#jig2 .jig-overlay-icon {background: url(https:\/\/eifel-camp.freizeit-oasen.de\/fo_plugins\/justified-image-grid\/images\/magnifier.png) no-repeat center center;opacity: 0.6;-moz-opacity: 0.6;filter:alpha(opacity=60);height:100%;}@media only screen and (-webkit-min-device-pixel-ratio: 1.3), (min-resolution: 1.3dppx), (min-resolution: 124dpi){#jig2 .jig-overlay-icon {background: url(https:\/\/eifel-camp.freizeit-oasen.de\/fo_plugins\/justified-image-grid\/images\/magnifier@2x.png) no-repeat center center;-webkit-background-size:56px 56px;-moz-background-size:56px 56px;-o-background-size:56px 56px; background-size:56px 56px;}}#jig2 .jig-clearfix:after { clear: both; }.jig-last {margin-right: 0 !important;}.jig-ua-old-ie.justified-image-grid .jig-overlay,.jig-ua-old-ie.justified-image-grid .jig-overlay-icon-wrapper,.jig-ua-old-ie.justified-image-grid .jig-overlay-icon{position:absolute;top:0;right:0;bottom:0;left:0;}.jig-ua-old-ie.justified-image-grid .jig-overflow,.jig-ua-old-ie.justified-image-grid .jig-overflow div {cursor: pointer;}.jig-ua-old-ie.jig-caption-wrapper{margin:0 !important;}.jig-ua-ie .jig-caption-wrapper-clone {filter: alpha(opacity=0) !important;}\r\n<\/style>\n<\/div><\/div><\/div><div class=\"xzqv-layout-column xzqv_builder_column xzqv-builder-column-4 xzqv_builder_column_1_1 1_1 xzqv-flex-column\" style=\"--awb-bg-size:cover;--awb-width-large:100%;--awb-margin-top-large:0px;--awb-spacing-right-large:1.455%;--awb-margin-bottom-large:20px;--awb-spacing-left-large:1.455%;--awb-width-medium:100%;--awb-spacing-right-medium:1.455%;--awb-spacing-left-medium:1.455%;--awb-width-small:100%;--awb-spacing-right-small:1.455%;--awb-spacing-left-small:1.455%;\"><div class=\"xzqv-column-wrapper xzqv-flex-justify-content-flex-start xzqv-content-layout-column\"><div class=\"xzqv-text xzqv-text-6\"><h2><span style=\"color: #84b231;\">Der Kaufpreis beider Mobilheime betr\u00e4gt 50<\/span><span style=\"color: #84b231;\">.000 Euro\u00a0<\/span><\/h2>\n<\/div><div class=\"xzqv-text xzqv-text-7\"><p>Am Rande der Vulkaneifel , auf dem sch\u00f6nen Campingplatz \u201eEifelcamp\u201c in direkter N\u00e4he zum Freilinger See und umgeben von wunderbarer Natur und erholsamer Ruhe stehen 45 qm und 30 qm gro\u00dfen H\u00e4uschen.<\/p>\n<p>Diese 2 Mobilheime werden nur zusammen verkauft, da diese durch einen sch\u00f6nen Innenhof miteinander verbunden sind, der von beiden Mobilheimen zug\u00e4nglich ist. Daher bieten sich diese Mobilheime besonders f\u00fcr Familien mit Kindern oder Hunden an. Im gr\u00f6\u00dferen der beiden H\u00e4uschen befinden sich ein Schlafzimmer, eine K\u00fcche mit Essecke, ein Wohnzimmer, ein kleiner Eingangsbereich, ein separates Esszimmer, ein Badezimmer mit Dusche und ein kleiner Balkon mit Blick ins Gr\u00fcne Richtung Freilingen. Ebenfalls geh\u00f6rt zu diesem H\u00e4uschen noch ein Schuppen f\u00fcr Werkzeug etc., das vom Innenhof aus zug\u00e4nglich ist. Das kleinere Mobilheim besteht aus einem gem\u00fctlichen Wohnzimmer mit Essecke, einem Klo und 3 weiteren separaten Zimmern. Es gibt aber keine Dusche und keine K\u00fcchenzeile, auch deshalb werden diese Mobilheime nur zusammen verkauft. Zu diesem Mobilheim geh\u00f6rt noch ein kleiner Au\u00dfenbereich mit Blumenbeet, Fahrradschuppen und Parkm\u00f6glichkeit f\u00fcr 2 Fahrzeuge.<\/p>\n<p>Beide Mobilheime sind Teilm\u00f6bliert. Das Gr\u00f6\u00dfere Mobilheim hat eine Wohnfl\u00e4che von 45qm und eine Grundfl\u00e4che von 140 qm. Das kleinere Mobilheim hat eine Wohnfl\u00e4che von 30 qm und eine Grundfl\u00e4che von 114 qm.<\/p>\n<p>Bei beiden Mobilheimen wurden vor 5 Jahren die D\u00e4cher von einem Dachdeckerbetrieb neu gemacht. Im gr\u00f6\u00dferen Mobilheim wurden zudem alle Fenster und T\u00fcren neu eingebaut, teilweise Laminatboden verlegt, eine neue Gas-Wassertherme eingebaut und ein nagelneues Badezimmer mit Dusche eingebaut.<\/p>\n<p>Im kleineren Mobilheim wurden zus\u00e4tzlich noch beide Eingangst\u00fcren erneuert.<\/p>\n<p>Die Jahresstellplatzkosten incl. Nebenkosten (Grundgeb\u00fchren f\u00fcr Wasser u. Kanal, Strom u. Gas) belaufen sich f\u00fcr das gr\u00f6\u00dfere Mobilheim auf ca. 2700 \u20ac und f\u00fcr das kleinere Mobilheim auf ca. 1790 \u20ac.<\/p>\n<p>Zus\u00e4tzlich m\u00fcssen beim Kauf einmalig ein Sicherheitsleistung \/ Kaution in H\u00f6he von 600 \u20ac und eine einmalige Anschlussgeb\u00fchr f\u00fcr Gas\/Wasser in H\u00f6he von 3500 \u20ac an den Platz geleistet werden. Diese ist beim Kauf beider H\u00e4uschen nur einmal zu leisten.<\/p>\n<p><strong>Der Kaufpreis beider Mobilheime betr\u00e4gt VB 50.000 EUR.<\/strong><\/p>\n<p>Die Mobilheime k\u00f6nnen ab sofort besichtigt werden und k\u00f6nnen ab dem 01.02.26 bezogen werden.<br \/>\nBei Fragen oder Interesse k\u00f6nnen Sie uns jederzeit gerne unter <strong>0157\/35627310<\/strong> erreichen.<\/p>\n<\/div><div class=\"xzqv-separator xzqv-full-width-sep\" style=\"align-self: center;margin-left: auto;margin-right: auto;margin-top:20px;margin-bottom:20px;width:100%;\"><div class=\"xzqv-separator-border sep-single sep-solid\" style=\"--awb-height:20px;--awb-amount:20px;border-color:#435b7e;border-top-width:1px;\"><\/div><\/div><\/div><\/div><\/div><\/div><div class=\"xzqv-fullwidth fullwidth-box xzqv-builder-row-4 xzqv-flex-container has-pattern-background has-mask-background nonhundred-percent-fullwidth non-hundred-percent-height-scrolling\" style=\"--awb-border-radius-top-left:0px;--awb-border-radius-top-right:0px;--awb-border-radius-bottom-right:0px;--awb-border-radius-bottom-left:0px;--awb-flex-wrap:wrap;\" ><div class=\"xzqv-builder-row xzqv-row xzqv-flex-align-items-flex-start xzqv-flex-content-wrap\" style=\"max-width:1030px;margin-left: calc(-3% \/ 2 );margin-right: calc(-3% \/ 2 );\"><div class=\"xzqv-layout-column xzqv_builder_column xzqv-builder-column-5 xzqv_builder_column_1_1 1_1 xzqv-flex-column\" style=\"--awb-bg-blend:overlay;--awb-bg-size:cover;--awb-width-large:100%;--awb-margin-top-large:0px;--awb-spacing-right-large:1.455%;--awb-margin-bottom-large:20px;--awb-spacing-left-large:1.455%;--awb-width-medium:100%;--awb-spacing-right-medium:1.455%;--awb-spacing-left-medium:1.455%;--awb-width-small:100%;--awb-spacing-right-small:1.455%;--awb-spacing-left-small:1.455%;\"><div class=\"xzqv-column-wrapper xzqv-flex-justify-content-flex-start xzqv-content-layout-column\"><div class=\"xzqv-text xzqv-text-8\" style=\"--awb-text-transform:none;\"><p><img decoding=\"async\" class=\"alignnone size-full wp-image-25041\" src=\"https:\/\/eifel-camp.freizeit-oasen.de\/fo_content\/uploads\/2026\/01\/4-1.jpg\" alt=\"\" width=\"942\" height=\"1000\" srcset=\"https:\/\/eifel-camp.freizeit-oasen.de\/fo_content\/uploads\/2026\/01\/4-1-24x24.jpg 24w, https:\/\/eifel-camp.freizeit-oasen.de\/fo_content\/uploads\/2026\/01\/4-1-34x36.jpg 34w, https:\/\/eifel-camp.freizeit-oasen.de\/fo_content\/uploads\/2026\/01\/4-1-45x48.jpg 45w, https:\/\/eifel-camp.freizeit-oasen.de\/fo_content\/uploads\/2026\/01\/4-1-200x212.jpg 200w, https:\/\/eifel-camp.freizeit-oasen.de\/fo_content\/uploads\/2026\/01\/4-1-400x425.jpg 400w, https:\/\/eifel-camp.freizeit-oasen.de\/fo_content\/uploads\/2026\/01\/4-1-600x637.jpg 600w, https:\/\/eifel-camp.freizeit-oasen.de\/fo_content\/uploads\/2026\/01\/4-1-768x815.jpg 768w, https:\/\/eifel-camp.freizeit-oasen.de\/fo_content\/uploads\/2026\/01\/4-1-800x849.jpg 800w, https:\/\/eifel-camp.freizeit-oasen.de\/fo_content\/uploads\/2026\/01\/4-1.jpg 942w\" sizes=\"(max-width: 942px) 100vw, 942px\" \/><\/p>\n<\/div><\/div><\/div><div class=\"xzqv-layout-column xzqv_builder_column xzqv-builder-column-6 xzqv_builder_column_1_3 1_3 xzqv-flex-column\" style=\"--awb-bg-size:cover;--awb-width-large:33.333333333333%;--awb-margin-top-large:0px;--awb-spacing-right-large:4.365%;--awb-margin-bottom-large:20px;--awb-spacing-left-large:4.365%;--awb-width-medium:33.333333333333%;--awb-spacing-right-medium:4.365%;--awb-spacing-left-medium:4.365%;--awb-width-small:100%;--awb-spacing-right-small:1.455%;--awb-spacing-left-small:1.455%;\"><div class=\"xzqv-column-wrapper xzqv-flex-justify-content-flex-start xzqv-content-layout-column\"><div class=\"xzqv-text xzqv-text-9\" style=\"--awb-text-transform:none;\"><h2>Mobilheim Outdoor Whirlpool<\/h2>\n<p>Gr\u00f6\u00dfe Mobilheim: ca. 60 m\u00b2<br \/>\nStellplatzgr\u00f6\u00dfe: 200 m\u00b2<\/p>\n<h2><span style=\"color: #84b231;\">Kaufpreis 30<\/span><span style=\"color: #84b231;\">.000 Euro VB<\/span><\/h2>\n<\/div><\/div><\/div><div class=\"xzqv-layout-column xzqv_builder_column xzqv-builder-column-7 xzqv_builder_column_2_3 2_3 xzqv-flex-column\" style=\"--awb-bg-size:cover;--awb-width-large:66.666666666667%;--awb-margin-top-large:0px;--awb-spacing-right-large:2.1825%;--awb-margin-bottom-large:20px;--awb-spacing-left-large:2.1825%;--awb-width-medium:66.666666666667%;--awb-spacing-right-medium:2.1825%;--awb-spacing-left-medium:2.1825%;--awb-width-small:100%;--awb-spacing-right-small:1.455%;--awb-spacing-left-small:1.455%;\"><div class=\"xzqv-column-wrapper xzqv-flex-justify-content-flex-start xzqv-content-layout-column\"><div class=\"xzqv-text xzqv-text-10\" style=\"--awb-text-transform:none;\"><div id=\"jig3\" class=\"justified-image-grid jig-fed9128b470b0f430f22e309314ba8ae jig-preset-c1 jig-source-wp-gallery jig-rml-id-190\"><div class=\"jig-clearfix\"><\/div><noscript id=\"jig3-html\" class=\"justified-image-grid-html\" data-lazy-src=\"skiplazyload\" data-src=\"skipunveillazyload\"><ul><li><a href=\"https:\/\/eifel-camp.freizeit-oasen.de\/fo_content\/uploads\/2026\/01\/6-1.jpg\"><img decoding=\"async\" src=\"https:\/\/eifel-camp.freizeit-oasen.de\/fo_content\/uploads\/2026\/01\/6-1.jpg\" alt=\"\" width=\"94\" height=\"100\" \/><\/a><\/li><li><a href=\"https:\/\/eifel-camp.freizeit-oasen.de\/fo_content\/uploads\/2026\/01\/1-1.jpg\"><img decoding=\"async\" src=\"https:\/\/eifel-camp.freizeit-oasen.de\/fo_content\/uploads\/2026\/01\/1-1.jpg\" alt=\"\" width=\"95\" height=\"100\" \/><\/a><\/li><li><a href=\"https:\/\/eifel-camp.freizeit-oasen.de\/fo_content\/uploads\/2026\/01\/4-1.jpg\"><img decoding=\"async\" src=\"https:\/\/eifel-camp.freizeit-oasen.de\/fo_content\/uploads\/2026\/01\/4-1.jpg\" alt=\"\" width=\"94\" height=\"100\" \/><\/a><\/li><li><a href=\"https:\/\/eifel-camp.freizeit-oasen.de\/fo_content\/uploads\/2026\/01\/3-1.jpg\"><img decoding=\"async\" src=\"https:\/\/eifel-camp.freizeit-oasen.de\/fo_content\/uploads\/2026\/01\/3-1.jpg\" alt=\"\" width=\"99\" height=\"100\" \/><\/a><\/li><li><a href=\"https:\/\/eifel-camp.freizeit-oasen.de\/fo_content\/uploads\/2026\/01\/2-1.jpg\"><img decoding=\"async\" src=\"https:\/\/eifel-camp.freizeit-oasen.de\/fo_content\/uploads\/2026\/01\/2-1.jpg\" alt=\"\" width=\"94\" height=\"100\" \/><\/a><\/li><li><a href=\"https:\/\/eifel-camp.freizeit-oasen.de\/fo_content\/uploads\/2026\/01\/7-1.jpg\"><img decoding=\"async\" src=\"https:\/\/eifel-camp.freizeit-oasen.de\/fo_content\/uploads\/2026\/01\/7-1.jpg\" alt=\"\" width=\"131\" height=\"100\" \/><\/a><\/li><li><a href=\"https:\/\/eifel-camp.freizeit-oasen.de\/fo_content\/uploads\/2026\/01\/8-1.jpg\"><img decoding=\"async\" src=\"https:\/\/eifel-camp.freizeit-oasen.de\/fo_content\/uploads\/2026\/01\/8-1.jpg\" alt=\"\" width=\"136\" height=\"100\" \/><\/a><\/li><li><a href=\"https:\/\/eifel-camp.freizeit-oasen.de\/fo_content\/uploads\/2026\/01\/9-1.jpg\"><img decoding=\"async\" src=\"https:\/\/eifel-camp.freizeit-oasen.de\/fo_content\/uploads\/2026\/01\/9-1.jpg\" alt=\"\" width=\"133\" height=\"100\" \/><\/a><\/li><li><a href=\"https:\/\/eifel-camp.freizeit-oasen.de\/fo_content\/uploads\/2026\/01\/10-1.jpg\"><img decoding=\"async\" src=\"https:\/\/eifel-camp.freizeit-oasen.de\/fo_content\/uploads\/2026\/01\/10-1.jpg\" alt=\"\" width=\"73\" height=\"100\" \/><\/a><\/li><li><a href=\"https:\/\/eifel-camp.freizeit-oasen.de\/fo_content\/uploads\/2026\/01\/11-1.jpg\"><img decoding=\"async\" src=\"https:\/\/eifel-camp.freizeit-oasen.de\/fo_content\/uploads\/2026\/01\/11-1.jpg\" alt=\"\" width=\"75\" height=\"100\" \/><\/a><\/li><li><a href=\"https:\/\/eifel-camp.freizeit-oasen.de\/fo_content\/uploads\/2026\/01\/12-1.jpg\"><img decoding=\"async\" src=\"https:\/\/eifel-camp.freizeit-oasen.de\/fo_content\/uploads\/2026\/01\/12-1.jpg\" alt=\"\" width=\"75\" height=\"100\" \/><\/a><\/li><li><a href=\"https:\/\/eifel-camp.freizeit-oasen.de\/fo_content\/uploads\/2026\/01\/13-1.jpg\"><img decoding=\"async\" src=\"https:\/\/eifel-camp.freizeit-oasen.de\/fo_content\/uploads\/2026\/01\/13-1.jpg\" alt=\"\" width=\"75\" height=\"100\" \/><\/a><\/li><li><a href=\"https:\/\/eifel-camp.freizeit-oasen.de\/fo_content\/uploads\/2026\/01\/14-1.jpg\"><img decoding=\"async\" src=\"https:\/\/eifel-camp.freizeit-oasen.de\/fo_content\/uploads\/2026\/01\/14-1.jpg\" alt=\"\" width=\"73\" height=\"100\" \/><\/a><\/li><li><a href=\"https:\/\/eifel-camp.freizeit-oasen.de\/fo_content\/uploads\/2026\/01\/15-1.jpg\"><img decoding=\"async\" src=\"https:\/\/eifel-camp.freizeit-oasen.de\/fo_content\/uploads\/2026\/01\/15-1.jpg\" alt=\"\" width=\"74\" height=\"100\" \/><\/a><\/li><li><a href=\"https:\/\/eifel-camp.freizeit-oasen.de\/fo_content\/uploads\/2026\/01\/16-1.jpg\"><img decoding=\"async\" src=\"https:\/\/eifel-camp.freizeit-oasen.de\/fo_content\/uploads\/2026\/01\/16-1.jpg\" alt=\"\" width=\"74\" height=\"100\" \/><\/a><\/li><li><a href=\"https:\/\/eifel-camp.freizeit-oasen.de\/fo_content\/uploads\/2026\/01\/17-1.jpg\"><img decoding=\"async\" src=\"https:\/\/eifel-camp.freizeit-oasen.de\/fo_content\/uploads\/2026\/01\/17-1.jpg\" alt=\"\" width=\"76\" height=\"100\" \/><\/a><\/li><li><a href=\"https:\/\/eifel-camp.freizeit-oasen.de\/fo_content\/uploads\/2026\/01\/5-1.jpg\"><img decoding=\"async\" src=\"https:\/\/eifel-camp.freizeit-oasen.de\/fo_content\/uploads\/2026\/01\/5-1.jpg\" alt=\"\" width=\"94\" height=\"100\" \/><\/a><\/li><\/ul><\/noscript><\/div><script type=\"text\/javascript\">\r\n(function initJIG ($,ready) {if(typeof $.justifiedImageGrid !== \"undefined\"){if(typeof $.prettyPhoto.JIG === 'undefined'\n&& typeof loadJustifiedImageGrid !== 'undefined'\n&& typeof loadJIGprettyPhoto !== 'undefined'){loadJIGprettyPhoto($);}\nif(typeof $.JIGminVersion !== 'undefined' && $.JIGminVersion('1.7') == false){$.JIGminVersion('1.7',true);return;}else{window['jigAddLightbox1'] = function(){if(typeof $.prettyPhoto === 'undefined'\n&& typeof loadJustifiedImageGrid !== 'undefined'\n&& typeof loadJIGprettyPhoto !== 'undefined'){loadJIGprettyPhoto($);}\n$('#jig1 a.jig-link').prettyPhoto({jig_call: true,jig_socials: \"FTPG\",social_tools: false,\tsmart_deeplinking: false,advanced_deeplinking: false,deeplinking:false,theme: \"pp_default\",animation_speed: 'normal',slideshow: 3500,opacity: 0.6,show_title: true,counter_separator_label: '\/',overlay_gallery: false,default_width: 960,default_height: 540,autoplay: true});};$('#jig1').justifiedImageGrid({\"timthumb\":\"https:\\\/\\\/eifel-camp.freizeit-oasen.de\\\/wp-content\\\/plugins\\\/justified-image-grid\\\/timthumb.php\",\"items\":[{\"url\":\"https%3A%2F%2Feifel-camp.freizeit-oasen.de%2Ffo_content%2Fuploads%2F2025%2F12%2F632-Zweites-Zimmer-1.jpg\",\"width\":75,\"extra_class\":\"jig-contentID-ML-24858\",\"unencoded_url\":\"https:\\\/\\\/eifel-camp.freizeit-oasen.de\\\/wp-content\\\/uploads\\\/2025\\\/12\\\/632-Zweites-Zimmer-1.jpg\",\"photon\":\"https:\\\/\\\/eifel-camp.freizeit-oasen.de\\\/wp-content\\\/uploads\\\/2025\\\/12\\\/632-Zweites-Zimmer-1.jpg\"},{\"url\":\"https%3A%2F%2Feifel-camp.freizeit-oasen.de%2Ffo_content%2Fuploads%2F2025%2F12%2F632-Wohnzimmer-1.jpg\",\"width\":133,\"extra_class\":\"jig-contentID-ML-24855\",\"unencoded_url\":\"https:\\\/\\\/eifel-camp.freizeit-oasen.de\\\/wp-content\\\/uploads\\\/2025\\\/12\\\/632-Wohnzimmer-1.jpg\",\"photon\":\"https:\\\/\\\/eifel-camp.freizeit-oasen.de\\\/wp-content\\\/uploads\\\/2025\\\/12\\\/632-Wohnzimmer-1.jpg\"},{\"url\":\"https%3A%2F%2Feifel-camp.freizeit-oasen.de%2Ffo_content%2Fuploads%2F2025%2F12%2F632-hinteres-Zimmer-1.jpg\",\"width\":133,\"extra_class\":\"jig-contentID-ML-24852\",\"unencoded_url\":\"https:\\\/\\\/eifel-camp.freizeit-oasen.de\\\/wp-content\\\/uploads\\\/2025\\\/12\\\/632-hinteres-Zimmer-1.jpg\",\"photon\":\"https:\\\/\\\/eifel-camp.freizeit-oasen.de\\\/wp-content\\\/uploads\\\/2025\\\/12\\\/632-hinteres-Zimmer-1.jpg\"},{\"url\":\"https%3A%2F%2Feifel-camp.freizeit-oasen.de%2Ffo_content%2Fuploads%2F2025%2F12%2F632-Essecke-1.jpg\",\"width\":75,\"extra_class\":\"jig-contentID-ML-24849\",\"unencoded_url\":\"https:\\\/\\\/eifel-camp.freizeit-oasen.de\\\/wp-content\\\/uploads\\\/2025\\\/12\\\/632-Essecke-1.jpg\",\"photon\":\"https:\\\/\\\/eifel-camp.freizeit-oasen.de\\\/wp-content\\\/uploads\\\/2025\\\/12\\\/632-Essecke-1.jpg\"},{\"url\":\"https%3A%2F%2Feifel-camp.freizeit-oasen.de%2Ffo_content%2Fuploads%2F2025%2F12%2F632-Buero-1.jpg\",\"width\":133,\"extra_class\":\"jig-contentID-ML-24846\",\"unencoded_url\":\"https:\\\/\\\/eifel-camp.freizeit-oasen.de\\\/wp-content\\\/uploads\\\/2025\\\/12\\\/632-Buero-1.jpg\",\"photon\":\"https:\\\/\\\/eifel-camp.freizeit-oasen.de\\\/wp-content\\\/uploads\\\/2025\\\/12\\\/632-Buero-1.jpg\"},{\"url\":\"https%3A%2F%2Feifel-camp.freizeit-oasen.de%2Ffo_content%2Fuploads%2F2025%2F12%2F632-Aussen-1.jpg\",\"width\":133,\"extra_class\":\"jig-contentID-ML-24843\",\"unencoded_url\":\"https:\\\/\\\/eifel-camp.freizeit-oasen.de\\\/wp-content\\\/uploads\\\/2025\\\/12\\\/632-Aussen-1.jpg\",\"photon\":\"https:\\\/\\\/eifel-camp.freizeit-oasen.de\\\/wp-content\\\/uploads\\\/2025\\\/12\\\/632-Aussen-1.jpg\"}],\"targetHeight\":80,\"heightDeviation\":20,\"randomizeWidth\":\"230\",\"linkRel\":\"auto\",\"linkTitleField\":\"off\",\"imgAltField\":\"alternate\",\"titleField\":\"off\",\"captionField\":\"alternate\",\"overlayIcon\":\"on\",\"suppressErrors\":\"publicly\",\"innerBorderWidth\":0});$('#jig1').on('contextmenu', function(e){e.preventDefault();return false;});$(document).on('click', $('#jig1'), function(event){if(event.which === 2){event.preventDefault();}});$(\"body\").on(\"contextmenu\", \"#pp_full_res\", function(e){e.preventDefault();return false;});window['jigAddLightbox2'] = function(){if(typeof $.prettyPhoto === 'undefined'\n&& typeof loadJustifiedImageGrid !== 'undefined'\n&& typeof loadJIGprettyPhoto !== 'undefined'){loadJIGprettyPhoto($);}\n$('#jig2 a.jig-link').prettyPhoto({jig_call: true,jig_socials: \"FTPG\",social_tools: false,\tsmart_deeplinking: false,advanced_deeplinking: false,deeplinking:false,theme: \"pp_default\",animation_speed: 'normal',slideshow: 3500,opacity: 0.6,show_title: true,counter_separator_label: '\/',overlay_gallery: false,default_width: 960,default_height: 540,autoplay: true});};$('#jig2').justifiedImageGrid({\"timthumb\":\"https:\\\/\\\/eifel-camp.freizeit-oasen.de\\\/wp-content\\\/plugins\\\/justified-image-grid\\\/timthumb.php\",\"items\":[{\"url\":\"https%3A%2F%2Feifel-camp.freizeit-oasen.de%2Ffo_content%2Fuploads%2F2025%2F12%2FInnenhof.jpg\",\"width\":133,\"extra_class\":\"jig-contentID-ML-24785\",\"unencoded_url\":\"https:\\\/\\\/eifel-camp.freizeit-oasen.de\\\/wp-content\\\/uploads\\\/2025\\\/12\\\/Innenhof.jpg\",\"photon\":\"https:\\\/\\\/eifel-camp.freizeit-oasen.de\\\/wp-content\\\/uploads\\\/2025\\\/12\\\/Innenhof.jpg\"},{\"url\":\"https%3A%2F%2Feifel-camp.freizeit-oasen.de%2Ffo_content%2Fuploads%2F2025%2F12%2F633-Wohnzimmer-1.jpg\",\"width\":133,\"extra_class\":\"jig-contentID-ML-24821\",\"unencoded_url\":\"https:\\\/\\\/eifel-camp.freizeit-oasen.de\\\/wp-content\\\/uploads\\\/2025\\\/12\\\/633-Wohnzimmer-1.jpg\",\"photon\":\"https:\\\/\\\/eifel-camp.freizeit-oasen.de\\\/wp-content\\\/uploads\\\/2025\\\/12\\\/633-Wohnzimmer-1.jpg\"},{\"url\":\"https%3A%2F%2Feifel-camp.freizeit-oasen.de%2Ffo_content%2Fuploads%2F2025%2F12%2FInnenhof-1.jpg\",\"width\":133,\"extra_class\":\"jig-contentID-ML-24824\",\"unencoded_url\":\"https:\\\/\\\/eifel-camp.freizeit-oasen.de\\\/wp-content\\\/uploads\\\/2025\\\/12\\\/Innenhof-1.jpg\",\"photon\":\"https:\\\/\\\/eifel-camp.freizeit-oasen.de\\\/wp-content\\\/uploads\\\/2025\\\/12\\\/Innenhof-1.jpg\"},{\"url\":\"https%3A%2F%2Feifel-camp.freizeit-oasen.de%2Ffo_content%2Fuploads%2F2025%2F12%2F633-Aussen-1.jpg\",\"width\":133,\"extra_class\":\"jig-contentID-ML-24827\",\"unencoded_url\":\"https:\\\/\\\/eifel-camp.freizeit-oasen.de\\\/wp-content\\\/uploads\\\/2025\\\/12\\\/633-Aussen-1.jpg\",\"photon\":\"https:\\\/\\\/eifel-camp.freizeit-oasen.de\\\/wp-content\\\/uploads\\\/2025\\\/12\\\/633-Aussen-1.jpg\"},{\"url\":\"https%3A%2F%2Feifel-camp.freizeit-oasen.de%2Ffo_content%2Fuploads%2F2025%2F12%2F633-Schlafzimmer-1.jpg\",\"width\":133,\"extra_class\":\"jig-contentID-ML-24818\",\"unencoded_url\":\"https:\\\/\\\/eifel-camp.freizeit-oasen.de\\\/wp-content\\\/uploads\\\/2025\\\/12\\\/633-Schlafzimmer-1.jpg\",\"photon\":\"https:\\\/\\\/eifel-camp.freizeit-oasen.de\\\/wp-content\\\/uploads\\\/2025\\\/12\\\/633-Schlafzimmer-1.jpg\"},{\"url\":\"https%3A%2F%2Feifel-camp.freizeit-oasen.de%2Ffo_content%2Fuploads%2F2025%2F12%2F633-Badezimmer-1.jpg\",\"width\":75,\"extra_class\":\"jig-contentID-ML-24830\",\"unencoded_url\":\"https:\\\/\\\/eifel-camp.freizeit-oasen.de\\\/wp-content\\\/uploads\\\/2025\\\/12\\\/633-Badezimmer-1.jpg\",\"photon\":\"https:\\\/\\\/eifel-camp.freizeit-oasen.de\\\/wp-content\\\/uploads\\\/2025\\\/12\\\/633-Badezimmer-1.jpg\"},{\"url\":\"https%3A%2F%2Feifel-camp.freizeit-oasen.de%2Ffo_content%2Fuploads%2F2025%2F12%2F633-Essecke-1.jpg\",\"width\":133,\"extra_class\":\"jig-contentID-ML-24833\",\"unencoded_url\":\"https:\\\/\\\/eifel-camp.freizeit-oasen.de\\\/wp-content\\\/uploads\\\/2025\\\/12\\\/633-Essecke-1.jpg\",\"photon\":\"https:\\\/\\\/eifel-camp.freizeit-oasen.de\\\/wp-content\\\/uploads\\\/2025\\\/12\\\/633-Essecke-1.jpg\"},{\"url\":\"https%3A%2F%2Feifel-camp.freizeit-oasen.de%2Ffo_content%2Fuploads%2F2025%2F12%2F633-Esszimmer-1.jpg\",\"width\":133,\"extra_class\":\"jig-contentID-ML-24836\",\"unencoded_url\":\"https:\\\/\\\/eifel-camp.freizeit-oasen.de\\\/wp-content\\\/uploads\\\/2025\\\/12\\\/633-Esszimmer-1.jpg\",\"photon\":\"https:\\\/\\\/eifel-camp.freizeit-oasen.de\\\/wp-content\\\/uploads\\\/2025\\\/12\\\/633-Esszimmer-1.jpg\"},{\"url\":\"https%3A%2F%2Feifel-camp.freizeit-oasen.de%2Ffo_content%2Fuploads%2F2025%2F12%2F633-Kueche-1.jpg\",\"width\":75,\"extra_class\":\"jig-contentID-ML-24837\",\"unencoded_url\":\"https:\\\/\\\/eifel-camp.freizeit-oasen.de\\\/wp-content\\\/uploads\\\/2025\\\/12\\\/633-Kueche-1.jpg\",\"photon\":\"https:\\\/\\\/eifel-camp.freizeit-oasen.de\\\/wp-content\\\/uploads\\\/2025\\\/12\\\/633-Kueche-1.jpg\"}],\"targetHeight\":80,\"heightDeviation\":20,\"randomizeWidth\":\"230\",\"linkRel\":\"auto\",\"linkTitleField\":\"off\",\"imgAltField\":\"alternate\",\"titleField\":\"off\",\"captionField\":\"alternate\",\"overlayIcon\":\"on\",\"suppressErrors\":\"publicly\",\"instance\":2,\"lightboxInit\":\"jigAddLightbox2\",\"innerBorderWidth\":0});$('#jig2').on('contextmenu', function(e){e.preventDefault();return false;});$(document).on('click', $('#jig2'), function(event){if(event.which === 2){event.preventDefault();}});$(\"body\").on(\"contextmenu\", \"#pp_full_res\", function(e){e.preventDefault();return false;});window['jigAddLightbox3'] = function(){if(typeof $.prettyPhoto === 'undefined'\n&& typeof loadJustifiedImageGrid !== 'undefined'\n&& typeof loadJIGprettyPhoto !== 'undefined'){loadJIGprettyPhoto($);}\n$('#jig3 a.jig-link').prettyPhoto({jig_call: true,jig_socials: \"FTPG\",social_tools: false,\tsmart_deeplinking: false,advanced_deeplinking: false,deeplinking:false,theme: \"pp_default\",animation_speed: 'normal',slideshow: 3500,opacity: 0.6,show_title: true,counter_separator_label: '\/',overlay_gallery: false,default_width: 960,default_height: 540,autoplay: true});};$('#jig3').justifiedImageGrid({\"timthumb\":\"https:\\\/\\\/eifel-camp.freizeit-oasen.de\\\/wp-content\\\/plugins\\\/justified-image-grid\\\/timthumb.php\",\"items\":[{\"url\":\"https%3A%2F%2Feifel-camp.freizeit-oasen.de%2Ffo_content%2Fuploads%2F2026%2F01%2F6-1.jpg\",\"width\":94,\"extra_class\":\"jig-contentID-ML-25046\",\"unencoded_url\":\"https:\\\/\\\/eifel-camp.freizeit-oasen.de\\\/wp-content\\\/uploads\\\/2026\\\/01\\\/6-1.jpg\",\"photon\":\"https:\\\/\\\/eifel-camp.freizeit-oasen.de\\\/wp-content\\\/uploads\\\/2026\\\/01\\\/6-1.jpg\"},{\"url\":\"https%3A%2F%2Feifel-camp.freizeit-oasen.de%2Ffo_content%2Fuploads%2F2026%2F01%2F1-1.jpg\",\"width\":95,\"extra_class\":\"jig-contentID-ML-25031\",\"unencoded_url\":\"https:\\\/\\\/eifel-camp.freizeit-oasen.de\\\/wp-content\\\/uploads\\\/2026\\\/01\\\/1-1.jpg\",\"photon\":\"https:\\\/\\\/eifel-camp.freizeit-oasen.de\\\/wp-content\\\/uploads\\\/2026\\\/01\\\/1-1.jpg\"},{\"url\":\"https%3A%2F%2Feifel-camp.freizeit-oasen.de%2Ffo_content%2Fuploads%2F2026%2F01%2F4-1.jpg\",\"width\":94,\"extra_class\":\"jig-contentID-ML-25040\",\"unencoded_url\":\"https:\\\/\\\/eifel-camp.freizeit-oasen.de\\\/wp-content\\\/uploads\\\/2026\\\/01\\\/4-1.jpg\",\"photon\":\"https:\\\/\\\/eifel-camp.freizeit-oasen.de\\\/wp-content\\\/uploads\\\/2026\\\/01\\\/4-1.jpg\"},{\"url\":\"https%3A%2F%2Feifel-camp.freizeit-oasen.de%2Ffo_content%2Fuploads%2F2026%2F01%2F3-1.jpg\",\"width\":99,\"extra_class\":\"jig-contentID-ML-25037\",\"unencoded_url\":\"https:\\\/\\\/eifel-camp.freizeit-oasen.de\\\/wp-content\\\/uploads\\\/2026\\\/01\\\/3-1.jpg\",\"photon\":\"https:\\\/\\\/eifel-camp.freizeit-oasen.de\\\/wp-content\\\/uploads\\\/2026\\\/01\\\/3-1.jpg\"},{\"url\":\"https%3A%2F%2Feifel-camp.freizeit-oasen.de%2Ffo_content%2Fuploads%2F2026%2F01%2F2-1.jpg\",\"width\":94,\"extra_class\":\"jig-contentID-ML-25034\",\"unencoded_url\":\"https:\\\/\\\/eifel-camp.freizeit-oasen.de\\\/wp-content\\\/uploads\\\/2026\\\/01\\\/2-1.jpg\",\"photon\":\"https:\\\/\\\/eifel-camp.freizeit-oasen.de\\\/wp-content\\\/uploads\\\/2026\\\/01\\\/2-1.jpg\"},{\"url\":\"https%3A%2F%2Feifel-camp.freizeit-oasen.de%2Ffo_content%2Fuploads%2F2026%2F01%2F7-1.jpg\",\"width\":131,\"extra_class\":\"jig-contentID-ML-25049\",\"unencoded_url\":\"https:\\\/\\\/eifel-camp.freizeit-oasen.de\\\/wp-content\\\/uploads\\\/2026\\\/01\\\/7-1.jpg\",\"photon\":\"https:\\\/\\\/eifel-camp.freizeit-oasen.de\\\/wp-content\\\/uploads\\\/2026\\\/01\\\/7-1.jpg\"},{\"url\":\"https%3A%2F%2Feifel-camp.freizeit-oasen.de%2Ffo_content%2Fuploads%2F2026%2F01%2F8-1.jpg\",\"width\":136,\"extra_class\":\"jig-contentID-ML-25052\",\"unencoded_url\":\"https:\\\/\\\/eifel-camp.freizeit-oasen.de\\\/wp-content\\\/uploads\\\/2026\\\/01\\\/8-1.jpg\",\"photon\":\"https:\\\/\\\/eifel-camp.freizeit-oasen.de\\\/wp-content\\\/uploads\\\/2026\\\/01\\\/8-1.jpg\"},{\"url\":\"https%3A%2F%2Feifel-camp.freizeit-oasen.de%2Ffo_content%2Fuploads%2F2026%2F01%2F9-1.jpg\",\"width\":133,\"extra_class\":\"jig-contentID-ML-25055\",\"unencoded_url\":\"https:\\\/\\\/eifel-camp.freizeit-oasen.de\\\/wp-content\\\/uploads\\\/2026\\\/01\\\/9-1.jpg\",\"photon\":\"https:\\\/\\\/eifel-camp.freizeit-oasen.de\\\/wp-content\\\/uploads\\\/2026\\\/01\\\/9-1.jpg\"},{\"url\":\"https%3A%2F%2Feifel-camp.freizeit-oasen.de%2Ffo_content%2Fuploads%2F2026%2F01%2F10-1.jpg\",\"width\":73,\"extra_class\":\"jig-contentID-ML-25058\",\"unencoded_url\":\"https:\\\/\\\/eifel-camp.freizeit-oasen.de\\\/wp-content\\\/uploads\\\/2026\\\/01\\\/10-1.jpg\",\"photon\":\"https:\\\/\\\/eifel-camp.freizeit-oasen.de\\\/wp-content\\\/uploads\\\/2026\\\/01\\\/10-1.jpg\"},{\"url\":\"https%3A%2F%2Feifel-camp.freizeit-oasen.de%2Ffo_content%2Fuploads%2F2026%2F01%2F11-1.jpg\",\"width\":75,\"extra_class\":\"jig-contentID-ML-25061\",\"unencoded_url\":\"https:\\\/\\\/eifel-camp.freizeit-oasen.de\\\/wp-content\\\/uploads\\\/2026\\\/01\\\/11-1.jpg\",\"photon\":\"https:\\\/\\\/eifel-camp.freizeit-oasen.de\\\/wp-content\\\/uploads\\\/2026\\\/01\\\/11-1.jpg\"},{\"url\":\"https%3A%2F%2Feifel-camp.freizeit-oasen.de%2Ffo_content%2Fuploads%2F2026%2F01%2F12-1.jpg\",\"width\":75,\"extra_class\":\"jig-contentID-ML-25064\",\"unencoded_url\":\"https:\\\/\\\/eifel-camp.freizeit-oasen.de\\\/wp-content\\\/uploads\\\/2026\\\/01\\\/12-1.jpg\",\"photon\":\"https:\\\/\\\/eifel-camp.freizeit-oasen.de\\\/wp-content\\\/uploads\\\/2026\\\/01\\\/12-1.jpg\"},{\"url\":\"https%3A%2F%2Feifel-camp.freizeit-oasen.de%2Ffo_content%2Fuploads%2F2026%2F01%2F13-1.jpg\",\"width\":75,\"extra_class\":\"jig-contentID-ML-25067\",\"unencoded_url\":\"https:\\\/\\\/eifel-camp.freizeit-oasen.de\\\/wp-content\\\/uploads\\\/2026\\\/01\\\/13-1.jpg\",\"photon\":\"https:\\\/\\\/eifel-camp.freizeit-oasen.de\\\/wp-content\\\/uploads\\\/2026\\\/01\\\/13-1.jpg\"},{\"url\":\"https%3A%2F%2Feifel-camp.freizeit-oasen.de%2Ffo_content%2Fuploads%2F2026%2F01%2F14-1.jpg\",\"width\":73,\"extra_class\":\"jig-contentID-ML-25070\",\"unencoded_url\":\"https:\\\/\\\/eifel-camp.freizeit-oasen.de\\\/wp-content\\\/uploads\\\/2026\\\/01\\\/14-1.jpg\",\"photon\":\"https:\\\/\\\/eifel-camp.freizeit-oasen.de\\\/wp-content\\\/uploads\\\/2026\\\/01\\\/14-1.jpg\"},{\"url\":\"https%3A%2F%2Feifel-camp.freizeit-oasen.de%2Ffo_content%2Fuploads%2F2026%2F01%2F15-1.jpg\",\"width\":74,\"extra_class\":\"jig-contentID-ML-25073\",\"unencoded_url\":\"https:\\\/\\\/eifel-camp.freizeit-oasen.de\\\/wp-content\\\/uploads\\\/2026\\\/01\\\/15-1.jpg\",\"photon\":\"https:\\\/\\\/eifel-camp.freizeit-oasen.de\\\/wp-content\\\/uploads\\\/2026\\\/01\\\/15-1.jpg\"},{\"url\":\"https%3A%2F%2Feifel-camp.freizeit-oasen.de%2Ffo_content%2Fuploads%2F2026%2F01%2F16-1.jpg\",\"width\":74,\"extra_class\":\"jig-contentID-ML-25076\",\"unencoded_url\":\"https:\\\/\\\/eifel-camp.freizeit-oasen.de\\\/wp-content\\\/uploads\\\/2026\\\/01\\\/16-1.jpg\",\"photon\":\"https:\\\/\\\/eifel-camp.freizeit-oasen.de\\\/wp-content\\\/uploads\\\/2026\\\/01\\\/16-1.jpg\"},{\"url\":\"https%3A%2F%2Feifel-camp.freizeit-oasen.de%2Ffo_content%2Fuploads%2F2026%2F01%2F17-1.jpg\",\"width\":76,\"extra_class\":\"jig-contentID-ML-25079\",\"unencoded_url\":\"https:\\\/\\\/eifel-camp.freizeit-oasen.de\\\/wp-content\\\/uploads\\\/2026\\\/01\\\/17-1.jpg\",\"photon\":\"https:\\\/\\\/eifel-camp.freizeit-oasen.de\\\/wp-content\\\/uploads\\\/2026\\\/01\\\/17-1.jpg\"},{\"url\":\"https%3A%2F%2Feifel-camp.freizeit-oasen.de%2Ffo_content%2Fuploads%2F2026%2F01%2F5-1.jpg\",\"width\":94,\"extra_class\":\"jig-contentID-ML-25043\",\"unencoded_url\":\"https:\\\/\\\/eifel-camp.freizeit-oasen.de\\\/wp-content\\\/uploads\\\/2026\\\/01\\\/5-1.jpg\",\"photon\":\"https:\\\/\\\/eifel-camp.freizeit-oasen.de\\\/wp-content\\\/uploads\\\/2026\\\/01\\\/5-1.jpg\"}],\"targetHeight\":80,\"heightDeviation\":20,\"randomizeWidth\":\"230\",\"linkRel\":\"auto\",\"linkTitleField\":\"off\",\"imgAltField\":\"alternate\",\"titleField\":\"off\",\"captionField\":\"alternate\",\"overlayIcon\":\"on\",\"suppressErrors\":\"publicly\",\"instance\":3,\"lightboxInit\":\"jigAddLightbox3\",\"innerBorderWidth\":0});$('#jig3').on('contextmenu', function(e){e.preventDefault();return false;});$(document).on('click', $('#jig3'), function(event){if(event.which === 2){event.preventDefault();}});$(\"body\").on(\"contextmenu\", \"#pp_full_res\", function(e){e.preventDefault();return false;});if(typeof jigOtherPrettyPhotoIsPresent !== 'undefined'){$(document).ready(function(){setTimeout(function(){$(window).trigger('jigPrettyPhotoActivation');}, 50);});}else{$(window).trigger('jigPrettyPhotoActivation');}}}else if(typeof $.justifiedImageGrid === \"undefined\" && ready == true){if(typeof loadJustifiedImageGrid !== \"undefined\"){loadJustifiedImageGrid($);initJIG($,true);return;}\n$(\".justified-image-grid\").html('<span style=\"color:red;font-weight:bold\">The Justified Image Grid JS is not loaded. Try disabling Conditional script loading in the General settings.<\/span>');}else{$(document).ready(function(){initJIG($,true);});}})(jQuery,false);\r\n<\/script>\r\n<style type='text\/css'>\r\n.justified-image-grid {max-width: none !important;padding:0;clear:both;line-height: normal;display: block !important;}.jig-hiddenGallery{display:none !important;}.justified-image-grid .jig-imageContainer img,.justified-image-grid .jig-pixastic {position:absolute;bottom:0;left:0;margin: 0;padding: 0;border-style: none !important;vertical-align: baseline;max-width: none !important;max-height: none !important;min-height: 0 !important;min-width: 0 !important;box-shadow: none !important;z-index: auto !important;visibility: visible !important;margin-bottom: 0 !important;}.justified-image-grid .jig-imageContainer a {margin: 0 !important;padding: 0 !important;position: static !important;display: inline;}.jig-overflow {opacity:0;transition: opacity 0.3s;}.justified-image-grid div {position: static;}.justified-image-grid a:link,.justified-image-grid a:hover,.justified-image-grid a:visited {text-decoration:none;}.justified-image-grid .jig-removeThis {visibility:hidden;}.justified-image-grid .jig-hiddenLink,.justified-image-grid .jig-hiddenImg{display:none !important;}.jig-last:after {clear:both;}.justified-image-grid .tiled-gallery-caption{display: none !important;}.jig-developerLink{line-height: 10px;margin-bottom: 5px;}.jig-developerLink a{font-size: 9px;}.jig-fontCheck{display: block !important;position: absolute !important;left: -99999px !important;top: -99999px !important;visibility: hidden !important;font-size: 100px !important;white-space: nowrap !important;max-width: none !important;width: auto !important;}.justified-image-grid-html li {float:left;position: relative;list-style:none;overflow:hidden;}.justified-image-grid-html .jig-HTMLdescription{position: absolute;bottom: 0;left: 0;right: 0;background-color: rgba(0,0,0,0.5);color: white;margin: 0;padding: 5px;}.justified-image-grid > p, .justified-image-grid > li {display: none;}noscript.justified-image-grid-html p{display:block;}noscript.justified-image-grid-html li {display: list-item;}.justified-image-grid-html li.jig-clearfix:before,.jig-clearfix:after,.justified-image-grid-html:before,.justified-image-grid-html:after {content: \"\";display: table;}.jig-clearfix:after,.justified-image-grid-html:after {clear: both;}.jig-clearfix,.justified-image-grid-html {-webkit-backface-visibility: visible;transform: none;zoom: 1; \/* For IE 6\/7 (trigger hasLayout) *\/}#jig1 {margin:0;min-height:px;}#jig1 .jig-imageContainer {margin-bottom: 4px;margin-right: 4px;float: left;padding: 0;width: auto;}#jig1 .jig-imageContainer img {max-width: none !important;}#jig1 .jig-imageContainer .jig-caption-wrapper img{position: static;background: transparent !important;}#jig1 .jig-overflow {position: relative; overflow:hidden;vertical-align:baseline;}#jig1 .jig-caption-wrapper {max-height:100%;max-width:100%;min-width:100%;bottom: 0;right: 0;left: 0;margin:0 auto;position: absolute;overflow:hidden;opacity: 0.9;-moz-opacity: 0.9;filter:alpha(opacity=90);}#jig1 .jig-caption {display:none;background: #244473;padding:0 7px;margin: 0;}#jig1 .jig-caption-title {overflow: hidden;line-height: normal;box-sizing: border-box !important;color:#FFF !important;font-size: 12px;font-weight: bold;text-align:left;padding:5px 0 5px;}#jig1 .jig-caption-description {overflow: hidden;line-height: normal;color:#FFF !important;font-size: 12px;font-weight: normal;text-align:left;padding-bottom: 5px;}#jig1 .jig-alone{padding-top:5px !important;margin-top: 0 !important;}#jig1 .jig-overlay {background:#000;opacity: 0.2;-moz-opacity: 0.2;filter:alpha(opacity=20);height:100%;}#jig1 .jig-overlay-wrapper {display:none;position: absolute;bottom: 0;left: 0;right: 0;top: 0;}#jig1 .jig-overlay-icon-wrapper {display:none;position: absolute;bottom: 0;left: 0;right: 0;top: 0;}#jig1 .jig-overlay-icon {background: url(https:\/\/eifel-camp.freizeit-oasen.de\/fo_plugins\/justified-image-grid\/images\/magnifier.png) no-repeat center center;opacity: 0.6;-moz-opacity: 0.6;filter:alpha(opacity=60);height:100%;}@media only screen and (-webkit-min-device-pixel-ratio: 1.3), (min-resolution: 1.3dppx), (min-resolution: 124dpi){#jig1 .jig-overlay-icon {background: url(https:\/\/eifel-camp.freizeit-oasen.de\/fo_plugins\/justified-image-grid\/images\/magnifier@2x.png) no-repeat center center;-webkit-background-size:56px 56px;-moz-background-size:56px 56px;-o-background-size:56px 56px; background-size:56px 56px;}}#jig1 .jig-clearfix:after { clear: both; }.jig-last {margin-right: 0 !important;}.jig-ua-old-ie.justified-image-grid .jig-overlay,.jig-ua-old-ie.justified-image-grid .jig-overlay-icon-wrapper,.jig-ua-old-ie.justified-image-grid .jig-overlay-icon{position:absolute;top:0;right:0;bottom:0;left:0;}.jig-ua-old-ie.justified-image-grid .jig-overflow,.jig-ua-old-ie.justified-image-grid .jig-overflow div {cursor: pointer;}.jig-ua-old-ie.jig-caption-wrapper{margin:0 !important;}.jig-ua-ie .jig-caption-wrapper-clone {filter: alpha(opacity=0) !important;}#jig2 {margin:0;min-height:px;}#jig2 .jig-imageContainer {margin-bottom: 4px;margin-right: 4px;float: left;padding: 0;width: auto;}#jig2 .jig-imageContainer img {max-width: none !important;}#jig2 .jig-imageContainer .jig-caption-wrapper img{position: static;background: transparent !important;}#jig2 .jig-overflow {position: relative; overflow:hidden;vertical-align:baseline;}#jig2 .jig-caption-wrapper {max-height:100%;max-width:100%;min-width:100%;bottom: 0;right: 0;left: 0;margin:0 auto;position: absolute;overflow:hidden;opacity: 0.9;-moz-opacity: 0.9;filter:alpha(opacity=90);}#jig2 .jig-caption {display:none;background: #244473;padding:0 7px;margin: 0;}#jig2 .jig-caption-title {overflow: hidden;line-height: normal;box-sizing: border-box !important;color:#FFF !important;font-size: 12px;font-weight: bold;text-align:left;padding:5px 0 5px;}#jig2 .jig-caption-description {overflow: hidden;line-height: normal;color:#FFF !important;font-size: 12px;font-weight: normal;text-align:left;padding-bottom: 5px;}#jig2 .jig-alone{padding-top:5px !important;margin-top: 0 !important;}#jig2 .jig-overlay {background:#000;opacity: 0.2;-moz-opacity: 0.2;filter:alpha(opacity=20);height:100%;}#jig2 .jig-overlay-wrapper {display:none;position: absolute;bottom: 0;left: 0;right: 0;top: 0;}#jig2 .jig-overlay-icon-wrapper {display:none;position: absolute;bottom: 0;left: 0;right: 0;top: 0;}#jig2 .jig-overlay-icon {background: url(https:\/\/eifel-camp.freizeit-oasen.de\/fo_plugins\/justified-image-grid\/images\/magnifier.png) no-repeat center center;opacity: 0.6;-moz-opacity: 0.6;filter:alpha(opacity=60);height:100%;}@media only screen and (-webkit-min-device-pixel-ratio: 1.3), (min-resolution: 1.3dppx), (min-resolution: 124dpi){#jig2 .jig-overlay-icon {background: url(https:\/\/eifel-camp.freizeit-oasen.de\/fo_plugins\/justified-image-grid\/images\/magnifier@2x.png) no-repeat center center;-webkit-background-size:56px 56px;-moz-background-size:56px 56px;-o-background-size:56px 56px; background-size:56px 56px;}}#jig2 .jig-clearfix:after { clear: both; }.jig-last {margin-right: 0 !important;}.jig-ua-old-ie.justified-image-grid .jig-overlay,.jig-ua-old-ie.justified-image-grid .jig-overlay-icon-wrapper,.jig-ua-old-ie.justified-image-grid .jig-overlay-icon{position:absolute;top:0;right:0;bottom:0;left:0;}.jig-ua-old-ie.justified-image-grid .jig-overflow,.jig-ua-old-ie.justified-image-grid .jig-overflow div {cursor: pointer;}.jig-ua-old-ie.jig-caption-wrapper{margin:0 !important;}.jig-ua-ie .jig-caption-wrapper-clone {filter: alpha(opacity=0) !important;}#jig3 {margin:0;min-height:px;}#jig3 .jig-imageContainer {margin-bottom: 4px;margin-right: 4px;float: left;padding: 0;width: auto;}#jig3 .jig-imageContainer img {max-width: none !important;}#jig3 .jig-imageContainer .jig-caption-wrapper img{position: static;background: transparent !important;}#jig3 .jig-overflow {position: relative; overflow:hidden;vertical-align:baseline;}#jig3 .jig-caption-wrapper {max-height:100%;max-width:100%;min-width:100%;bottom: 0;right: 0;left: 0;margin:0 auto;position: absolute;overflow:hidden;opacity: 0.9;-moz-opacity: 0.9;filter:alpha(opacity=90);}#jig3 .jig-caption {display:none;background: #244473;padding:0 7px;margin: 0;}#jig3 .jig-caption-title {overflow: hidden;line-height: normal;box-sizing: border-box !important;color:#FFF !important;font-size: 12px;font-weight: bold;text-align:left;padding:5px 0 5px;}#jig3 .jig-caption-description {overflow: hidden;line-height: normal;color:#FFF !important;font-size: 12px;font-weight: normal;text-align:left;padding-bottom: 5px;}#jig3 .jig-alone{padding-top:5px !important;margin-top: 0 !important;}#jig3 .jig-overlay {background:#000;opacity: 0.2;-moz-opacity: 0.2;filter:alpha(opacity=20);height:100%;}#jig3 .jig-overlay-wrapper {display:none;position: absolute;bottom: 0;left: 0;right: 0;top: 0;}#jig3 .jig-overlay-icon-wrapper {display:none;position: absolute;bottom: 0;left: 0;right: 0;top: 0;}#jig3 .jig-overlay-icon {background: url(https:\/\/eifel-camp.freizeit-oasen.de\/fo_plugins\/justified-image-grid\/images\/magnifier.png) no-repeat center center;opacity: 0.6;-moz-opacity: 0.6;filter:alpha(opacity=60);height:100%;}@media only screen and (-webkit-min-device-pixel-ratio: 1.3), (min-resolution: 1.3dppx), (min-resolution: 124dpi){#jig3 .jig-overlay-icon {background: url(https:\/\/eifel-camp.freizeit-oasen.de\/fo_plugins\/justified-image-grid\/images\/magnifier@2x.png) no-repeat center center;-webkit-background-size:56px 56px;-moz-background-size:56px 56px;-o-background-size:56px 56px; background-size:56px 56px;}}#jig3 .jig-clearfix:after { clear: both; }.jig-last {margin-right: 0 !important;}.jig-ua-old-ie.justified-image-grid .jig-overlay,.jig-ua-old-ie.justified-image-grid .jig-overlay-icon-wrapper,.jig-ua-old-ie.justified-image-grid .jig-overlay-icon{position:absolute;top:0;right:0;bottom:0;left:0;}.jig-ua-old-ie.justified-image-grid .jig-overflow,.jig-ua-old-ie.justified-image-grid .jig-overflow div {cursor: pointer;}.jig-ua-old-ie.jig-caption-wrapper{margin:0 !important;}.jig-ua-ie .jig-caption-wrapper-clone {filter: alpha(opacity=0) !important;}\r\n<\/style>\n<\/div><\/div><\/div><div class=\"xzqv-layout-column xzqv_builder_column xzqv-builder-column-8 xzqv_builder_column_1_1 1_1 xzqv-flex-column\" style=\"--awb-bg-size:cover;--awb-width-large:100%;--awb-margin-top-large:0px;--awb-spacing-right-large:1.455%;--awb-margin-bottom-large:20px;--awb-spacing-left-large:1.455%;--awb-width-medium:100%;--awb-spacing-right-medium:1.455%;--awb-spacing-left-medium:1.455%;--awb-width-small:100%;--awb-spacing-right-small:1.455%;--awb-spacing-left-small:1.455%;\"><div class=\"xzqv-column-wrapper xzqv-flex-justify-content-flex-start xzqv-content-layout-column\"><div class=\"xzqv-text xzqv-text-11\"><p>Angeboten wird ein Mobilheim auf dem 5 Sterne Superior Campingplatz am Freilinger See in Blankenheim.<\/p>\n<p>Ein handelt sich um ein Objekt mit Schlafzimmer, gro\u00dfem Bad, Durchgangsk\u00fcche und einem sehr gro\u00dfen Wohn-E\u00dfzimmer. Auf der \u00fcberdachten Terrasse befindet sich ein Outdoor Whirlpool.<\/p>\n<p>Die Au\u00dfenanlage bietet Platz zum Abstellen ihres Fahrzeugs.<\/p>\n<p>Die Gr\u00f6\u00dfe des Mobilheimes bel\u00e4uft sich auf ca. 60 qm Es steht auf einem 200 qm gro\u00dfen Grundst\u00fcck als vorletztes in einer Sackgasse. Der Freilnger -See ist fu\u00dfl\u00e4ufig in 5 min erreicht.<\/p>\n<p>Der Campingplatz \u201eEifel-Camp\u201c ist wundersch\u00f6n in die Eifel eingebettet und biete eine Vielzahl von Freizeitm\u00f6glichkeiten. Das naheliegende St\u00e4dtchen Blankenheim bietet alle Einkaufsm\u00f6glichkeiten: REWE, Aldi, Lidl, Centershop und viele sch\u00f6ne Lokalit\u00e4ten zum Essen und Trinken.<\/p>\n<p><strong>Ansprechpartner<\/strong><br \/>\nEifel-Camp Freilinger See<br \/>\nWillibert Schotten<br \/>\nMailadresse: <a href=\"mailto:willibert.schotten@freizeit -oasen.de\">willibert.schotten@freizeit -oasen.de<\/a><\/p>\n<\/div><div class=\"xzqv-separator xzqv-full-width-sep\" style=\"align-self: center;margin-left: auto;margin-right: auto;margin-top:20px;margin-bottom:20px;width:100%;\"><div class=\"xzqv-separator-border sep-single sep-solid\" style=\"--awb-height:20px;--awb-amount:20px;border-color:#435b7e;border-top-width:1px;\"><\/div><\/div><\/div><\/div><\/div><\/div><div class=\"xzqv-fullwidth fullwidth-box xzqv-builder-row-5 xzqv-flex-container nonhundred-percent-fullwidth non-hundred-percent-height-scrolling\" style=\"--awb-background-position:top right;--awb-border-color:#e5e4e4;--awb-border-radius-top-left:0px;--awb-border-radius-top-right:0px;--awb-border-radius-bottom-right:0px;--awb-border-radius-bottom-left:0px;--awb-padding-top:20px;--awb-padding-bottom:20px;--awb-background-color:#b3c6db;--awb-border-sizes-top:1px;--awb-border-sizes-bottom:1px;--awb-flex-wrap:wrap;\" ><div class=\"xzqv-builder-row xzqv-row xzqv-flex-align-items-flex-start xzqv-flex-content-wrap\" style=\"max-width:1030px;margin-left: calc(-3% \/ 2 );margin-right: calc(-3% \/ 2 );\"><div class=\"xzqv-layout-column xzqv_builder_column xzqv-builder-column-9 xzqv_builder_column_1_1 1_1 xzqv-flex-column\" style=\"--awb-bg-size:cover;--awb-width-large:100%;--awb-margin-top-large:0px;--awb-spacing-right-large:1.455%;--awb-margin-bottom-large:0px;--awb-spacing-left-large:1.455%;--awb-width-medium:100%;--awb-spacing-right-medium:1.455%;--awb-spacing-left-medium:1.455%;--awb-width-small:100%;--awb-spacing-right-small:1.455%;--awb-spacing-left-small:1.455%;\"><div class=\"xzqv-column-wrapper xzqv-flex-justify-content-flex-start xzqv-content-layout-column\"><div class=\"xzqv-text xzqv-text-12\"><h1 style=\"text-align: center; font-size: 30px !important;\">Wir freuen uns auf Ihren Besuch!<\/h1>\n<p style=\"text-align: right;\">\n<\/div><\/div><\/div><div class=\"xzqv-layout-column xzqv_builder_column xzqv-builder-column-10 xzqv_builder_column_1_1 1_1 xzqv-flex-column xzqv-flex-align-self-flex-start xzqv-column-no-min-height\" style=\"--awb-bg-size:cover;--awb-width-large:100%;--awb-margin-top-large:0px;--awb-spacing-right-large:1.455%;--awb-margin-bottom-large:0px;--awb-spacing-left-large:1.455%;--awb-width-medium:100%;--awb-spacing-right-medium:1.455%;--awb-spacing-left-medium:1.455%;--awb-width-small:100%;--awb-spacing-right-small:1.455%;--awb-spacing-left-small:1.455%;\"><div class=\"xzqv-column-wrapper xzqv-flex-justify-content-flex-start xzqv-content-layout-column\"><div class=\"xzqv-separator xzqv-full-width-sep\" style=\"align-self: center;margin-left: auto;margin-right: auto;margin-top:10px;width:100%;\"><\/div><\/div><\/div><\/div><\/div><\/p>\n","protected":false},"excerpt":{"rendered":"","protected":false},"author":1,"featured_media":0,"parent":0,"menu_order":0,"comment_status":"open","ping_status":"closed","template":"","meta":{"footnotes":""},"class_list":["post-18439","page","type-page","status-publish","hentry","page_cat-unterkuenfte"],"_links":{"self":[{"href":"https:\/\/eifel-camp.freizeit-oasen.de\/api-json\/wp\/v2\/pages\/18439","targetHints":{"allow":["GET"]}}],"collection":[{"href":"https:\/\/eifel-camp.freizeit-oasen.de\/api-json\/wp\/v2\/pages"}],"about":[{"href":"https:\/\/eifel-camp.freizeit-oasen.de\/api-json\/wp\/v2\/types\/page"}],"author":[{"embeddable":true,"href":"https:\/\/eifel-camp.freizeit-oasen.de\/api-json\/wp\/v2\/users\/1"}],"replies":[{"embeddable":true,"href":"https:\/\/eifel-camp.freizeit-oasen.de\/api-json\/wp\/v2\/comments?post=18439"}],"version-history":[{"count":77,"href":"https:\/\/eifel-camp.freizeit-oasen.de\/api-json\/wp\/v2\/pages\/18439\/revisions"}],"predecessor-version":[{"id":25093,"href":"https:\/\/eifel-camp.freizeit-oasen.de\/api-json\/wp\/v2\/pages\/18439\/revisions\/25093"}],"wp:attachment":[{"href":"https:\/\/eifel-camp.freizeit-oasen.de\/api-json\/wp\/v2\/media?parent=18439"}],"curies":[{"name":"wp","href":"https:\/\/api.w.org\/{rel}","templated":true}]}}