{"id":20217,"date":"2022-08-27T09:12:27","date_gmt":"2022-08-27T07:12:27","guid":{"rendered":"https:\/\/eifel-camp.freizeit-oasen.de\/naturwagen-nl\/"},"modified":"2026-01-17T17:41:27","modified_gmt":"2026-01-17T15:41:27","slug":"naturwagen-nl","status":"publish","type":"page","link":"https:\/\/eifel-camp.freizeit-oasen.de\/nl\/naturwagen-nl\/","title":{"rendered":"Naturwagen NL"},"content":{"rendered":"<p><div class=\"xzqv-fullwidth fullwidth-box xzqv-builder-row-1 xzqv-flex-container nonhundred-percent-fullwidth non-hundred-percent-height-scrolling\" style=\"--awb-border-radius-top-left:0px;--awb-border-radius-top-right:0px;--awb-border-radius-bottom-right:0px;--awb-border-radius-bottom-left:0px;--awb-flex-wrap:wrap;\" ><div class=\"xzqv-builder-row xzqv-row xzqv-flex-align-items-flex-start xzqv-flex-content-wrap\" style=\"max-width:1030px;margin-left: calc(-3% \/ 2 );margin-right: calc(-3% \/ 2 );\"><div class=\"xzqv-layout-column xzqv_builder_column xzqv-builder-column-0 xzqv_builder_column_1_1 1_1 xzqv-flex-column\" style=\"--awb-bg-size:cover;--awb-width-large:100%;--awb-margin-top-large:0px;--awb-spacing-right-large:1.455%;--awb-margin-bottom-large:20px;--awb-spacing-left-large:1.455%;--awb-width-medium:100%;--awb-order-medium:0;--awb-spacing-right-medium:1.455%;--awb-spacing-left-medium:1.455%;--awb-width-small:100%;--awb-order-small:0;--awb-spacing-right-small:1.455%;--awb-spacing-left-small:1.455%;\"><div class=\"xzqv-column-wrapper xzqv-column-has-shadow xzqv-flex-justify-content-flex-start xzqv-content-layout-column\"><script type=\"text\/javascript\">jQuery(function() { _initLayerSlider( '#layerslider_56_1n4j3a2fvavo5', {sliderVersion: '7.11.1', responsiveUnder: 670, allowFullscreen: true, slideBGSize: 'auto', pauseOnHover: 1, twoWaySlideshow: true, skin: 'borderlesslight', sliderFadeInDuration: 350, globalBGColor: '#ffffff', navStartStop: false, navButtons: false, useSrcset: true, skinsPath: 'https:\/\/eifel-camp.freizeit-oasen.de\/fo_plugins\/LayerSlider\/assets\/static\/layerslider\/skins\/', performanceMode: true}); });<\/script><div id=\"layerslider_56_1n4j3a2fvavo5\"  class=\"ls-wp-container fitvidsignore ls-selectable\" style=\"width:670px;height:300px;max-width:670px;margin:0 auto;\"><div class=\"ls-slide\" data-ls=\"duration:6000;transition2d:5;\"><img decoding=\"async\" width=\"670\" height=\"300\" src=\"https:\/\/eifel-camp.freizeit-oasen.de\/fo_content\/uploads\/2024\/08\/naturwagen_aussen_02.jpg\" class=\"ls-bg\" alt=\"Zwei kleine, h\u00f6lzerne, gelb-gr\u00fcne Wohnwagen mit Stufen und Vord\u00e4chern stehen auf der Wiese neben einem Waldst\u00fcck.\" srcset=\"https:\/\/eifel-camp.freizeit-oasen.de\/fo_content\/uploads\/2024\/08\/naturwagen_aussen_02-24x11.jpg 24w, https:\/\/eifel-camp.freizeit-oasen.de\/fo_content\/uploads\/2024\/08\/naturwagen_aussen_02-36x16.jpg 36w, https:\/\/eifel-camp.freizeit-oasen.de\/fo_content\/uploads\/2024\/08\/naturwagen_aussen_02-48x21.jpg 48w, https:\/\/eifel-camp.freizeit-oasen.de\/fo_content\/uploads\/2024\/08\/naturwagen_aussen_02-200x90.jpg 200w, https:\/\/eifel-camp.freizeit-oasen.de\/fo_content\/uploads\/2024\/08\/naturwagen_aussen_02-400x179.jpg 400w, https:\/\/eifel-camp.freizeit-oasen.de\/fo_content\/uploads\/2024\/08\/naturwagen_aussen_02-600x269.jpg 600w, https:\/\/eifel-camp.freizeit-oasen.de\/fo_content\/uploads\/2024\/08\/naturwagen_aussen_02.jpg 670w\" sizes=\"(max-width: 670px) 100vw, 670px\" \/><\/div><div class=\"ls-slide\" data-ls=\"duration:6000;transition2d:5;\"><img decoding=\"async\" width=\"670\" height=\"300\" src=\"https:\/\/eifel-camp.freizeit-oasen.de\/fo_content\/uploads\/2024\/08\/naturwagen_klein_02.jpg\" class=\"ls-bg\" alt=\"Das Innere einer kleinen Holzh\u00fctte mit einem Bett, Regalen mit Gegenst\u00e4nden, einem Schreibtisch mit B\u00fcchern und Gl\u00e4sern und zwei Fenstern mit gr\u00fcnen Rahmen.\" srcset=\"https:\/\/eifel-camp.freizeit-oasen.de\/fo_content\/uploads\/2024\/08\/naturwagen_klein_02-24x11.jpg 24w, https:\/\/eifel-camp.freizeit-oasen.de\/fo_content\/uploads\/2024\/08\/naturwagen_klein_02-36x16.jpg 36w, https:\/\/eifel-camp.freizeit-oasen.de\/fo_content\/uploads\/2024\/08\/naturwagen_klein_02-48x21.jpg 48w, https:\/\/eifel-camp.freizeit-oasen.de\/fo_content\/uploads\/2024\/08\/naturwagen_klein_02-200x90.jpg 200w, https:\/\/eifel-camp.freizeit-oasen.de\/fo_content\/uploads\/2024\/08\/naturwagen_klein_02-400x179.jpg 400w, https:\/\/eifel-camp.freizeit-oasen.de\/fo_content\/uploads\/2024\/08\/naturwagen_klein_02-600x269.jpg 600w, https:\/\/eifel-camp.freizeit-oasen.de\/fo_content\/uploads\/2024\/08\/naturwagen_klein_02.jpg 670w\" sizes=\"(max-width: 670px) 100vw, 670px\" \/><\/div><div class=\"ls-slide\" data-ls=\"duration:6000;transition2d:5;\"><img decoding=\"async\" width=\"670\" height=\"300\" src=\"https:\/\/eifel-camp.freizeit-oasen.de\/fo_content\/uploads\/2024\/08\/naturwagen_klein_01.jpg\" class=\"ls-bg\" alt=\"Kompakte Holzkabine mit einem sauber gemachten Bett, kleinen Fenstern, Kleiderhaken und einem angrenzenden Badezimmer mit Toilette und Handtuchhalter.\" srcset=\"https:\/\/eifel-camp.freizeit-oasen.de\/fo_content\/uploads\/2024\/08\/naturwagen_klein_01-24x11.jpg 24w, https:\/\/eifel-camp.freizeit-oasen.de\/fo_content\/uploads\/2024\/08\/naturwagen_klein_01-36x16.jpg 36w, https:\/\/eifel-camp.freizeit-oasen.de\/fo_content\/uploads\/2024\/08\/naturwagen_klein_01-48x21.jpg 48w, https:\/\/eifel-camp.freizeit-oasen.de\/fo_content\/uploads\/2024\/08\/naturwagen_klein_01-200x90.jpg 200w, https:\/\/eifel-camp.freizeit-oasen.de\/fo_content\/uploads\/2024\/08\/naturwagen_klein_01-400x179.jpg 400w, https:\/\/eifel-camp.freizeit-oasen.de\/fo_content\/uploads\/2024\/08\/naturwagen_klein_01-600x269.jpg 600w, https:\/\/eifel-camp.freizeit-oasen.de\/fo_content\/uploads\/2024\/08\/naturwagen_klein_01.jpg 670w\" sizes=\"(max-width: 670px) 100vw, 670px\" \/><\/div><div class=\"ls-slide\" data-ls=\"duration:6000;transition2d:5;\"><img decoding=\"async\" width=\"670\" height=\"300\" src=\"https:\/\/eifel-camp.freizeit-oasen.de\/fo_content\/uploads\/2024\/08\/naturwagen_aussen_01.jpg\" class=\"ls-bg\" alt=\"Eine Reihe von Holzh\u00fctten mit kleinen Veranden entlang eines Kieswegs, ges\u00e4umt von gr\u00fcnen Hecken und B\u00e4umen unter einem teilweise bew\u00f6lkten Himmel.\" srcset=\"https:\/\/eifel-camp.freizeit-oasen.de\/fo_content\/uploads\/2024\/08\/naturwagen_aussen_01-24x11.jpg 24w, https:\/\/eifel-camp.freizeit-oasen.de\/fo_content\/uploads\/2024\/08\/naturwagen_aussen_01-36x16.jpg 36w, https:\/\/eifel-camp.freizeit-oasen.de\/fo_content\/uploads\/2024\/08\/naturwagen_aussen_01-48x21.jpg 48w, https:\/\/eifel-camp.freizeit-oasen.de\/fo_content\/uploads\/2024\/08\/naturwagen_aussen_01-200x90.jpg 200w, https:\/\/eifel-camp.freizeit-oasen.de\/fo_content\/uploads\/2024\/08\/naturwagen_aussen_01-400x179.jpg 400w, https:\/\/eifel-camp.freizeit-oasen.de\/fo_content\/uploads\/2024\/08\/naturwagen_aussen_01-600x269.jpg 600w, https:\/\/eifel-camp.freizeit-oasen.de\/fo_content\/uploads\/2024\/08\/naturwagen_aussen_01.jpg 670w\" sizes=\"(max-width: 670px) 100vw, 670px\" \/><\/div><div class=\"ls-slide\" data-ls=\"duration:6000;transition2d:5;\"><img decoding=\"async\" width=\"670\" height=\"300\" src=\"https:\/\/eifel-camp.freizeit-oasen.de\/fo_content\/uploads\/2024\/08\/naturwagen_gross_02.jpg\" class=\"ls-bg\" alt=\"Ein kleines Holzzimmer mit einem Doppelbett, wei\u00dfem Bettzeug, einem Bogenfenster, Wandleuchten und einem Einbauschrank, alles mit Naturholzvert\u00e4felung.\" srcset=\"https:\/\/eifel-camp.freizeit-oasen.de\/fo_content\/uploads\/2024\/08\/naturwagen_gross_02-24x11.jpg 24w, https:\/\/eifel-camp.freizeit-oasen.de\/fo_content\/uploads\/2024\/08\/naturwagen_gross_02-36x16.jpg 36w, https:\/\/eifel-camp.freizeit-oasen.de\/fo_content\/uploads\/2024\/08\/naturwagen_gross_02-48x21.jpg 48w, https:\/\/eifel-camp.freizeit-oasen.de\/fo_content\/uploads\/2024\/08\/naturwagen_gross_02-200x90.jpg 200w, https:\/\/eifel-camp.freizeit-oasen.de\/fo_content\/uploads\/2024\/08\/naturwagen_gross_02-400x179.jpg 400w, https:\/\/eifel-camp.freizeit-oasen.de\/fo_content\/uploads\/2024\/08\/naturwagen_gross_02-600x269.jpg 600w, https:\/\/eifel-camp.freizeit-oasen.de\/fo_content\/uploads\/2024\/08\/naturwagen_gross_02.jpg 670w\" sizes=\"(max-width: 670px) 100vw, 670px\" \/><\/div><div class=\"ls-slide\" data-ls=\"duration:6000;transition2d:5;\"><img decoding=\"async\" width=\"670\" height=\"300\" src=\"https:\/\/eifel-camp.freizeit-oasen.de\/fo_content\/uploads\/2024\/08\/naturwagen_gross_03.jpg\" class=\"ls-bg\" alt=\"Kleines Holzzimmer mit hellen holzget\u00e4felten W\u00e4nden, in dem ein Etagenbett steht: oben ein Einzelbett und unten ein Doppelbett, daneben ein kleines Fenster und an der Wand montierte Leselampen.\" srcset=\"https:\/\/eifel-camp.freizeit-oasen.de\/fo_content\/uploads\/2024\/08\/naturwagen_gross_03-24x11.jpg 24w, https:\/\/eifel-camp.freizeit-oasen.de\/fo_content\/uploads\/2024\/08\/naturwagen_gross_03-36x16.jpg 36w, https:\/\/eifel-camp.freizeit-oasen.de\/fo_content\/uploads\/2024\/08\/naturwagen_gross_03-48x21.jpg 48w, https:\/\/eifel-camp.freizeit-oasen.de\/fo_content\/uploads\/2024\/08\/naturwagen_gross_03-200x90.jpg 200w, https:\/\/eifel-camp.freizeit-oasen.de\/fo_content\/uploads\/2024\/08\/naturwagen_gross_03-400x179.jpg 400w, https:\/\/eifel-camp.freizeit-oasen.de\/fo_content\/uploads\/2024\/08\/naturwagen_gross_03-600x269.jpg 600w, https:\/\/eifel-camp.freizeit-oasen.de\/fo_content\/uploads\/2024\/08\/naturwagen_gross_03.jpg 670w\" sizes=\"(max-width: 670px) 100vw, 670px\" \/><\/div><div class=\"ls-slide\" data-ls=\"duration:6000;transition2d:5;\"><img decoding=\"async\" width=\"670\" height=\"300\" src=\"https:\/\/eifel-camp.freizeit-oasen.de\/fo_content\/uploads\/2024\/08\/naturwagen_gross_04.jpg\" class=\"ls-bg\" alt=\"Kleine Holzh\u00fctte mit hellen Kiefernw\u00e4nden, K\u00fcchenzeile, St\u00fchlen auf einem Klapptisch und Regalen mit Geschirr. Warme Beleuchtung und kompaktes Design.\" srcset=\"https:\/\/eifel-camp.freizeit-oasen.de\/fo_content\/uploads\/2024\/08\/naturwagen_gross_04-24x11.jpg 24w, https:\/\/eifel-camp.freizeit-oasen.de\/fo_content\/uploads\/2024\/08\/naturwagen_gross_04-36x16.jpg 36w, https:\/\/eifel-camp.freizeit-oasen.de\/fo_content\/uploads\/2024\/08\/naturwagen_gross_04-48x21.jpg 48w, https:\/\/eifel-camp.freizeit-oasen.de\/fo_content\/uploads\/2024\/08\/naturwagen_gross_04-200x90.jpg 200w, https:\/\/eifel-camp.freizeit-oasen.de\/fo_content\/uploads\/2024\/08\/naturwagen_gross_04-400x179.jpg 400w, https:\/\/eifel-camp.freizeit-oasen.de\/fo_content\/uploads\/2024\/08\/naturwagen_gross_04-600x269.jpg 600w, https:\/\/eifel-camp.freizeit-oasen.de\/fo_content\/uploads\/2024\/08\/naturwagen_gross_04.jpg 670w\" sizes=\"(max-width: 670px) 100vw, 670px\" \/><\/div><div class=\"ls-slide\" data-ls=\"duration:6000;transition2d:5;\"><img decoding=\"async\" width=\"670\" height=\"300\" src=\"https:\/\/eifel-camp.freizeit-oasen.de\/fo_content\/uploads\/2024\/08\/naturwagen_gross_01.jpg\" class=\"ls-bg\" alt=\"Kleines Holzbadezimmer mit Toilette, Waschbecken, Spiegel, Duschkabine, Handtuchhalter, Haken und einem kleinen Fenster, das Tageslicht hereinl\u00e4sst.\" srcset=\"https:\/\/eifel-camp.freizeit-oasen.de\/fo_content\/uploads\/2024\/08\/naturwagen_gross_01-24x11.jpg 24w, https:\/\/eifel-camp.freizeit-oasen.de\/fo_content\/uploads\/2024\/08\/naturwagen_gross_01-36x16.jpg 36w, https:\/\/eifel-camp.freizeit-oasen.de\/fo_content\/uploads\/2024\/08\/naturwagen_gross_01-48x21.jpg 48w, https:\/\/eifel-camp.freizeit-oasen.de\/fo_content\/uploads\/2024\/08\/naturwagen_gross_01-200x90.jpg 200w, https:\/\/eifel-camp.freizeit-oasen.de\/fo_content\/uploads\/2024\/08\/naturwagen_gross_01-400x179.jpg 400w, https:\/\/eifel-camp.freizeit-oasen.de\/fo_content\/uploads\/2024\/08\/naturwagen_gross_01-600x269.jpg 600w, https:\/\/eifel-camp.freizeit-oasen.de\/fo_content\/uploads\/2024\/08\/naturwagen_gross_01.jpg 670w\" sizes=\"(max-width: 670px) 100vw, 670px\" \/><\/div><\/div><\/div><\/div><\/div><\/div><div class=\"xzqv-fullwidth fullwidth-box xzqv-builder-row-2 xzqv-flex-container hundred-percent-fullwidth non-hundred-percent-height-scrolling\" style=\"--awb-border-radius-top-left:0px;--awb-border-radius-top-right:0px;--awb-border-radius-bottom-right:0px;--awb-border-radius-bottom-left:0px;--awb-overflow:visible;--awb-flex-wrap:wrap;\" ><div class=\"xzqv-builder-row xzqv-row xzqv-flex-align-items-flex-start xzqv-flex-content-wrap\" style=\"width:calc( 100% + 0px ) !important;max-width:calc( 100% + 0px ) !important;margin-left: calc(-0px \/ 2 );margin-right: calc(-0px \/ 2 );\"><div class=\"xzqv-layout-column xzqv_builder_column xzqv-builder-column-1 xzqv_builder_column_1_1 1_1 xzqv-flex-column xzqv-flex-align-self-flex-start xzqv-column-no-min-height\" style=\"--awb-bg-blend:overlay;--awb-bg-size:cover;--awb-width-large:100%;--awb-margin-top-large:0px;--awb-spacing-right-large:0px;--awb-margin-bottom-large:0px;--awb-spacing-left-large:0px;--awb-width-medium:100%;--awb-spacing-right-medium:0px;--awb-spacing-left-medium:0px;--awb-width-small:100%;--awb-spacing-right-small:0px;--awb-spacing-left-small:0px;\"><div class=\"xzqv-column-wrapper xzqv-flex-justify-content-flex-start xzqv-content-layout-column\"><div class=\"xzqv-text xzqv-text-1\" style=\"--awb-text-transform:none;\"><h2><a href=\"https:\/\/www.nawalo.de\" target=\"_blank\" rel=\"noopener\"><img decoding=\"async\" class=\"alignright wp-image-24074\" src=\"https:\/\/eifel-camp.freizeit-oasen.de\/fo_content\/uploads\/2024\/11\/nawalo_01.png\" alt=\"NAWALO-logo met een eenvoudige lijntekening van een huis en een boog aan de linkerkant en de tekst Naturwagen.Lodge.TinyHouse onder de bedrijfsnaam.\" width=\"150\" height=\"29\" srcset=\"https:\/\/eifel-camp.freizeit-oasen.de\/fo_content\/uploads\/2024\/11\/nawalo_01-24x5.png 24w, https:\/\/eifel-camp.freizeit-oasen.de\/fo_content\/uploads\/2024\/11\/nawalo_01-36x7.png 36w, https:\/\/eifel-camp.freizeit-oasen.de\/fo_content\/uploads\/2024\/11\/nawalo_01-48x9.png 48w, https:\/\/eifel-camp.freizeit-oasen.de\/fo_content\/uploads\/2024\/11\/nawalo_01-200x38.png 200w, https:\/\/eifel-camp.freizeit-oasen.de\/fo_content\/uploads\/2024\/11\/nawalo_01.png 350w\" sizes=\"(max-width: 150px) 100vw, 150px\" \/><\/a>Natuurwagen \u2013 een bijzondere natuurbelevenis<\/h2>\n<p>Geniet van een buitengewone belevenis, een overnachting midden in de natuur in een van onze gezellige natuurwagens.<\/p>\n<h2 class=\"xzqv-responsive-typography-calculated\" style=\"--fontsize: 18; line-height: 1.5; --minfontsize: 18;\" data-fontsize=\"18\" data-lineheight=\"27px\">Comfortabel<\/h2>\n<p>De natuurwagens zijn goed ge\u0457soleerd en dankzij elektrische verwarming ook perfekt geschikt voor uw wintervakantie. Ook op de voordelen van stroom en leiding water hoeft u midden in de natuur geen afstand te doen. In de natuurwagens is een teekeuken, een eigen toilet met wastafel en een douchecabine.<\/p>\n<h2 class=\"xzqv-responsive-typography-calculated\" style=\"--fontsize: 18; line-height: 1.5; --minfontsize: 18;\" data-fontsize=\"18\" data-lineheight=\"27px\">Aankomen en thuis voelen<\/h2>\n<p>De natuurwagens zijn de ideale accommodatie voor iedereen die niet over een kampeeruitrusting beschikt maar toch graag een comfortabel verblijf in de natuur wil doorbrengen. Deze gezellige overnachtingsmogelijkheden zijn vooral geschikt voor gezinnen en stellen.<\/p>\n<h2 class=\"xzqv-responsive-typography-calculated\" style=\"--fontsize: 18; line-height: 1.5; --minfontsize: 18;\" data-fontsize=\"18\" data-lineheight=\"27px\">Samen<\/h2>\n<p>We hebben in totaal <b>5 kleine natuurwagens<\/b> (voor maximaal 2 personen) en <b>15 grote natuurwagens<\/b> (voor maximaal 5 personen). Dit betekent dat meerdere gezinnen samen kunnen genieten van deze bijzondere vorm van glamping.<\/p>\n<h2 class=\"xzqv-responsive-typography-calculated\" style=\"--fontsize: 18; line-height: 1.5; --minfontsize: 18;\" data-fontsize=\"18\" data-lineheight=\"27px\">Honden<\/h2>\n<p><img decoding=\"async\" class=\"alignleft wp-image-14006\" src=\"https:\/\/biggesee.freizeit-oasen.de\/wp-content\/uploads\/2020\/01\/Hunderlaubt.png\" alt=\"\" width=\"40\" height=\"38\" \/>Honden zijn toegestaan in de kleine en grote Natuurwagen, na reservering.<\/p>\n<\/div><div class=\"xzqv-separator xzqv-full-width-sep\" style=\"align-self: center;margin-left: auto;margin-right: auto;margin-bottom:20px;width:100%;\"><\/div><div class=\"xzqv-text xzqv-text-2\" style=\"--awb-margin-top:20px;\"><h2 class=\"xzqv-responsive-typography-calculated\" style=\"--fontsize: 18; line-height: 1.5; --minfontsize: 18;\" data-fontsize=\"18\" data-lineheight=\"27px\">Natuurwagen klein (max. met 2 personen boekbaar)<\/h2>\n<\/div><div class=\"xzqv-text xzqv-text-3 xzqv-text-no-margin\" style=\"--awb-margin-bottom:20px;\"><p><img decoding=\"async\" class=\"alignleft size-full wp-image-23800\" src=\"https:\/\/eifel-camp.freizeit-oasen.de\/fo_content\/uploads\/2024\/08\/naturwagen_aussen_02.jpg\" alt=\"Twee kleine houten hutten op wielen met groene deuren en luiken, elk met een trapje dat leidt naar een veranda, omringd door groen en bomen.\" width=\"670\" height=\"300\" srcset=\"https:\/\/eifel-camp.freizeit-oasen.de\/fo_content\/uploads\/2024\/08\/naturwagen_aussen_02-24x11.jpg 24w, https:\/\/eifel-camp.freizeit-oasen.de\/fo_content\/uploads\/2024\/08\/naturwagen_aussen_02-36x16.jpg 36w, https:\/\/eifel-camp.freizeit-oasen.de\/fo_content\/uploads\/2024\/08\/naturwagen_aussen_02-48x21.jpg 48w, https:\/\/eifel-camp.freizeit-oasen.de\/fo_content\/uploads\/2024\/08\/naturwagen_aussen_02-200x90.jpg 200w, https:\/\/eifel-camp.freizeit-oasen.de\/fo_content\/uploads\/2024\/08\/naturwagen_aussen_02-400x179.jpg 400w, https:\/\/eifel-camp.freizeit-oasen.de\/fo_content\/uploads\/2024\/08\/naturwagen_aussen_02-600x269.jpg 600w, https:\/\/eifel-camp.freizeit-oasen.de\/fo_content\/uploads\/2024\/08\/naturwagen_aussen_02.jpg 670w\" sizes=\"(max-width: 670px) 100vw, 670px\" \/><\/p>\n<\/div><div class=\"xzqv-text xzqv-text-4\"><p>De natuurwagens klein bieden een comfortabele woonruimte van ca. 14 m\u00b2 voor maximaal 2 personen (1 tweepersoonsbed). De buitenafmeting van de natuurwagen klein is ca. 700 x 250 x 250 cm (l x b x h). De inrichting bestaat uit<\/p>\n<\/div>\n<table width=\"100%\">\n<tbody>\n<tr>\n<td><img decoding=\"async\" class=\"alignleft size-full wp-image-15207\" src=\"https:\/\/biggesee.freizeit-oasen.de\/wp-content\/uploads\/2021\/01\/Naturwagen_klein-1.png\" alt=\"\" width=\"1200\" height=\"68\" \/><\/td>\n<td width=\"60px\"><a href=\"https:\/\/eifel-camp.freizeit-oasen.de\/fo_content\/uploads\/2020\/01\/FO-Eifel-Camp-Prospekt-Piktogramme.pdf\" target=\"_blank\" rel=\"noopener noreferrer\"><img decoding=\"async\" class=\"alignright wp-image-5041 size-full\" src=\"https:\/\/biggesee.freizeit-oasen.de\/wp-content\/uploads\/2013\/11\/icon_pdf40_tr2.gif\" alt=\"\" width=\"40\" height=\"40\" srcset=\"https:\/\/eifel-camp.freizeit-oasen.de\/fo_content\/uploads\/2013\/11\/icon_pdf40_tr2-24x24.gif 24w, https:\/\/eifel-camp.freizeit-oasen.de\/fo_content\/uploads\/2013\/11\/icon_pdf40_tr2-36x36.gif 36w, https:\/\/eifel-camp.freizeit-oasen.de\/fo_content\/uploads\/2013\/11\/icon_pdf40_tr2.gif 40w\" sizes=\"(max-width: 40px) 100vw, 40px\" \/><\/a><\/td>\n<\/tr>\n<\/tbody>\n<\/table>\n<ul style=\"--awb-line-height:22.1px;--awb-icon-width:22.1px;--awb-icon-height:22.1px;--awb-icon-margin:9.1px;--awb-content-margin:31.2px;--awb-circlecolor:#a0ce4e;--awb-circle-yes-font-size:11.44px;\" class=\"xzqv-checklist xzqv-checklist-1 xzqv-checklist-default type-icons\"><li class=\"xzqv-li-item\" style=\"\"><span class=\"icon-wrapper circle-yes\"><i class=\"xzqv-li-icon fa-check fas\" aria-hidden=\"true\"><\/i><\/span><div class=\"xzqv-li-item-content\">\n<p>complete inrichting voor max. 2 personen<\/p>\n<\/div><\/li><li class=\"xzqv-li-item\" style=\"\"><span class=\"icon-wrapper circle-yes\"><i class=\"xzqv-li-icon fa-check fas\" aria-hidden=\"true\"><\/i><\/span><div class=\"xzqv-li-item-content\">\n<p>Alkovenbed met matras 140 x 200 cm en een grote bergruimte eronder<\/p>\n<\/div><\/li><li class=\"xzqv-li-item\" style=\"\"><span class=\"icon-wrapper circle-yes\"><i class=\"xzqv-li-icon fa-check fas\" aria-hidden=\"true\"><\/i><\/span><div class=\"xzqv-li-item-content\">\n<p>Badkamer met douchecabine, toilet, wastafel, verwarmd handdoekenrek en raam<\/p>\n<\/div><\/li><li class=\"xzqv-li-item\" style=\"\"><span class=\"icon-wrapper circle-yes\"><i class=\"xzqv-li-icon fa-check fas\" aria-hidden=\"true\"><\/i><\/span><div class=\"xzqv-li-item-content\">kleine kitchenette met inductiekookplaat, koelkast, waterkoker, waterkan met metalen filter (koffie\/thee), gootsteen, servies, bestek, glazen en kookgerei voor maximaal 2 personen<\/div><\/li><li class=\"xzqv-li-item\" style=\"\"><span class=\"icon-wrapper circle-yes\"><i class=\"xzqv-li-icon fa-check fas\" aria-hidden=\"true\"><\/i><\/span><div class=\"xzqv-li-item-content\">\n<p>Eettafel (1 tafel met 2 krukjes)<\/p>\n<\/div><\/li><li class=\"xzqv-li-item\" style=\"\"><span class=\"icon-wrapper circle-yes\"><i class=\"xzqv-li-icon fa-check fas\" aria-hidden=\"true\"><\/i><\/span><div class=\"xzqv-li-item-content\">\n<p>kleine kast<\/p>\n<\/div><\/li><li class=\"xzqv-li-item\" style=\"\"><span class=\"icon-wrapper circle-yes\"><i class=\"xzqv-li-icon fa-check fas\" aria-hidden=\"true\"><\/i><\/span><div class=\"xzqv-li-item-content\">\n<p>Buiten- en binnenverlichting<\/p>\n<\/div><\/li><li class=\"xzqv-li-item\" style=\"\"><span class=\"icon-wrapper circle-yes\"><i class=\"xzqv-li-icon fa-check fas\" aria-hidden=\"true\"><\/i><\/span><div class=\"xzqv-li-item-content\">\n<p>Elektrische verwarming en 80 l warmwaterboiler<\/p>\n<\/div><\/li><li class=\"xzqv-li-item\" style=\"\"><span class=\"icon-wrapper circle-yes\"><i class=\"xzqv-li-icon fa-check fas\" aria-hidden=\"true\"><\/i><\/span><div class=\"xzqv-li-item-content\">\n<p>Vloerisolering<\/p>\n<\/div><\/li><li class=\"xzqv-li-item\" style=\"\"><span class=\"icon-wrapper circle-yes\"><i class=\"xzqv-li-icon fa-check fas\" aria-hidden=\"true\"><\/i><\/span><div class=\"xzqv-li-item-content\">\n<p>Terras van 150 cm lengte met meubilair<\/p>\n<\/div><\/li><li class=\"xzqv-li-item\" style=\"\"><span class=\"icon-wrapper circle-yes\"><i class=\"xzqv-li-icon fa-check fas\" aria-hidden=\"true\"><\/i><\/span><div class=\"xzqv-li-item-content\">\n<p>Bedlinnenset bestaande uit 1 kussensloop, 1 dekbedovertrek, 1 laken kan gehuurd worden tegen een vergoeding. BOEK DEZE DAN BIJ UW ONLINE BOEKING.<\/p>\n<\/div><\/li><\/ul><div class=\"xzqv-text xzqv-text-5\" style=\"--awb-margin-top:20px;\"><h2 class=\"xzqv-responsive-typography-calculated\" style=\"--fontsize: 18; line-height: 1.5; --minfontsize: 18;\" data-fontsize=\"18\" data-lineheight=\"27px\">Natuurwagen groot (max. met 5 personen boekbaar)<\/h2>\n<\/div><div class=\"xzqv-text xzqv-text-6 xzqv-text-no-margin\" style=\"--awb-margin-bottom:20px;\"><p><img decoding=\"async\" class=\"alignleft size-full wp-image-23797\" src=\"https:\/\/eifel-camp.freizeit-oasen.de\/fo_content\/uploads\/2024\/08\/naturwagen_aussen_01.jpg\" alt=\"Eine Reihe von Holzh\u00fctten mit kleinen Veranden entlang eines Kieswegs, ges\u00e4umt von gr\u00fcnen Hecken und B\u00e4umen unter einem teilweise bew\u00f6lkten Himmel.\" width=\"670\" height=\"300\" srcset=\"https:\/\/eifel-camp.freizeit-oasen.de\/fo_content\/uploads\/2024\/08\/naturwagen_aussen_01-24x11.jpg 24w, https:\/\/eifel-camp.freizeit-oasen.de\/fo_content\/uploads\/2024\/08\/naturwagen_aussen_01-36x16.jpg 36w, https:\/\/eifel-camp.freizeit-oasen.de\/fo_content\/uploads\/2024\/08\/naturwagen_aussen_01-48x21.jpg 48w, https:\/\/eifel-camp.freizeit-oasen.de\/fo_content\/uploads\/2024\/08\/naturwagen_aussen_01-200x90.jpg 200w, https:\/\/eifel-camp.freizeit-oasen.de\/fo_content\/uploads\/2024\/08\/naturwagen_aussen_01-400x179.jpg 400w, https:\/\/eifel-camp.freizeit-oasen.de\/fo_content\/uploads\/2024\/08\/naturwagen_aussen_01-600x269.jpg 600w, https:\/\/eifel-camp.freizeit-oasen.de\/fo_content\/uploads\/2024\/08\/naturwagen_aussen_01.jpg 670w\" sizes=\"(max-width: 670px) 100vw, 670px\" \/><\/p>\n<\/div><div class=\"xzqv-text xzqv-text-7\"><p>De natuurwagens groot bieden comfortabel plaats aan maximaal 5 personen (1 tweepersoonsbed, 1 tweepersoonsbed met eenpersoonsstapelbed) op ca. 18 m\u00b2 woonoppervlak plus 5 m\u00b2 overdekt buitenterras. De buitenafmetingen van de natuurwagens groot zijn ca. 800 x 300 x 250 cm (L x B x H). Ze zijn uitgerust met<\/p>\n<\/div>\n<table width=\"100%\">\n<tbody>\n<tr>\n<td><img decoding=\"async\" class=\"alignleft size-full wp-image-19931\" src=\"https:\/\/eifel-camp.freizeit-oasen.de\/fo_content\/uploads\/2022\/04\/Naturwagen_xl.png\" alt=\"Rij blauwe pictogrammen met het label Basis die toiletten, douche, drinkwater, recycling, afval, elektriciteit, kluisjes, telefoon, geldautomaat, wasserette, gootsteen, hotel, lift, roltrap en parkeerplaats voorstellen.\" width=\"1200\" height=\"68\" srcset=\"https:\/\/eifel-camp.freizeit-oasen.de\/fo_content\/uploads\/2022\/04\/Naturwagen_xl-24x1.png 24w, https:\/\/eifel-camp.freizeit-oasen.de\/fo_content\/uploads\/2022\/04\/Naturwagen_xl-36x2.png 36w, https:\/\/eifel-camp.freizeit-oasen.de\/fo_content\/uploads\/2022\/04\/Naturwagen_xl-48x3.png 48w, https:\/\/eifel-camp.freizeit-oasen.de\/fo_content\/uploads\/2022\/04\/Naturwagen_xl-200x11.png 200w, https:\/\/eifel-camp.freizeit-oasen.de\/fo_content\/uploads\/2022\/04\/Naturwagen_xl-400x23.png 400w, https:\/\/eifel-camp.freizeit-oasen.de\/fo_content\/uploads\/2022\/04\/Naturwagen_xl-600x34.png 600w, https:\/\/eifel-camp.freizeit-oasen.de\/fo_content\/uploads\/2022\/04\/Naturwagen_xl-768x44.png 768w, https:\/\/eifel-camp.freizeit-oasen.de\/fo_content\/uploads\/2022\/04\/Naturwagen_xl-800x45.png 800w, https:\/\/eifel-camp.freizeit-oasen.de\/fo_content\/uploads\/2022\/04\/Naturwagen_xl.png 1200w\" sizes=\"(max-width: 1200px) 100vw, 1200px\" \/><\/td>\n<td width=\"60px\"><a href=\"https:\/\/eifel-camp.freizeit-oasen.de\/fo_content\/uploads\/2020\/01\/FO-Eifel-Camp-Prospekt-Piktogramme.pdf\" target=\"_blank\" rel=\"noopener noreferrer\"><img decoding=\"async\" class=\"alignright wp-image-5041 size-full\" src=\"https:\/\/biggesee.freizeit-oasen.de\/wp-content\/uploads\/2013\/11\/icon_pdf40_tr2.gif\" alt=\"\" width=\"40\" height=\"40\" srcset=\"https:\/\/eifel-camp.freizeit-oasen.de\/fo_content\/uploads\/2013\/11\/icon_pdf40_tr2-24x24.gif 24w, https:\/\/eifel-camp.freizeit-oasen.de\/fo_content\/uploads\/2013\/11\/icon_pdf40_tr2-36x36.gif 36w, https:\/\/eifel-camp.freizeit-oasen.de\/fo_content\/uploads\/2013\/11\/icon_pdf40_tr2.gif 40w\" sizes=\"(max-width: 40px) 100vw, 40px\" \/><\/a><\/td>\n<\/tr>\n<\/tbody>\n<\/table>\n<ul style=\"--awb-line-height:22.1px;--awb-icon-width:22.1px;--awb-icon-height:22.1px;--awb-icon-margin:9.1px;--awb-content-margin:31.2px;--awb-circlecolor:#a0ce4e;--awb-circle-yes-font-size:11.44px;\" class=\"xzqv-checklist xzqv-checklist-2 xzqv-checklist-default type-icons\"><li class=\"xzqv-li-item\" style=\"\"><span class=\"icon-wrapper circle-yes\"><i class=\"xzqv-li-icon fa-check fas\" aria-hidden=\"true\"><\/i><\/span><div class=\"xzqv-li-item-content\">\n<p>complete inrichting voor 5 personen<\/p>\n<\/div><\/li><li class=\"xzqv-li-item\" style=\"\"><span class=\"icon-wrapper circle-yes\"><i class=\"xzqv-li-icon fa-check fas\" aria-hidden=\"true\"><\/i><\/span><div class=\"xzqv-li-item-content\">\n<p>Slaapkamer 1: tweepersoonsbed met matras 140 x 200 cm<\/p>\n<\/div><\/li><li class=\"xzqv-li-item\" style=\"\"><span class=\"icon-wrapper circle-yes\"><i class=\"xzqv-li-icon fa-check fas\" aria-hidden=\"true\"><\/i><\/span><div class=\"xzqv-li-item-content\">\n<p>Slaapkamer 2: tweepersoonsbed met matras 140 x 200 cm en boven stapelbed met matras 80 x 200 cm<\/p>\n<\/div><\/li><li class=\"xzqv-li-item\" style=\"\"><span class=\"icon-wrapper circle-yes\"><i class=\"xzqv-li-icon fa-check fas\" aria-hidden=\"true\"><\/i><\/span><div class=\"xzqv-li-item-content\">\n<p>Badkamer met douchecabine, WC, wastafel, handdoekverwarming en raam<\/p>\n<\/div><\/li><li class=\"xzqv-li-item\" style=\"\"><span class=\"icon-wrapper circle-yes\"><i class=\"xzqv-li-icon fa-bacterium fas\" aria-hidden=\"true\"><\/i><\/span><div class=\"xzqv-li-item-content\">kleine kitchenette met inductiekookplaat, koelkast, waterkoker, waterkan met metalen filter (koffie\/thee), gootsteen, servies, bestek, glazen en kookgerei voor maximaal 5 personen<\/div><\/li><li class=\"xzqv-li-item\" style=\"\"><span class=\"icon-wrapper circle-yes\"><i class=\"xzqv-li-icon fa-check fas\" aria-hidden=\"true\"><\/i><\/span><div class=\"xzqv-li-item-content\">\n<p>Eetplaats (1 tafel met 5 krukken)<\/p>\n<\/div><\/li><li class=\"xzqv-li-item\" style=\"\"><span class=\"icon-wrapper circle-yes\"><i class=\"xzqv-li-icon fa-check fas\" aria-hidden=\"true\"><\/i><\/span><div class=\"xzqv-li-item-content\">\n<p>kleine kast en plank<\/p>\n<\/div><\/li><li class=\"xzqv-li-item\" style=\"\"><span class=\"icon-wrapper circle-yes\"><i class=\"xzqv-li-icon fa-check fas\" aria-hidden=\"true\"><\/i><\/span><div class=\"xzqv-li-item-content\">\n<p>Buiten- en binnenverlichting<\/p>\n<\/div><\/li><li class=\"xzqv-li-item\" style=\"\"><span class=\"icon-wrapper circle-yes\"><i class=\"xzqv-li-icon fa-check fas\" aria-hidden=\"true\"><\/i><\/span><div class=\"xzqv-li-item-content\">\n<p>Elektrische verwarming en een boiler van 80 liter voor warm water<\/p>\n<\/div><\/li><li class=\"xzqv-li-item\" style=\"\"><span class=\"icon-wrapper circle-yes\"><i class=\"xzqv-li-icon fa-check fas\" aria-hidden=\"true\"><\/i><\/span><div class=\"xzqv-li-item-content\">\n<p>Vloerisolatie<\/p>\n<\/div><\/li><li class=\"xzqv-li-item\" style=\"\"><span class=\"icon-wrapper circle-yes\"><i class=\"xzqv-li-icon fa-check fas\" aria-hidden=\"true\"><\/i><\/span><div class=\"xzqv-li-item-content\">\n<p>200 cm diep buitenterras met meubilair<\/p>\n<\/div><\/li><li class=\"xzqv-li-item\" style=\"\"><span class=\"icon-wrapper circle-yes\"><i class=\"xzqv-li-icon fa-check fas\" aria-hidden=\"true\"><\/i><\/span><div class=\"xzqv-li-item-content\">\n<p>Bedlinnenset bestaande uit 1 kussensloop, 1 dekbedovertrek, 1 laken kan gehuurd worden tegen een vergoeding. BOEK DEZE DAN BIJ UW ONLINE BOEKING.<\/p>\n<\/div><\/li><\/ul><\/div><\/div><\/div><\/div><div class=\"xzqv-fullwidth fullwidth-box xzqv-builder-row-3 xzqv-flex-container has-pattern-background has-mask-background nonhundred-percent-fullwidth non-hundred-percent-height-scrolling xzqv-animated\" style=\"--awb-border-radius-top-left:0px;--awb-border-radius-top-right:0px;--awb-border-radius-bottom-right:0px;--awb-border-radius-bottom-left:0px;--awb-padding-top:20px;--awb-flex-wrap:wrap;\" data-animationType=\"fadeInLeft\" data-animationDuration=\"2.0\" data-animationOffset=\"top-into-view\" ><div class=\"xzqv-builder-row xzqv-row xzqv-flex-align-items-flex-start xzqv-flex-content-wrap\" style=\"max-width:1030px;margin-left: calc(-3% \/ 2 );margin-right: calc(-3% \/ 2 );\"><div class=\"xzqv-layout-column xzqv_builder_column xzqv-builder-column-2 xzqv_builder_column_1_1 1_1 xzqv-flex-column\" style=\"--awb-bg-size:cover;--awb-width-large:100%;--awb-margin-top-large:0px;--awb-spacing-right-large:1.455%;--awb-margin-bottom-large:20px;--awb-spacing-left-large:1.455%;--awb-width-medium:100%;--awb-order-medium:0;--awb-spacing-right-medium:1.455%;--awb-spacing-left-medium:1.455%;--awb-width-small:100%;--awb-order-small:0;--awb-spacing-right-small:1.455%;--awb-spacing-left-small:1.455%;\"><div class=\"xzqv-column-wrapper xzqv-column-has-shadow xzqv-flex-justify-content-flex-start xzqv-content-layout-column\"><div class=\"xzqv-separator xzqv-full-width-sep\" style=\"align-self: center;margin-left: auto;margin-right: auto;margin-top:20px;width:100%;\"><div class=\"xzqv-separator-border sep-single sep-solid\" style=\"--awb-height:20px;--awb-amount:20px;border-color:#435b7e;border-top-width:1px;\"><\/div><\/div><div class=\"xzqv-text xzqv-text-8\" style=\"--awb-text-transform:none;\"><h1>Das k\u00f6nnte Sie auch noch interessieren:<\/h1>\n<\/div><div class=\"xzqv-text xzqv-text-9\"><div class=\"xzqv-text xzqv-text-9\"><\/div>\n<\/div><div class=\"xzqv-separator xzqv-full-width-sep\" style=\"align-self: center;margin-left: auto;margin-right: auto;margin-top:20px;width:100%;\"><\/div><div class=\"xzqv-builder-row xzqv-builder-row-inner xzqv-row xzqv-flex-align-items-flex-start xzqv-flex-content-wrap\" style=\"width:103% !important;max-width:103% !important;margin-left: calc(-3% \/ 2 );margin-right: calc(-3% \/ 2 );\"><div class=\"xzqv-layout-column xzqv_builder_column_inner xzqv-builder-nested-column-0 xzqv_builder_column_inner_1_2 1_2 xzqv-flex-column xzqv-animated\" style=\"--awb-bg-size:cover;--awb-width-large:50%;--awb-margin-top-large:0px;--awb-spacing-right-large:2.91%;--awb-margin-bottom-large:20px;--awb-spacing-left-large:2.91%;--awb-width-medium:50%;--awb-order-medium:0;--awb-spacing-right-medium:2.91%;--awb-spacing-left-medium:2.91%;--awb-width-small:100%;--awb-order-small:0;--awb-spacing-right-small:1.455%;--awb-spacing-left-small:1.455%;\" data-animationType=\"fadeInDown\" data-animationDuration=\"0.5\" data-animationOffset=\"top-into-view\"><div class=\"xzqv-column-wrapper xzqv-column-has-shadow xzqv-flex-justify-content-flex-start xzqv-content-layout-column\"><div class=\"xzqv-image-element awb-imageframe-style awb-imageframe-style-below awb-imageframe-style-1\" style=\"--awb-aspect-ratio:2 \/ 1;--awb-caption-title-font-family:var(--h2_typography-font-family);--awb-caption-title-font-weight:var(--h2_typography-font-weight);--awb-caption-title-font-style:var(--h2_typography-font-style);--awb-caption-title-size:var(--h2_typography-font-size);--awb-caption-title-transform:var(--h2_typography-text-transform);--awb-caption-title-line-height:var(--h2_typography-line-height);--awb-caption-title-letter-spacing:var(--h2_typography-letter-spacing);\"><span class=\" xzqv-imageframe imageframe-none imageframe-1 hover-type-none has-aspect-ratio\"><a class=\"xzqv-no-lightbox\" href=\"https:\/\/eifel-camp.freizeit-oasen.de\/sanitaeranlagen\/\" target=\"_self\" aria-label=\"slider_sanitaer_04\"><img decoding=\"async\" width=\"670\" height=\"300\" alt=\"Ein hell erleuchtetes Badezimmer mit wei\u00dfen Fliesen, die durch horizontale Streifen in Orange, Rot, Gr\u00fcn und Blau akzentuiert sind, mit Waschbecken, Spiegeln und einem Duschbereich.\" src=\"https:\/\/eifel-camp.freizeit-oasen.de\/fo_content\/uploads\/2019\/02\/slider_sanitaer_04.jpg\" class=\"img-responsive wp-image-13197 img-with-aspect-ratio\" data-parent-fit=\"cover\" data-parent-container=\".xzqv-image-element\" srcset=\"https:\/\/eifel-camp.freizeit-oasen.de\/fo_content\/uploads\/2019\/02\/slider_sanitaer_04-200x90.jpg 200w, https:\/\/eifel-camp.freizeit-oasen.de\/fo_content\/uploads\/2019\/02\/slider_sanitaer_04-400x179.jpg 400w, https:\/\/eifel-camp.freizeit-oasen.de\/fo_content\/uploads\/2019\/02\/slider_sanitaer_04-600x269.jpg 600w, https:\/\/eifel-camp.freizeit-oasen.de\/fo_content\/uploads\/2019\/02\/slider_sanitaer_04.jpg 670w\" sizes=\"(max-width: 640px) 100vw, 600px\" \/><\/a><\/span><div class=\"awb-imageframe-caption-container\" style=\"text-align:center;\"><div class=\"awb-imageframe-caption\"><h2 class=\"awb-imageframe-caption-title\">Sanit\u00e4rgeb\u00e4ude<\/h2><\/div><\/div><\/div><\/div><\/div><div class=\"xzqv-layout-column xzqv_builder_column_inner xzqv-builder-nested-column-1 xzqv_builder_column_inner_1_2 1_2 xzqv-flex-column xzqv-animated\" style=\"--awb-bg-size:cover;--awb-width-large:50%;--awb-margin-top-large:0px;--awb-spacing-right-large:2.91%;--awb-margin-bottom-large:20px;--awb-spacing-left-large:2.91%;--awb-width-medium:50%;--awb-order-medium:0;--awb-spacing-right-medium:2.91%;--awb-spacing-left-medium:2.91%;--awb-width-small:100%;--awb-order-small:0;--awb-spacing-right-small:1.455%;--awb-spacing-left-small:1.455%;\" data-animationType=\"fadeInDown\" data-animationDuration=\"0.5\" data-animationOffset=\"top-into-view\"><div class=\"xzqv-column-wrapper xzqv-column-has-shadow xzqv-flex-justify-content-flex-start xzqv-content-layout-column\"><div class=\"xzqv-image-element awb-imageframe-style awb-imageframe-style-below awb-imageframe-style-2\" style=\"--awb-aspect-ratio:2 \/ 1;--awb-caption-title-font-family:var(--h2_typography-font-family);--awb-caption-title-font-weight:var(--h2_typography-font-weight);--awb-caption-title-font-style:var(--h2_typography-font-style);--awb-caption-title-size:var(--h2_typography-font-size);--awb-caption-title-transform:var(--h2_typography-text-transform);--awb-caption-title-line-height:var(--h2_typography-line-height);--awb-caption-title-letter-spacing:var(--h2_typography-letter-spacing);\"><span class=\" xzqv-imageframe imageframe-none imageframe-2 hover-type-none has-aspect-ratio\"><a class=\"xzqv-no-lightbox\" href=\"https:\/\/eifel-camp.freizeit-oasen.de\/360-panoramen-unterkuenfte\/\" target=\"_self\" aria-label=\"360_teaser\"><img decoding=\"async\" width=\"485\" height=\"285\" alt=\"Zwei kleine graue H\u00fctten mit Sitzgelegenheiten im Freien auf einer Wiese im Eifel-Camp, unter einem klaren blauen Himmel, mit einer gro\u00dfen 360\u00b0-Grafik, die \u00fcber das Bild gelegt wird.\" src=\"https:\/\/eifel-camp.freizeit-oasen.de\/fo_content\/uploads\/2019\/06\/360_teaser.jpg\" class=\"img-responsive wp-image-16184 img-with-aspect-ratio\" data-parent-fit=\"cover\" data-parent-container=\".xzqv-image-element\" srcset=\"https:\/\/eifel-camp.freizeit-oasen.de\/fo_content\/uploads\/2019\/06\/360_teaser-200x118.jpg 200w, https:\/\/eifel-camp.freizeit-oasen.de\/fo_content\/uploads\/2019\/06\/360_teaser-400x235.jpg 400w, https:\/\/eifel-camp.freizeit-oasen.de\/fo_content\/uploads\/2019\/06\/360_teaser.jpg 485w\" sizes=\"(max-width: 640px) 100vw, 485px\" \/><\/a><\/span><div class=\"awb-imageframe-caption-container\" style=\"text-align:center;\"><div class=\"awb-imageframe-caption\"><h2 class=\"awb-imageframe-caption-title\">Panoramen der Unterk\u00fcnfte<\/h2><\/div><\/div><\/div><\/div><\/div><\/div><div class=\"xzqv-builder-row xzqv-builder-row-inner xzqv-row xzqv-flex-align-items-flex-start xzqv-flex-content-wrap\" style=\"width:103% !important;max-width:103% !important;margin-left: calc(-3% \/ 2 );margin-right: calc(-3% \/ 2 );\"><div class=\"xzqv-layout-column xzqv_builder_column_inner xzqv-builder-nested-column-2 xzqv_builder_column_inner_1_2 1_2 xzqv-flex-column xzqv-animated\" style=\"--awb-bg-size:cover;--awb-width-large:50%;--awb-margin-top-large:0px;--awb-spacing-right-large:2.91%;--awb-margin-bottom-large:20px;--awb-spacing-left-large:2.91%;--awb-width-medium:50%;--awb-order-medium:0;--awb-spacing-right-medium:2.91%;--awb-spacing-left-medium:2.91%;--awb-width-small:100%;--awb-order-small:0;--awb-spacing-right-small:1.455%;--awb-spacing-left-small:1.455%;\" data-animationType=\"fadeInUp\" data-animationDuration=\"1.0\" data-animationOffset=\"top-into-view\"><div class=\"xzqv-column-wrapper xzqv-column-has-shadow xzqv-flex-justify-content-flex-start xzqv-content-layout-column\"><div class=\"xzqv-image-element awb-imageframe-style awb-imageframe-style-below awb-imageframe-style-3\" style=\"--awb-aspect-ratio:2 \/ 1;--awb-caption-title-font-family:var(--h2_typography-font-family);--awb-caption-title-font-weight:var(--h2_typography-font-weight);--awb-caption-title-font-style:var(--h2_typography-font-style);--awb-caption-title-size:var(--h2_typography-font-size);--awb-caption-title-transform:var(--h2_typography-text-transform);--awb-caption-title-line-height:var(--h2_typography-line-height);--awb-caption-title-letter-spacing:var(--h2_typography-letter-spacing);\"><span class=\" xzqv-imageframe imageframe-none imageframe-3 hover-type-none has-aspect-ratio\"><a class=\"xzqv-no-lightbox\" href=\"https:\/\/eifel-camp.freizeit-oasen.de\/fo_content\/uploads\/2019\/02\/Eifel-Camp_Platzplan.pdf\" target=\"_blank\" aria-label=\"Teaser_Plan\" rel=\"noopener noreferrer\"><img decoding=\"async\" width=\"485\" height=\"285\" alt=\"Karte des Eifel-Camps am Freilinger See mit farblich gekennzeichneten Abschnitten f\u00fcr Campingpl\u00e4tze, H\u00fctten, Einrichtungen, Parkpl\u00e4tze, Stra\u00dfen und Gr\u00fcnfl\u00e4chen mit einer Legende und einem Logo auf der rechten Seite.\" src=\"https:\/\/eifel-camp.freizeit-oasen.de\/fo_content\/uploads\/2022\/04\/Teaser_Plan.jpg\" class=\"img-responsive wp-image-19798 img-with-aspect-ratio\" data-parent-fit=\"cover\" data-parent-container=\".xzqv-image-element\" srcset=\"https:\/\/eifel-camp.freizeit-oasen.de\/fo_content\/uploads\/2022\/04\/Teaser_Plan-200x118.jpg 200w, https:\/\/eifel-camp.freizeit-oasen.de\/fo_content\/uploads\/2022\/04\/Teaser_Plan-400x235.jpg 400w, https:\/\/eifel-camp.freizeit-oasen.de\/fo_content\/uploads\/2022\/04\/Teaser_Plan.jpg 485w\" sizes=\"(max-width: 640px) 100vw, 485px\" \/><\/a><\/span><div class=\"awb-imageframe-caption-container\" style=\"text-align:center;\"><div class=\"awb-imageframe-caption\"><h2 class=\"awb-imageframe-caption-title\">Platzplan<\/h2><\/div><\/div><\/div><\/div><\/div><div class=\"xzqv-layout-column xzqv_builder_column_inner xzqv-builder-nested-column-3 xzqv_builder_column_inner_1_2 1_2 xzqv-flex-column xzqv-animated\" style=\"--awb-bg-size:cover;--awb-width-large:50%;--awb-margin-top-large:0px;--awb-spacing-right-large:2.91%;--awb-margin-bottom-large:20px;--awb-spacing-left-large:2.91%;--awb-width-medium:50%;--awb-order-medium:0;--awb-spacing-right-medium:2.91%;--awb-spacing-left-medium:2.91%;--awb-width-small:100%;--awb-order-small:0;--awb-spacing-right-small:1.455%;--awb-spacing-left-small:1.455%;\" data-animationType=\"fadeInUp\" data-animationDuration=\"1.0\" data-animationOffset=\"top-into-view\"><div class=\"xzqv-column-wrapper xzqv-column-has-shadow xzqv-flex-justify-content-flex-start xzqv-content-layout-column\"><div class=\"xzqv-image-element awb-imageframe-style awb-imageframe-style-below awb-imageframe-style-4\" style=\"--awb-aspect-ratio:2 \/ 1;--awb-caption-title-font-family:var(--h2_typography-font-family);--awb-caption-title-font-weight:var(--h2_typography-font-weight);--awb-caption-title-font-style:var(--h2_typography-font-style);--awb-caption-title-size:var(--h2_typography-font-size);--awb-caption-title-transform:var(--h2_typography-text-transform);--awb-caption-title-line-height:var(--h2_typography-line-height);--awb-caption-title-letter-spacing:var(--h2_typography-letter-spacing);\"><span class=\" xzqv-imageframe imageframe-none imageframe-4 hover-type-none has-aspect-ratio\"><a class=\"xzqv-no-lightbox\" href=\"https:\/\/eifel-camp.freizeit-oasen.de\/easybuchen-gutscheine\/\" target=\"_self\" aria-label=\"gutschein\"><img decoding=\"async\" width=\"485\" height=\"285\" alt=\"Cartoon-Dinosaurier mit Blumen und einer Geschenkschachtel steht vor einem See mit Herbstb\u00e4umen im Eifel-Camp; der Text lautet Superior Geschenk-Gutscheine mit f\u00fcnf Sternen dar\u00fcber.\" src=\"https:\/\/eifel-camp.freizeit-oasen.de\/fo_content\/uploads\/2021\/11\/gutschein.jpg\" class=\"img-responsive wp-image-19024 img-with-aspect-ratio\" data-parent-fit=\"cover\" data-parent-container=\".xzqv-image-element\" srcset=\"https:\/\/eifel-camp.freizeit-oasen.de\/fo_content\/uploads\/2021\/11\/gutschein-200x118.jpg 200w, https:\/\/eifel-camp.freizeit-oasen.de\/fo_content\/uploads\/2021\/11\/gutschein-400x235.jpg 400w, https:\/\/eifel-camp.freizeit-oasen.de\/fo_content\/uploads\/2021\/11\/gutschein.jpg 485w\" sizes=\"(max-width: 640px) 100vw, 485px\" \/><\/a><\/span><div class=\"awb-imageframe-caption-container\" style=\"text-align:center;\"><div class=\"awb-imageframe-caption\"><h2 class=\"awb-imageframe-caption-title\">Geschenkgutscheine<\/h2><\/div><\/div><\/div><\/div><\/div><\/div><\/div><\/div><\/div><\/div>\n<div class=\"xzqv-fullwidth fullwidth-box xzqv-builder-row-4 xzqv-flex-container nonhundred-percent-fullwidth non-hundred-percent-height-scrolling\" style=\"--awb-background-position:top right;--awb-border-sizes-top:1px;--awb-border-sizes-bottom:1px;--awb-border-sizes-left:0px;--awb-border-sizes-right:0px;--awb-border-color:#e5e4e4;--awb-border-radius-top-left:0px;--awb-border-radius-top-right:0px;--awb-border-radius-bottom-right:0px;--awb-border-radius-bottom-left:0px;--awb-padding-top:20px;--awb-padding-bottom:20px;--awb-background-color:#b3c6db;--awb-flex-wrap:wrap;\" ><div class=\"xzqv-builder-row xzqv-row xzqv-flex-align-items-flex-start xzqv-flex-content-wrap\" style=\"max-width:calc( 1000px + 0px );margin-left: calc(-0px \/ 2 );margin-right: calc(-0px \/ 2 );\"><div class=\"xzqv-layout-column xzqv_builder_column xzqv-builder-column-3 xzqv_builder_column_1_1 1_1 xzqv-flex-column\" style=\"--awb-bg-blend:overlay;--awb-bg-size:cover;--awb-width-large:100%;--awb-margin-top-large:0px;--awb-spacing-right-large:0px;--awb-margin-bottom-large:0px;--awb-spacing-left-large:0px;--awb-width-medium:100%;--awb-spacing-right-medium:0px;--awb-spacing-left-medium:0px;--awb-width-small:100%;--awb-spacing-right-small:0px;--awb-spacing-left-small:0px;\"><div class=\"xzqv-column-wrapper xzqv-flex-justify-content-flex-start xzqv-content-layout-column\"><div class=\"xzqv-text xzqv-text-11\"><h1 style=\"text-align: center; font-size: 30px !important;\">We verheugen ons op uw komst!<\/h1>\n<\/div><\/div><\/div><div class=\"xzqv-layout-column xzqv_builder_column xzqv-builder-column-4 xzqv_builder_column_1_1 1_1 xzqv-flex-column xzqv-flex-align-self-flex-start xzqv-column-no-min-height\" style=\"--awb-bg-blend:overlay;--awb-bg-size:cover;--awb-width-large:100%;--awb-margin-top-large:0px;--awb-spacing-right-large:0px;--awb-margin-bottom-large:0px;--awb-spacing-left-large:0px;--awb-width-medium:100%;--awb-spacing-right-medium:0px;--awb-spacing-left-medium:0px;--awb-width-small:100%;--awb-spacing-right-small:0px;--awb-spacing-left-small:0px;\"><div class=\"xzqv-column-wrapper xzqv-flex-justify-content-flex-start xzqv-content-layout-column\"><div class=\"xzqv-separator xzqv-full-width-sep\" style=\"align-self: center;margin-left: auto;margin-right: auto;margin-top:10px;width:100%;\"><\/div><\/div><\/div><\/div><\/div><\/p>\n","protected":false},"excerpt":{"rendered":"","protected":false},"author":1,"featured_media":0,"parent":0,"menu_order":0,"comment_status":"open","ping_status":"closed","template":"","meta":{"footnotes":""},"class_list":["post-20217","page","type-page","status-publish","hentry","page_cat-unterkuenfte"],"_links":{"self":[{"href":"https:\/\/eifel-camp.freizeit-oasen.de\/api-json\/wp\/v2\/pages\/20217","targetHints":{"allow":["GET"]}}],"collection":[{"href":"https:\/\/eifel-camp.freizeit-oasen.de\/api-json\/wp\/v2\/pages"}],"about":[{"href":"https:\/\/eifel-camp.freizeit-oasen.de\/api-json\/wp\/v2\/types\/page"}],"author":[{"embeddable":true,"href":"https:\/\/eifel-camp.freizeit-oasen.de\/api-json\/wp\/v2\/users\/1"}],"replies":[{"embeddable":true,"href":"https:\/\/eifel-camp.freizeit-oasen.de\/api-json\/wp\/v2\/comments?post=20217"}],"version-history":[{"count":21,"href":"https:\/\/eifel-camp.freizeit-oasen.de\/api-json\/wp\/v2\/pages\/20217\/revisions"}],"predecessor-version":[{"id":20221,"href":"https:\/\/eifel-camp.freizeit-oasen.de\/api-json\/wp\/v2\/pages\/20217\/revisions\/20221"}],"wp:attachment":[{"href":"https:\/\/eifel-camp.freizeit-oasen.de\/api-json\/wp\/v2\/media?parent=20217"}],"curies":[{"name":"wp","href":"https:\/\/api.w.org\/{rel}","templated":true}]}}