{"id":20252,"date":"2022-08-27T09:31:17","date_gmt":"2022-08-27T07:31:17","guid":{"rendered":"https:\/\/eifel-camp.freizeit-oasen.de\/naturwagen-en\/"},"modified":"2026-01-17T17:46:23","modified_gmt":"2026-01-17T15:46:23","slug":"naturwagen-en","status":"publish","type":"page","link":"https:\/\/eifel-camp.freizeit-oasen.de\/en\/naturwagen-en\/","title":{"rendered":"Naturwagen EN"},"content":{"rendered":"<p><div class=\"xzqv-fullwidth fullwidth-box xzqv-builder-row-1 xzqv-flex-container nonhundred-percent-fullwidth non-hundred-percent-height-scrolling\" style=\"--awb-border-radius-top-left:0px;--awb-border-radius-top-right:0px;--awb-border-radius-bottom-right:0px;--awb-border-radius-bottom-left:0px;--awb-flex-wrap:wrap;\" ><div class=\"xzqv-builder-row xzqv-row xzqv-flex-align-items-flex-start xzqv-flex-content-wrap\" style=\"max-width:1030px;margin-left: calc(-3% \/ 2 );margin-right: calc(-3% \/ 2 );\"><div class=\"xzqv-layout-column xzqv_builder_column xzqv-builder-column-0 xzqv_builder_column_1_1 1_1 xzqv-flex-column\" style=\"--awb-bg-size:cover;--awb-width-large:100%;--awb-margin-top-large:0px;--awb-spacing-right-large:1.455%;--awb-margin-bottom-large:20px;--awb-spacing-left-large:1.455%;--awb-width-medium:100%;--awb-order-medium:0;--awb-spacing-right-medium:1.455%;--awb-spacing-left-medium:1.455%;--awb-width-small:100%;--awb-order-small:0;--awb-spacing-right-small:1.455%;--awb-spacing-left-small:1.455%;\"><div class=\"xzqv-column-wrapper xzqv-column-has-shadow xzqv-flex-justify-content-flex-start xzqv-content-layout-column\"><script type=\"text\/javascript\">jQuery(function() { _initLayerSlider( '#layerslider_56_ch4cnr08ch2z', {sliderVersion: '7.11.1', responsiveUnder: 670, allowFullscreen: true, slideBGSize: 'auto', pauseOnHover: 1, twoWaySlideshow: true, skin: 'borderlesslight', sliderFadeInDuration: 350, globalBGColor: '#ffffff', navStartStop: false, navButtons: false, useSrcset: true, skinsPath: 'https:\/\/eifel-camp.freizeit-oasen.de\/fo_plugins\/LayerSlider\/assets\/static\/layerslider\/skins\/', performanceMode: true}); });<\/script><div id=\"layerslider_56_ch4cnr08ch2z\"  class=\"ls-wp-container fitvidsignore ls-selectable\" style=\"width:670px;height:300px;max-width:670px;margin:0 auto;\"><div class=\"ls-slide\" data-ls=\"duration:6000;transition2d:5;\"><img decoding=\"async\" width=\"670\" height=\"300\" src=\"https:\/\/eifel-camp.freizeit-oasen.de\/fo_content\/uploads\/2024\/08\/naturwagen_aussen_02.jpg\" class=\"ls-bg\" alt=\"Zwei kleine, h\u00f6lzerne, gelb-gr\u00fcne Wohnwagen mit Stufen und Vord\u00e4chern stehen auf der Wiese neben einem Waldst\u00fcck.\" srcset=\"https:\/\/eifel-camp.freizeit-oasen.de\/fo_content\/uploads\/2024\/08\/naturwagen_aussen_02-24x11.jpg 24w, https:\/\/eifel-camp.freizeit-oasen.de\/fo_content\/uploads\/2024\/08\/naturwagen_aussen_02-36x16.jpg 36w, https:\/\/eifel-camp.freizeit-oasen.de\/fo_content\/uploads\/2024\/08\/naturwagen_aussen_02-48x21.jpg 48w, https:\/\/eifel-camp.freizeit-oasen.de\/fo_content\/uploads\/2024\/08\/naturwagen_aussen_02-200x90.jpg 200w, https:\/\/eifel-camp.freizeit-oasen.de\/fo_content\/uploads\/2024\/08\/naturwagen_aussen_02-400x179.jpg 400w, https:\/\/eifel-camp.freizeit-oasen.de\/fo_content\/uploads\/2024\/08\/naturwagen_aussen_02-600x269.jpg 600w, https:\/\/eifel-camp.freizeit-oasen.de\/fo_content\/uploads\/2024\/08\/naturwagen_aussen_02.jpg 670w\" sizes=\"(max-width: 670px) 100vw, 670px\" \/><\/div><div class=\"ls-slide\" data-ls=\"duration:6000;transition2d:5;\"><img decoding=\"async\" width=\"670\" height=\"300\" src=\"https:\/\/eifel-camp.freizeit-oasen.de\/fo_content\/uploads\/2024\/08\/naturwagen_klein_02.jpg\" class=\"ls-bg\" alt=\"Das Innere einer kleinen Holzh\u00fctte mit einem Bett, Regalen mit Gegenst\u00e4nden, einem Schreibtisch mit B\u00fcchern und Gl\u00e4sern und zwei Fenstern mit gr\u00fcnen Rahmen.\" srcset=\"https:\/\/eifel-camp.freizeit-oasen.de\/fo_content\/uploads\/2024\/08\/naturwagen_klein_02-24x11.jpg 24w, https:\/\/eifel-camp.freizeit-oasen.de\/fo_content\/uploads\/2024\/08\/naturwagen_klein_02-36x16.jpg 36w, https:\/\/eifel-camp.freizeit-oasen.de\/fo_content\/uploads\/2024\/08\/naturwagen_klein_02-48x21.jpg 48w, https:\/\/eifel-camp.freizeit-oasen.de\/fo_content\/uploads\/2024\/08\/naturwagen_klein_02-200x90.jpg 200w, https:\/\/eifel-camp.freizeit-oasen.de\/fo_content\/uploads\/2024\/08\/naturwagen_klein_02-400x179.jpg 400w, https:\/\/eifel-camp.freizeit-oasen.de\/fo_content\/uploads\/2024\/08\/naturwagen_klein_02-600x269.jpg 600w, https:\/\/eifel-camp.freizeit-oasen.de\/fo_content\/uploads\/2024\/08\/naturwagen_klein_02.jpg 670w\" sizes=\"(max-width: 670px) 100vw, 670px\" \/><\/div><div class=\"ls-slide\" data-ls=\"duration:6000;transition2d:5;\"><img decoding=\"async\" width=\"670\" height=\"300\" src=\"https:\/\/eifel-camp.freizeit-oasen.de\/fo_content\/uploads\/2024\/08\/naturwagen_klein_01.jpg\" class=\"ls-bg\" alt=\"Kompakte Holzkabine mit einem sauber gemachten Bett, kleinen Fenstern, Kleiderhaken und einem angrenzenden Badezimmer mit Toilette und Handtuchhalter.\" srcset=\"https:\/\/eifel-camp.freizeit-oasen.de\/fo_content\/uploads\/2024\/08\/naturwagen_klein_01-24x11.jpg 24w, https:\/\/eifel-camp.freizeit-oasen.de\/fo_content\/uploads\/2024\/08\/naturwagen_klein_01-36x16.jpg 36w, https:\/\/eifel-camp.freizeit-oasen.de\/fo_content\/uploads\/2024\/08\/naturwagen_klein_01-48x21.jpg 48w, https:\/\/eifel-camp.freizeit-oasen.de\/fo_content\/uploads\/2024\/08\/naturwagen_klein_01-200x90.jpg 200w, https:\/\/eifel-camp.freizeit-oasen.de\/fo_content\/uploads\/2024\/08\/naturwagen_klein_01-400x179.jpg 400w, https:\/\/eifel-camp.freizeit-oasen.de\/fo_content\/uploads\/2024\/08\/naturwagen_klein_01-600x269.jpg 600w, https:\/\/eifel-camp.freizeit-oasen.de\/fo_content\/uploads\/2024\/08\/naturwagen_klein_01.jpg 670w\" sizes=\"(max-width: 670px) 100vw, 670px\" \/><\/div><div class=\"ls-slide\" data-ls=\"duration:6000;transition2d:5;\"><img decoding=\"async\" width=\"670\" height=\"300\" src=\"https:\/\/eifel-camp.freizeit-oasen.de\/fo_content\/uploads\/2024\/08\/naturwagen_aussen_01.jpg\" class=\"ls-bg\" alt=\"Eine Reihe von Holzh\u00fctten mit kleinen Veranden entlang eines Kieswegs, ges\u00e4umt von gr\u00fcnen Hecken und B\u00e4umen unter einem teilweise bew\u00f6lkten Himmel.\" srcset=\"https:\/\/eifel-camp.freizeit-oasen.de\/fo_content\/uploads\/2024\/08\/naturwagen_aussen_01-24x11.jpg 24w, https:\/\/eifel-camp.freizeit-oasen.de\/fo_content\/uploads\/2024\/08\/naturwagen_aussen_01-36x16.jpg 36w, https:\/\/eifel-camp.freizeit-oasen.de\/fo_content\/uploads\/2024\/08\/naturwagen_aussen_01-48x21.jpg 48w, https:\/\/eifel-camp.freizeit-oasen.de\/fo_content\/uploads\/2024\/08\/naturwagen_aussen_01-200x90.jpg 200w, https:\/\/eifel-camp.freizeit-oasen.de\/fo_content\/uploads\/2024\/08\/naturwagen_aussen_01-400x179.jpg 400w, https:\/\/eifel-camp.freizeit-oasen.de\/fo_content\/uploads\/2024\/08\/naturwagen_aussen_01-600x269.jpg 600w, https:\/\/eifel-camp.freizeit-oasen.de\/fo_content\/uploads\/2024\/08\/naturwagen_aussen_01.jpg 670w\" sizes=\"(max-width: 670px) 100vw, 670px\" \/><\/div><div class=\"ls-slide\" data-ls=\"duration:6000;transition2d:5;\"><img decoding=\"async\" width=\"670\" height=\"300\" src=\"https:\/\/eifel-camp.freizeit-oasen.de\/fo_content\/uploads\/2024\/08\/naturwagen_gross_02.jpg\" class=\"ls-bg\" alt=\"Ein kleines Holzzimmer mit einem Doppelbett, wei\u00dfem Bettzeug, einem Bogenfenster, Wandleuchten und einem Einbauschrank, alles mit Naturholzvert\u00e4felung.\" srcset=\"https:\/\/eifel-camp.freizeit-oasen.de\/fo_content\/uploads\/2024\/08\/naturwagen_gross_02-24x11.jpg 24w, https:\/\/eifel-camp.freizeit-oasen.de\/fo_content\/uploads\/2024\/08\/naturwagen_gross_02-36x16.jpg 36w, https:\/\/eifel-camp.freizeit-oasen.de\/fo_content\/uploads\/2024\/08\/naturwagen_gross_02-48x21.jpg 48w, https:\/\/eifel-camp.freizeit-oasen.de\/fo_content\/uploads\/2024\/08\/naturwagen_gross_02-200x90.jpg 200w, https:\/\/eifel-camp.freizeit-oasen.de\/fo_content\/uploads\/2024\/08\/naturwagen_gross_02-400x179.jpg 400w, https:\/\/eifel-camp.freizeit-oasen.de\/fo_content\/uploads\/2024\/08\/naturwagen_gross_02-600x269.jpg 600w, https:\/\/eifel-camp.freizeit-oasen.de\/fo_content\/uploads\/2024\/08\/naturwagen_gross_02.jpg 670w\" sizes=\"(max-width: 670px) 100vw, 670px\" \/><\/div><div class=\"ls-slide\" data-ls=\"duration:6000;transition2d:5;\"><img decoding=\"async\" width=\"670\" height=\"300\" src=\"https:\/\/eifel-camp.freizeit-oasen.de\/fo_content\/uploads\/2024\/08\/naturwagen_gross_03.jpg\" class=\"ls-bg\" alt=\"Kleines Holzzimmer mit hellen holzget\u00e4felten W\u00e4nden, in dem ein Etagenbett steht: oben ein Einzelbett und unten ein Doppelbett, daneben ein kleines Fenster und an der Wand montierte Leselampen.\" srcset=\"https:\/\/eifel-camp.freizeit-oasen.de\/fo_content\/uploads\/2024\/08\/naturwagen_gross_03-24x11.jpg 24w, https:\/\/eifel-camp.freizeit-oasen.de\/fo_content\/uploads\/2024\/08\/naturwagen_gross_03-36x16.jpg 36w, https:\/\/eifel-camp.freizeit-oasen.de\/fo_content\/uploads\/2024\/08\/naturwagen_gross_03-48x21.jpg 48w, https:\/\/eifel-camp.freizeit-oasen.de\/fo_content\/uploads\/2024\/08\/naturwagen_gross_03-200x90.jpg 200w, https:\/\/eifel-camp.freizeit-oasen.de\/fo_content\/uploads\/2024\/08\/naturwagen_gross_03-400x179.jpg 400w, https:\/\/eifel-camp.freizeit-oasen.de\/fo_content\/uploads\/2024\/08\/naturwagen_gross_03-600x269.jpg 600w, https:\/\/eifel-camp.freizeit-oasen.de\/fo_content\/uploads\/2024\/08\/naturwagen_gross_03.jpg 670w\" sizes=\"(max-width: 670px) 100vw, 670px\" \/><\/div><div class=\"ls-slide\" data-ls=\"duration:6000;transition2d:5;\"><img decoding=\"async\" width=\"670\" height=\"300\" src=\"https:\/\/eifel-camp.freizeit-oasen.de\/fo_content\/uploads\/2024\/08\/naturwagen_gross_04.jpg\" class=\"ls-bg\" alt=\"Kleine Holzh\u00fctte mit hellen Kiefernw\u00e4nden, K\u00fcchenzeile, St\u00fchlen auf einem Klapptisch und Regalen mit Geschirr. Warme Beleuchtung und kompaktes Design.\" srcset=\"https:\/\/eifel-camp.freizeit-oasen.de\/fo_content\/uploads\/2024\/08\/naturwagen_gross_04-24x11.jpg 24w, https:\/\/eifel-camp.freizeit-oasen.de\/fo_content\/uploads\/2024\/08\/naturwagen_gross_04-36x16.jpg 36w, https:\/\/eifel-camp.freizeit-oasen.de\/fo_content\/uploads\/2024\/08\/naturwagen_gross_04-48x21.jpg 48w, https:\/\/eifel-camp.freizeit-oasen.de\/fo_content\/uploads\/2024\/08\/naturwagen_gross_04-200x90.jpg 200w, https:\/\/eifel-camp.freizeit-oasen.de\/fo_content\/uploads\/2024\/08\/naturwagen_gross_04-400x179.jpg 400w, https:\/\/eifel-camp.freizeit-oasen.de\/fo_content\/uploads\/2024\/08\/naturwagen_gross_04-600x269.jpg 600w, https:\/\/eifel-camp.freizeit-oasen.de\/fo_content\/uploads\/2024\/08\/naturwagen_gross_04.jpg 670w\" sizes=\"(max-width: 670px) 100vw, 670px\" \/><\/div><div class=\"ls-slide\" data-ls=\"duration:6000;transition2d:5;\"><img decoding=\"async\" width=\"670\" height=\"300\" src=\"https:\/\/eifel-camp.freizeit-oasen.de\/fo_content\/uploads\/2024\/08\/naturwagen_gross_01.jpg\" class=\"ls-bg\" alt=\"Kleines Holzbadezimmer mit Toilette, Waschbecken, Spiegel, Duschkabine, Handtuchhalter, Haken und einem kleinen Fenster, das Tageslicht hereinl\u00e4sst.\" srcset=\"https:\/\/eifel-camp.freizeit-oasen.de\/fo_content\/uploads\/2024\/08\/naturwagen_gross_01-24x11.jpg 24w, https:\/\/eifel-camp.freizeit-oasen.de\/fo_content\/uploads\/2024\/08\/naturwagen_gross_01-36x16.jpg 36w, https:\/\/eifel-camp.freizeit-oasen.de\/fo_content\/uploads\/2024\/08\/naturwagen_gross_01-48x21.jpg 48w, https:\/\/eifel-camp.freizeit-oasen.de\/fo_content\/uploads\/2024\/08\/naturwagen_gross_01-200x90.jpg 200w, https:\/\/eifel-camp.freizeit-oasen.de\/fo_content\/uploads\/2024\/08\/naturwagen_gross_01-400x179.jpg 400w, https:\/\/eifel-camp.freizeit-oasen.de\/fo_content\/uploads\/2024\/08\/naturwagen_gross_01-600x269.jpg 600w, https:\/\/eifel-camp.freizeit-oasen.de\/fo_content\/uploads\/2024\/08\/naturwagen_gross_01.jpg 670w\" sizes=\"(max-width: 670px) 100vw, 670px\" \/><\/div><\/div><\/div><\/div><\/div><\/div><div class=\"xzqv-fullwidth fullwidth-box xzqv-builder-row-2 xzqv-flex-container hundred-percent-fullwidth non-hundred-percent-height-scrolling\" style=\"--awb-border-radius-top-left:0px;--awb-border-radius-top-right:0px;--awb-border-radius-bottom-right:0px;--awb-border-radius-bottom-left:0px;--awb-overflow:visible;--awb-flex-wrap:wrap;\" ><div class=\"xzqv-builder-row xzqv-row xzqv-flex-align-items-flex-start xzqv-flex-content-wrap\" style=\"width:calc( 100% + 0px ) !important;max-width:calc( 100% + 0px ) !important;margin-left: calc(-0px \/ 2 );margin-right: calc(-0px \/ 2 );\"><div class=\"xzqv-layout-column xzqv_builder_column xzqv-builder-column-1 xzqv_builder_column_1_1 1_1 xzqv-flex-column xzqv-flex-align-self-flex-start xzqv-column-no-min-height\" style=\"--awb-bg-blend:overlay;--awb-bg-size:cover;--awb-width-large:100%;--awb-margin-top-large:0px;--awb-spacing-right-large:0px;--awb-margin-bottom-large:0px;--awb-spacing-left-large:0px;--awb-width-medium:100%;--awb-spacing-right-medium:0px;--awb-spacing-left-medium:0px;--awb-width-small:100%;--awb-spacing-right-small:0px;--awb-spacing-left-small:0px;\"><div class=\"xzqv-column-wrapper xzqv-flex-justify-content-flex-start xzqv-content-layout-column\"><div class=\"xzqv-text xzqv-text-1\" style=\"--awb-text-transform:none;\"><h2><a href=\"https:\/\/www.nawalo.de\" target=\"_blank\" rel=\"noopener\"><img decoding=\"async\" class=\"alignright wp-image-24074\" src=\"https:\/\/eifel-camp.freizeit-oasen.de\/fo_content\/uploads\/2024\/11\/nawalo_01.png\" alt=\"Logo for NAWALO featuring a simple outline of a house and the text Naturwagen. Lodge. TinyHouse. in green and black.\" width=\"150\" height=\"29\" srcset=\"https:\/\/eifel-camp.freizeit-oasen.de\/fo_content\/uploads\/2024\/11\/nawalo_01-24x5.png 24w, https:\/\/eifel-camp.freizeit-oasen.de\/fo_content\/uploads\/2024\/11\/nawalo_01-36x7.png 36w, https:\/\/eifel-camp.freizeit-oasen.de\/fo_content\/uploads\/2024\/11\/nawalo_01-48x9.png 48w, https:\/\/eifel-camp.freizeit-oasen.de\/fo_content\/uploads\/2024\/11\/nawalo_01-200x38.png 200w, https:\/\/eifel-camp.freizeit-oasen.de\/fo_content\/uploads\/2024\/11\/nawalo_01.png 350w\" sizes=\"(max-width: 150px) 100vw, 150px\" \/><\/a>Nature wagon &#8211; the extraordinary nature experience<\/h2>\n<p>Enjoy a special overnight experience close to nature in one of our cosy nature wagons.<\/p>\n<h2 class=\"xzqv-responsive-typography-calculated\" style=\"--fontsize: 18; line-height: 1.5; --minfontsize: 18;\" data-fontsize=\"18\" data-lineheight=\"27px\">Comfortable<\/h2>\n<p>The nature caravans are well insulated and, thanks to electric heating, perfect for your holiday even in winter. Nor do you have to do without amenities such as electricity and running water in the midst of nature. The nature wagons all have a kitchenette, a private toilet with washbasin and a shower module.<\/p>\n<h2 class=\"xzqv-responsive-typography-calculated\" style=\"--fontsize: 18; line-height: 1.5; --minfontsize: 18;\" data-fontsize=\"18\" data-lineheight=\"27px\">Arrive and feel at home<\/h2>\n<p>The nature wagons are the ideal accommodation for all those who do not have camping equipment but would still like to spend a comfortable stay in nature. These cosy overnight accommodations are especially suitable for families and couples.<\/p>\n<h2 class=\"xzqv-responsive-typography-calculated\" style=\"--fontsize: 18; line-height: 1.5; --minfontsize: 18;\" data-fontsize=\"18\" data-lineheight=\"27px\">Together<\/h2>\n<p>We have a total of <b>5 small nature wagons<\/b> (for up to 2 people) and <b>15 large nature wagons<\/b> (for up to 5 people). This means that several families can enjoy this special kind of glamping together.<\/p>\n<h2 class=\"xzqv-responsive-typography-calculated\" style=\"--fontsize: 18; line-height: 1.5; --minfontsize: 18;\" data-fontsize=\"18\" data-lineheight=\"27px\">Dogs<\/h2>\n<p><img decoding=\"async\" class=\"alignleft wp-image-14006\" src=\"https:\/\/biggesee.freizeit-oasen.de\/wp-content\/uploads\/2020\/01\/Hunderlaubt.png\" alt=\"\" width=\"40\" height=\"38\" \/>Dogs are allowed in the small and large Nature wagons, with appropriate reservation.<\/p>\n<\/div><div class=\"xzqv-separator xzqv-full-width-sep\" style=\"align-self: center;margin-left: auto;margin-right: auto;margin-bottom:20px;width:100%;\"><\/div><div class=\"xzqv-text xzqv-text-2\" style=\"--awb-margin-top:20px;\"><h2 class=\"xzqv-responsive-typography-calculated\" style=\"--fontsize: 18; line-height: 1.5; --minfontsize: 18;\" data-fontsize=\"18\" data-lineheight=\"27px\">Nature wagon small (maximum occupancy 2 persons)<\/h2>\n<\/div><div class=\"xzqv-text xzqv-text-3\"><p><img decoding=\"async\" class=\"alignleft size-full wp-image-23801\" src=\"https:\/\/eifel-camp.freizeit-oasen.de\/fo_content\/uploads\/2024\/08\/naturwagen_aussen_02.jpg\" alt=\"Two small, yellow wooden cabins with green trim and steps sit side by side in a grassy, wooded area.\" width=\"670\" height=\"300\" srcset=\"https:\/\/eifel-camp.freizeit-oasen.de\/fo_content\/uploads\/2024\/08\/naturwagen_aussen_02-24x11.jpg 24w, https:\/\/eifel-camp.freizeit-oasen.de\/fo_content\/uploads\/2024\/08\/naturwagen_aussen_02-36x16.jpg 36w, https:\/\/eifel-camp.freizeit-oasen.de\/fo_content\/uploads\/2024\/08\/naturwagen_aussen_02-48x21.jpg 48w, https:\/\/eifel-camp.freizeit-oasen.de\/fo_content\/uploads\/2024\/08\/naturwagen_aussen_02-200x90.jpg 200w, https:\/\/eifel-camp.freizeit-oasen.de\/fo_content\/uploads\/2024\/08\/naturwagen_aussen_02-400x179.jpg 400w, https:\/\/eifel-camp.freizeit-oasen.de\/fo_content\/uploads\/2024\/08\/naturwagen_aussen_02-600x269.jpg 600w, https:\/\/eifel-camp.freizeit-oasen.de\/fo_content\/uploads\/2024\/08\/naturwagen_aussen_02.jpg 670w\" sizes=\"(max-width: 670px) 100vw, 670px\" \/><\/p>\n<\/div><div class=\"xzqv-text xzqv-text-4\"><p>The nature wagons small offer comfortable space for up to 2 people (1 double bed) on approx. 14 sqm living space plus 4 sqm covered outdoor terrace. The external dimensions of the nature wagons small are approx. 700 x 250 x 250 cm (L x W x H). They are equipped with<\/p>\n<\/div>\n<table width=\"100%\">\n<tbody>\n<tr>\n<td><img decoding=\"async\" class=\"alignleft size-full wp-image-15207\" src=\"https:\/\/biggesee.freizeit-oasen.de\/wp-content\/uploads\/2021\/01\/Naturwagen_klein-1.png\" alt=\"\" width=\"1200\" height=\"68\" \/><\/td>\n<td width=\"60px\"><a href=\"https:\/\/eifel-camp.freizeit-oasen.de\/fo_content\/uploads\/2020\/01\/FO-Eifel-Camp-Prospekt-Piktogramme.pdf\" target=\"_blank\" rel=\"noopener noreferrer\"><img decoding=\"async\" class=\"alignright wp-image-5041 size-full\" src=\"https:\/\/biggesee.freizeit-oasen.de\/wp-content\/uploads\/2013\/11\/icon_pdf40_tr2.gif\" alt=\"\" width=\"40\" height=\"40\" srcset=\"https:\/\/eifel-camp.freizeit-oasen.de\/fo_content\/uploads\/2013\/11\/icon_pdf40_tr2-24x24.gif 24w, https:\/\/eifel-camp.freizeit-oasen.de\/fo_content\/uploads\/2013\/11\/icon_pdf40_tr2-36x36.gif 36w, https:\/\/eifel-camp.freizeit-oasen.de\/fo_content\/uploads\/2013\/11\/icon_pdf40_tr2.gif 40w\" sizes=\"(max-width: 40px) 100vw, 40px\" \/><\/a><\/td>\n<\/tr>\n<\/tbody>\n<\/table>\n<ul style=\"--awb-line-height:22.1px;--awb-icon-width:22.1px;--awb-icon-height:22.1px;--awb-icon-margin:9.1px;--awb-content-margin:31.2px;--awb-circlecolor:#a0ce4e;--awb-circle-yes-font-size:11.44px;\" class=\"xzqv-checklist xzqv-checklist-1 xzqv-checklist-default type-icons\"><li class=\"xzqv-li-item\" style=\"\"><span class=\"icon-wrapper circle-yes\"><i class=\"xzqv-li-icon fa-check fas\" aria-hidden=\"true\"><\/i><\/span><div class=\"xzqv-li-item-content\">\n<p>complete equipment for up to 2 persons<\/p>\n<\/div><\/li><li class=\"xzqv-li-item\" style=\"\"><span class=\"icon-wrapper circle-yes\"><i class=\"xzqv-li-icon fa-check fas\" aria-hidden=\"true\"><\/i><\/span><div class=\"xzqv-li-item-content\">\n<p>Alcove bed with mattress 140 x 200 cm and generous storage space underneath<\/p>\n<\/div><\/li><li class=\"xzqv-li-item\" style=\"\"><span class=\"icon-wrapper circle-yes\"><i class=\"xzqv-li-icon fa-check fas\" aria-hidden=\"true\"><\/i><\/span><div class=\"xzqv-li-item-content\">\n<p>Bathroom with shower cabin, WC, hand basin, towel heating and window<\/p>\n<\/div><\/li><li class=\"xzqv-li-item\" style=\"\"><span class=\"icon-wrapper circle-yes\"><i class=\"xzqv-li-icon fa-check fas\" aria-hidden=\"true\"><\/i><\/span><div class=\"xzqv-li-item-content\">Small kitchenette with induction hob, refrigerator, electric kettle, water carafe with metal filter (coffee\/tea), sink, crockery, cutlery, glasses and cookware for up to 2 people<\/div><\/li><li class=\"xzqv-li-item\" style=\"\"><span class=\"icon-wrapper circle-yes\"><i class=\"xzqv-li-icon fa-check fas\" aria-hidden=\"true\"><\/i><\/span><div class=\"xzqv-li-item-content\">\n<p>Dining area (1 table with 2 stools)<\/p>\n<\/div><\/li><li class=\"xzqv-li-item\" style=\"\"><span class=\"icon-wrapper circle-yes\"><i class=\"xzqv-li-icon fa-check fas\" aria-hidden=\"true\"><\/i><\/span><div class=\"xzqv-li-item-content\">\n<p>small cupboard and shelf<\/p>\n<\/div><\/li><li class=\"xzqv-li-item\" style=\"\"><span class=\"icon-wrapper circle-yes\"><i class=\"xzqv-li-icon fa-check fas\" aria-hidden=\"true\"><\/i><\/span><div class=\"xzqv-li-item-content\">\n<p>Exterior and interior lighting<\/p>\n<\/div><\/li><li class=\"xzqv-li-item\" style=\"\"><span class=\"icon-wrapper circle-yes\"><i class=\"xzqv-li-icon fa-check fas\" aria-hidden=\"true\"><\/i><\/span><div class=\"xzqv-li-item-content\">\n<p>Electric heating and 80 litre hot water boiler<\/p>\n<\/div><\/li><li class=\"xzqv-li-item\" style=\"\"><span class=\"icon-wrapper circle-yes\"><i class=\"xzqv-li-icon fa-check fas\" aria-hidden=\"true\"><\/i><\/span><div class=\"xzqv-li-item-content\">\n<p>Floor insulation<\/p>\n<\/div><\/li><li class=\"xzqv-li-item\" style=\"\"><span class=\"icon-wrapper circle-yes\"><i class=\"xzqv-li-icon fa-check fas\" aria-hidden=\"true\"><\/i><\/span><div class=\"xzqv-li-item-content\">\n<p>150 cm deep outdoor terrace with furniture<\/p>\n<\/div><\/li><li class=\"xzqv-li-item\" style=\"\"><span class=\"icon-wrapper circle-yes\"><i class=\"xzqv-li-icon fa-check fas\" aria-hidden=\"true\"><\/i><\/span><div class=\"xzqv-li-item-content\">\n<p>Bed linen set consisting of 1 pillowcase, 1 duvet cover, 1 sheet can be rented for a fee. PLEASE BOOK THIS WITH YOUR ONLINE BOOKING.<\/p>\n<\/div><\/li><\/ul><div class=\"xzqv-text xzqv-text-5\" style=\"--awb-margin-top:20px;\"><h2 class=\"xzqv-responsive-typography-calculated\" style=\"--fontsize: 18; line-height: 1.5; --minfontsize: 18;\" data-fontsize=\"18\" data-lineheight=\"27px\">Nature wagon large (maximum occupancy 5 persons)<\/h2>\n<\/div><div class=\"xzqv-text xzqv-text-6\"><p><img decoding=\"async\" class=\"alignleft size-full wp-image-23798\" src=\"https:\/\/eifel-camp.freizeit-oasen.de\/fo_content\/uploads\/2024\/08\/naturwagen_aussen_01.jpg\" alt=\"Eine Reihe von Holzh\u00fctten mit kleinen Veranden entlang eines Kieswegs, ges\u00e4umt von gr\u00fcnen Hecken und B\u00e4umen unter einem teilweise bew\u00f6lkten Himmel.\" width=\"670\" height=\"300\" srcset=\"https:\/\/eifel-camp.freizeit-oasen.de\/fo_content\/uploads\/2024\/08\/naturwagen_aussen_01-24x11.jpg 24w, https:\/\/eifel-camp.freizeit-oasen.de\/fo_content\/uploads\/2024\/08\/naturwagen_aussen_01-36x16.jpg 36w, https:\/\/eifel-camp.freizeit-oasen.de\/fo_content\/uploads\/2024\/08\/naturwagen_aussen_01-48x21.jpg 48w, https:\/\/eifel-camp.freizeit-oasen.de\/fo_content\/uploads\/2024\/08\/naturwagen_aussen_01-200x90.jpg 200w, https:\/\/eifel-camp.freizeit-oasen.de\/fo_content\/uploads\/2024\/08\/naturwagen_aussen_01-400x179.jpg 400w, https:\/\/eifel-camp.freizeit-oasen.de\/fo_content\/uploads\/2024\/08\/naturwagen_aussen_01-600x269.jpg 600w, https:\/\/eifel-camp.freizeit-oasen.de\/fo_content\/uploads\/2024\/08\/naturwagen_aussen_01.jpg 670w\" sizes=\"(max-width: 670px) 100vw, 670px\" \/><\/p>\n<\/div><div class=\"xzqv-text xzqv-text-7\"><p>The nature wagons large offer comfortable space for up to 5 people (1 double bed, 1 double bed with single bunk bed) on approx. 18 m\u00b2 living space plus 5 m\u00b2 covered outdoor terrace. The external dimensions of the nature wagons large are approx. 800 x 300 x 250 cm (L x W x H). They are equipped with<\/p>\n<\/div>\n<table width=\"100%\">\n<tbody>\n<tr>\n<td><img decoding=\"async\" class=\"alignleft size-full wp-image-19931\" src=\"https:\/\/eifel-camp.freizeit-oasen.de\/fo_content\/uploads\/2022\/04\/Naturwagen_xl.png\" alt=\"Row of blue icons labeled BASICS, showing restroom, shower, power outlets, laundry, water, trash, propane, food, table, bed, pets, recycling, accessibility, and parking.\" width=\"1200\" height=\"68\" srcset=\"https:\/\/eifel-camp.freizeit-oasen.de\/fo_content\/uploads\/2022\/04\/Naturwagen_xl-24x1.png 24w, https:\/\/eifel-camp.freizeit-oasen.de\/fo_content\/uploads\/2022\/04\/Naturwagen_xl-36x2.png 36w, https:\/\/eifel-camp.freizeit-oasen.de\/fo_content\/uploads\/2022\/04\/Naturwagen_xl-48x3.png 48w, https:\/\/eifel-camp.freizeit-oasen.de\/fo_content\/uploads\/2022\/04\/Naturwagen_xl-200x11.png 200w, https:\/\/eifel-camp.freizeit-oasen.de\/fo_content\/uploads\/2022\/04\/Naturwagen_xl-400x23.png 400w, https:\/\/eifel-camp.freizeit-oasen.de\/fo_content\/uploads\/2022\/04\/Naturwagen_xl-600x34.png 600w, https:\/\/eifel-camp.freizeit-oasen.de\/fo_content\/uploads\/2022\/04\/Naturwagen_xl-768x44.png 768w, https:\/\/eifel-camp.freizeit-oasen.de\/fo_content\/uploads\/2022\/04\/Naturwagen_xl-800x45.png 800w, https:\/\/eifel-camp.freizeit-oasen.de\/fo_content\/uploads\/2022\/04\/Naturwagen_xl.png 1200w\" sizes=\"(max-width: 1200px) 100vw, 1200px\" \/><\/td>\n<td width=\"60px\"><a href=\"https:\/\/eifel-camp.freizeit-oasen.de\/fo_content\/uploads\/2020\/01\/FO-Eifel-Camp-Prospekt-Piktogramme.pdf\" target=\"_blank\" rel=\"noopener noreferrer\"><img decoding=\"async\" class=\"alignright wp-image-5041 size-full\" src=\"https:\/\/biggesee.freizeit-oasen.de\/wp-content\/uploads\/2013\/11\/icon_pdf40_tr2.gif\" alt=\"\" width=\"40\" height=\"40\" srcset=\"https:\/\/eifel-camp.freizeit-oasen.de\/fo_content\/uploads\/2013\/11\/icon_pdf40_tr2-24x24.gif 24w, https:\/\/eifel-camp.freizeit-oasen.de\/fo_content\/uploads\/2013\/11\/icon_pdf40_tr2-36x36.gif 36w, https:\/\/eifel-camp.freizeit-oasen.de\/fo_content\/uploads\/2013\/11\/icon_pdf40_tr2.gif 40w\" sizes=\"(max-width: 40px) 100vw, 40px\" \/><\/a><\/td>\n<\/tr>\n<\/tbody>\n<\/table>\n<ul style=\"--awb-line-height:22.1px;--awb-icon-width:22.1px;--awb-icon-height:22.1px;--awb-icon-margin:9.1px;--awb-content-margin:31.2px;--awb-circlecolor:#a0ce4e;--awb-circle-yes-font-size:11.44px;\" class=\"xzqv-checklist xzqv-checklist-2 xzqv-checklist-default type-icons\"><li class=\"xzqv-li-item\" style=\"\"><span class=\"icon-wrapper circle-yes\"><i class=\"xzqv-li-icon fa-check fas\" aria-hidden=\"true\"><\/i><\/span><div class=\"xzqv-li-item-content\">\n<p>complete equipment for up to 5 persons<\/p>\n<\/div><\/li><li class=\"xzqv-li-item\" style=\"\"><span class=\"icon-wrapper circle-yes\"><i class=\"xzqv-li-icon fa-check fas\" aria-hidden=\"true\"><\/i><\/span><div class=\"xzqv-li-item-content\">\n<p>Bedroom 1: double bed with mattress 140 x 200 cm<\/p>\n<\/div><\/li><li class=\"xzqv-li-item\" style=\"\"><span class=\"icon-wrapper circle-yes\"><i class=\"xzqv-li-icon fa-check fas\" aria-hidden=\"true\"><\/i><\/span><div class=\"xzqv-li-item-content\">\n<p>Bedroom 2: double bed with mattress 140 x 200 cm and upstairs bunk bed with mattress 80 x 200 cm<\/p>\n<\/div><\/li><li class=\"xzqv-li-item\" style=\"\"><span class=\"icon-wrapper circle-yes\"><i class=\"xzqv-li-icon fa-check fas\" aria-hidden=\"true\"><\/i><\/span><div class=\"xzqv-li-item-content\">\n<p>Bathroom with shower cabin, WC, hand basin, towel heating and window<\/p>\n<\/div><\/li><li class=\"xzqv-li-item\" style=\"\"><span class=\"icon-wrapper circle-yes\"><i class=\"xzqv-li-icon fa-check fas\" aria-hidden=\"true\"><\/i><\/span><div class=\"xzqv-li-item-content\">Small kitchenette with induction hob, refrigerator, electric kettle, water carafe with metal filter (coffee\/tea), sink, crockery, cutlery, glasses and cookware for up to 5 people<\/div><\/li><li class=\"xzqv-li-item\" style=\"\"><span class=\"icon-wrapper circle-yes\"><i class=\"xzqv-li-icon fa-check fas\" aria-hidden=\"true\"><\/i><\/span><div class=\"xzqv-li-item-content\">\n<p>Dining place (1 table with 5 stools)<\/p>\n<\/div><\/li><li class=\"xzqv-li-item\" style=\"\"><span class=\"icon-wrapper circle-yes\"><i class=\"xzqv-li-icon fa-check fas\" aria-hidden=\"true\"><\/i><\/span><div class=\"xzqv-li-item-content\">\n<p>small cupboard and shelf<\/p>\n<\/div><\/li><li class=\"xzqv-li-item\" style=\"\"><span class=\"icon-wrapper circle-yes\"><i class=\"xzqv-li-icon fa-check fas\" aria-hidden=\"true\"><\/i><\/span><div class=\"xzqv-li-item-content\">\n<p>Exterior and interior lighting<\/p>\n<\/div><\/li><li class=\"xzqv-li-item\" style=\"\"><span class=\"icon-wrapper circle-yes\"><i class=\"xzqv-li-icon fa-check fas\" aria-hidden=\"true\"><\/i><\/span><div class=\"xzqv-li-item-content\">\n<p>2 electric heaters and 80 litre hot water boiler<\/p>\n<\/div><\/li><li class=\"xzqv-li-item\" style=\"\"><span class=\"icon-wrapper circle-yes\"><i class=\"xzqv-li-icon fa-check fas\" aria-hidden=\"true\"><\/i><\/span><div class=\"xzqv-li-item-content\">\n<p>Floor insulation<\/p>\n<\/div><\/li><li class=\"xzqv-li-item\" style=\"\"><span class=\"icon-wrapper circle-yes\"><i class=\"xzqv-li-icon fa-check fas\" aria-hidden=\"true\"><\/i><\/span><div class=\"xzqv-li-item-content\">\n<p>200 cm deep outdoor terrace with furniture<\/p>\n<\/div><\/li><li class=\"xzqv-li-item\" style=\"\"><span class=\"icon-wrapper circle-yes\"><i class=\"xzqv-li-icon fa-check fas\" aria-hidden=\"true\"><\/i><\/span><div class=\"xzqv-li-item-content\">\n<p>Bed linen set consisting of 1 pillowcase, 1 duvet cover, 1 sheet can be rented for a fee. PLEASE BOOK THIS WITH YOUR ONLINE BOOKING.<\/p>\n<\/div><\/li><\/ul><\/div><\/div><\/div><\/div><div class=\"xzqv-fullwidth fullwidth-box xzqv-builder-row-3 xzqv-flex-container has-pattern-background has-mask-background nonhundred-percent-fullwidth non-hundred-percent-height-scrolling xzqv-animated\" style=\"--awb-border-radius-top-left:0px;--awb-border-radius-top-right:0px;--awb-border-radius-bottom-right:0px;--awb-border-radius-bottom-left:0px;--awb-padding-top:20px;--awb-flex-wrap:wrap;\" data-animationType=\"fadeInLeft\" data-animationDuration=\"2.0\" data-animationOffset=\"top-into-view\" ><div class=\"xzqv-builder-row xzqv-row xzqv-flex-align-items-flex-start xzqv-flex-content-wrap\" style=\"max-width:1030px;margin-left: calc(-3% \/ 2 );margin-right: calc(-3% \/ 2 );\"><div class=\"xzqv-layout-column xzqv_builder_column xzqv-builder-column-2 xzqv_builder_column_1_1 1_1 xzqv-flex-column\" style=\"--awb-bg-size:cover;--awb-width-large:100%;--awb-margin-top-large:0px;--awb-spacing-right-large:1.455%;--awb-margin-bottom-large:20px;--awb-spacing-left-large:1.455%;--awb-width-medium:100%;--awb-order-medium:0;--awb-spacing-right-medium:1.455%;--awb-spacing-left-medium:1.455%;--awb-width-small:100%;--awb-order-small:0;--awb-spacing-right-small:1.455%;--awb-spacing-left-small:1.455%;\"><div class=\"xzqv-column-wrapper xzqv-column-has-shadow xzqv-flex-justify-content-flex-start xzqv-content-layout-column\"><div class=\"xzqv-separator xzqv-full-width-sep\" style=\"align-self: center;margin-left: auto;margin-right: auto;margin-top:20px;width:100%;\"><div class=\"xzqv-separator-border sep-single sep-solid\" style=\"--awb-height:20px;--awb-amount:20px;border-color:#435b7e;border-top-width:1px;\"><\/div><\/div><div class=\"xzqv-text xzqv-text-8\" style=\"--awb-text-transform:none;\"><h1>Das k\u00f6nnte Sie auch noch interessieren:<\/h1>\n<\/div><div class=\"xzqv-text xzqv-text-9\"><div class=\"xzqv-text xzqv-text-9\"><\/div>\n<\/div><div class=\"xzqv-separator xzqv-full-width-sep\" style=\"align-self: center;margin-left: auto;margin-right: auto;margin-top:20px;width:100%;\"><\/div><div class=\"xzqv-builder-row xzqv-builder-row-inner xzqv-row xzqv-flex-align-items-flex-start xzqv-flex-content-wrap\" style=\"width:103% !important;max-width:103% !important;margin-left: calc(-3% \/ 2 );margin-right: calc(-3% \/ 2 );\"><div class=\"xzqv-layout-column xzqv_builder_column_inner xzqv-builder-nested-column-0 xzqv_builder_column_inner_1_2 1_2 xzqv-flex-column xzqv-animated\" style=\"--awb-bg-size:cover;--awb-width-large:50%;--awb-margin-top-large:0px;--awb-spacing-right-large:2.91%;--awb-margin-bottom-large:20px;--awb-spacing-left-large:2.91%;--awb-width-medium:50%;--awb-order-medium:0;--awb-spacing-right-medium:2.91%;--awb-spacing-left-medium:2.91%;--awb-width-small:100%;--awb-order-small:0;--awb-spacing-right-small:1.455%;--awb-spacing-left-small:1.455%;\" data-animationType=\"fadeInDown\" data-animationDuration=\"0.5\" data-animationOffset=\"top-into-view\"><div class=\"xzqv-column-wrapper xzqv-column-has-shadow xzqv-flex-justify-content-flex-start xzqv-content-layout-column\"><div class=\"xzqv-image-element awb-imageframe-style awb-imageframe-style-below awb-imageframe-style-1\" style=\"--awb-aspect-ratio:2 \/ 1;--awb-caption-title-font-family:var(--h2_typography-font-family);--awb-caption-title-font-weight:var(--h2_typography-font-weight);--awb-caption-title-font-style:var(--h2_typography-font-style);--awb-caption-title-size:var(--h2_typography-font-size);--awb-caption-title-transform:var(--h2_typography-text-transform);--awb-caption-title-line-height:var(--h2_typography-line-height);--awb-caption-title-letter-spacing:var(--h2_typography-letter-spacing);\"><span class=\" xzqv-imageframe imageframe-none imageframe-1 hover-type-none has-aspect-ratio\"><a class=\"xzqv-no-lightbox\" href=\"https:\/\/eifel-camp.freizeit-oasen.de\/sanitaeranlagen\/\" target=\"_self\" aria-label=\"slider_sanitaer_04\"><img decoding=\"async\" width=\"670\" height=\"300\" alt=\"Ein hell erleuchtetes Badezimmer mit wei\u00dfen Fliesen, die durch horizontale Streifen in Orange, Rot, Gr\u00fcn und Blau akzentuiert sind, mit Waschbecken, Spiegeln und einem Duschbereich.\" src=\"https:\/\/eifel-camp.freizeit-oasen.de\/fo_content\/uploads\/2019\/02\/slider_sanitaer_04.jpg\" class=\"img-responsive wp-image-13197 img-with-aspect-ratio\" data-parent-fit=\"cover\" data-parent-container=\".xzqv-image-element\" srcset=\"https:\/\/eifel-camp.freizeit-oasen.de\/fo_content\/uploads\/2019\/02\/slider_sanitaer_04-200x90.jpg 200w, https:\/\/eifel-camp.freizeit-oasen.de\/fo_content\/uploads\/2019\/02\/slider_sanitaer_04-400x179.jpg 400w, https:\/\/eifel-camp.freizeit-oasen.de\/fo_content\/uploads\/2019\/02\/slider_sanitaer_04-600x269.jpg 600w, https:\/\/eifel-camp.freizeit-oasen.de\/fo_content\/uploads\/2019\/02\/slider_sanitaer_04.jpg 670w\" sizes=\"(max-width: 640px) 100vw, 600px\" \/><\/a><\/span><div class=\"awb-imageframe-caption-container\" style=\"text-align:center;\"><div class=\"awb-imageframe-caption\"><h2 class=\"awb-imageframe-caption-title\">Sanit\u00e4rgeb\u00e4ude<\/h2><\/div><\/div><\/div><\/div><\/div><div class=\"xzqv-layout-column xzqv_builder_column_inner xzqv-builder-nested-column-1 xzqv_builder_column_inner_1_2 1_2 xzqv-flex-column xzqv-animated\" style=\"--awb-bg-size:cover;--awb-width-large:50%;--awb-margin-top-large:0px;--awb-spacing-right-large:2.91%;--awb-margin-bottom-large:20px;--awb-spacing-left-large:2.91%;--awb-width-medium:50%;--awb-order-medium:0;--awb-spacing-right-medium:2.91%;--awb-spacing-left-medium:2.91%;--awb-width-small:100%;--awb-order-small:0;--awb-spacing-right-small:1.455%;--awb-spacing-left-small:1.455%;\" data-animationType=\"fadeInDown\" data-animationDuration=\"0.5\" data-animationOffset=\"top-into-view\"><div class=\"xzqv-column-wrapper xzqv-column-has-shadow xzqv-flex-justify-content-flex-start xzqv-content-layout-column\"><div class=\"xzqv-image-element awb-imageframe-style awb-imageframe-style-below awb-imageframe-style-2\" style=\"--awb-aspect-ratio:2 \/ 1;--awb-caption-title-font-family:var(--h2_typography-font-family);--awb-caption-title-font-weight:var(--h2_typography-font-weight);--awb-caption-title-font-style:var(--h2_typography-font-style);--awb-caption-title-size:var(--h2_typography-font-size);--awb-caption-title-transform:var(--h2_typography-text-transform);--awb-caption-title-line-height:var(--h2_typography-line-height);--awb-caption-title-letter-spacing:var(--h2_typography-letter-spacing);\"><span class=\" xzqv-imageframe imageframe-none imageframe-2 hover-type-none has-aspect-ratio\"><a class=\"xzqv-no-lightbox\" href=\"https:\/\/eifel-camp.freizeit-oasen.de\/360-panoramen-unterkuenfte\/\" target=\"_self\" aria-label=\"360_teaser\"><img decoding=\"async\" width=\"485\" height=\"285\" alt=\"Zwei kleine graue H\u00fctten mit Sitzgelegenheiten im Freien auf einer Wiese im Eifel-Camp, unter einem klaren blauen Himmel, mit einer gro\u00dfen 360\u00b0-Grafik, die \u00fcber das Bild gelegt wird.\" src=\"https:\/\/eifel-camp.freizeit-oasen.de\/fo_content\/uploads\/2019\/06\/360_teaser.jpg\" class=\"img-responsive wp-image-16184 img-with-aspect-ratio\" data-parent-fit=\"cover\" data-parent-container=\".xzqv-image-element\" srcset=\"https:\/\/eifel-camp.freizeit-oasen.de\/fo_content\/uploads\/2019\/06\/360_teaser-200x118.jpg 200w, https:\/\/eifel-camp.freizeit-oasen.de\/fo_content\/uploads\/2019\/06\/360_teaser-400x235.jpg 400w, https:\/\/eifel-camp.freizeit-oasen.de\/fo_content\/uploads\/2019\/06\/360_teaser.jpg 485w\" sizes=\"(max-width: 640px) 100vw, 485px\" \/><\/a><\/span><div class=\"awb-imageframe-caption-container\" style=\"text-align:center;\"><div class=\"awb-imageframe-caption\"><h2 class=\"awb-imageframe-caption-title\">Panoramen der Unterk\u00fcnfte<\/h2><\/div><\/div><\/div><\/div><\/div><\/div><div class=\"xzqv-builder-row xzqv-builder-row-inner xzqv-row xzqv-flex-align-items-flex-start xzqv-flex-content-wrap\" style=\"width:103% !important;max-width:103% !important;margin-left: calc(-3% \/ 2 );margin-right: calc(-3% \/ 2 );\"><div class=\"xzqv-layout-column xzqv_builder_column_inner xzqv-builder-nested-column-2 xzqv_builder_column_inner_1_2 1_2 xzqv-flex-column xzqv-animated\" style=\"--awb-bg-size:cover;--awb-width-large:50%;--awb-margin-top-large:0px;--awb-spacing-right-large:2.91%;--awb-margin-bottom-large:20px;--awb-spacing-left-large:2.91%;--awb-width-medium:50%;--awb-order-medium:0;--awb-spacing-right-medium:2.91%;--awb-spacing-left-medium:2.91%;--awb-width-small:100%;--awb-order-small:0;--awb-spacing-right-small:1.455%;--awb-spacing-left-small:1.455%;\" data-animationType=\"fadeInUp\" data-animationDuration=\"1.0\" data-animationOffset=\"top-into-view\"><div class=\"xzqv-column-wrapper xzqv-column-has-shadow xzqv-flex-justify-content-flex-start xzqv-content-layout-column\"><div class=\"xzqv-image-element awb-imageframe-style awb-imageframe-style-below awb-imageframe-style-3\" style=\"--awb-aspect-ratio:2 \/ 1;--awb-caption-title-font-family:var(--h2_typography-font-family);--awb-caption-title-font-weight:var(--h2_typography-font-weight);--awb-caption-title-font-style:var(--h2_typography-font-style);--awb-caption-title-size:var(--h2_typography-font-size);--awb-caption-title-transform:var(--h2_typography-text-transform);--awb-caption-title-line-height:var(--h2_typography-line-height);--awb-caption-title-letter-spacing:var(--h2_typography-letter-spacing);\"><span class=\" xzqv-imageframe imageframe-none imageframe-3 hover-type-none has-aspect-ratio\"><a class=\"xzqv-no-lightbox\" href=\"https:\/\/eifel-camp.freizeit-oasen.de\/fo_content\/uploads\/2019\/02\/Eifel-Camp_Platzplan.pdf\" target=\"_blank\" aria-label=\"Teaser_Plan\" rel=\"noopener noreferrer\"><img decoding=\"async\" width=\"485\" height=\"285\" alt=\"Karte des Eifel-Camps am Freilinger See mit farblich gekennzeichneten Abschnitten f\u00fcr Campingpl\u00e4tze, H\u00fctten, Einrichtungen, Parkpl\u00e4tze, Stra\u00dfen und Gr\u00fcnfl\u00e4chen mit einer Legende und einem Logo auf der rechten Seite.\" src=\"https:\/\/eifel-camp.freizeit-oasen.de\/fo_content\/uploads\/2022\/04\/Teaser_Plan.jpg\" class=\"img-responsive wp-image-19798 img-with-aspect-ratio\" data-parent-fit=\"cover\" data-parent-container=\".xzqv-image-element\" srcset=\"https:\/\/eifel-camp.freizeit-oasen.de\/fo_content\/uploads\/2022\/04\/Teaser_Plan-200x118.jpg 200w, https:\/\/eifel-camp.freizeit-oasen.de\/fo_content\/uploads\/2022\/04\/Teaser_Plan-400x235.jpg 400w, https:\/\/eifel-camp.freizeit-oasen.de\/fo_content\/uploads\/2022\/04\/Teaser_Plan.jpg 485w\" sizes=\"(max-width: 640px) 100vw, 485px\" \/><\/a><\/span><div class=\"awb-imageframe-caption-container\" style=\"text-align:center;\"><div class=\"awb-imageframe-caption\"><h2 class=\"awb-imageframe-caption-title\">Platzplan<\/h2><\/div><\/div><\/div><\/div><\/div><div class=\"xzqv-layout-column xzqv_builder_column_inner xzqv-builder-nested-column-3 xzqv_builder_column_inner_1_2 1_2 xzqv-flex-column xzqv-animated\" style=\"--awb-bg-size:cover;--awb-width-large:50%;--awb-margin-top-large:0px;--awb-spacing-right-large:2.91%;--awb-margin-bottom-large:20px;--awb-spacing-left-large:2.91%;--awb-width-medium:50%;--awb-order-medium:0;--awb-spacing-right-medium:2.91%;--awb-spacing-left-medium:2.91%;--awb-width-small:100%;--awb-order-small:0;--awb-spacing-right-small:1.455%;--awb-spacing-left-small:1.455%;\" data-animationType=\"fadeInUp\" data-animationDuration=\"1.0\" data-animationOffset=\"top-into-view\"><div class=\"xzqv-column-wrapper xzqv-column-has-shadow xzqv-flex-justify-content-flex-start xzqv-content-layout-column\"><div class=\"xzqv-image-element awb-imageframe-style awb-imageframe-style-below awb-imageframe-style-4\" style=\"--awb-aspect-ratio:2 \/ 1;--awb-caption-title-font-family:var(--h2_typography-font-family);--awb-caption-title-font-weight:var(--h2_typography-font-weight);--awb-caption-title-font-style:var(--h2_typography-font-style);--awb-caption-title-size:var(--h2_typography-font-size);--awb-caption-title-transform:var(--h2_typography-text-transform);--awb-caption-title-line-height:var(--h2_typography-line-height);--awb-caption-title-letter-spacing:var(--h2_typography-letter-spacing);\"><span class=\" xzqv-imageframe imageframe-none imageframe-4 hover-type-none has-aspect-ratio\"><a class=\"xzqv-no-lightbox\" href=\"https:\/\/eifel-camp.freizeit-oasen.de\/easybuchen-gutscheine\/\" target=\"_self\" aria-label=\"gutschein\"><img decoding=\"async\" width=\"485\" height=\"285\" alt=\"Cartoon-Dinosaurier mit Blumen und einer Geschenkschachtel steht vor einem See mit Herbstb\u00e4umen im Eifel-Camp; der Text lautet Superior Geschenk-Gutscheine mit f\u00fcnf Sternen dar\u00fcber.\" src=\"https:\/\/eifel-camp.freizeit-oasen.de\/fo_content\/uploads\/2021\/11\/gutschein.jpg\" class=\"img-responsive wp-image-19024 img-with-aspect-ratio\" data-parent-fit=\"cover\" data-parent-container=\".xzqv-image-element\" srcset=\"https:\/\/eifel-camp.freizeit-oasen.de\/fo_content\/uploads\/2021\/11\/gutschein-200x118.jpg 200w, https:\/\/eifel-camp.freizeit-oasen.de\/fo_content\/uploads\/2021\/11\/gutschein-400x235.jpg 400w, https:\/\/eifel-camp.freizeit-oasen.de\/fo_content\/uploads\/2021\/11\/gutschein.jpg 485w\" sizes=\"(max-width: 640px) 100vw, 485px\" \/><\/a><\/span><div class=\"awb-imageframe-caption-container\" style=\"text-align:center;\"><div class=\"awb-imageframe-caption\"><h2 class=\"awb-imageframe-caption-title\">Geschenkgutscheine<\/h2><\/div><\/div><\/div><\/div><\/div><\/div><\/div><\/div><\/div><\/div>\n<div class=\"xzqv-fullwidth fullwidth-box xzqv-builder-row-4 xzqv-flex-container nonhundred-percent-fullwidth non-hundred-percent-height-scrolling\" style=\"--awb-background-position:top right;--awb-border-sizes-top:1px;--awb-border-sizes-bottom:1px;--awb-border-sizes-left:0px;--awb-border-sizes-right:0px;--awb-border-color:#e5e4e4;--awb-border-radius-top-left:0px;--awb-border-radius-top-right:0px;--awb-border-radius-bottom-right:0px;--awb-border-radius-bottom-left:0px;--awb-padding-top:20px;--awb-padding-bottom:20px;--awb-background-color:#b3c6db;--awb-flex-wrap:wrap;\" ><div class=\"xzqv-builder-row xzqv-row xzqv-flex-align-items-flex-start xzqv-flex-content-wrap\" style=\"max-width:calc( 1000px + 0px );margin-left: calc(-0px \/ 2 );margin-right: calc(-0px \/ 2 );\"><div class=\"xzqv-layout-column xzqv_builder_column xzqv-builder-column-3 xzqv_builder_column_1_1 1_1 xzqv-flex-column\" style=\"--awb-bg-blend:overlay;--awb-bg-size:cover;--awb-width-large:100%;--awb-margin-top-large:0px;--awb-spacing-right-large:0px;--awb-margin-bottom-large:0px;--awb-spacing-left-large:0px;--awb-width-medium:100%;--awb-spacing-right-medium:0px;--awb-spacing-left-medium:0px;--awb-width-small:100%;--awb-spacing-right-small:0px;--awb-spacing-left-small:0px;\"><div class=\"xzqv-column-wrapper xzqv-flex-justify-content-flex-start xzqv-content-layout-column\"><div class=\"xzqv-text xzqv-text-11\"><h1 style=\"text-align: center; font-size: 30px !important;\">We are looking forward to your visit!<\/h1>\n<\/div><\/div><\/div><div class=\"xzqv-layout-column xzqv_builder_column xzqv-builder-column-4 xzqv_builder_column_1_1 1_1 xzqv-flex-column xzqv-flex-align-self-flex-start xzqv-column-no-min-height\" style=\"--awb-bg-blend:overlay;--awb-bg-size:cover;--awb-width-large:100%;--awb-margin-top-large:0px;--awb-spacing-right-large:0px;--awb-margin-bottom-large:0px;--awb-spacing-left-large:0px;--awb-width-medium:100%;--awb-spacing-right-medium:0px;--awb-spacing-left-medium:0px;--awb-width-small:100%;--awb-spacing-right-small:0px;--awb-spacing-left-small:0px;\"><div class=\"xzqv-column-wrapper xzqv-flex-justify-content-flex-start xzqv-content-layout-column\"><div class=\"xzqv-separator xzqv-full-width-sep\" style=\"align-self: center;margin-left: auto;margin-right: auto;margin-top:10px;width:100%;\"><\/div><\/div><\/div><\/div><\/div><div class=\"xzqv-fullwidth fullwidth-box xzqv-builder-row-5 xzqv-flex-container has-pattern-background has-mask-background nonhundred-percent-fullwidth non-hundred-percent-height-scrolling\" style=\"--awb-border-radius-top-left:0px;--awb-border-radius-top-right:0px;--awb-border-radius-bottom-right:0px;--awb-border-radius-bottom-left:0px;--awb-margin-top:10px;--awb-margin-bottom:10px;--awb-flex-wrap:wrap;\" ><div class=\"xzqv-builder-row xzqv-row xzqv-flex-align-items-flex-start xzqv-flex-content-wrap\" style=\"max-width:1030px;margin-left: calc(-3% \/ 2 );margin-right: calc(-3% \/ 2 );\"><div class=\"xzqv-layout-column xzqv_builder_column xzqv-builder-column-5 xzqv_builder_column_1_2 1_2 xzqv-flex-column\" style=\"--awb-bg-blend:overlay;--awb-bg-size:cover;--awb-width-large:50%;--awb-margin-top-large:0px;--awb-spacing-right-large:2.91%;--awb-margin-bottom-large:0px;--awb-spacing-left-large:2.91%;--awb-width-medium:50%;--awb-order-medium:0;--awb-spacing-right-medium:2.91%;--awb-spacing-left-medium:2.91%;--awb-width-small:100%;--awb-order-small:0;--awb-spacing-right-small:1.455%;--awb-spacing-left-small:1.455%;\" data-scroll-devices=\"small-visibility,medium-visibility,large-visibility\"><div class=\"xzqv-column-wrapper xzqv-column-has-shadow xzqv-flex-justify-content-center xzqv-content-layout-column\"><div class=\"xzqv-text xzqv-text-12\"><h3>AGB <a href=\"\/fo_content\/uploads\/2020\/01\/AGB.pdf\" target=\"_blank\" rel=\"noopener noreferrer\"><img decoding=\"async\" class=\"alignleft wp-image-5896\" style=\"margin-top: -10px; margin-right: 20px;\" src=\"\/fo_content\/uploads\/2013\/11\/icon_pdf40_tr2.gif\" alt=\"icon_pdf40_tr2\" \/><\/a><\/h3>\n<\/div><\/div><\/div><div class=\"xzqv-layout-column xzqv_builder_column xzqv-builder-column-6 xzqv_builder_column_1_2 1_2 xzqv-flex-column xzqv-flex-align-self-flex-start xzqv-column-no-min-height\" style=\"--awb-bg-blend:overlay;--awb-bg-size:cover;--awb-width-large:50%;--awb-margin-top-large:0px;--awb-spacing-right-large:2.91%;--awb-margin-bottom-large:0px;--awb-spacing-left-large:2.91%;--awb-width-medium:50%;--awb-order-medium:0;--awb-spacing-right-medium:2.91%;--awb-spacing-left-medium:2.91%;--awb-width-small:100%;--awb-order-small:0;--awb-spacing-right-small:1.455%;--awb-spacing-left-small:1.455%;\" data-scroll-devices=\"small-visibility,medium-visibility,large-visibility\"><div class=\"xzqv-column-wrapper xzqv-column-has-shadow xzqv-flex-justify-content-center xzqv-content-layout-column\"><div class=\"xzqv-text xzqv-text-13\"><h3>Platzordnung <a href=\"\/fo_content\/uploads\/2020\/01\/Campingplatzordnung_Touristik.pdf\" target=\"_blank\" rel=\"noopener noreferrer\"><img decoding=\"async\" class=\"alignleft wp-image-5896\" style=\"margin-top: -10px; margin-right: 20px;\" src=\"\/fo_content\/uploads\/2013\/11\/icon_pdf40_tr2.gif\" alt=\"icon_pdf40_tr2\" \/><\/a><\/h3>\n<\/div><\/div><\/div><\/div><\/div>\n<\/p>\n","protected":false},"excerpt":{"rendered":"","protected":false},"author":1,"featured_media":0,"parent":0,"menu_order":0,"comment_status":"open","ping_status":"closed","template":"","meta":{"footnotes":""},"class_list":["post-20252","page","type-page","status-publish","hentry","page_cat-unterkuenfte"],"_links":{"self":[{"href":"https:\/\/eifel-camp.freizeit-oasen.de\/api-json\/wp\/v2\/pages\/20252","targetHints":{"allow":["GET"]}}],"collection":[{"href":"https:\/\/eifel-camp.freizeit-oasen.de\/api-json\/wp\/v2\/pages"}],"about":[{"href":"https:\/\/eifel-camp.freizeit-oasen.de\/api-json\/wp\/v2\/types\/page"}],"author":[{"embeddable":true,"href":"https:\/\/eifel-camp.freizeit-oasen.de\/api-json\/wp\/v2\/users\/1"}],"replies":[{"embeddable":true,"href":"https:\/\/eifel-camp.freizeit-oasen.de\/api-json\/wp\/v2\/comments?post=20252"}],"version-history":[{"count":15,"href":"https:\/\/eifel-camp.freizeit-oasen.de\/api-json\/wp\/v2\/pages\/20252\/revisions"}],"predecessor-version":[{"id":20256,"href":"https:\/\/eifel-camp.freizeit-oasen.de\/api-json\/wp\/v2\/pages\/20252\/revisions\/20256"}],"wp:attachment":[{"href":"https:\/\/eifel-camp.freizeit-oasen.de\/api-json\/wp\/v2\/media?parent=20252"}],"curies":[{"name":"wp","href":"https:\/\/api.w.org\/{rel}","templated":true}]}}