{"id":21028,"date":"2023-01-21T17:03:41","date_gmt":"2023-01-21T15:03:41","guid":{"rendered":"https:\/\/eifel-camp.freizeit-oasen.de\/?page_id=21028"},"modified":"2026-03-31T11:57:05","modified_gmt":"2026-03-31T09:57:05","slug":"jobs","status":"publish","type":"page","link":"https:\/\/eifel-camp.freizeit-oasen.de\/jobs\/","title":{"rendered":"Jobs"},"content":{"rendered":"<p><div class=\"xzqv-fullwidth fullwidth-box xzqv-builder-row-1 xzqv-flex-container has-pattern-background has-mask-background hundred-percent-fullwidth non-hundred-percent-height-scrolling\" style=\"--awb-border-radius-top-left:0px;--awb-border-radius-top-right:0px;--awb-border-radius-bottom-right:0px;--awb-border-radius-bottom-left:0px;--awb-margin-top:0px;--awb-flex-wrap:wrap;\" ><div class=\"xzqv-builder-row xzqv-row xzqv-flex-align-items-flex-start xzqv-flex-content-wrap\" style=\"width:103% !important;max-width:103% !important;margin-left: calc(-3% \/ 2 );margin-right: calc(-3% \/ 2 );\"><div class=\"xzqv-layout-column xzqv_builder_column xzqv-builder-column-0 xzqv_builder_column_3_4 3_4 xzqv-flex-column xzqv-flex-align-self-flex-start xzqv-column-no-min-height\" style=\"--awb-bg-blend:overlay;--awb-bg-size:cover;--awb-width-large:75%;--awb-margin-top-large:0px;--awb-spacing-right-large:3.88%;--awb-margin-bottom-large:0px;--awb-spacing-left-large:1.94%;--awb-width-medium:75%;--awb-order-medium:0;--awb-spacing-right-medium:3.88%;--awb-spacing-left-medium:1.94%;--awb-width-small:100%;--awb-order-small:0;--awb-spacing-right-small:1.455%;--awb-spacing-left-small:1.455%;\"><div class=\"xzqv-column-wrapper xzqv-column-has-shadow xzqv-flex-justify-content-flex-start xzqv-content-layout-column\"><div class=\"xzqv-image-element \" style=\"--awb-margin-bottom:20px;--awb-caption-title-font-family:var(--h2_typography-font-family);--awb-caption-title-font-weight:var(--h2_typography-font-weight);--awb-caption-title-font-style:var(--h2_typography-font-style);--awb-caption-title-size:var(--h2_typography-font-size);--awb-caption-title-transform:var(--h2_typography-text-transform);--awb-caption-title-line-height:var(--h2_typography-line-height);--awb-caption-title-letter-spacing:var(--h2_typography-letter-spacing);\"><span class=\" xzqv-imageframe imageframe-none imageframe-1 hover-type-none xzqv-animated\" data-animationType=\"zoomInLeft\" data-animationDuration=\"2.0\" data-animationOffset=\"top-into-view\"><img decoding=\"async\" width=\"400\" height=\"91\" title=\"FO_Ausbildung_teaser_zukunft\" src=\"https:\/\/eifel-camp.freizeit-oasen.de\/fo_content\/uploads\/2023\/01\/FO_Ausbildung_teaser_zukunft.png\" alt class=\"img-responsive wp-image-21120\" srcset=\"https:\/\/eifel-camp.freizeit-oasen.de\/fo_content\/uploads\/2023\/01\/FO_Ausbildung_teaser_zukunft-200x46.png 200w, https:\/\/eifel-camp.freizeit-oasen.de\/fo_content\/uploads\/2023\/01\/FO_Ausbildung_teaser_zukunft.png 400w\" sizes=\"(max-width: 640px) 100vw, 400px\" \/><\/span><\/div><div class=\"xzqv-text xzqv-text-1 xzqv-animated\" data-animationType=\"fadeInUp\" data-animationDuration=\"1.0\" data-animationOffset=\"top-into-view\"><h3 class=\"\" style=\"--fontsize: 16; line-height: 1.5; --minfontsize: 16;\" data-fontsize=\"16\" data-lineheight=\"24px\"><span style=\"font-size: 15px;\" data-xzqv-font=\"true\"><span style=\"font-size: 20px;\" data-xzqv-font=\"true\">Jobs bei den Freizeit-Oasen<\/span><\/span><\/h3>\n<p>Fr\u00f6hliches Lachen hallt \u00fcber den Campingplatz, Familien verbringen ihren ersten gemeinsamen Campingurlaub, alte Freunde plaudern nostalgisch vor dem Wohnwagen. Die Freizeit-Oasen sind ein Ort, an dem einzigartige Erinnerungen geschaffen werden. Wir alle arbeiten daf\u00fcr, dass diese Wohlf\u00fchlmomente entstehen. Von der Rezeption, der Animation oder dem Handwerk: wir alle sorgen f\u00fcr eine unvergessliche Zeit auf einem Campingplatz der Freizeit-Oasen.<\/p>\n<p><strong>Wir sind Zusammenbringer.<\/strong><\/p>\n<p>Wir sind die Freizeit-Oasen. Das sind die mit den Campingpl\u00e4tzen. Seit 1994 stehen wir f\u00fcr ein Zuhause in der Natur auf Zeit. <span style=\"color: var(--awb-text-color); font-family: var(--awb-text-font-family); font-size: var(--awb-font-size); font-style: var(--awb-text-font-style); font-weight: var(--awb-text-font-weight); letter-spacing: var(--awb-letter-spacing); text-align: var(--awb-content-alignment); text-transform: var(--awb-text-transform); background-color: var(--awb-bg-color);\">Mit unseren ideal an Wald und Wasser gelegenen<\/span><b><span style=\"color: var(--awb-text-color); font-family: var(--awb-text-font-family); font-size: var(--awb-font-size); font-style: var(--awb-text-font-style); letter-spacing: var(--awb-letter-spacing); text-align: var(--awb-content-alignment); text-transform: var(--awb-text-transform); background-color: var(--awb-bg-color);\"> neun Campingparks, <\/span><span style=\"color: var(--awb-text-color); font-family: var(--awb-text-font-family); font-size: var(--awb-font-size); font-style: var(--awb-text-font-style); letter-spacing: var(--awb-letter-spacing); text-align: var(--awb-content-alignment); text-transform: var(--awb-text-transform); background-color: var(--awb-bg-color);\">Freizeitanlagen und einem Yachthafen<\/span><\/b><span style=\"color: var(--awb-text-color); font-family: var(--awb-text-font-family); font-size: var(--awb-font-size); font-style: var(--awb-text-font-style); font-weight: var(--awb-text-font-weight); letter-spacing: var(--awb-letter-spacing); text-align: var(--awb-content-alignment); text-transform: var(--awb-text-transform); background-color: var(--awb-bg-color);\"> bieten wir unseren G\u00e4sten <\/span><span style=\"color: var(--awb-text-color); font-family: var(--awb-text-font-family); font-size: var(--awb-font-size); font-style: var(--awb-text-font-style); font-weight: var(--awb-text-font-weight); letter-spacing: var(--awb-letter-spacing); text-align: var(--awb-content-alignment); text-transform: var(--awb-text-transform); background-color: var(--awb-bg-color);\">ganz pers\u00f6nliche, individuelle Freizeit- und Urlaubserlebnisse \u2013 <\/span><span style=\"color: var(--awb-text-color); font-family: var(--awb-text-font-family); font-size: var(--awb-font-size); font-style: var(--awb-text-font-style); font-weight: var(--awb-text-font-weight); letter-spacing: var(--awb-letter-spacing); text-align: var(--awb-content-alignment); text-transform: var(--awb-text-transform); background-color: var(--awb-bg-color);\">abseits vom Touristenrummel.<\/span><\/p>\n<h3 class=\"\" style=\"--fontsize: 16; line-height: 1.5; --minfontsize: 16;\" data-fontsize=\"16\" data-lineheight=\"24px\"><span style=\"font-size: 18px;\" data-xzqv-font=\"true\">Aber wir sind noch viel mehr. Was genau, steht im <\/span><a class=\"xzqv-one-page-text-link\" href=\"#leitspruch\"><span style=\"font-size: 18px; color: var(--awb-color3);\" data-xzqv-font=\"true\">Leitspruch der Freizeit-Oasen.<\/span><\/a><\/h3>\n<\/div><div class=\"xzqv-separator xzqv-full-width-sep\" style=\"align-self: center;margin-left: auto;margin-right: auto;margin-top:20px;margin-bottom:20px;width:100%;\"><div class=\"xzqv-separator-border sep-single sep-solid\" style=\"--awb-height:20px;--awb-amount:20px;--awb-sep-color:var(--awb-color7);border-color:var(--awb-color7);border-top-width:1px;\"><\/div><\/div><div class=\"xzqv-text xzqv-text-2\"><h1 style=\"--fontsize: 18; line-height: 1.5; --minfontsize: 18; font-size: 25px;\" data-xzqv-font=\"true\">Aktuell bieten wir folgende jobs@freizeit-oasen<\/h1>\n<\/div><\/div><\/div><div class=\"xzqv-layout-column xzqv_builder_column xzqv-builder-column-1 awb-sticky awb-sticky-small awb-sticky-medium awb-sticky-large xzqv_builder_column_1_4 1_4 xzqv-flex-column xzqv-flex-align-self-flex-start xzqv-column-no-min-height\" style=\"--awb-bg-blend:overlay;--awb-bg-size:cover;--awb-width-large:25%;--awb-margin-top-large:0px;--awb-spacing-right-large:5.82%;--awb-margin-bottom-large:0px;--awb-spacing-left-large:3.88%;--awb-width-medium:25%;--awb-order-medium:0;--awb-spacing-right-medium:5.82%;--awb-spacing-left-medium:3.88%;--awb-width-small:100%;--awb-order-small:0;--awb-spacing-right-small:1.455%;--awb-spacing-left-small:1.455%;\"><div class=\"xzqv-column-wrapper xzqv-column-has-shadow xzqv-flex-justify-content-flex-start xzqv-content-layout-column\"><div class=\"xzqv-image-element sm-text-align-center\" style=\"text-align:right;--awb-margin-top-small:10px;--awb-max-width:220px;--awb-caption-title-font-family:var(--h2_typography-font-family);--awb-caption-title-font-weight:var(--h2_typography-font-weight);--awb-caption-title-font-style:var(--h2_typography-font-style);--awb-caption-title-size:var(--h2_typography-font-size);--awb-caption-title-transform:var(--h2_typography-text-transform);--awb-caption-title-line-height:var(--h2_typography-line-height);--awb-caption-title-letter-spacing:var(--h2_typography-letter-spacing);\"><span class=\" xzqv-imageframe imageframe-none imageframe-2 hover-type-none\"><img decoding=\"async\" width=\"360\" height=\"358\" alt=\"Freizeit-Oasen Logo\" src=\"https:\/\/eifel-camp.freizeit-oasen.de\/fo_content\/uploads\/2014\/04\/fo_logo.png\" class=\"img-responsive wp-image-5830\" srcset=\"https:\/\/eifel-camp.freizeit-oasen.de\/fo_content\/uploads\/2014\/04\/fo_logo-200x199.png 200w, https:\/\/eifel-camp.freizeit-oasen.de\/fo_content\/uploads\/2014\/04\/fo_logo.png 360w\" sizes=\"(max-width: 640px) 100vw, 360px\" \/><\/span><\/div><\/div><\/div><\/div><\/div><div class=\"xzqv-fullwidth fullwidth-box xzqv-builder-row-2 xzqv-flex-container has-pattern-background has-mask-background nonhundred-percent-fullwidth non-hundred-percent-height-scrolling\" style=\"--awb-border-radius-top-left:10px;--awb-border-radius-top-right:10px;--awb-border-radius-bottom-right:10px;--awb-border-radius-bottom-left:10px;--awb-overflow:hidden;--awb-margin-top:20px;--awb-margin-bottom:20px;--awb-flex-wrap:wrap;\" ><div class=\"xzqv-builder-row xzqv-row xzqv-flex-align-items-center xzqv-flex-content-wrap\" style=\"max-width:1030px;margin-left: calc(-3% \/ 2 );margin-right: calc(-3% \/ 2 );\"><div class=\"xzqv-layout-column xzqv_builder_column xzqv-builder-column-2 xzqv_builder_column_3_4 3_4 xzqv-flex-column\" style=\"--awb-bg-size:cover;--awb-width-large:75%;--awb-margin-top-large:0px;--awb-spacing-right-large:1.94%;--awb-margin-bottom-large:20px;--awb-spacing-left-large:1.94%;--awb-width-medium:75%;--awb-order-medium:0;--awb-spacing-right-medium:1.94%;--awb-spacing-left-medium:1.94%;--awb-width-small:100%;--awb-order-small:0;--awb-spacing-right-small:1.455%;--awb-spacing-left-small:1.455%;\"><div class=\"xzqv-column-wrapper xzqv-column-has-shadow xzqv-flex-justify-content-flex-start xzqv-content-layout-column\"><div class=\"xzqv-separator xzqv-full-width-sep\" style=\"align-self: center;margin-left: auto;margin-right: auto;margin-bottom:30px;width:100%;\"><div class=\"xzqv-separator-border sep-single sep-solid\" style=\"--awb-height:20px;--awb-amount:20px;--awb-sep-color:var(--awb-color7);border-color:var(--awb-color7);border-top-width:1px;\"><\/div><\/div><div class=\"xzqv-text xzqv-text-3\"><h2 style=\"font-size: 24px;\" data-xzqv-font=\"true\">Eifel-Camp \u2013 Freilinger See<\/h2>\n<p>Das Eifel-Camp liegt optimal zwischen dem Nationalpark Eifel und der Vulkaneifel und bietet mit dem malerischen Freilinger See au\u00dfergew\u00f6hnliche Wohlf\u00fchlmomente. Unser Ziel ist es, stets f\u00fcr unsere G\u00e4ste den besten Urlaub zu finden und Teil von einzigartigen Erinnerungen zu sein.<\/p>\n<\/div><\/div><\/div><div class=\"xzqv-layout-column xzqv_builder_column xzqv-builder-column-3 xzqv_builder_column_3_4 3_4 xzqv-flex-column\" style=\"--awb-bg-color:#e9e8e5;--awb-bg-color-hover:#e9e8e5;--awb-bg-size:cover;--awb-width-large:75%;--awb-margin-top-large:0px;--awb-spacing-right-large:1.94%;--awb-margin-bottom-large:60px;--awb-spacing-left-large:1.94%;--awb-width-medium:75%;--awb-order-medium:0;--awb-spacing-right-medium:1.94%;--awb-spacing-left-medium:1.94%;--awb-width-small:100%;--awb-order-small:0;--awb-spacing-right-small:1.455%;--awb-spacing-left-small:1.455%;\"><div class=\"xzqv-column-wrapper xzqv-column-has-shadow xzqv-flex-justify-content-flex-start xzqv-content-layout-column\"><div class=\"xzqv-text xzqv-text-4 xzqv-text-no-margin\" style=\"--awb-margin-top:-20px;--awb-margin-bottom:20px;\"><p><img decoding=\"async\" class=\"alignleft wp-image-6662\" src=\"https:\/\/freizeit-oasen.de\/fo_uploads\/2023\/01\/FO_Job_teaser_01.png\" alt=\"\" width=\"200\" height=\"47\" \/><\/p>\n<\/div><div class=\"accordian xzqv-accordian\" style=\"--awb-padding-right:3%;--awb-padding-left:3%;--awb-border-size:0px;--awb-icon-size:20px;--awb-content-font-size:13px;--awb-icon-alignment:left;--awb-hover-color:#f9f9fb;--awb-border-color:#e2e2e2;--awb-background-color:#ffffff;--awb-divider-color:rgba(21,57,97,0.28);--awb-divider-hover-color:#435b7e;--awb-icon-color:#ffffff;--awb-title-color:#153961;--awb-content-color:#153961;--awb-icon-box-color:var(--awb-color6);--awb-toggle-hover-accent-color:#a0ce4e;--awb-title-font-family:&quot;Oswald&quot;;--awb-title-font-weight:400;--awb-title-font-style:normal;--awb-title-font-size:17px;--awb-title-text-transform:var(--awb-typography1-text-transform);--awb-content-font-family:&quot;Open Sans&quot;;--awb-content-font-style:normal;--awb-content-font-weight:400;\"><div class=\"panel-group xzqv-toggle-icon-boxed\" id=\"accordion-21028-1\"><div class=\"xzqv-panel panel-default panel-b80711f3eae79c4b4 xzqv-toggle-no-divider\" style=\"--awb-title-color:#153961;--awb-content-color:#153961;\"><div class=\"panel-heading\"><h2 class=\"panel-title toggle\" id=\"toggle_b80711f3eae79c4b4\"><a aria-expanded=\"false\" aria-controls=\"b80711f3eae79c4b4\" role=\"button\" data-toggle=\"collapse\" data-parent=\"#accordion-21028-1\" data-target=\"#b80711f3eae79c4b4\" href=\"#b80711f3eae79c4b4\"><span class=\"xzqv-toggle-icon-wrapper\" aria-hidden=\"true\"><i class=\"fa-xzqv-box active-icon awb-icon-minus\" aria-hidden=\"true\"><\/i><i class=\"fa-xzqv-box inactive-icon awb-icon-plus\" aria-hidden=\"true\"><\/i><\/span><span class=\"xzqv-toggle-heading\">Rezeption<\/span><\/a><\/h2><\/div><div id=\"b80711f3eae79c4b4\" class=\"panel-collapse collapse \" aria-labelledby=\"toggle_b80711f3eae79c4b4\"><div class=\"panel-body toggle-content xzqv-clearfix\">\n<p data-cya11y-org-font-size=\"13\" style=\"font-size: 13px;\"><strong>Wir suchen ab sofort Verst\u00e4rkung im Bereich Rezeption.<\/strong><br \/>\nWir suchen Sie als Willkommen-Hei\u00dfer. Sind Sie dabei?<\/p>\n<p data-cya11y-org-font-size=\"13\" style=\"font-size: 13px;\">F\u00fcr unsere G\u00e4ste beginnt der Urlaub bei Ihnen in der Rezeption: neugierige Camper bei der Anreise, aufgeregte Kinder beim Spielen und erholte G\u00e4ste bei der Abreise, begleiten Ihre t\u00e4gliche Arbeit. Sie arbeiten an einer der wichtigsten Stellen in unserem Unternehmen.<\/p>\n<p data-cya11y-org-font-size=\"13\" style=\"font-size: 13px;\"><strong>Was Sie von uns erwarten k\u00f6nnen:<\/strong><\/p>\n<ul>\n<li data-cya11y-org-font-size=\"13\" style=\"font-size: 13px;\">Als Willkommen-Hei\u00dfer haben Sie eine wichtige Position im Unternehmen<\/li>\n<li data-cya11y-org-font-size=\"13\" style=\"font-size: 13px;\">Sie sind Teil eines kleinen, engagierten Teams und gleichzeitig Teil der gro\u00dfen Freizeit-Oasen Familie<\/li>\n<li data-cya11y-org-font-size=\"13\" style=\"font-size: 13px;\">Ein zukunftsorientiertes Arbeitsumfeld zu dem jeder seinen Teil beitr\u00e4gt<\/li>\n<li data-cya11y-org-font-size=\"13\" style=\"font-size: 13px;\">Abwechslungsreiche Aufgaben wie Beratung, \u00dcberpr\u00fcfung des Zahlungsverkehrs, Reservierungsmanagement und Abrechnung von Jahresstellpl\u00e4tzen<\/li>\n<li data-cya11y-org-font-size=\"13\" style=\"font-size: 13px;\">weitere Arbeitsbereiche k\u00f6nnen nach Absprache angepasst auf Ihre pers\u00f6nlichen St\u00e4rken und Interessen hinzukommen<\/li>\n<li data-cya11y-org-font-size=\"13\" style=\"font-size: 13px;\">Eine leistungsgerechte Verg\u00fctung und Mitarbeitervorteile<\/li>\n<\/ul>\n<p data-cya11y-org-font-size=\"13\" style=\"font-size: 13px;\"><strong>Was wir von Ihnen erwarten:<\/strong><\/p>\n<ul>\n<li data-cya11y-org-font-size=\"13\" style=\"font-size: 13px;\">Abgeschlossene Ausbildung oder Studium, vorzugsweise im Tourismus<\/li>\n<li data-cya11y-org-font-size=\"13\" style=\"font-size: 13px;\">Erfahrung im Umgang mit G\u00e4sten<\/li>\n<li data-cya11y-org-font-size=\"13\" style=\"font-size: 13px;\">Sicherer Umgang mit Microsoft und den MS-Office-Anwendungen, Kenntnisse in Buchungsprogrammen sind w\u00fcnschenswert<\/li>\n<li data-cya11y-org-font-size=\"13\" style=\"font-size: 13px;\">Bereitschaft zu Mehrarbeit in der Saison, an Wochenenden und Feiertagen<\/li>\n<li data-cya11y-org-font-size=\"13\" style=\"font-size: 13px;\">Deutsch- und Englischkenntnisse in Wort und Schrift, weitere Fremdsprachen sind von Vorteil<\/li>\n<li data-cya11y-org-font-size=\"13\" style=\"font-size: 13px;\">Als Willkommen-Hei\u00dfer setzten wir Freundlichkeit, Kommunikationsf\u00e4higkeit genauso voraus wie Flexibilit\u00e4t, Engagement und selbst\u00e4ndiges, verantwortungsvolles Handeln<\/li>\n<\/ul>\n<p data-cya11y-org-font-size=\"13\" style=\"font-size: 13px;\"><strong>Ihre Aufgaben als Willkommen-Hei\u00dfer:<\/strong><\/p>\n<ul>\n<li data-cya11y-org-font-size=\"13\" style=\"font-size: 13px;\">Pers\u00f6nlicher Kontakt mit unseren G\u00e4sten vor Ort, am Telefon oder per E-Mail<\/li>\n<li data-cya11y-org-font-size=\"13\" style=\"font-size: 13px;\">Reservierungen sowie Check-In und Check-Out<\/li>\n<li data-cya11y-org-font-size=\"13\" style=\"font-size: 13px;\">Beratung zu Erlebnissen rund um das Eifel-Camp und die Region, in Zusammenarbeit mit unseren Partnern<\/li>\n<li data-cya11y-org-font-size=\"13\" style=\"font-size: 13px;\">Begleitung von Veranstaltungen und Erlebnissen f\u00fcr unsere G\u00e4ste im Eifel-Camp<\/li>\n<li data-cya11y-org-font-size=\"13\" style=\"font-size: 13px;\">\u00dcberpr\u00fcfung des Zahlungsverkehrs<\/li>\n<li data-cya11y-org-font-size=\"13\" style=\"font-size: 13px;\">Ansprechpartner f\u00fcr touristische G\u00e4ste und Jahresstellplatzg\u00e4ste<\/li>\n<li data-cya11y-org-font-size=\"13\" style=\"font-size: 13px;\">Bei Interesse: Unterst\u00fctzung unserer Marketing-Agentur (Fotos, Beitr\u00e4ge)<\/li>\n<\/ul>\n<p data-cya11y-org-font-size=\"13\" style=\"font-size: 13px;\">Die Arbeitszeiten in unserem Freizeitbetrieb finden auch an Wochenenden und Feiertagen statt. <strong>Der Vorteil f\u00fcr Sie<\/strong>: reduzierte \u00d6ffnungszeiten in den Wintermonaten erm\u00f6glichen den Abbau von Mehrstunden bei voller Lohnfortzahlung. Freie Tage, pers\u00f6nliche Termine und Urlaube werden im Team besprochen, sodass jeder f\u00fcr sich die ideale freie Zeit findet \u2013 und das auch in der Hauptsaison.<\/p>\n<p data-cya11y-org-font-size=\"13\" style=\"font-size: 13px;\"><strong>Sind Sie ein Willkommen-Hei\u00dfer und haben wir Ihr Interesse geweckt?<\/strong><br \/>\nDann machen Sie uns neugierig \u2013 mit Ihrer aussagekr\u00e4ftigen Bewerbung, gerne unter Angabe des bevorzugten Eintrittsdatum und Ihrer Gehaltsvorstellung.<\/p>\n<p data-cya11y-org-font-size=\"13\" style=\"font-size: 13px;\"><strong>Wir freuen uns auf Ihre aussagekr\u00e4ftige Bewerbung!<\/strong><\/p>\n<p data-cya11y-org-font-size=\"13\" style=\"font-size: 13px;\"><strong>Eifel-Camp \u2013 Freilinger See<\/strong><br \/>\nOTIUM GmbH &amp; Co. KG<br \/>\n<span style=\"color: var(--awb-content-color); font-family: var(--awb-content-font-family); font-size: 13px; font-style: var(--awb-content-font-style); font-weight: var(--awb-content-font-weight); letter-spacing: var(--awb-content-letter-spacing); text-transform: var(--awb-content-text-transform); background-color: var(--awb-bg-color);\" data-cya11y-org-font-size=\"13\">Am Freilinger See 1<br \/>\n<\/span><span style=\"color: var(--awb-content-color); font-family: var(--awb-content-font-family); font-size: 13px; font-style: var(--awb-content-font-style); font-weight: var(--awb-content-font-weight); letter-spacing: var(--awb-content-letter-spacing); text-transform: var(--awb-content-text-transform); background-color: var(--awb-bg-color);\" data-cya11y-org-font-size=\"13\">53945 Blankenheim-Freilingen (Eifel)<\/span><\/p>\n<p data-cya11y-org-font-size=\"13\" style=\"font-size: 13px;\"><strong><span style=\"color: var(--awb-content-color); font-family: var(--awb-content-font-family); font-size: 13px; font-style: var(--awb-content-font-style); letter-spacing: var(--awb-content-letter-spacing); text-transform: var(--awb-content-text-transform); background-color: var(--awb-bg-color);\" data-cya11y-org-font-size=\"13\">Email  <a href=\"mailto:jobs@freizeit-oasen.de\" data-cya11y-org-font-size=\"13\" style=\"font-size: 13px;\">jobs@freizeit-oasen.de<\/a><\/span><\/strong><\/p>\n<\/div><\/div><\/div><div class=\"xzqv-panel panel-default panel-4819d7eebd216457e xzqv-toggle-no-divider\" style=\"--awb-title-color:#153961;--awb-content-color:#153961;\"><div class=\"panel-heading\"><h2 class=\"panel-title toggle\" id=\"toggle_4819d7eebd216457e\"><a aria-expanded=\"false\" aria-controls=\"4819d7eebd216457e\" role=\"button\" data-toggle=\"collapse\" data-parent=\"#accordion-21028-1\" data-target=\"#4819d7eebd216457e\" href=\"#4819d7eebd216457e\"><span class=\"xzqv-toggle-icon-wrapper\" aria-hidden=\"true\"><i class=\"fa-xzqv-box active-icon awb-icon-minus\" aria-hidden=\"true\"><\/i><i class=\"fa-xzqv-box inactive-icon awb-icon-plus\" aria-hidden=\"true\"><\/i><\/span><span class=\"xzqv-toggle-heading\">Reinigungsehepaar<\/span><\/a><\/h2><\/div><div id=\"4819d7eebd216457e\" class=\"panel-collapse collapse \" aria-labelledby=\"toggle_4819d7eebd216457e\"><div class=\"panel-body toggle-content xzqv-clearfix\">\n<p>F\u00fcr unser Team suchen wir ab sofort oder nach Vereinbarung:<br \/>\n<strong>Ein engagiertes Ehepaar in Vollzeit f\u00fcr die Reinigung unserer Anlagen auf dem Campingplatz.<\/strong><\/p>\n<p><strong>Ihre Aufgaben:<\/strong><\/p>\n<ul>\n<li>Reinigung der Sanit\u00e4ranlagen, Mietobjekte und Verwaltungsgeb\u00e4ude<\/li>\n<li>Planung, Koordination und Kontrolle der externen Reinigungskr\u00e4fte<\/li>\n<li>Planung und Koordination der externen Dienstleister f\u00fcr W\u00e4scherei und Sanit\u00e4rbedarf<\/li>\n<li>\u00dcberwachung und Kontrolle der Ordnung und Sauberkeit der Platzanlagen<\/li>\n<li>F\u00fchren des platzeigenen \u201eL\u00e4dchens\u201c, einem gr\u00f6\u00dferen Kiosk mit Dingen des allt\u00e4glichen Bedarfs sowie Br\u00f6tchenverkauf<\/li>\n<li>Rufbereitschaft in Abwechslung mit den Kollegen<\/li>\n<\/ul>\n<p><strong>Voraussetzungen f\u00fcr Bewerber:<\/strong><\/p>\n<ul>\n<li>Erfahrung in der Reinigung von Vorteil<\/li>\n<li>hohes Ma\u00df an Verantwortungsbewusstsein<\/li>\n<li>Dienstleistungsorientierung<\/li>\n<li>k\u00f6rperliche Belastbarkeit<\/li>\n<li>selbst\u00e4ndige, zuverl\u00e4ssige und genaue Arbeitsweise<\/li>\n<li>Bereitschaft zu flexiblen Arbeitszeiten (regelm\u00e4\u00dfige Wochenend- und Feiertagsarbeit)<\/li>\n<\/ul>\n<p><strong>Erforderliche Kenntnisse:<\/strong><\/p>\n<ul>\n<li>Sprachkenntnisse: Deutsch (flie\u00dfend), Englisch (Grundkenntnisse w\u00fcnschenswert)<\/li>\n<li>F\u00fchrerschein (Fahrerlaubnis B bzw. Klasse 3)<\/li>\n<li>Computerkenntnisse (Windows, MS-Office)<\/li>\n<\/ul>\n<p><strong>Wir bieten:<\/strong><\/p>\n<ul>\n<li>einen zukunftssicheren Arbeitsplatz in einem freundlichen und motivierten Team<\/li>\n<li>ein angenehmes Arbeitsumfeld (Arbeiten, wo andere Urlaub machen)<\/li>\n<li>eine geeignete Wohnung auf dem Campingplatz (diese ist f\u00fcr die Stelle erforderlich)<\/li>\n<\/ul>\n<p><strong>Wir freuen uns auf Ihre aussagekr\u00e4ftige Bewerbung!<\/strong><\/p>\n<p><strong>Eifel-Camp \u2013 Freilinger See<\/strong><br \/>\nOTIUM GmbH &amp; Co. KG<br \/>\n<span style=\"color: var(--awb-content-color); font-family: var(--awb-content-font-family); font-size: var(--awb-content-font-size); font-style: var(--awb-content-font-style); font-weight: var(--awb-content-font-weight); letter-spacing: var(--awb-content-letter-spacing); text-transform: var(--awb-content-text-transform); background-color: var(--awb-bg-color);\">Am Freilinger See 1<br \/>\n<\/span><span style=\"color: var(--awb-content-color); font-family: var(--awb-content-font-family); font-size: var(--awb-content-font-size); font-style: var(--awb-content-font-style); font-weight: var(--awb-content-font-weight); letter-spacing: var(--awb-content-letter-spacing); text-transform: var(--awb-content-text-transform); background-color: var(--awb-bg-color);\">53945 Blankenheim-Freilingen (Eifel)<\/span><\/p>\n<p><strong><span style=\"color: var(--awb-content-color); font-family: var(--awb-content-font-family); font-size: var(--awb-content-font-size); font-style: var(--awb-content-font-style); letter-spacing: var(--awb-content-letter-spacing); text-transform: var(--awb-content-text-transform); background-color: var(--awb-bg-color);\">Email \u00a0<a href=\"mailto:jobs@freizeit-oasen.de\">jobs@freizeit-oasen.de<\/a><\/span><\/strong><\/p>\n<\/div><\/div><\/div><div class=\"xzqv-panel panel-default panel-ed2e48fcf5d7977a9 xzqv-toggle-no-divider\" style=\"--awb-title-color:#153961;--awb-content-color:#153961;\"><div class=\"panel-heading\"><h2 class=\"panel-title toggle\" id=\"toggle_ed2e48fcf5d7977a9\"><a aria-expanded=\"false\" aria-controls=\"ed2e48fcf5d7977a9\" role=\"button\" data-toggle=\"collapse\" data-parent=\"#accordion-21028-1\" data-target=\"#ed2e48fcf5d7977a9\" href=\"#ed2e48fcf5d7977a9\"><span class=\"xzqv-toggle-icon-wrapper\" aria-hidden=\"true\"><i class=\"fa-xzqv-box active-icon awb-icon-minus\" aria-hidden=\"true\"><\/i><i class=\"fa-xzqv-box inactive-icon awb-icon-plus\" aria-hidden=\"true\"><\/i><\/span><span class=\"xzqv-toggle-heading\">Haustechniker (m\/w\/d)<\/span><\/a><\/h2><\/div><div id=\"ed2e48fcf5d7977a9\" class=\"panel-collapse collapse \" aria-labelledby=\"toggle_ed2e48fcf5d7977a9\"><div class=\"panel-body toggle-content xzqv-clearfix\">\n<p>F\u00fcr unser Team suchen wir ab sofort oder nach Vereinbarung:<br \/>\n<strong>Einen Haustechniker (m\/w\/d) auf dem Campingplatz Eifel-Camp Freilinger See.<\/strong><\/p>\n<p><strong>Ihre Aufgaben:<\/strong><\/p>\n<ul>\n<li>Durchf\u00fchrung von Installations-, Wartungs- und Reparaturarbeiten an Sanit\u00e4r und Heizungsanlagen<\/li>\n<li>Fehlersuche, St\u00f6rungsbeseitigung und technische Dokumentation<\/li>\n<li>\u00dcberpr\u00fcfung und Sicherstellung der Einhaltung von Sicherheitsstandards<\/li>\n<li>Unterst\u00fctzung bei der Planung und Realisierung von Projekten<\/li>\n<\/ul>\n<p><strong>Ihr Profil:<\/strong><\/p>\n<ul>\n<li>abgeschlossene Ausbildung als Anlagenmechaniker f\u00fcr Sanit\u00e4r, Heizungs-, und Klimatechnik oder vergleichbare Qualifikation<\/li>\n<li>Berufserfahrung im Bereich Sanit\u00e4r, und Heizungstechnik sowie Technisches Verst\u00e4ndnis und l\u00f6sungsorientierte Arbeitsweise<\/li>\n<li>Zuverl\u00e4ssigkeit, Teamf\u00e4higkeit und eigenst\u00e4ndige Arbeitsweise<\/li>\n<li>gute Deutschkenntnisse in Wort und Schrift<\/li>\n<li>F\u00fchrerschein der Klasse B<\/li>\n<\/ul>\n<p><strong>Wir bieten Ihnen:<\/strong><\/p>\n<ul>\n<li>ein spannendes und vielseitiges Arbeitsumfeld in einem motivierten Team<\/li>\n<li>leistungsgerechte Verg\u00fctung<\/li>\n<li>individuelle Weiterbildungsm\u00f6glichkeiten und Unterst\u00fctzung bei Ihrer beruflichen Entwicklung<\/li>\n<li>moderne Arbeitsmittel und eine gute Arbeitsatmosph\u00e4re<\/li>\n<li>langfristige Perspektiven und einen sicheren Arbeitsplatz<\/li>\n<\/ul>\n<p><strong>Interessiert?\u00a0 Dann freuen wir uns auf Ihre aussagekr\u00e4ftige Bewerbung!<\/strong><\/p>\n<p><strong>Eifel-Camp \u2013 Freilinger See<\/strong><br \/>\nOTIUM GmbH &amp; Co. KG<br \/>\n<span style=\"color: var(--awb-content-color); font-family: var(--awb-content-font-family); font-size: var(--awb-content-font-size); font-style: var(--awb-content-font-style); font-weight: var(--awb-content-font-weight); letter-spacing: var(--awb-content-letter-spacing); text-transform: var(--awb-content-text-transform); background-color: var(--awb-bg-color);\">Am Freilinger See 1<br \/>\n<\/span><span style=\"color: var(--awb-content-color); font-family: var(--awb-content-font-family); font-size: var(--awb-content-font-size); font-style: var(--awb-content-font-style); font-weight: var(--awb-content-font-weight); letter-spacing: var(--awb-content-letter-spacing); text-transform: var(--awb-content-text-transform); background-color: var(--awb-bg-color);\">53945 Blankenheim-Freilingen (Eifel)<\/span><\/p>\n<p><strong><span style=\"color: var(--awb-content-color); font-family: var(--awb-content-font-family); font-size: var(--awb-content-font-size); font-style: var(--awb-content-font-style); letter-spacing: var(--awb-content-letter-spacing); text-transform: var(--awb-content-text-transform); background-color: var(--awb-bg-color);\">Email \u00a0<a href=\"mailto:jobs@freizeit-oasen.de\">jobs@freizeit-oasen.de<\/a><\/span><\/strong><\/p>\n<\/div><\/div><\/div><div class=\"xzqv-panel panel-default panel-11969bf8931c03819 xzqv-toggle-no-divider\" style=\"--awb-title-color:#153961;--awb-content-color:#153961;\"><div class=\"panel-heading\"><h2 class=\"panel-title toggle\" id=\"toggle_11969bf8931c03819\"><a aria-expanded=\"false\" aria-controls=\"11969bf8931c03819\" role=\"button\" data-toggle=\"collapse\" data-parent=\"#accordion-21028-1\" data-target=\"#11969bf8931c03819\" href=\"#11969bf8931c03819\"><span class=\"xzqv-toggle-icon-wrapper\" aria-hidden=\"true\"><i class=\"fa-xzqv-box active-icon awb-icon-minus\" aria-hidden=\"true\"><\/i><i class=\"fa-xzqv-box inactive-icon awb-icon-plus\" aria-hidden=\"true\"><\/i><\/span><span class=\"xzqv-toggle-heading\"> Geb\u00e4udetechniker\/Anlagenmechaniker-Sanit\u00e4r-, Heizungs- und Klimatechnik (m\/w\/d)<\/span><\/a><\/h2><\/div><div id=\"11969bf8931c03819\" class=\"panel-collapse collapse \" aria-labelledby=\"toggle_11969bf8931c03819\"><div class=\"panel-body toggle-content xzqv-clearfix\">\n<p>F\u00fcr unser Team suchen wir ab sofort oder nach Vereinbarung:<br \/>\nGeb\u00e4udetechniker\/Anlagenmechaniker-Sanit\u00e4r-, Heizungs- und Klimatechnik (m\/w\/d) auf dem Campingplatz.<\/p>\n<p><strong>Ihre Aufgaben:<\/strong><\/p>\n<ul>\n<li>Durchf\u00fchrung von Installations-, Wartungs- und Reparaturarbeiten an Sanit\u00e4r und Heizungsanlagen<\/li>\n<li>Fehlersuche, St\u00f6rungsbeseitigung und technische Dokumentation<\/li>\n<li>\u00dcberpr\u00fcfung und Sicherstellung der Einhaltung von Sicherheitsstandards<\/li>\n<li>Unterst\u00fctzung bei der Planung und Realisierung von Projekten<\/li>\n<\/ul>\n<p><strong>Ihr Profil:<\/strong><\/p>\n<ul>\n<li>abgeschlossene Ausbildung als Anlagenmechaniker f\u00fcr Sanit\u00e4r, Heizungs-, und Klimatechnik oder vergleichbare Qualifikation<\/li>\n<li>Berufserfahrung im Bereich Sanit\u00e4r, und Heizungstechnik sowie Technisches Verst\u00e4ndnis und l\u00f6sungsorientierte Arbeitsweise<\/li>\n<li>Zuverl\u00e4ssigkeit, Teamf\u00e4higkeit und eigenst\u00e4ndige Arbeitsweise<\/li>\n<li>gute Deutschkenntnisse in Wort und Schrift<\/li>\n<li>F\u00fchrerschein der Klasse B<\/li>\n<\/ul>\n<p><strong>Wir bieten Ihnen:<\/strong><\/p>\n<ul>\n<li>ein spannendes und vielseitiges Arbeitsumfeld in einem motivierten Team<\/li>\n<li>leistungsgerechte Verg\u00fctung<\/li>\n<li>individuelle Weiterbildungsm\u00f6glichkeiten und Unterst\u00fctzung bei Ihrer beruflichen Entwicklung<\/li>\n<li>moderne Arbeitsmittel und eine gute Arbeitsatmosph\u00e4re<\/li>\n<li>langfristige Perspektiven und einen sicheren Arbeitsplatz<\/li>\n<\/ul>\n<p><strong>Interessiert?\u00a0 Dann freuen wir uns auf Ihre aussagekr\u00e4ftige Bewerbung!<\/strong><\/p>\n<p><strong>Eifel-Camp \u2013 Freilinger See<\/strong><br \/>\nOTIUM GmbH &amp; Co. KG<br \/>\n<span style=\"color: var(--awb-content-color); font-family: var(--awb-content-font-family); font-size: var(--awb-content-font-size); font-style: var(--awb-content-font-style); font-weight: var(--awb-content-font-weight); letter-spacing: var(--awb-content-letter-spacing); text-transform: var(--awb-content-text-transform); background-color: var(--awb-bg-color);\">Am Freilinger See 1<br \/>\n<\/span><span style=\"color: var(--awb-content-color); font-family: var(--awb-content-font-family); font-size: var(--awb-content-font-size); font-style: var(--awb-content-font-style); font-weight: var(--awb-content-font-weight); letter-spacing: var(--awb-content-letter-spacing); text-transform: var(--awb-content-text-transform); background-color: var(--awb-bg-color);\">53945 Blankenheim-Freilingen (Eifel)<\/span><\/p>\n<p><strong><span style=\"color: var(--awb-content-color); font-family: var(--awb-content-font-family); font-size: var(--awb-content-font-size); font-style: var(--awb-content-font-style); letter-spacing: var(--awb-content-letter-spacing); text-transform: var(--awb-content-text-transform); background-color: var(--awb-bg-color);\">Email \u00a0<a href=\"mailto:jobs@freizeit-oasen.de\">jobs@freizeit-oasen.de<\/a><\/span><\/strong><\/p>\n<\/div><\/div><\/div><div class=\"xzqv-panel panel-default panel-28e71ab12350e5a5a xzqv-toggle-no-divider\" style=\"--awb-title-text-transform:var(--awb-typography2-text-transform);--awb-title-color:#153961;--awb-content-color:#153961;\"><div class=\"panel-heading\"><h2 class=\"panel-title toggle\" id=\"toggle_28e71ab12350e5a5a\"><a aria-expanded=\"false\" aria-controls=\"28e71ab12350e5a5a\" role=\"button\" data-toggle=\"collapse\" data-parent=\"#accordion-21028-1\" data-target=\"#28e71ab12350e5a5a\" href=\"#28e71ab12350e5a5a\"><span class=\"xzqv-toggle-icon-wrapper\" aria-hidden=\"true\"><i class=\"fa-xzqv-box active-icon awb-icon-minus\" aria-hidden=\"true\"><\/i><i class=\"fa-xzqv-box inactive-icon awb-icon-plus\" aria-hidden=\"true\"><\/i><\/span><span class=\"xzqv-toggle-heading\">Kinderanimateur\/in (m\/w\/d) f\u00fcr die NRW-Ferienzeiten<\/span><\/a><\/h2><\/div><div id=\"28e71ab12350e5a5a\" class=\"panel-collapse collapse \" aria-labelledby=\"toggle_28e71ab12350e5a5a\"><div class=\"panel-body toggle-content xzqv-clearfix\">\n<p data-cya11y-org-font-size=\"13\" style=\"font-size: 13px;\"><img decoding=\"async\" class=\"aligncenter wp-image-21265\" src=\"https:\/\/eifel-camp.freizeit-oasen.de\/fo_content\/uploads\/2023\/03\/animateur_stellenanzeige.png\" alt=\"\" width=\"700\" height=\"700\" srcset=\"https:\/\/eifel-camp.freizeit-oasen.de\/fo_content\/uploads\/2023\/03\/animateur_stellenanzeige-24x24.png 24w, https:\/\/eifel-camp.freizeit-oasen.de\/fo_content\/uploads\/2023\/03\/animateur_stellenanzeige-36x36.png 36w, https:\/\/eifel-camp.freizeit-oasen.de\/fo_content\/uploads\/2023\/03\/animateur_stellenanzeige-48x48.png 48w, https:\/\/eifel-camp.freizeit-oasen.de\/fo_content\/uploads\/2023\/03\/animateur_stellenanzeige-66x66.png 66w, https:\/\/eifel-camp.freizeit-oasen.de\/fo_content\/uploads\/2023\/03\/animateur_stellenanzeige-200x200.png 200w, https:\/\/eifel-camp.freizeit-oasen.de\/fo_content\/uploads\/2023\/03\/animateur_stellenanzeige-400x400.png 400w, https:\/\/eifel-camp.freizeit-oasen.de\/fo_content\/uploads\/2023\/03\/animateur_stellenanzeige-600x600.png 600w, https:\/\/eifel-camp.freizeit-oasen.de\/fo_content\/uploads\/2023\/03\/animateur_stellenanzeige-768x768.png 768w, https:\/\/eifel-camp.freizeit-oasen.de\/fo_content\/uploads\/2023\/03\/animateur_stellenanzeige-800x800.png 800w, https:\/\/eifel-camp.freizeit-oasen.de\/fo_content\/uploads\/2023\/03\/animateur_stellenanzeige.png 1080w\" sizes=\"(max-width: 700px) 100vw, 700px\" \/><\/p>\n<p data-cya11y-org-font-size=\"13\" style=\"font-size: 13px;\">Du kannst dich und andere begeistern und bist motiviert in den Ferien unseren kleinen G\u00e4sten unvergessliche Ferienmomente zu bereiten?<\/p>\n<p data-cya11y-org-font-size=\"13\" style=\"font-size: 13px;\">F\u00fcr unsere <strong>Kinderanimation<\/strong> im Eifel-Camp, einem 5 Sterne Superior Campingplatz, suchen wir f\u00fcr die <strong>NRW-Ferienzeiten<\/strong> (Ostern, Sommer und Herbst) eine\/n motivierte\/n und begeisterte\/n Kinderanimateur\/in.<\/p>\n<p data-cya11y-org-font-size=\"13\" style=\"font-size: 13px;\">Wenn du gerne Zeit mit Kindern verbringst und eine abwechslungsreiche Arbeit suchst, dann bist du bei uns genau richtig!<\/p>\n<p data-cya11y-org-font-size=\"13\" style=\"font-size: 13px;\"><strong>Bewirb dich unkompliziert mit einer kurzen E-Mail, in der du dich vorstellst.<\/strong><\/p>\n<p data-cya11y-org-font-size=\"13\" style=\"font-size: 13px;\">Diese Stelle eignet sich hervorragend f\u00fcr Sch\u00fcler (ab 16 Jahren) und Studenten sowie f\u00fcr Rentner und erfordert keine Wochenendarbeit.<\/p>\n<p data-cya11y-org-font-size=\"13\" style=\"font-size: 13px;\"><strong>Deine Aufgaben:<\/strong><\/p>\n<ul>\n<li data-cya11y-org-font-size=\"13\" style=\"font-size: 13px;\">Unterst\u00fctzung in unserer Kinderanimation in den Oster-, Sommer-, und\/oder Herbstferien<\/li>\n<li data-cya11y-org-font-size=\"13\" style=\"font-size: 13px;\">Durchf\u00fchrung von altersgerechten Spielen und Aktivit\u00e4ten f\u00fcr Kinder<\/li>\n<li data-cya11y-org-font-size=\"13\" style=\"font-size: 13px;\">Betreuung und Unterhaltung der Kinder w\u00e4hrend ihres Aufenthalts auf dem Campingplatz<\/li>\n<li data-cya11y-org-font-size=\"13\" style=\"font-size: 13px;\">Organisation von Bastel- und Malworkshops sowie Sport- und Spielaktivit\u00e4ten<\/li>\n<li data-cya11y-org-font-size=\"13\" style=\"font-size: 13px;\">Sicherstellung eines sicheren und freundlichen Umfelds f\u00fcr die Kinder<\/li>\n<\/ul>\n<p data-cya11y-org-font-size=\"13\" style=\"font-size: 13px;\"><strong>Was dich ausmacht:<\/strong><\/p>\n<ul>\n<li data-cya11y-org-font-size=\"13\" style=\"font-size: 13px;\">Spa\u00df und Freude am Umgang mit Kindern<\/li>\n<li data-cya11y-org-font-size=\"13\" style=\"font-size: 13px;\">Kreativit\u00e4t und Einfallsreichtum bei der Gestaltung von Aktivit\u00e4ten und Spielen<\/li>\n<li data-cya11y-org-font-size=\"13\" style=\"font-size: 13px;\">Offene und kommunikative Pers\u00f6nlichkeit mit guten zwischenmenschlichen F\u00e4higkeiten<\/li>\n<li data-cya11y-org-font-size=\"13\" style=\"font-size: 13px;\">Erfahrung in der Arbeit mit Kindern von Vorteil, aber nicht zwingend erforderlich<\/li>\n<\/ul>\n<p data-cya11y-org-font-size=\"13\" style=\"font-size: 13px;\"><strong>Was wir dir bieten:<\/strong><\/p>\n<ul>\n<li data-cya11y-org-font-size=\"13\" style=\"font-size: 13px;\">Eine spannende und abwechslungsreiche Arbeit in einem freundlichen und famili\u00e4ren Umfeld<\/li>\n<li data-cya11y-org-font-size=\"13\" style=\"font-size: 13px;\">Eine faire Bezahlung<\/li>\n<li data-cya11y-org-font-size=\"13\" style=\"font-size: 13px;\">Die M\u00f6glichkeit, wertvolle Erfahrungen in der Kinderbetreuung und P\u00e4dagogik zu sammeln<\/li>\n<li data-cya11y-org-font-size=\"13\" style=\"font-size: 13px;\">Flexible Arbeitszeiten nach Absprache<\/li>\n<\/ul>\n<p data-cya11y-org-font-size=\"13\" style=\"font-size: 13px;\">Wenn du dich angesprochen f\u00fchlst und eine Leidenschaft f\u00fcr die Arbeit mit Kindern hast, dann z\u00f6gere nicht und bewirb dich jetzt bei uns!<\/p>\n<p data-cya11y-org-font-size=\"13\" style=\"font-size: 13px;\"><strong>Wir freuen uns auf deine Bewerbung.<br \/>\n<\/strong><strong>Sende uns deine Bewerbung an <a href=\"mailto:jobs@freizeit-oasen.de\" data-cya11y-org-font-size=\"13\" style=\"font-size: 13px;\">jobs@freizeit-oasen.de<\/a><\/strong><\/p>\n<p data-cya11y-org-font-size=\"13\" style=\"font-size: 13px;\"><strong>Eifel-Camp \u2013 Freilinger See<\/strong><br \/>\nOTIUM GmbH &amp; Co. KG<br \/>\n<span style=\"color: var(--awb-content-color); font-family: var(--awb-content-font-family); font-size: 13px; font-style: var(--awb-content-font-style); font-weight: var(--awb-content-font-weight); letter-spacing: var(--awb-content-letter-spacing); text-transform: var(--awb-content-text-transform); background-color: var(--awb-bg-color);\" data-cya11y-org-font-size=\"13\">Am Freilinger See 1<br \/>\n<\/span><span style=\"color: var(--awb-content-color); font-family: var(--awb-content-font-family); font-size: 13px; font-style: var(--awb-content-font-style); font-weight: var(--awb-content-font-weight); letter-spacing: var(--awb-content-letter-spacing); text-transform: var(--awb-content-text-transform); background-color: var(--awb-bg-color);\" data-cya11y-org-font-size=\"13\">53945 Blankenheim-Freilingen (Eifel)<\/span><\/p>\n<\/div><\/div><\/div><\/div><\/div><\/div><\/div><div class=\"xzqv-layout-column xzqv_builder_column xzqv-builder-column-4 xzqv_builder_column_3_4 3_4 xzqv-flex-column\" style=\"--awb-bg-color:#deeaf4;--awb-bg-color-hover:#deeaf4;--awb-bg-size:cover;--awb-width-large:75%;--awb-margin-top-large:0px;--awb-spacing-right-large:1.94%;--awb-margin-bottom-large:60px;--awb-spacing-left-large:1.94%;--awb-width-medium:75%;--awb-order-medium:0;--awb-spacing-right-medium:1.94%;--awb-spacing-left-medium:1.94%;--awb-width-small:100%;--awb-order-small:0;--awb-spacing-right-small:1.455%;--awb-spacing-left-small:1.455%;\"><div class=\"xzqv-column-wrapper xzqv-column-has-shadow xzqv-flex-justify-content-center xzqv-content-layout-column\"><div class=\"xzqv-text xzqv-text-5 xzqv-text-no-margin\" style=\"--awb-margin-top:-20px;--awb-margin-bottom:20px;\"><p><img decoding=\"async\" class=\"alignleft wp-image-6638\" src=\"https:\/\/freizeit-oasen.de\/fo_uploads\/2023\/01\/FO_Ausbildung_teaser_01.png\" alt=\"\" width=\"200\" height=\"47\" \/><\/p>\n<\/div><div class=\"accordian xzqv-accordian\" style=\"--awb-padding-right:3%;--awb-padding-left:3%;--awb-border-size:0px;--awb-icon-size:20px;--awb-content-font-size:13px;--awb-icon-alignment:left;--awb-hover-color:#f9f9fb;--awb-border-color:#e2e2e2;--awb-background-color:#ffffff;--awb-divider-color:rgba(21,57,97,0.28);--awb-divider-hover-color:#435b7e;--awb-icon-color:#ffffff;--awb-title-color:#153961;--awb-content-color:#153961;--awb-icon-box-color:var(--awb-color6);--awb-toggle-hover-accent-color:#a0ce4e;--awb-title-font-family:&quot;Oswald&quot;;--awb-title-font-weight:400;--awb-title-font-style:normal;--awb-title-font-size:17px;--awb-title-text-transform:var(--awb-typography1-text-transform);--awb-content-font-family:&quot;Open Sans&quot;;--awb-content-font-style:normal;--awb-content-font-weight:400;\"><div class=\"panel-group xzqv-toggle-icon-boxed\" id=\"accordion-21028-2\"><div class=\"xzqv-panel panel-default panel-d930274db5cc71125 xzqv-toggle-no-divider\" style=\"--awb-title-text-transform:var(--awb-typography2-text-transform);--awb-title-color:#153961;--awb-content-color:#153961;\"><div class=\"panel-heading\"><h2 class=\"panel-title toggle\" id=\"toggle_d930274db5cc71125\"><a aria-expanded=\"false\" aria-controls=\"d930274db5cc71125\" role=\"button\" data-toggle=\"collapse\" data-parent=\"#accordion-21028-2\" data-target=\"#d930274db5cc71125\" href=\"#d930274db5cc71125\"><span class=\"xzqv-toggle-icon-wrapper\" aria-hidden=\"true\"><i class=\"fa-xzqv-box active-icon awb-icon-minus\" aria-hidden=\"true\"><\/i><i class=\"fa-xzqv-box inactive-icon awb-icon-plus\" aria-hidden=\"true\"><\/i><\/span><span class=\"xzqv-toggle-heading\">Kauffrau\/Kaufmann f\u00fcr Tourismus und Freizeit (m\/w\/d)<\/span><\/a><\/h2><\/div><div id=\"d930274db5cc71125\" class=\"panel-collapse collapse \" aria-labelledby=\"toggle_d930274db5cc71125\"><div class=\"panel-body toggle-content xzqv-clearfix\">\n<p data-cya11y-org-font-size=\"13\" style=\"font-size: 13px;\"><span style=\"color: var(--awb-text-color); font-family: var(--awb-text-font-family); font-size: 13px; font-style: var(--awb-text-font-style); font-weight: var(--awb-text-font-weight); letter-spacing: var(--awb-letter-spacing); text-align: var(--awb-content-alignment); text-transform: var(--awb-text-transform); background-color: var(--awb-bg-color);\" data-cya11y-org-font-size=\"13\">Wir bieten zum <\/span><strong style=\"color: var(--awb-text-color); font-family: var(--awb-text-font-family); font-size: var(--awb-font-size); font-style: var(--awb-text-font-style); letter-spacing: var(--awb-letter-spacing); text-align: var(--awb-content-alignment); text-transform: var(--awb-text-transform); background-color: var(--awb-bg-color);\">01. August 2026<\/strong><span style=\"color: var(--awb-text-color); font-family: var(--awb-text-font-family); font-size: 13px; font-style: var(--awb-text-font-style); font-weight: var(--awb-text-font-weight); letter-spacing: var(--awb-letter-spacing); text-align: var(--awb-content-alignment); text-transform: var(--awb-text-transform); background-color: var(--awb-bg-color);\" data-cya11y-org-font-size=\"13\"> eine <\/span><strong style=\"color: var(--awb-text-color); font-family: var(--awb-text-font-family); font-size: var(--awb-font-size); font-style: var(--awb-text-font-style); letter-spacing: var(--awb-letter-spacing); text-align: var(--awb-content-alignment); text-transform: var(--awb-text-transform); background-color: var(--awb-bg-color);\">Ausbildung zur Kauffrau\/ zum Kaufmann f\u00fcr Tourismus und Freizeit<\/strong><span style=\"color: var(--awb-text-color); font-family: var(--awb-text-font-family); font-size: 13px; font-style: var(--awb-text-font-style); font-weight: var(--awb-text-font-weight); letter-spacing: var(--awb-letter-spacing); text-align: var(--awb-content-alignment); text-transform: var(--awb-text-transform); background-color: var(--awb-bg-color);\" data-cya11y-org-font-size=\"13\"> f\u00fcr unseren Campingplatz <\/span><strong style=\"color: var(--awb-text-color); font-family: var(--awb-text-font-family); font-size: var(--awb-font-size); font-style: var(--awb-text-font-style); letter-spacing: var(--awb-letter-spacing); text-align: var(--awb-content-alignment); text-transform: var(--awb-text-transform); background-color: var(--awb-bg-color);\">Eifel-Camp \u2013 Freilinger See<\/strong><span style=\"color: var(--awb-text-color); font-family: var(--awb-text-font-family); font-size: 13px; font-style: var(--awb-text-font-style); font-weight: var(--awb-text-font-weight); letter-spacing: var(--awb-letter-spacing); text-align: var(--awb-content-alignment); text-transform: var(--awb-text-transform); background-color: var(--awb-bg-color);\" data-cya11y-org-font-size=\"13\">.<\/span><\/p>\n<p data-cya11y-org-font-size=\"13\" style=\"font-size: 13px;\">Du m\u00f6chtest in einem pers\u00f6nlichen Arbeitsumfeld im kleinen Team Deine Ausbildung machen? Du bist neugierig, kontaktfreudig und verantwortungsbewusst? Du bist teamf\u00e4hig und hast Spa\u00df am Umgang und Kontakt mit Menschen unterschiedlichen Alters?<\/p>\n<p data-cya11y-org-font-size=\"13\" style=\"font-size: 13px;\"><b>W\u00e4hrend deiner Ausbildung im Eifel-Camp \u2013 Freilinger See arbeitest du u.a. in folgenden Bereichen:<\/b><\/p>\n<ul>\n<li data-cya11y-org-font-size=\"13\" style=\"font-size: 13px;\"><span style=\"color: var(--awb-text-color); font-family: var(--awb-text-font-family); font-size: 13px; font-style: var(--awb-text-font-style); font-weight: var(--awb-text-font-weight); letter-spacing: var(--awb-letter-spacing); text-align: var(--awb-content-alignment); text-transform: var(--awb-text-transform); background-color: var(--awb-bg-color);\" data-cya11y-org-font-size=\"13\">Kundenbetreuung (Telefon- und Mailanfragen beantworten, Betreuung vor Ort)<\/span><\/li>\n<li data-cya11y-org-font-size=\"13\" style=\"font-size: 13px;\"><span style=\"color: var(--awb-text-color); font-family: var(--awb-text-font-family); font-size: 13px; font-style: var(--awb-text-font-style); font-weight: var(--awb-text-font-weight); letter-spacing: var(--awb-letter-spacing); text-align: var(--awb-content-alignment); text-transform: var(--awb-text-transform); background-color: var(--awb-bg-color);\" data-cya11y-org-font-size=\"13\">Check-in und Check-out der G\u00e4ste<\/span><\/li>\n<li data-cya11y-org-font-size=\"13\" style=\"font-size: 13px;\"><span style=\"color: var(--awb-text-color); font-family: var(--awb-text-font-family); font-size: 13px; font-style: var(--awb-text-font-style); font-weight: var(--awb-text-font-weight); letter-spacing: var(--awb-letter-spacing); text-align: var(--awb-content-alignment); text-transform: var(--awb-text-transform); background-color: var(--awb-bg-color);\" data-cya11y-org-font-size=\"13\">Beratung zu Ausflugszielen in der Region<\/span><\/li>\n<li data-cya11y-org-font-size=\"13\" style=\"font-size: 13px;\"><span style=\"color: var(--awb-text-color); font-family: var(--awb-text-font-family); font-size: 13px; font-style: var(--awb-text-font-style); font-weight: var(--awb-text-font-weight); letter-spacing: var(--awb-letter-spacing); text-align: var(--awb-content-alignment); text-transform: var(--awb-text-transform); background-color: var(--awb-bg-color);\" data-cya11y-org-font-size=\"13\">Veranstaltungen planen und durchf\u00fchren<\/span><\/li>\n<li data-cya11y-org-font-size=\"13\" style=\"font-size: 13px;\"><span style=\"color: var(--awb-text-color); font-family: var(--awb-text-font-family); font-size: 13px; font-style: var(--awb-text-font-style); font-weight: var(--awb-text-font-weight); letter-spacing: var(--awb-letter-spacing); text-align: var(--awb-content-alignment); text-transform: var(--awb-text-transform); background-color: var(--awb-bg-color);\" data-cya11y-org-font-size=\"13\">Social Media Aktivit\u00e4ten planen<\/span><\/li>\n<\/ul>\n<p data-cya11y-org-font-size=\"13\" style=\"font-size: 13px;\"><strong>In der Berufsschule am Alfred-M\u00fcller-Armack Berufskolleg in K\u00f6ln lernst Du:<\/strong><\/p>\n<ul>\n<li data-cya11y-org-font-size=\"13\" style=\"font-size: 13px;\">Welche Faktoren Deutschland zu einem attraktiven Reiseland machen<\/li>\n<li data-cya11y-org-font-size=\"13\" style=\"font-size: 13px;\">Wie man ein touristisches Produkt entwickelt (Projektarbeiten)<\/li>\n<li data-cya11y-org-font-size=\"13\" style=\"font-size: 13px;\">Wie man seine Produkte richtig vermarktet<\/li>\n<li data-cya11y-org-font-size=\"13\" style=\"font-size: 13px;\">und vieles mehr\u2026<\/li>\n<\/ul>\n<p data-cya11y-org-font-size=\"13\" style=\"font-size: 13px;\"><strong>Wir w\u00fcnschen<\/strong><\/p>\n<ul>\n<li data-cya11y-org-font-size=\"13\" style=\"font-size: 13px;\">Mindestens einen Realschulabschluss<\/li>\n<li data-cya11y-org-font-size=\"13\" style=\"font-size: 13px;\">Interesse an Camping und Natur<\/li>\n<li data-cya11y-org-font-size=\"13\" style=\"font-size: 13px;\">Lernbereitschaft, Zuverl\u00e4ssigkeit und Genauigkeit<\/li>\n<li data-cya11y-org-font-size=\"13\" style=\"font-size: 13px;\">Kundenfreundliches und serviceorientiertes Auftreten<\/li>\n<li data-cya11y-org-font-size=\"13\" style=\"font-size: 13px;\">Gutes schriftliches und m\u00fcndliches Ausdrucksverm\u00f6gen<\/li>\n<li data-cya11y-org-font-size=\"13\" style=\"font-size: 13px;\">Gute Kenntnisse in MS-Office<\/li>\n<li data-cya11y-org-font-size=\"13\" style=\"font-size: 13px;\">Bereitschaft zu Wochenend- und Feiertagsdiensten<\/li>\n<\/ul>\n<p data-cya11y-org-font-size=\"13\" style=\"font-size: 13px;\"><strong>Wir bieten<\/strong><\/p>\n<ul>\n<li data-cya11y-org-font-size=\"13\" style=\"font-size: 13px;\">Einen zukunftssicheren Ausbildungsplatz in einem freundlichen und motivierten Team<\/li>\n<li data-cya11y-org-font-size=\"13\" style=\"font-size: 13px;\">Ein angenehmes Arbeitsumfeld (Arbeiten wo andere Urlaub machen)<\/li>\n<li data-cya11y-org-font-size=\"13\" style=\"font-size: 13px;\">Vielseitige Arbeit und die M\u00f6glichkeit, dich mit deinen Ideen einzubringen und mit de, Team umzusetzen.<\/li>\n<\/ul>\n<p data-cya11y-org-font-size=\"13\" style=\"font-size: 13px;\"><strong>Wir freuen uns auf Deine aussagekr\u00e4ftige Bewerbung!<\/strong><\/p>\n<p data-cya11y-org-font-size=\"13\" style=\"font-size: 13px;\"><strong>Eifel-Camp \u2013 Freilinger See<\/strong><br \/>\nOTIUM GmbH &amp; Co. KG<br \/>\n<span style=\"color: var(--awb-content-color); font-family: var(--awb-content-font-family); font-size: 13px; font-style: var(--awb-content-font-style); font-weight: var(--awb-content-font-weight); letter-spacing: var(--awb-content-letter-spacing); text-transform: var(--awb-content-text-transform); background-color: var(--awb-bg-color);\" data-cya11y-org-font-size=\"13\">Am Freilinger See 1<br \/>\n<\/span><span style=\"color: var(--awb-content-color); font-family: var(--awb-content-font-family); font-size: 13px; font-style: var(--awb-content-font-style); font-weight: var(--awb-content-font-weight); letter-spacing: var(--awb-content-letter-spacing); text-transform: var(--awb-content-text-transform); background-color: var(--awb-bg-color);\" data-cya11y-org-font-size=\"13\">53945 Blankenheim-Freilingen (Eifel)<\/span><\/p>\n<p data-cya11y-org-font-size=\"13\" style=\"font-size: 13px;\"><strong><span style=\"color: var(--awb-content-color); font-family: var(--awb-content-font-family); font-size: 13px; font-style: var(--awb-content-font-style); letter-spacing: var(--awb-content-letter-spacing); text-transform: var(--awb-content-text-transform); background-color: var(--awb-bg-color);\" data-cya11y-org-font-size=\"13\">Email <a href=\"mailto:jobs@freizeit-oasen.de\" data-cya11y-org-font-size=\"13\" style=\"font-size: 13px;\">jobs@freizeit-oasen.de<\/a><\/span><\/strong><\/p>\n<\/div><\/div><\/div><div class=\"xzqv-panel panel-default panel-e4b3e6e434f4cd19e xzqv-toggle-no-divider\" style=\"--awb-title-color:#153961;--awb-content-color:#153961;\"><div class=\"panel-heading\"><h2 class=\"panel-title toggle\" id=\"toggle_e4b3e6e434f4cd19e\"><a aria-expanded=\"false\" aria-controls=\"e4b3e6e434f4cd19e\" role=\"button\" data-toggle=\"collapse\" data-parent=\"#accordion-21028-2\" data-target=\"#e4b3e6e434f4cd19e\" href=\"#e4b3e6e434f4cd19e\"><span class=\"xzqv-toggle-icon-wrapper\" aria-hidden=\"true\"><i class=\"fa-xzqv-box active-icon awb-icon-minus\" aria-hidden=\"true\"><\/i><i class=\"fa-xzqv-box inactive-icon awb-icon-plus\" aria-hidden=\"true\"><\/i><\/span><span class=\"xzqv-toggle-heading\">Hotelfachfrau\/Hotelfachmann (m\/w\/d)<\/span><\/a><\/h2><\/div><div id=\"e4b3e6e434f4cd19e\" class=\"panel-collapse collapse \" aria-labelledby=\"toggle_e4b3e6e434f4cd19e\"><div class=\"panel-body toggle-content xzqv-clearfix\">\n<p data-cya11y-org-font-size=\"13\" style=\"font-size: 13px;\"><span style=\"color: var(--awb-text-color); font-family: var(--awb-text-font-family); font-size: 13px; font-style: var(--awb-text-font-style); font-weight: var(--awb-text-font-weight); letter-spacing: var(--awb-letter-spacing); text-align: var(--awb-content-alignment); text-transform: var(--awb-text-transform); background-color: var(--awb-bg-color);\" data-cya11y-org-font-size=\"13\">Wir bieten zum <\/span><strong style=\"color: var(--awb-text-color); font-family: var(--awb-text-font-family); font-size: var(--awb-font-size); font-style: var(--awb-text-font-style); letter-spacing: var(--awb-letter-spacing); text-align: var(--awb-content-alignment); text-transform: var(--awb-text-transform); background-color: var(--awb-bg-color);\">01. August 2026<\/strong><span style=\"color: var(--awb-text-color); font-family: var(--awb-text-font-family); font-size: 13px; font-style: var(--awb-text-font-style); font-weight: var(--awb-text-font-weight); letter-spacing: var(--awb-letter-spacing); text-align: var(--awb-content-alignment); text-transform: var(--awb-text-transform); background-color: var(--awb-bg-color);\" data-cya11y-org-font-size=\"13\"> eine <\/span><strong style=\"color: var(--awb-text-color); font-family: var(--awb-text-font-family); font-size: var(--awb-font-size); font-style: var(--awb-text-font-style); letter-spacing: var(--awb-letter-spacing); text-align: var(--awb-content-alignment); text-transform: var(--awb-text-transform); background-color: var(--awb-bg-color);\">Ausbildung zur Hotelfachfrau\/ zum Hotelfachmann <\/strong><span style=\"color: var(--awb-text-color); font-family: var(--awb-text-font-family); font-size: 13px; font-style: var(--awb-text-font-style); font-weight: var(--awb-text-font-weight); letter-spacing: var(--awb-letter-spacing); text-align: var(--awb-content-alignment); text-transform: var(--awb-text-transform); background-color: var(--awb-bg-color);\" data-cya11y-org-font-size=\"13\">f\u00fcr <\/span><span style=\"color: var(--awb-content-color); font-family: var(--awb-content-font-family); font-size: 13px; font-style: var(--awb-content-font-style); font-weight: var(--awb-content-font-weight); letter-spacing: var(--awb-content-letter-spacing); text-transform: var(--awb-content-text-transform); background-color: var(--awb-bg-color);\" data-cya11y-org-font-size=\"13\">f\u00fcr unseren Campingplatz <\/span><span style=\"color: var(--awb-content-color); font-family: var(--awb-content-font-family); font-size: 13px; font-style: var(--awb-content-font-style); letter-spacing: var(--awb-content-letter-spacing); text-transform: var(--awb-content-text-transform); background-color: var(--awb-bg-color);\" data-cya11y-org-font-size=\"13\"><b>Eifel-Camp \u2013 Freilinger See.<\/b><\/span><\/p>\n<p data-cya11y-org-font-size=\"13\" style=\"font-size: 13px;\">Du m\u00f6chtest in einem pers\u00f6nlichen Arbeitsumfeld im kleinen Team Deine Ausbildung machen? Du bist neugierig, kontaktfreudig und verantwortungsbewusst? Du bist teamf\u00e4hig und hast Spa\u00df am Umgang und Kontakt mit Menschen unterschiedlichen Alters?<\/p>\n<p data-cya11y-org-font-size=\"13\" style=\"font-size: 13px;\"><strong>W\u00e4hrend deiner Ausbildung<\/strong><\/p>\n<ul>\n<li data-cya11y-org-font-size=\"13\" style=\"font-size: 13px;\">empf\u00e4ngst du G\u00e4ste an der Rezeption und ber\u00e4tst zu verschiedenen Themen<\/li>\n<li data-cya11y-org-font-size=\"13\" style=\"font-size: 13px;\">betreust du G\u00e4ste w\u00e4hrend ihres gesamten Aufenthaltes<\/li>\n<li data-cya11y-org-font-size=\"13\" style=\"font-size: 13px;\">vermarktest du den Campingplatz und seine Angebote<\/li>\n<li data-cya11y-org-font-size=\"13\" style=\"font-size: 13px;\">lernst du unser Veranstaltungsangebot kennen<\/li>\n<li data-cya11y-org-font-size=\"13\" style=\"font-size: 13px;\">Begleitest du unsere Kinderanimation in den Ferien<\/li>\n<li data-cya11y-org-font-size=\"13\" style=\"font-size: 13px;\">bereitest du Mietobjekte vor<\/li>\n<li data-cya11y-org-font-size=\"13\" style=\"font-size: 13px;\">Planst du Social Media-Beitr\u00e4ge<\/li>\n<\/ul>\n<p data-cya11y-org-font-size=\"13\" style=\"font-size: 13px;\"><strong>Im Berufskolleg AHS in Siegen lernst Du:<\/strong><\/p>\n<ul>\n<li data-cya11y-org-font-size=\"13\" style=\"font-size: 13px;\">Welche Faktoren Deutschland zu einem attraktiven Reiseland machen<\/li>\n<li data-cya11y-org-font-size=\"13\" style=\"font-size: 13px;\">Wie man ein touristisches Produkt entwickelt (Projektarbeiten)<\/li>\n<li data-cya11y-org-font-size=\"13\" style=\"font-size: 13px;\">Wie man seine Produkte richtig vermarktet<\/li>\n<li data-cya11y-org-font-size=\"13\" style=\"font-size: 13px;\">und vieles mehr\u2026<\/li>\n<\/ul>\n<p data-cya11y-org-font-size=\"13\" style=\"font-size: 13px;\"><strong>Wir w\u00fcnschen<\/strong><\/p>\n<ul>\n<li data-cya11y-org-font-size=\"13\" style=\"font-size: 13px;\">Mindestens einen Realschulabschluss<\/li>\n<li data-cya11y-org-font-size=\"13\" style=\"font-size: 13px;\">Interesse an Camping und Natur<\/li>\n<li data-cya11y-org-font-size=\"13\" style=\"font-size: 13px;\">Lernbereitschaft, Zuverl\u00e4ssigkeit und Genauigkeit<\/li>\n<li data-cya11y-org-font-size=\"13\" style=\"font-size: 13px;\">Kundenfreundliches und serviceorientiertes Auftreten<\/li>\n<li data-cya11y-org-font-size=\"13\" style=\"font-size: 13px;\">Gutes schriftliches und m\u00fcndliches Ausdrucksverm\u00f6gen<\/li>\n<li data-cya11y-org-font-size=\"13\" style=\"font-size: 13px;\">Gute Kenntnisse in MS-Office<\/li>\n<li data-cya11y-org-font-size=\"13\" style=\"font-size: 13px;\">Bereitschaft zu Wochenend- und Feiertagsdiensten<\/li>\n<\/ul>\n<p data-cya11y-org-font-size=\"13\" style=\"font-size: 13px;\"><strong>Wir bieten<\/strong><\/p>\n<ul>\n<li data-cya11y-org-font-size=\"13\" style=\"font-size: 13px;\">Einen zukunftssicheren Ausbildungsplatz in einem freundlichen und motivierten Team<\/li>\n<li data-cya11y-org-font-size=\"13\" style=\"font-size: 13px;\">Ein angenehmes Arbeitsumfeld (Arbeiten wo andere Urlaub machen)<\/li>\n<li data-cya11y-org-font-size=\"13\" style=\"font-size: 13px;\">Vielseitige Arbeit und die M\u00f6glichkeit, dich mit deinen Ideen einzubringen und mit dem Team umzusetzen.<\/li>\n<\/ul>\n<p data-cya11y-org-font-size=\"13\" style=\"font-size: 13px;\"><strong>Eifel-Camp \u2013 Freilinger See<\/strong><br \/>\nOTIUM GmbH &amp; Co. KG<br \/>\n<span style=\"color: var(--awb-content-color); font-family: var(--awb-content-font-family); font-size: 13px; font-style: var(--awb-content-font-style); font-weight: var(--awb-content-font-weight); letter-spacing: var(--awb-content-letter-spacing); text-transform: var(--awb-content-text-transform); background-color: var(--awb-bg-color);\" data-cya11y-org-font-size=\"13\">Am Freilinger See 1<br \/>\n<\/span><span style=\"color: var(--awb-content-color); font-family: var(--awb-content-font-family); font-size: 13px; font-style: var(--awb-content-font-style); font-weight: var(--awb-content-font-weight); letter-spacing: var(--awb-content-letter-spacing); text-transform: var(--awb-content-text-transform); background-color: var(--awb-bg-color);\" data-cya11y-org-font-size=\"13\">53945 Blankenheim-Freilingen (Eifel)<\/span><\/p>\n<p data-cya11y-org-font-size=\"13\" style=\"font-size: 13px;\"><strong><span style=\"color: var(--awb-content-color); font-family: var(--awb-content-font-family); font-size: 13px; font-style: var(--awb-content-font-style); letter-spacing: var(--awb-content-letter-spacing); text-transform: var(--awb-content-text-transform); background-color: var(--awb-bg-color);\" data-cya11y-org-font-size=\"13\">Email <a href=\"mailto:jobs@freizeit-oasen.de\" data-cya11y-org-font-size=\"13\" style=\"font-size: 13px;\">jobs@freizeit-oasen.de<\/a><\/span><\/strong><\/p>\n<\/div><\/div><\/div><div class=\"xzqv-panel panel-default panel-8534cc558fcde5eed xzqv-toggle-no-divider\" style=\"--awb-title-color:#153961;--awb-content-color:#153961;\"><div class=\"panel-heading\"><h2 class=\"panel-title toggle\" id=\"toggle_8534cc558fcde5eed\"><a aria-expanded=\"false\" aria-controls=\"8534cc558fcde5eed\" role=\"button\" data-toggle=\"collapse\" data-parent=\"#accordion-21028-2\" data-target=\"#8534cc558fcde5eed\" href=\"#8534cc558fcde5eed\"><span class=\"xzqv-toggle-icon-wrapper\" aria-hidden=\"true\"><i class=\"fa-xzqv-box active-icon awb-icon-minus\" aria-hidden=\"true\"><\/i><i class=\"fa-xzqv-box inactive-icon awb-icon-plus\" aria-hidden=\"true\"><\/i><\/span><span class=\"xzqv-toggle-heading\">Schreiner\/in \/Tischler\/in (m\/w\/d)<\/span><\/a><\/h2><\/div><div id=\"8534cc558fcde5eed\" class=\"panel-collapse collapse \" aria-labelledby=\"toggle_8534cc558fcde5eed\"><div class=\"panel-body toggle-content xzqv-clearfix\">\n<p data-cya11y-org-font-size=\"13\" style=\"font-size: 13px;\"><span style=\"color: var(--awb-text-color); font-family: var(--awb-text-font-family); font-size: 13px; font-style: var(--awb-text-font-style); font-weight: var(--awb-text-font-weight); letter-spacing: var(--awb-letter-spacing); text-align: var(--awb-content-alignment); text-transform: var(--awb-text-transform); background-color: var(--awb-bg-color);\" data-cya11y-org-font-size=\"13\">Wir bieten zum <\/span><strong style=\"color: var(--awb-text-color); font-family: var(--awb-text-font-family); font-size: var(--awb-font-size); font-style: var(--awb-text-font-style); letter-spacing: var(--awb-letter-spacing); text-align: var(--awb-content-alignment); text-transform: var(--awb-text-transform); background-color: var(--awb-bg-color);\">01. August 2026<\/strong><span style=\"color: var(--awb-text-color); font-family: var(--awb-text-font-family); font-size: 13px; font-style: var(--awb-text-font-style); font-weight: var(--awb-text-font-weight); letter-spacing: var(--awb-letter-spacing); text-align: var(--awb-content-alignment); text-transform: var(--awb-text-transform); background-color: var(--awb-bg-color);\" data-cya11y-org-font-size=\"13\"> eine <\/span><strong style=\"color: var(--awb-text-color); font-family: var(--awb-text-font-family); font-size: var(--awb-font-size); font-style: var(--awb-text-font-style); letter-spacing: var(--awb-letter-spacing); text-align: var(--awb-content-alignment); text-transform: var(--awb-text-transform); background-color: var(--awb-bg-color);\">Ausbildung zur\/zum Schreiner\/in Tischler\/in <\/strong><span style=\"color: var(--awb-text-color); font-family: var(--awb-text-font-family); font-size: 13px; font-style: var(--awb-text-font-style); font-weight: var(--awb-text-font-weight); letter-spacing: var(--awb-letter-spacing); text-align: var(--awb-content-alignment); text-transform: var(--awb-text-transform); background-color: var(--awb-bg-color);\" data-cya11y-org-font-size=\"13\">f\u00fcr <\/span><span style=\"color: var(--awb-content-color); font-family: var(--awb-content-font-family); font-size: 13px; font-style: var(--awb-content-font-style); font-weight: var(--awb-content-font-weight); letter-spacing: var(--awb-content-letter-spacing); text-transform: var(--awb-content-text-transform); background-color: var(--awb-bg-color);\" data-cya11y-org-font-size=\"13\">f\u00fcr unseren <\/span><span style=\"color: var(--awb-content-color); font-family: var(--awb-content-font-family); font-size: 13px; font-style: var(--awb-content-font-style); letter-spacing: var(--awb-content-letter-spacing); text-transform: var(--awb-content-text-transform); background-color: var(--awb-bg-color);\" data-cya11y-org-font-size=\"13\"><b>Campingplatz Eifel-Camp \u2013 Freilinger See.<\/b><\/span><\/p>\n<p data-cya11y-org-font-size=\"13\" style=\"font-size: 13px;\">Du m\u00f6chtest in einem pers\u00f6nlichen Arbeitsumfeld im kleinen Team Deine Ausbildung machen? Du bist neugierig, kontaktfreudig und verantwortungsbewusst? Du bist teamf\u00e4hig und hast Spa\u00df an der Bearbeitung von Holz und andern Naturmaterialien.<\/p>\n<p data-cya11y-org-font-size=\"13\" style=\"font-size: 13px;\"><b>Deine neuen Aufgaben:<\/b><\/p>\n<p data-cya11y-org-font-size=\"13\" style=\"font-size: 13px;\"><span style=\"color: var(--awb-text-color); font-family: var(--awb-text-font-family); font-size: 13px; font-style: var(--awb-text-font-style); font-weight: var(--awb-text-font-weight); letter-spacing: var(--awb-letter-spacing); text-align: var(--awb-content-alignment); text-transform: var(--awb-text-transform); background-color: var(--awb-bg-color);\" data-cya11y-org-font-size=\"13\">W\u00e4hrend der dreij\u00e4hrigen Ausbildung erh\u00e4ltst Du einen umfangreichen \u00dcberblick \u00fcber die T\u00e4tigkeiten des Schreiners m\/w\/d. <\/span><span style=\"color: var(--awb-text-color); font-family: var(--awb-text-font-family); font-size: 13px; font-style: var(--awb-text-font-style); font-weight: var(--awb-text-font-weight); letter-spacing: var(--awb-letter-spacing); text-align: var(--awb-content-alignment); text-transform: var(--awb-text-transform); background-color: var(--awb-bg-color);\" data-cya11y-org-font-size=\"13\">Das theoretische Wissen vermittelt Dir die Berufsschule, bei uns wirst Du es in die Tat umsetzen k\u00f6nnen.<\/span><\/p>\n<p data-cya11y-org-font-size=\"13\" style=\"font-size: 13px;\"><b>Das bringst du mit:<\/b><\/p>\n<ul>\n<li data-cya11y-org-font-size=\"13\" style=\"font-size: 13px;\">Eine abgeschlossene Schulausbildung bei Ausbildungsbeginn<\/li>\n<li data-cya11y-org-font-size=\"13\" style=\"font-size: 13px;\">Interesse an Holzbearbeitung, Oberfl\u00e4chenbehandlung und Zusammenbauen<\/li>\n<li data-cya11y-org-font-size=\"13\" style=\"font-size: 13px;\">Interesse an handwerklichen und praktischen Arbeiten<\/li>\n<li data-cya11y-org-font-size=\"13\" style=\"font-size: 13px;\">Kreativit\u00e4t<\/li>\n<li data-cya11y-org-font-size=\"13\" style=\"font-size: 13px;\">r\u00e4umliches und technisches Verst\u00e4ndnis<\/li>\n<li data-cya11y-org-font-size=\"13\" style=\"font-size: 13px;\">ein offenes und kommunikatives Wesen<\/li>\n<\/ul>\n<p data-cya11y-org-font-size=\"13\" style=\"font-size: 13px;\"><strong>Wir bieten<\/strong><\/p>\n<ul>\n<li data-cya11y-org-font-size=\"13\" style=\"font-size: 13px;\">Einen zukunftssicheren Ausbildungsplatz in einem freundlichen und motivierten Team<\/li>\n<li data-cya11y-org-font-size=\"13\" style=\"font-size: 13px;\">Ein angenehmes Arbeitsumfeld (Arbeiten wo andere Urlaub machen)<\/li>\n<li data-cya11y-org-font-size=\"13\" style=\"font-size: 13px;\">Vielseitige Arbeit und die M\u00f6glichkeit, dich mit deinen Ideen einzubringen und mit de, Team umzusetzen.<\/li>\n<\/ul>\n<p data-cya11y-org-font-size=\"13\" style=\"font-size: 13px;\"><strong>Eifel-Camp \u2013 Freilinger See<\/strong><br \/>\nOTIUM GmbH &amp; Co. KG<br \/>\n<span style=\"color: var(--awb-content-color); font-family: var(--awb-content-font-family); font-size: 13px; font-style: var(--awb-content-font-style); font-weight: var(--awb-content-font-weight); letter-spacing: var(--awb-content-letter-spacing); text-transform: var(--awb-content-text-transform); background-color: var(--awb-bg-color);\" data-cya11y-org-font-size=\"13\">Am Freilinger See 1<br \/>\n<\/span><span style=\"color: var(--awb-content-color); font-family: var(--awb-content-font-family); font-size: 13px; font-style: var(--awb-content-font-style); font-weight: var(--awb-content-font-weight); letter-spacing: var(--awb-content-letter-spacing); text-transform: var(--awb-content-text-transform); background-color: var(--awb-bg-color);\" data-cya11y-org-font-size=\"13\">53945 Blankenheim-Freilingen (Eifel)<\/span><\/p>\n<p data-cya11y-org-font-size=\"13\" style=\"font-size: 13px;\"><strong><span style=\"color: var(--awb-content-color); font-family: var(--awb-content-font-family); font-size: 13px; font-style: var(--awb-content-font-style); letter-spacing: var(--awb-content-letter-spacing); text-transform: var(--awb-content-text-transform); background-color: var(--awb-bg-color);\" data-cya11y-org-font-size=\"13\">Email <a href=\"mailto:jobs@freizeit-oasen.de\" data-cya11y-org-font-size=\"13\" style=\"font-size: 13px;\">jobs@freizeit-oasen.de<\/a><\/span><\/strong><\/p>\n<\/div><\/div><\/div><div class=\"xzqv-panel panel-default panel-a1d76e8b9de4cbf0d xzqv-toggle-no-divider\" style=\"--awb-title-color:#153961;--awb-content-color:#153961;\"><div class=\"panel-heading\"><h2 class=\"panel-title toggle\" id=\"toggle_a1d76e8b9de4cbf0d\"><a aria-expanded=\"false\" aria-controls=\"a1d76e8b9de4cbf0d\" role=\"button\" data-toggle=\"collapse\" data-parent=\"#accordion-21028-2\" data-target=\"#a1d76e8b9de4cbf0d\" href=\"#a1d76e8b9de4cbf0d\"><span class=\"xzqv-toggle-icon-wrapper\" aria-hidden=\"true\"><i class=\"fa-xzqv-box active-icon awb-icon-minus\" aria-hidden=\"true\"><\/i><i class=\"fa-xzqv-box inactive-icon awb-icon-plus\" aria-hidden=\"true\"><\/i><\/span><span class=\"xzqv-toggle-heading\">Gartenlandschaftsg\u00e4rtner\/in GaLaBau (m\/w\/d)<\/span><\/a><\/h2><\/div><div id=\"a1d76e8b9de4cbf0d\" class=\"panel-collapse collapse \" aria-labelledby=\"toggle_a1d76e8b9de4cbf0d\"><div class=\"panel-body toggle-content xzqv-clearfix\">\n<p data-cya11y-org-font-size=\"13\" style=\"font-size: 13px;\"><span style=\"color: var(--awb-text-color); font-family: var(--awb-text-font-family); font-size: 13px; font-style: var(--awb-text-font-style); font-weight: var(--awb-text-font-weight); letter-spacing: var(--awb-letter-spacing); text-align: var(--awb-content-alignment); text-transform: var(--awb-text-transform); background-color: var(--awb-bg-color);\" data-cya11y-org-font-size=\"13\">Wir bieten zum <\/span><strong style=\"color: var(--awb-text-color); font-family: var(--awb-text-font-family); font-size: var(--awb-font-size); font-style: var(--awb-text-font-style); letter-spacing: var(--awb-letter-spacing); text-align: var(--awb-content-alignment); text-transform: var(--awb-text-transform); background-color: var(--awb-bg-color);\">01. August 2026<\/strong><span style=\"color: var(--awb-text-color); font-family: var(--awb-text-font-family); font-size: 13px; font-style: var(--awb-text-font-style); font-weight: var(--awb-text-font-weight); letter-spacing: var(--awb-letter-spacing); text-align: var(--awb-content-alignment); text-transform: var(--awb-text-transform); background-color: var(--awb-bg-color);\" data-cya11y-org-font-size=\"13\"> eine <\/span><strong style=\"color: var(--awb-text-color); font-family: var(--awb-text-font-family); font-size: var(--awb-font-size); font-style: var(--awb-text-font-style); letter-spacing: var(--awb-letter-spacing); text-align: var(--awb-content-alignment); text-transform: var(--awb-text-transform); background-color: var(--awb-bg-color);\">Ausbildung zur\/zum Gartenlandschaftsg\u00e4rtner <\/strong><span style=\"color: var(--awb-content-color); font-family: var(--awb-content-font-family); font-size: 13px; font-style: var(--awb-content-font-style); font-weight: var(--awb-content-font-weight); letter-spacing: var(--awb-content-letter-spacing); text-transform: var(--awb-content-text-transform); background-color: var(--awb-bg-color);\" data-cya11y-org-font-size=\"13\">f\u00fcr unseren Campingplatz Eifel-Camp \u2013 Freilinger See.<\/span><\/p>\n<p data-cya11y-org-font-size=\"13\" style=\"font-size: 13px;\">Du m\u00f6chtest in einem pers\u00f6nlichen Arbeitsumfeld im kleinen Team Deine Ausbildung machen? Du bist neugierig, kontaktfreudig und verantwortungsbewusst? Du bist teamf\u00e4hig und hast einen gr\u00fcnen Daumen.<\/p>\n<p data-cya11y-org-font-size=\"13\" style=\"font-size: 13px;\"><b>Das erwartet dich:<\/b><\/p>\n<p data-cya11y-org-font-size=\"13\" style=\"font-size: 13px;\">Die dreij\u00e4hrige Ausbildung zum Landschaftsg\u00e4rtner l\u00e4uft auf zwei Ebenen ab: Im <strong>Betrieb<\/strong>, wo die Auszubildenden die g\u00e4rtnerische Praxis von der Pike auf lernen, und in der <strong>Berufsschule<\/strong> beim theoretischen Unterricht. Der ist aber nicht wie in einer allgemeinen Schule, sondern zugeschnitten auf den Berufsalltag: Dinge, die Du hier lernst, kannst Du bei Deiner Arbeit auch direkt anwenden.<\/p>\n<p data-cya11y-org-font-size=\"13\" style=\"font-size: 13px;\">Das sind zum Beispiel<\/p>\n<ul>\n<li data-cya11y-org-font-size=\"13\" style=\"font-size: 13px;\">Pflanzenkunde<\/li>\n<li data-cya11y-org-font-size=\"13\" style=\"font-size: 13px;\">Technik<\/li>\n<li data-cya11y-org-font-size=\"13\" style=\"font-size: 13px;\">Mathe<\/li>\n<\/ul>\n<p data-cya11y-org-font-size=\"13\" style=\"font-size: 13px;\">Au\u00dferdem gibt es noch <strong>\u00fcberbetriebliche Lehrg\u00e4nge<\/strong>, wo angehende Landschaftsg\u00e4rtner z. B. lernen, wie sie mit der Motors\u00e4ge umzugehen haben oder wie sie Natursteine verarbeiten.<\/p>\n<p data-cya11y-org-font-size=\"13\" style=\"font-size: 13px;\"><strong>Du solltest Landschaftsg\u00e4rtnerIn werden, wenn \u2026<\/strong><\/p>\n<ol data-cya11y-org-font-size=\"13\" style=\"font-size: 13px;\">\n<li data-cya11y-org-font-size=\"13\" style=\"font-size: 13px;\">dir schwere Arbeit nichts ausmacht.<\/li>\n<li data-cya11y-org-font-size=\"13\" style=\"font-size: 13px;\">du gerne drau\u00dfen bist.<\/li>\n<li data-cya11y-org-font-size=\"13\" style=\"font-size: 13px;\">Schmutz am Arbeitsplatz f\u00fcr dich kein Problem darstellt<\/li>\n<\/ol>\n<p data-cya11y-org-font-size=\"13\" style=\"font-size: 13px;\"><strong>Wir bieten<\/strong><\/p>\n<ul>\n<li data-cya11y-org-font-size=\"13\" style=\"font-size: 13px;\">Einen zukunftssicheren Ausbildungsplatz in einem freundlichen und motivierten Team<\/li>\n<li data-cya11y-org-font-size=\"13\" style=\"font-size: 13px;\">Ein angenehmes Arbeitsumfeld (Arbeiten wo andere Urlaub machen)<\/li>\n<li data-cya11y-org-font-size=\"13\" style=\"font-size: 13px;\">Vielseitige Arbeit und die M\u00f6glichkeit, dich mit deinen Ideen einzubringen und mit de, Team umzusetzen.<\/li>\n<\/ul>\n<p data-cya11y-org-font-size=\"13\" style=\"font-size: 13px;\"><strong>Eifel-Camp \u2013 Freilinger See<\/strong><br \/>\nOTIUM GmbH &amp; Co. KG<br \/>\n<span style=\"color: var(--awb-content-color); font-family: var(--awb-content-font-family); font-size: 13px; font-style: var(--awb-content-font-style); font-weight: var(--awb-content-font-weight); letter-spacing: var(--awb-content-letter-spacing); text-transform: var(--awb-content-text-transform); background-color: var(--awb-bg-color);\" data-cya11y-org-font-size=\"13\">Am Freilinger See 1<br \/>\n<\/span><span style=\"color: var(--awb-content-color); font-family: var(--awb-content-font-family); font-size: 13px; font-style: var(--awb-content-font-style); font-weight: var(--awb-content-font-weight); letter-spacing: var(--awb-content-letter-spacing); text-transform: var(--awb-content-text-transform); background-color: var(--awb-bg-color);\" data-cya11y-org-font-size=\"13\">53945 Blankenheim-Freilingen (Eifel)<\/span><\/p>\n<p data-cya11y-org-font-size=\"13\" style=\"font-size: 13px;\"><strong><span style=\"color: var(--awb-content-color); font-family: var(--awb-content-font-family); font-size: 13px; font-style: var(--awb-content-font-style); letter-spacing: var(--awb-content-letter-spacing); text-transform: var(--awb-content-text-transform); background-color: var(--awb-bg-color);\" data-cya11y-org-font-size=\"13\">Email <a href=\"mailto:jobs@freizeit-oasen.de\" data-cya11y-org-font-size=\"13\" style=\"font-size: 13px;\">jobs@freizeit-oasen.de<\/a><\/span><\/strong><\/p>\n<\/div><\/div><\/div><\/div><\/div><\/div><\/div><div class=\"xzqv-layout-column xzqv_builder_column xzqv-builder-column-5 awb-sticky awb-sticky-small awb-sticky-medium awb-sticky-large xzqv_builder_column_1_4 1_4 xzqv-flex-column\" style=\"--awb-bg-blend:overlay;--awb-bg-size:cover;--awb-width-large:25%;--awb-margin-top-large:0px;--awb-spacing-right-large:5.82%;--awb-margin-bottom-large:20px;--awb-spacing-left-large:5.82%;--awb-width-medium:25%;--awb-order-medium:0;--awb-spacing-right-medium:5.82%;--awb-spacing-left-medium:5.82%;--awb-width-small:100%;--awb-order-small:0;--awb-spacing-right-small:1.455%;--awb-spacing-left-small:1.455%;\"><div class=\"xzqv-column-wrapper xzqv-column-has-shadow xzqv-flex-justify-content-flex-start xzqv-content-layout-column\"><div class=\"xzqv-text xzqv-text-6\"><p><img decoding=\"async\" class=\"aligncenter wp-image-17733\" src=\"https:\/\/biggesee.freizeit-oasen.de\/fo_uploads\/2023\/01\/FO_Logo_Eifel_Camp_5_Sterne_300dpi.png\" alt=\"\" width=\"144\" height=\"186\" \/><\/p>\n<h3><\/h3>\n<h3 style=\"text-align: center;\"><a href=\"mailto:jobs@freizeit-oasen.de\">jobs@freizeit-oasen.de<\/a><\/h3>\n<\/div><\/div><\/div><div class=\"xzqv-layout-column xzqv_builder_column xzqv-builder-column-6 xzqv_builder_column_3_4 3_4 xzqv-flex-column\" style=\"--awb-bg-color:#e9e8e5;--awb-bg-color-hover:#e9e8e5;--awb-bg-size:cover;--awb-width-large:75%;--awb-margin-top-large:0px;--awb-spacing-right-large:1.94%;--awb-margin-bottom-large:20px;--awb-spacing-left-large:1.94%;--awb-width-medium:75%;--awb-order-medium:0;--awb-spacing-right-medium:1.94%;--awb-spacing-left-medium:1.94%;--awb-width-small:100%;--awb-order-small:0;--awb-spacing-right-small:1.455%;--awb-spacing-left-small:1.455%;\"><div class=\"xzqv-column-wrapper xzqv-column-has-shadow xzqv-flex-justify-content-center xzqv-content-layout-column\"><div class=\"xzqv-text xzqv-text-7 xzqv-text-no-margin\" style=\"--awb-margin-top:-20px;--awb-margin-bottom:20px;\"><p><img decoding=\"async\" class=\"alignleft wp-image-18008\" src=\"https:\/\/biggesee.freizeit-oasen.de\/fo_uploads\/2023\/03\/FO_Initiativbewerbung_teaser.png\" alt=\"\" width=\"200\" height=\"47\" \/><\/p>\n<\/div><div class=\"xzqv-text xzqv-text-8 xzqv-text-no-margin\" style=\"--awb-margin-right:10px;--awb-margin-bottom:20px;--awb-margin-left:20px;\"><p>F\u00fcr Sie war noch nicht das Richtige dabei? Nicht schlimm! Schreiben Sie uns ganz einfach eine E-Mail und sagen Sie uns, <strong>warum Sie als Zusammenbringer perfekt zur Freizeit-Oasen Familie passen<\/strong> \u2013 gerne unter Angabe Ihres bevorzugten Eintrittstermins und Ihrer Gehaltsvorstellung.<\/p>\n<p><strong>Email: <a href=\"mailto:jobs@freizeit-oasen.de\">jobs@freizeit-oasen.de<\/a><\/strong><\/p>\n<\/div><\/div><\/div><\/div><\/div>\n<div class=\"xzqv-fullwidth fullwidth-box xzqv-builder-row-3 xzqv-flex-container has-pattern-background has-mask-background nonhundred-percent-fullwidth non-hundred-percent-height-scrolling\" style=\"--awb-border-radius-top-left:10px;--awb-border-radius-top-right:10px;--awb-border-radius-bottom-right:10px;--awb-border-radius-bottom-left:10px;--awb-overflow:hidden;--awb-margin-top:20px;--awb-margin-bottom:20px;--awb-flex-wrap:wrap;\" ><div class=\"xzqv-builder-row xzqv-row xzqv-flex-align-items-center xzqv-flex-content-wrap\" style=\"max-width:1030px;margin-left: calc(-3% \/ 2 );margin-right: calc(-3% \/ 2 );\"><div class=\"xzqv-layout-column xzqv_builder_column xzqv-builder-column-7 xzqv_builder_column_3_4 3_4 xzqv-flex-column\" style=\"--awb-bg-size:cover;--awb-width-large:75%;--awb-margin-top-large:0px;--awb-spacing-right-large:1.94%;--awb-margin-bottom-large:20px;--awb-spacing-left-large:1.94%;--awb-width-medium:75%;--awb-order-medium:0;--awb-spacing-right-medium:1.94%;--awb-spacing-left-medium:1.94%;--awb-width-small:100%;--awb-order-small:0;--awb-spacing-right-small:1.455%;--awb-spacing-left-small:1.455%;\"><div class=\"xzqv-column-wrapper xzqv-column-has-shadow xzqv-flex-justify-content-flex-start xzqv-content-layout-column\"><div class=\"xzqv-separator xzqv-full-width-sep\" style=\"align-self: center;margin-left: auto;margin-right: auto;margin-bottom:30px;width:100%;\"><div class=\"xzqv-separator-border sep-single sep-solid\" style=\"--awb-height:20px;--awb-amount:20px;--awb-sep-color:var(--awb-color7);border-color:var(--awb-color7);border-top-width:1px;\"><\/div><\/div><div class=\"xzqv-text xzqv-text-9\"><h2 style=\"font-size: 24px;\" data-xzqv-font=\"true\">Vier Jahreszeiten \u2013 Camping-Biggesee<\/h2>\n<p>Am sch\u00f6nen Biggesee im S\u00fcdsauerland stehen wir f\u00fcr ein Zuhause in der Natur auf Zeit. Wir \u00fcberzeugen unsere G\u00e4ste von Anfang an mit smarten L\u00f6sungen und au\u00dfergew\u00f6hnlichen Wohlf\u00fchlmomenten. Unser Ziel ist es, stets f\u00fcr unsere G\u00e4ste den besten Urlaub zu finden und Teil von einzigartigen Erinnerungen zu sein.<\/p>\n<\/div><\/div><\/div><div class=\"xzqv-layout-column xzqv_builder_column xzqv-builder-column-8 xzqv_builder_column_3_4 3_4 xzqv-flex-column\" style=\"--awb-bg-color:#e9e8e5;--awb-bg-color-hover:#e9e8e5;--awb-bg-size:cover;--awb-width-large:75%;--awb-margin-top-large:0px;--awb-spacing-right-large:1.94%;--awb-margin-bottom-large:60px;--awb-spacing-left-large:1.94%;--awb-width-medium:75%;--awb-order-medium:0;--awb-spacing-right-medium:1.94%;--awb-spacing-left-medium:1.94%;--awb-width-small:100%;--awb-order-small:0;--awb-spacing-right-small:1.455%;--awb-spacing-left-small:1.455%;\"><div class=\"xzqv-column-wrapper xzqv-column-has-shadow xzqv-flex-justify-content-flex-start xzqv-content-layout-column\"><div class=\"xzqv-text xzqv-text-10 xzqv-text-no-margin\" style=\"--awb-margin-top:-20px;--awb-margin-bottom:20px;\"><p><img decoding=\"async\" class=\"alignleft wp-image-6662\" src=\"https:\/\/freizeit-oasen.de\/fo_uploads\/2023\/01\/FO_Job_teaser_01.png\" alt=\"\" width=\"200\" height=\"47\" \/><\/p>\n<\/div><div class=\"accordian xzqv-accordian\" style=\"--awb-padding-right:3%;--awb-padding-left:3%;--awb-border-size:0px;--awb-icon-size:20px;--awb-content-font-size:13px;--awb-icon-alignment:left;--awb-hover-color:#f9f9fb;--awb-border-color:#e2e2e2;--awb-background-color:#ffffff;--awb-divider-color:rgba(21,57,97,0.28);--awb-divider-hover-color:#435b7e;--awb-icon-color:#ffffff;--awb-title-color:#153961;--awb-content-color:#153961;--awb-icon-box-color:var(--awb-color6);--awb-toggle-hover-accent-color:#a0ce4e;--awb-title-font-family:&quot;Oswald&quot;;--awb-title-font-weight:400;--awb-title-font-style:normal;--awb-title-font-size:17px;--awb-title-text-transform:var(--awb-typography1-text-transform);--awb-content-font-family:&quot;Open Sans&quot;;--awb-content-font-style:normal;--awb-content-font-weight:400;\"><div class=\"panel-group xzqv-toggle-icon-boxed\" id=\"accordion-21028-3\"><div class=\"xzqv-panel panel-default panel-4e8256d9ec295fb56 xzqv-toggle-no-divider\" style=\"--awb-title-color:#153961;--awb-content-color:#153961;\"><div class=\"panel-heading\"><h2 class=\"panel-title toggle\" id=\"toggle_4e8256d9ec295fb56\"><a aria-expanded=\"false\" aria-controls=\"4e8256d9ec295fb56\" role=\"button\" data-toggle=\"collapse\" data-parent=\"#accordion-21028-3\" data-target=\"#4e8256d9ec295fb56\" href=\"#4e8256d9ec295fb56\"><span class=\"xzqv-toggle-icon-wrapper\" aria-hidden=\"true\"><i class=\"fa-xzqv-box active-icon awb-icon-minus\" aria-hidden=\"true\"><\/i><i class=\"fa-xzqv-box inactive-icon awb-icon-plus\" aria-hidden=\"true\"><\/i><\/span><span class=\"xzqv-toggle-heading\">Rezeption<\/span><\/a><\/h2><\/div><div id=\"4e8256d9ec295fb56\" class=\"panel-collapse collapse \" aria-labelledby=\"toggle_4e8256d9ec295fb56\"><div class=\"panel-body toggle-content xzqv-clearfix\">\n<p data-cya11y-org-font-size=\"13\" style=\"font-size: 13px;\"><strong>Wir suchen ab sofort Verst\u00e4rkung im Bereich Rezeption.<\/strong><br \/>\nWir suchen Sie als Willkommen-Hei\u00dfer. Sind Sie dabei?<\/p>\n<p data-cya11y-org-font-size=\"13\" style=\"font-size: 13px;\">F\u00fcr unsere G\u00e4ste beginnt der Urlaub bei Ihnen in der Rezeption: neugierige Camper bei der Anreise, aufgeregte Kinder beim Spielen und erholte G\u00e4ste bei der Abreise, begleiten Ihre t\u00e4gliche Arbeit. Sie arbeiten an einer der wichtigen Stellen in unserem Unternehmen.<\/p>\n<p data-cya11y-org-font-size=\"13\" style=\"font-size: 13px;\"><strong>Was Sie von uns erwarten k\u00f6nnen:<\/strong><\/p>\n<ul>\n<li data-cya11y-org-font-size=\"13\" style=\"font-size: 13px;\">Als Willkommen-Hei\u00dfer haben Sie eine wichtige Position im Unternehmen<\/li>\n<li data-cya11y-org-font-size=\"13\" style=\"font-size: 13px;\">Sie sind Teil eines kleinen, engagierten Teams und gleichzeitig Teil der gro\u00dfen Freizeit-Oasen Familie<\/li>\n<li data-cya11y-org-font-size=\"13\" style=\"font-size: 13px;\">Ein zukunftsorientiertes Arbeitsumfeld zu dem jeder seinen Teil beitr\u00e4gt<\/li>\n<li data-cya11y-org-font-size=\"13\" style=\"font-size: 13px;\">Abwechslungsreiche Aufgaben wie Beratung, \u00dcberpr\u00fcfung des Zahlungsverkehrs, Reservierungsmanagement und Abrechnung von Jahresstellpl\u00e4tzen<\/li>\n<li data-cya11y-org-font-size=\"13\" style=\"font-size: 13px;\">Weitere Arbeitsbereiche k\u00f6nnen nach Absprache angepasst auf Ihre pers\u00f6nlichen St\u00e4rken und Interessen hinzukommen<\/li>\n<li data-cya11y-org-font-size=\"13\" style=\"font-size: 13px;\">Eine leistungsgerechte Verg\u00fctung und Mitarbeitervorteile<\/li>\n<\/ul>\n<p data-cya11y-org-font-size=\"13\" style=\"font-size: 13px;\"><strong>Was wir von Ihnen erwarten:<\/strong><\/p>\n<ul>\n<li data-cya11y-org-font-size=\"13\" style=\"font-size: 13px;\">Abgeschlossene Ausbildung oder Studium, vorzugsweise im Tourismus<\/li>\n<li data-cya11y-org-font-size=\"13\" style=\"font-size: 13px;\">Erfahrung im Umgang mit G\u00e4sten<\/li>\n<li data-cya11y-org-font-size=\"13\" style=\"font-size: 13px;\">Sicherer Umgang mit Microsoft und den MS-Office-Anwendungen, Kenntnisse in Buchungsprogrammen sind w\u00fcnschenswert<\/li>\n<li data-cya11y-org-font-size=\"13\" style=\"font-size: 13px;\">Bereitschaft zu Mehrarbeit in der Saison, an Wochenenden und Feiertagen<\/li>\n<li data-cya11y-org-font-size=\"13\" style=\"font-size: 13px;\">Deutsch- und Englischkenntnisse in Wort und Schrift, weitere Fremdsprachen sind von Vorteil<\/li>\n<li data-cya11y-org-font-size=\"13\" style=\"font-size: 13px;\">Als Willkommen-Hei\u00dfer setzten wir Freundlichkeit, Kommunikationsf\u00e4higkeit genauso voraus wie Flexibilit\u00e4t, Engagement und selbst\u00e4ndiges, verantwortungsvolles Handeln<\/li>\n<\/ul>\n<p data-cya11y-org-font-size=\"13\" style=\"font-size: 13px;\"><strong>Ihre Aufgaben als Willkommen-Hei\u00dfer:<\/strong><\/p>\n<ul>\n<li data-cya11y-org-font-size=\"13\" style=\"font-size: 13px;\">Pers\u00f6nlicher Kontakt mit unseren G\u00e4sten vor Ort, am Telefon oder per E-Mail<\/li>\n<li data-cya11y-org-font-size=\"13\" style=\"font-size: 13px;\">Reservierungen sowie Check-In und Check-Out<\/li>\n<li data-cya11y-org-font-size=\"13\" style=\"font-size: 13px;\">Beratung zu Erlebnissen rund um den Biggesee und der Region, in Zusammenarbeit mit unseren Partnern<\/li>\n<li data-cya11y-org-font-size=\"13\" style=\"font-size: 13px;\">\u00dcberpr\u00fcfung des Zahlungsverkehrs<\/li>\n<li data-cya11y-org-font-size=\"13\" style=\"font-size: 13px;\">Ansprechpartner f\u00fcr touristische G\u00e4ste und Jahresstellplatzg\u00e4ste<\/li>\n<li data-cya11y-org-font-size=\"13\" style=\"font-size: 13px;\">Bei Interesse: Unterst\u00fctzung unserer Marketing-Agentur (Fotos, Beitr\u00e4ge)<\/li>\n<\/ul>\n<p data-cya11y-org-font-size=\"13\" style=\"font-size: 13px;\">Die Arbeitszeiten in unserem Freizeitbetrieb finden auch an Wochenenden und Feiertagen statt. <strong>Der Vorteil f\u00fcr Sie<\/strong>: reduzierte \u00d6ffnungszeiten in den Wintermonaten erm\u00f6glichen den Abbau von Mehrstunden bei voller Lohnfortzahlung. Freie Tage, pers\u00f6nliche Termine und Urlaube werden im Team besprochen, sodass jeder f\u00fcr sich die ideale freie Zeit findet \u2013 und das auch in der Hauptsaison.<\/p>\n<p data-cya11y-org-font-size=\"13\" style=\"font-size: 13px;\"><strong>Sind Sie ein Willkommen-Hei\u00dfer und haben wir Ihr Interesse geweckt?<\/strong><br \/>\nDann machen Sie uns neugierig \u2013 mit Ihrer aussagekr\u00e4ftigen Bewerbung, gerne unter Angabe des bevorzugten Eintrittsdatum und Ihrer Gehaltsvorstellung.<\/p>\n<p data-cya11y-org-font-size=\"13\" style=\"font-size: 13px;\"><strong>Wir freuen uns auf Ihre aussagekr\u00e4ftige Bewerbung!<\/strong><\/p>\n<p data-cya11y-org-font-size=\"13\" style=\"font-size: 13px;\"><span style=\"color: var(--awb-text-color); font-family: var(--awb-text-font-family); font-size: 13px; font-style: var(--awb-text-font-style); font-weight: var(--awb-text-font-weight); letter-spacing: var(--awb-letter-spacing); text-align: var(--awb-content-alignment); text-transform: var(--awb-text-transform); background-color: var(--awb-bg-color);\" data-cya11y-org-font-size=\"13\"><strong>Vier Jahreszeiten \u2013 Camping-Biggesee<\/strong><br \/>\n<\/span><span style=\"color: var(--awb-text-color); font-family: var(--awb-text-font-family); font-size: 13px; font-style: var(--awb-text-font-style); font-weight: var(--awb-text-font-weight); letter-spacing: var(--awb-letter-spacing); text-align: var(--awb-content-alignment); text-transform: var(--awb-text-transform); background-color: var(--awb-bg-color);\" data-cya11y-org-font-size=\"13\">Am Sonderner Kopf 3<br \/>\n<\/span><span style=\"color: var(--awb-text-color); font-family: var(--awb-text-font-family); font-size: 13px; font-style: var(--awb-text-font-style); font-weight: var(--awb-text-font-weight); letter-spacing: var(--awb-letter-spacing); text-align: var(--awb-content-alignment); text-transform: var(--awb-text-transform); background-color: var(--awb-bg-color);\" data-cya11y-org-font-size=\"13\">57462 Olpe-Sondern<\/span><\/p>\n<p data-cya11y-org-font-size=\"13\" style=\"font-size: 13px;\"><strong><span style=\"color: var(--awb-text-color); font-family: var(--awb-text-font-family); font-size: 13px; font-style: var(--awb-text-font-style); letter-spacing: var(--awb-letter-spacing); text-align: var(--awb-content-alignment); text-transform: var(--awb-text-transform); background-color: var(--awb-bg-color);\" data-cya11y-org-font-size=\"13\">Email <a href=\"mailto:jobs@freizeit-oasen.de\" data-cya11y-org-font-size=\"13\" style=\"font-size: 13px;\">jobs@freizeit-oasen.de<\/a><\/span><\/strong><\/p>\n<\/div><\/div><\/div><div class=\"xzqv-panel panel-default panel-bc1f0b4e3390f183f xzqv-toggle-no-divider\" style=\"--awb-title-color:#153961;--awb-content-color:#153961;\"><div class=\"panel-heading\"><h2 class=\"panel-title toggle\" id=\"toggle_bc1f0b4e3390f183f\"><a aria-expanded=\"false\" aria-controls=\"bc1f0b4e3390f183f\" role=\"button\" data-toggle=\"collapse\" data-parent=\"#accordion-21028-3\" data-target=\"#bc1f0b4e3390f183f\" href=\"#bc1f0b4e3390f183f\"><span class=\"xzqv-toggle-icon-wrapper\" aria-hidden=\"true\"><i class=\"fa-xzqv-box active-icon awb-icon-minus\" aria-hidden=\"true\"><\/i><i class=\"fa-xzqv-box inactive-icon awb-icon-plus\" aria-hidden=\"true\"><\/i><\/span><span class=\"xzqv-toggle-heading\">Rettungsschwimmer<\/span><\/a><\/h2><\/div><div id=\"bc1f0b4e3390f183f\" class=\"panel-collapse collapse \" aria-labelledby=\"toggle_bc1f0b4e3390f183f\"><div class=\"panel-body toggle-content xzqv-clearfix\">\n<p data-cya11y-org-font-size=\"13\" style=\"font-size: 13px;\"><strong>Wir suchen ab Mai Verst\u00e4rkung in unserem Strandbad im Bereich Badeaufsicht\/Rettungsschwimmer auf Aushilfsbasis.<\/strong><br \/>\nWir suchen Sie als \u00dcberblickbehalter. Sind Sie dabei?<\/p>\n<p data-cya11y-org-font-size=\"13\" style=\"font-size: 13px;\">Sonnencr\u00e8me verschmierte Gesichter, der Duft von frischen Pommes mit Ketchup, die Sonne, die sich auf dem See spiegelt, das Platschen der Wellen gegen die Badeplattform, wenn die Schifffahrt vorbeif\u00e4hrt. Unsere G\u00e4ste im Strandbad verbringen eine sch\u00f6ne Zeit und genie\u00dfen das Gef\u00fchl des beaufsichtigten Badestrandes am Biggesee.<\/p>\n<p data-cya11y-org-font-size=\"13\" style=\"font-size: 13px;\"><strong>Was Sie von uns erwarten k\u00f6nnen:<\/strong><\/p>\n<ul>\n<li data-cya11y-org-font-size=\"13\" style=\"font-size: 13px;\">Als \u00dcberblickbehalter haben Sie eine wichtige Position im Unternehmen<\/li>\n<li data-cya11y-org-font-size=\"13\" style=\"font-size: 13px;\">Sie sind Teil eines kleinen, engagierten Teams und gleichzeitig Teil der gro\u00dfen Freizeit-Oasen Familie<\/li>\n<li data-cya11y-org-font-size=\"13\" style=\"font-size: 13px;\">Eine leistungsgerechte Verg\u00fctung und Mitarbeitervorteile<\/li>\n<\/ul>\n<p data-cya11y-org-font-size=\"13\" style=\"font-size: 13px;\"><strong>Was wir von Ihnen erwarten:<\/strong><\/p>\n<ul>\n<li data-cya11y-org-font-size=\"13\" style=\"font-size: 13px;\">Ein Mindestalter von 18 Jahren<\/li>\n<li data-cya11y-org-font-size=\"13\" style=\"font-size: 13px;\">Einen aktuell g\u00fcltigen Rettungsschein in Silber (Rettungsschwimmer)<\/li>\n<li data-cya11y-org-font-size=\"13\" style=\"font-size: 13px;\">Einen aktuellen Erste-Hilfe-Nachweis (nicht \u00e4lter als ein Jahr\/Rettungsschwimmer)<\/li>\n<li data-cya11y-org-font-size=\"13\" style=\"font-size: 13px;\">Die Bereitschaft zum Schichtdienst und zur Arbeit an Wochenenden und Feiertagen<\/li>\n<li data-cya11y-org-font-size=\"13\" style=\"font-size: 13px;\">Ein einwandfreies F\u00fchrungszeugnis<\/li>\n<li data-cya11y-org-font-size=\"13\" style=\"font-size: 13px;\">Deutschkenntnisse, Englischkenntnisse sind von Vorteil<\/li>\n<li data-cya11y-org-font-size=\"13\" style=\"font-size: 13px;\">Ein sicheres und freundliches Auftreten gegen\u00fcber unseren G\u00e4sten<\/li>\n<\/ul>\n<p data-cya11y-org-font-size=\"13\" style=\"font-size: 13px;\"><strong>Ihre Aufgaben als \u00dcberblickbehalter:<\/strong><\/p>\n<ul>\n<li data-cya11y-org-font-size=\"13\" style=\"font-size: 13px;\">\u00dcberwachung des Badebetriebs im Strandbad<\/li>\n<li data-cya11y-org-font-size=\"13\" style=\"font-size: 13px;\">\u00d6ffnung und Schlie\u00dfung der Badeeinrichtung<\/li>\n<li data-cya11y-org-font-size=\"13\" style=\"font-size: 13px;\">Regelm\u00e4\u00dfige Reinigung und Kontrolle der Badefl\u00e4chen zur Behebung potenzieller Gefahren<\/li>\n<li data-cya11y-org-font-size=\"13\" style=\"font-size: 13px;\">\u00dcberwachung der Badeaktivit\u00e4ten im und am Wasser und Identifizierung von Sicherheitsproblemen<\/li>\n<li data-cya11y-org-font-size=\"13\" style=\"font-size: 13px;\">Rettung und Bergung von Badeg\u00e4sten aus gef\u00e4hrlichen Situationen<\/li>\n<li data-cya11y-org-font-size=\"13\" style=\"font-size: 13px;\">St\u00e4ndige Beobachtung und Analyse der Wetterlage<\/li>\n<\/ul>\n<p data-cya11y-org-font-size=\"13\" style=\"font-size: 13px;\">Freie Tage, pers\u00f6nliche Termine und Urlaube werden im Team besprochen, sodass jeder f\u00fcr sich die ideale freie Zeit findet \u2013 und das auch in der Hauptsaison.<\/p>\n<p data-cya11y-org-font-size=\"13\" style=\"font-size: 13px;\"><strong>Sind Sie ein \u00dcberblickbehalter und haben wir Ihr Interesse geweckt?<\/strong><br \/>\nDann machen Sie uns neugierig \u2013 mit Ihrer aussagekr\u00e4ftigen Bewerbung, gerne unter Angabe des bevorzugten Eintrittsdatum und Ihrer Gehaltsvorstellung.<\/p>\n<p data-cya11y-org-font-size=\"13\" style=\"font-size: 13px;\"><strong>Wir freuen uns auf Ihre aussagekr\u00e4ftige Bewerbung!<\/strong><\/p>\n<p data-cya11y-org-font-size=\"13\" style=\"font-size: 13px;\"><span style=\"color: var(--awb-text-color); font-family: var(--awb-text-font-family); font-size: 13px; font-style: var(--awb-text-font-style); font-weight: var(--awb-text-font-weight); letter-spacing: var(--awb-letter-spacing); text-align: var(--awb-content-alignment); text-transform: var(--awb-text-transform); background-color: var(--awb-bg-color);\" data-cya11y-org-font-size=\"13\"><strong>Vier Jahreszeiten \u2013 Camping-Biggesee<\/strong><br \/>\n<\/span><span style=\"color: var(--awb-text-color); font-family: var(--awb-text-font-family); font-size: 13px; font-style: var(--awb-text-font-style); font-weight: var(--awb-text-font-weight); letter-spacing: var(--awb-letter-spacing); text-align: var(--awb-content-alignment); text-transform: var(--awb-text-transform); background-color: var(--awb-bg-color);\" data-cya11y-org-font-size=\"13\">Am Sonderner Kopf 3<br \/>\n<\/span><span style=\"color: var(--awb-text-color); font-family: var(--awb-text-font-family); font-size: 13px; font-style: var(--awb-text-font-style); font-weight: var(--awb-text-font-weight); letter-spacing: var(--awb-letter-spacing); text-align: var(--awb-content-alignment); text-transform: var(--awb-text-transform); background-color: var(--awb-bg-color);\" data-cya11y-org-font-size=\"13\">57462 Olpe-Sondern<\/span><\/p>\n<p data-cya11y-org-font-size=\"13\" style=\"font-size: 13px;\"><strong><span style=\"color: var(--awb-text-color); font-family: var(--awb-text-font-family); font-size: 13px; font-style: var(--awb-text-font-style); letter-spacing: var(--awb-letter-spacing); text-align: var(--awb-content-alignment); text-transform: var(--awb-text-transform); background-color: var(--awb-bg-color);\" data-cya11y-org-font-size=\"13\">Email <a href=\"mailto:jobs@freizeit-oasen.de\" data-cya11y-org-font-size=\"13\" style=\"font-size: 13px;\">jobs@freizeit-oasen.de<\/a><\/span><\/strong><\/p>\n<\/div><\/div><\/div><div class=\"xzqv-panel panel-default panel-701b6378bf01a2e86 xzqv-toggle-no-divider\" style=\"--awb-title-text-transform:var(--awb-typography2-text-transform);--awb-title-color:#153961;--awb-content-color:#153961;\"><div class=\"panel-heading\"><h2 class=\"panel-title toggle\" id=\"toggle_701b6378bf01a2e86\"><a aria-expanded=\"false\" aria-controls=\"701b6378bf01a2e86\" role=\"button\" data-toggle=\"collapse\" data-parent=\"#accordion-21028-3\" data-target=\"#701b6378bf01a2e86\" href=\"#701b6378bf01a2e86\"><span class=\"xzqv-toggle-icon-wrapper\" aria-hidden=\"true\"><i class=\"fa-xzqv-box active-icon awb-icon-minus\" aria-hidden=\"true\"><\/i><i class=\"fa-xzqv-box inactive-icon awb-icon-plus\" aria-hidden=\"true\"><\/i><\/span><span class=\"xzqv-toggle-heading\">Kinderanimateur\/in (m\/w\/d) f\u00fcr die NRW-Ferienzeiten<\/span><\/a><\/h2><\/div><div id=\"701b6378bf01a2e86\" class=\"panel-collapse collapse \" aria-labelledby=\"toggle_701b6378bf01a2e86\"><div class=\"panel-body toggle-content xzqv-clearfix\">\n<p data-cya11y-org-font-size=\"13\" style=\"font-size: 13px;\"><img decoding=\"async\" class=\"wp-image-21299 aligncenter\" src=\"https:\/\/eifel-camp.freizeit-oasen.de\/fo_content\/uploads\/2023\/03\/stellenanzeige_animateur_biggesee.png\" alt=\"\" width=\"700\" height=\"700\" srcset=\"https:\/\/eifel-camp.freizeit-oasen.de\/fo_content\/uploads\/2023\/03\/stellenanzeige_animateur_biggesee-24x24.png 24w, https:\/\/eifel-camp.freizeit-oasen.de\/fo_content\/uploads\/2023\/03\/stellenanzeige_animateur_biggesee-36x36.png 36w, https:\/\/eifel-camp.freizeit-oasen.de\/fo_content\/uploads\/2023\/03\/stellenanzeige_animateur_biggesee-48x48.png 48w, https:\/\/eifel-camp.freizeit-oasen.de\/fo_content\/uploads\/2023\/03\/stellenanzeige_animateur_biggesee-66x66.png 66w, https:\/\/eifel-camp.freizeit-oasen.de\/fo_content\/uploads\/2023\/03\/stellenanzeige_animateur_biggesee-200x200.png 200w, https:\/\/eifel-camp.freizeit-oasen.de\/fo_content\/uploads\/2023\/03\/stellenanzeige_animateur_biggesee-400x400.png 400w, https:\/\/eifel-camp.freizeit-oasen.de\/fo_content\/uploads\/2023\/03\/stellenanzeige_animateur_biggesee-600x600.png 600w, https:\/\/eifel-camp.freizeit-oasen.de\/fo_content\/uploads\/2023\/03\/stellenanzeige_animateur_biggesee-768x768.png 768w, https:\/\/eifel-camp.freizeit-oasen.de\/fo_content\/uploads\/2023\/03\/stellenanzeige_animateur_biggesee-800x800.png 800w, https:\/\/eifel-camp.freizeit-oasen.de\/fo_content\/uploads\/2023\/03\/stellenanzeige_animateur_biggesee.png 1080w\" sizes=\"(max-width: 700px) 100vw, 700px\" \/><\/p>\n<p data-cya11y-org-font-size=\"13\" style=\"font-size: 13px;\">Du kannst dich und andere begeistern und bist motiviert in den Ferien unseren kleinen G\u00e4sten unvergessliche Ferienmomente zu bereiten?<\/p>\n<p data-cya11y-org-font-size=\"13\" style=\"font-size: 13px;\">F\u00fcr unsere <strong>Kinderanimation im Vier Jahreszeiten \u2013 Camping-Biggesee<\/strong>, einem 5 Sterne Superior Campingplatz, suchen wir f\u00fcr die <strong>NRW-Ferienzeiten<\/strong> (Ostern, Sommer und Herbst) eine\/n motivierte\/n und begeisterte\/n Kinderanimateur\/in.<\/p>\n<p data-cya11y-org-font-size=\"13\" style=\"font-size: 13px;\">Wenn du gerne Zeit mit Kindern verbringst und eine abwechslungsreiche Arbeit suchst, dann bist du bei uns genau richtig!<\/p>\n<p data-cya11y-org-font-size=\"13\" style=\"font-size: 13px;\"><strong>Bewirb dich unkompliziert mit einer kurzen E-Mail.<\/strong><\/p>\n<p data-cya11y-org-font-size=\"13\" style=\"font-size: 13px;\">Diese Stelle eignet sich hervorragend f\u00fcr Sch\u00fcler (ab 16 Jahren) und Studenten sowie f\u00fcr Rentner und erfordert keine Wochenendarbeit.<\/p>\n<p data-cya11y-org-font-size=\"13\" style=\"font-size: 13px;\"><strong>Deine Aufgaben:<\/strong><\/p>\n<ul>\n<li data-cya11y-org-font-size=\"13\" style=\"font-size: 13px;\">Unterst\u00fctzung in unserer Kinderanimation in den Oster-, Sommer-, und\/oder Herbstferien<\/li>\n<li data-cya11y-org-font-size=\"13\" style=\"font-size: 13px;\">Durchf\u00fchrung von altersgerechten Spielen und Aktivit\u00e4ten f\u00fcr Kinder<\/li>\n<li data-cya11y-org-font-size=\"13\" style=\"font-size: 13px;\">Betreuung und Unterhaltung der Kinder w\u00e4hrend ihres Aufenthalts auf dem Campingplatz<\/li>\n<li data-cya11y-org-font-size=\"13\" style=\"font-size: 13px;\">Organisation von Bastel- und Malworkshops sowie Sport- und Spielaktivit\u00e4ten<\/li>\n<li data-cya11y-org-font-size=\"13\" style=\"font-size: 13px;\">Sicherstellung eines sicheren und freundlichen Umfelds f\u00fcr die Kinder<\/li>\n<\/ul>\n<p data-cya11y-org-font-size=\"13\" style=\"font-size: 13px;\"><strong>Was dich ausmacht:<\/strong><\/p>\n<ul>\n<li data-cya11y-org-font-size=\"13\" style=\"font-size: 13px;\">Spa\u00df und Freude am Umgang mit Kindern<\/li>\n<li data-cya11y-org-font-size=\"13\" style=\"font-size: 13px;\">Kreativit\u00e4t und Einfallsreichtum bei der Gestaltung von Aktivit\u00e4ten und Spielen<\/li>\n<li data-cya11y-org-font-size=\"13\" style=\"font-size: 13px;\">Offene und kommunikative Pers\u00f6nlichkeit mit guten zwischenmenschlichen F\u00e4higkeiten<\/li>\n<li data-cya11y-org-font-size=\"13\" style=\"font-size: 13px;\">Erfahrung in der Arbeit mit Kindern von Vorteil, aber nicht zwingend erforderlich<\/li>\n<\/ul>\n<p data-cya11y-org-font-size=\"13\" style=\"font-size: 13px;\"><strong>Was wir dir bieten:<\/strong><\/p>\n<ul>\n<li data-cya11y-org-font-size=\"13\" style=\"font-size: 13px;\">Eine spannende und abwechslungsreiche Arbeit in einem freundlichen und famili\u00e4ren Umfeld<\/li>\n<li data-cya11y-org-font-size=\"13\" style=\"font-size: 13px;\">Eine faire Bezahlung<\/li>\n<li data-cya11y-org-font-size=\"13\" style=\"font-size: 13px;\">Die M\u00f6glichkeit, wertvolle Erfahrungen in der Kinderbetreuung und P\u00e4dagogik zu sammeln<\/li>\n<li data-cya11y-org-font-size=\"13\" style=\"font-size: 13px;\">Flexible Arbeitszeiten nach Absprache<\/li>\n<\/ul>\n<p data-cya11y-org-font-size=\"13\" style=\"font-size: 13px;\">Wenn du dich angesprochen f\u00fchlst und eine Leidenschaft f\u00fcr die Arbeit mit Kindern hast, dann z\u00f6gere nicht und bewirb dich jetzt bei uns!<\/p>\n<p data-cya11y-org-font-size=\"13\" style=\"font-size: 13px;\"><strong>Wir freuen uns auf deine Bewerbung.<\/strong><br \/>\n<strong>Sende uns deine Bewerbung an jobs@freizeit-oasen.de<\/strong><\/p>\n<p data-cya11y-org-font-size=\"13\" style=\"font-size: 13px;\"><strong>Vier Jahreszeiten \u2013 Camping-Biggesee<\/strong><br \/>\nCampinggesellschaft am Entenfangsee mbH<br \/>\nAm Sonderner Kopf 3<br \/>\n57462 Olpe<\/p>\n<p data-cya11y-org-font-size=\"13\" style=\"font-size: 13px;\"><strong><span style=\"color: var(--awb-content-color); font-family: var(--awb-content-font-family); font-size: 13px; font-style: var(--awb-content-font-style); letter-spacing: var(--awb-content-letter-spacing); text-transform: var(--awb-content-text-transform); background-color: var(--awb-bg-color);\" data-cya11y-org-font-size=\"13\">Email  <a href=\"mailto:jobs@freizeit-oasen.de\" data-cya11y-org-font-size=\"13\" style=\"font-size: 13px;\">jobs@freizeit-oasen.de<\/a><\/span><\/strong><\/p>\n<\/div><\/div><\/div><\/div><\/div><\/div><\/div><div class=\"xzqv-layout-column xzqv_builder_column xzqv-builder-column-9 xzqv_builder_column_3_4 3_4 xzqv-flex-column\" style=\"--awb-bg-color:#deeaf4;--awb-bg-color-hover:#deeaf4;--awb-bg-size:cover;--awb-width-large:75%;--awb-margin-top-large:0px;--awb-spacing-right-large:1.94%;--awb-margin-bottom-large:60px;--awb-spacing-left-large:1.94%;--awb-width-medium:75%;--awb-order-medium:0;--awb-spacing-right-medium:1.94%;--awb-spacing-left-medium:1.94%;--awb-width-small:100%;--awb-order-small:0;--awb-spacing-right-small:1.455%;--awb-spacing-left-small:1.455%;\"><div class=\"xzqv-column-wrapper xzqv-column-has-shadow xzqv-flex-justify-content-center xzqv-content-layout-column\"><div class=\"xzqv-text xzqv-text-11 xzqv-text-no-margin\" style=\"--awb-margin-top:-20px;--awb-margin-bottom:20px;\"><p><img decoding=\"async\" class=\"alignleft wp-image-17722\" src=\"https:\/\/biggesee.freizeit-oasen.de\/fo_uploads\/2023\/01\/FO_Ausbildung_teaser_01.png\" alt=\"\" width=\"200\" height=\"47\" \/><\/p>\n<\/div><div class=\"accordian xzqv-accordian\" style=\"--awb-padding-right:3%;--awb-padding-left:3%;--awb-border-size:0px;--awb-icon-size:20px;--awb-content-font-size:13px;--awb-icon-alignment:left;--awb-hover-color:#f9f9fb;--awb-border-color:#e2e2e2;--awb-background-color:#ffffff;--awb-divider-color:rgba(21,57,97,0.28);--awb-divider-hover-color:#435b7e;--awb-icon-color:#ffffff;--awb-title-color:#153961;--awb-content-color:#153961;--awb-icon-box-color:var(--awb-color6);--awb-toggle-hover-accent-color:#a0ce4e;--awb-title-font-family:&quot;Oswald&quot;;--awb-title-font-weight:400;--awb-title-font-style:normal;--awb-title-font-size:17px;--awb-title-text-transform:var(--awb-typography1-text-transform);--awb-content-font-family:&quot;Open Sans&quot;;--awb-content-font-style:normal;--awb-content-font-weight:400;\"><div class=\"panel-group xzqv-toggle-icon-boxed\" id=\"accordion-21028-4\"><div class=\"xzqv-panel panel-default panel-898e2d221c13f20ed xzqv-toggle-no-divider\" style=\"--awb-title-text-transform:var(--awb-typography2-text-transform);--awb-title-color:#153961;--awb-content-color:#153961;\"><div class=\"panel-heading\"><h2 class=\"panel-title toggle\" id=\"toggle_898e2d221c13f20ed\"><a aria-expanded=\"false\" aria-controls=\"898e2d221c13f20ed\" role=\"button\" data-toggle=\"collapse\" data-parent=\"#accordion-21028-4\" data-target=\"#898e2d221c13f20ed\" href=\"#898e2d221c13f20ed\"><span class=\"xzqv-toggle-icon-wrapper\" aria-hidden=\"true\"><i class=\"fa-xzqv-box active-icon awb-icon-minus\" aria-hidden=\"true\"><\/i><i class=\"fa-xzqv-box inactive-icon awb-icon-plus\" aria-hidden=\"true\"><\/i><\/span><span class=\"xzqv-toggle-heading\">Kauffrau\/Kaufmann f\u00fcr Tourismus und Freizeit (m\/w\/d)<\/span><\/a><\/h2><\/div><div id=\"898e2d221c13f20ed\" class=\"panel-collapse collapse \" aria-labelledby=\"toggle_898e2d221c13f20ed\"><div class=\"panel-body toggle-content xzqv-clearfix\">\n<p data-cya11y-org-font-size=\"13\" style=\"font-size: 13px;\"><span style=\"color: var(--awb-text-color); font-family: var(--awb-text-font-family); font-size: 13px; font-style: var(--awb-text-font-style); font-weight: var(--awb-text-font-weight); letter-spacing: var(--awb-letter-spacing); text-align: var(--awb-content-alignment); text-transform: var(--awb-text-transform); background-color: var(--awb-bg-color);\" data-cya11y-org-font-size=\"13\">Wir bieten zum <\/span><strong style=\"color: var(--awb-text-color); font-family: var(--awb-text-font-family); font-size: var(--awb-font-size); font-style: var(--awb-text-font-style); letter-spacing: var(--awb-letter-spacing); text-align: var(--awb-content-alignment); text-transform: var(--awb-text-transform); background-color: var(--awb-bg-color);\">01. August 2026<\/strong><span style=\"color: var(--awb-text-color); font-family: var(--awb-text-font-family); font-size: 13px; font-style: var(--awb-text-font-style); font-weight: var(--awb-text-font-weight); letter-spacing: var(--awb-letter-spacing); text-align: var(--awb-content-alignment); text-transform: var(--awb-text-transform); background-color: var(--awb-bg-color);\" data-cya11y-org-font-size=\"13\"> eine <\/span><strong style=\"color: var(--awb-text-color); font-family: var(--awb-text-font-family); font-size: var(--awb-font-size); font-style: var(--awb-text-font-style); letter-spacing: var(--awb-letter-spacing); text-align: var(--awb-content-alignment); text-transform: var(--awb-text-transform); background-color: var(--awb-bg-color);\">Ausbildung zur Kauffrau\/ zum Kaufmann f\u00fcr Tourismus und Freizeit<\/strong><span style=\"color: var(--awb-text-color); font-family: var(--awb-text-font-family); font-size: 13px; font-style: var(--awb-text-font-style); font-weight: var(--awb-text-font-weight); letter-spacing: var(--awb-letter-spacing); text-align: var(--awb-content-alignment); text-transform: var(--awb-text-transform); background-color: var(--awb-bg-color);\" data-cya11y-org-font-size=\"13\"> f\u00fcr unseren Campingplatz <\/span><strong style=\"color: var(--awb-text-color); font-family: var(--awb-text-font-family); font-size: var(--awb-font-size); font-style: var(--awb-text-font-style); letter-spacing: var(--awb-letter-spacing); text-align: var(--awb-content-alignment); text-transform: var(--awb-text-transform); background-color: var(--awb-bg-color);\">Vier Jahreszeiten \u2013 Camping-Biggesee<\/strong><span style=\"color: var(--awb-text-color); font-family: var(--awb-text-font-family); font-size: 13px; font-style: var(--awb-text-font-style); font-weight: var(--awb-text-font-weight); letter-spacing: var(--awb-letter-spacing); text-align: var(--awb-content-alignment); text-transform: var(--awb-text-transform); background-color: var(--awb-bg-color);\" data-cya11y-org-font-size=\"13\">.<\/span><\/p>\n<p data-cya11y-org-font-size=\"13\" style=\"font-size: 13px;\">Du m\u00f6chtest in einem pers\u00f6nlichen Arbeitsumfeld im kleinen Team Deine Ausbildung machen? Du bist neugierig, kontaktfreudig und verantwortungsbewusst? Du bist teamf\u00e4hig und hast Spa\u00df am Umgang und Kontakt mit Menschen unterschiedlichen Alters?<\/p>\n<p data-cya11y-org-font-size=\"13\" style=\"font-size: 13px;\"><strong>W\u00e4hrend deiner Ausbildung auf dem Vier Jahreszeiten Camping Biggesee arbeitest du u.a. in folgenden Bereichen:<\/strong><\/p>\n<ul>\n<li data-cya11y-org-font-size=\"13\" style=\"font-size: 13px;\"><span style=\"color: var(--awb-text-color); font-family: var(--awb-text-font-family); font-size: 13px; font-style: var(--awb-text-font-style); font-weight: var(--awb-text-font-weight); letter-spacing: var(--awb-letter-spacing); text-align: var(--awb-content-alignment); text-transform: var(--awb-text-transform); background-color: var(--awb-bg-color);\" data-cya11y-org-font-size=\"13\">Kundenbetreuung (Telefon- und Mailanfragen beantworten, Betreuung vor Ort)<\/span><\/li>\n<li data-cya11y-org-font-size=\"13\" style=\"font-size: 13px;\"><span style=\"color: var(--awb-text-color); font-family: var(--awb-text-font-family); font-size: 13px; font-style: var(--awb-text-font-style); font-weight: var(--awb-text-font-weight); letter-spacing: var(--awb-letter-spacing); text-align: var(--awb-content-alignment); text-transform: var(--awb-text-transform); background-color: var(--awb-bg-color);\" data-cya11y-org-font-size=\"13\">Check-in und Check-out der G\u00e4ste<\/span><\/li>\n<li data-cya11y-org-font-size=\"13\" style=\"font-size: 13px;\"><span style=\"color: var(--awb-text-color); font-family: var(--awb-text-font-family); font-size: 13px; font-style: var(--awb-text-font-style); font-weight: var(--awb-text-font-weight); letter-spacing: var(--awb-letter-spacing); text-align: var(--awb-content-alignment); text-transform: var(--awb-text-transform); background-color: var(--awb-bg-color);\" data-cya11y-org-font-size=\"13\">Beratung zu Ausflugszielen in der Region<\/span><\/li>\n<li data-cya11y-org-font-size=\"13\" style=\"font-size: 13px;\"><span style=\"color: var(--awb-text-color); font-family: var(--awb-text-font-family); font-size: 13px; font-style: var(--awb-text-font-style); font-weight: var(--awb-text-font-weight); letter-spacing: var(--awb-letter-spacing); text-align: var(--awb-content-alignment); text-transform: var(--awb-text-transform); background-color: var(--awb-bg-color);\" data-cya11y-org-font-size=\"13\">Veranstaltungen planen und durchf\u00fchren<\/span><\/li>\n<li data-cya11y-org-font-size=\"13\" style=\"font-size: 13px;\"><span style=\"color: var(--awb-text-color); font-family: var(--awb-text-font-family); font-size: 13px; font-style: var(--awb-text-font-style); font-weight: var(--awb-text-font-weight); letter-spacing: var(--awb-letter-spacing); text-align: var(--awb-content-alignment); text-transform: var(--awb-text-transform); background-color: var(--awb-bg-color);\" data-cya11y-org-font-size=\"13\">Social Media Aktivit\u00e4ten planen<\/span><\/li>\n<\/ul>\n<p data-cya11y-org-font-size=\"13\" style=\"font-size: 13px;\"><strong>In der Berufsschule am Alfred-M\u00fcller-Armack Berufskolleg in K\u00f6ln lernst Du:<\/strong><\/p>\n<ul>\n<li data-cya11y-org-font-size=\"13\" style=\"font-size: 13px;\">Welche Faktoren Deutschland zu einem attraktiven Reiseland machen<\/li>\n<li data-cya11y-org-font-size=\"13\" style=\"font-size: 13px;\">Wie man ein touristisches Produkt entwickelt (Projektarbeiten)<\/li>\n<li data-cya11y-org-font-size=\"13\" style=\"font-size: 13px;\">Wie man seine Produkte richtig vermarktet<\/li>\n<li data-cya11y-org-font-size=\"13\" style=\"font-size: 13px;\">und vieles mehr\u2026<\/li>\n<\/ul>\n<p data-cya11y-org-font-size=\"13\" style=\"font-size: 13px;\"><strong>Wir w\u00fcnschen<\/strong><\/p>\n<ul>\n<li data-cya11y-org-font-size=\"13\" style=\"font-size: 13px;\">Mindestens einen Realschulabschluss<\/li>\n<li data-cya11y-org-font-size=\"13\" style=\"font-size: 13px;\">Interesse an Camping und Natur<\/li>\n<li data-cya11y-org-font-size=\"13\" style=\"font-size: 13px;\">Lernbereitschaft, Zuverl\u00e4ssigkeit und Genauigkeit<\/li>\n<li data-cya11y-org-font-size=\"13\" style=\"font-size: 13px;\">Kundenfreundliches und serviceorientiertes Auftreten<\/li>\n<li data-cya11y-org-font-size=\"13\" style=\"font-size: 13px;\">Gutes schriftliches und m\u00fcndliches Ausdrucksverm\u00f6gen<\/li>\n<li data-cya11y-org-font-size=\"13\" style=\"font-size: 13px;\">Gute Kenntnisse in MS-Office<\/li>\n<li data-cya11y-org-font-size=\"13\" style=\"font-size: 13px;\">Bereitschaft zu Wochenend- und Feiertagsdiensten<\/li>\n<\/ul>\n<p data-cya11y-org-font-size=\"13\" style=\"font-size: 13px;\"><strong>Wir bieten<\/strong><\/p>\n<ul>\n<li data-cya11y-org-font-size=\"13\" style=\"font-size: 13px;\">Einen zukunftssicheren Ausbildungsplatz in einem freundlichen und motivierten Team<\/li>\n<li data-cya11y-org-font-size=\"13\" style=\"font-size: 13px;\">Ein angenehmes Arbeitsumfeld (Arbeiten wo andere Urlaub machen)<\/li>\n<li data-cya11y-org-font-size=\"13\" style=\"font-size: 13px;\">Vielseitige Arbeit und die M\u00f6glichkeit, dich mit deinen Ideen einzubringen und mit de, Team umzusetzen.<\/li>\n<\/ul>\n<p data-cya11y-org-font-size=\"13\" style=\"font-size: 13px;\"><strong>Wir freuen uns auf Deine aussagekr\u00e4ftige Bewerbung!<\/strong><\/p>\n<p data-cya11y-org-font-size=\"13\" style=\"font-size: 13px;\"><span style=\"color: var(--awb-text-color); font-family: var(--awb-text-font-family); font-size: 13px; font-style: var(--awb-text-font-style); font-weight: var(--awb-text-font-weight); letter-spacing: var(--awb-letter-spacing); text-align: var(--awb-content-alignment); text-transform: var(--awb-text-transform); background-color: var(--awb-bg-color);\" data-cya11y-org-font-size=\"13\"><strong>Vier Jahreszeiten \u2013 Camping-Biggesee<\/strong><br \/>\n<\/span><span style=\"color: var(--awb-text-color); font-family: var(--awb-text-font-family); font-size: 13px; font-style: var(--awb-text-font-style); font-weight: var(--awb-text-font-weight); letter-spacing: var(--awb-letter-spacing); text-align: var(--awb-content-alignment); text-transform: var(--awb-text-transform); background-color: var(--awb-bg-color);\" data-cya11y-org-font-size=\"13\">Am Sonderner Kopf 3<br \/>\n<\/span><span style=\"color: var(--awb-text-color); font-family: var(--awb-text-font-family); font-size: 13px; font-style: var(--awb-text-font-style); font-weight: var(--awb-text-font-weight); letter-spacing: var(--awb-letter-spacing); text-align: var(--awb-content-alignment); text-transform: var(--awb-text-transform); background-color: var(--awb-bg-color);\" data-cya11y-org-font-size=\"13\">57462 Olpe-Sondern<\/span><\/p>\n<p data-cya11y-org-font-size=\"13\" style=\"font-size: 13px;\"><strong><span style=\"color: var(--awb-text-color); font-family: var(--awb-text-font-family); font-size: 13px; font-style: var(--awb-text-font-style); letter-spacing: var(--awb-letter-spacing); text-align: var(--awb-content-alignment); text-transform: var(--awb-text-transform); background-color: var(--awb-bg-color);\" data-cya11y-org-font-size=\"13\">Email <a href=\"mailto:jobs@freizeit-oasen.de\" data-cya11y-org-font-size=\"13\" style=\"font-size: 13px;\">jobs@freizeit-oasen.de<\/a><\/span><\/strong><\/p>\n<\/div><\/div><\/div><div class=\"xzqv-panel panel-default panel-2b1880055d97c1459 xzqv-toggle-no-divider\" style=\"--awb-title-color:#153961;--awb-content-color:#153961;\"><div class=\"panel-heading\"><h2 class=\"panel-title toggle\" id=\"toggle_2b1880055d97c1459\"><a aria-expanded=\"false\" aria-controls=\"2b1880055d97c1459\" role=\"button\" data-toggle=\"collapse\" data-parent=\"#accordion-21028-4\" data-target=\"#2b1880055d97c1459\" href=\"#2b1880055d97c1459\"><span class=\"xzqv-toggle-icon-wrapper\" aria-hidden=\"true\"><i class=\"fa-xzqv-box active-icon awb-icon-minus\" aria-hidden=\"true\"><\/i><i class=\"fa-xzqv-box inactive-icon awb-icon-plus\" aria-hidden=\"true\"><\/i><\/span><span class=\"xzqv-toggle-heading\">Hotelfachfrau\/Hotelfachmann (m\/w\/d)<\/span><\/a><\/h2><\/div><div id=\"2b1880055d97c1459\" class=\"panel-collapse collapse \" aria-labelledby=\"toggle_2b1880055d97c1459\"><div class=\"panel-body toggle-content xzqv-clearfix\">\n<p data-cya11y-org-font-size=\"13\" style=\"font-size: 13px;\"><span style=\"color: var(--awb-text-color); font-family: var(--awb-text-font-family); font-size: 13px; font-style: var(--awb-text-font-style); font-weight: var(--awb-text-font-weight); letter-spacing: var(--awb-letter-spacing); text-align: var(--awb-content-alignment); text-transform: var(--awb-text-transform); background-color: var(--awb-bg-color);\" data-cya11y-org-font-size=\"13\">Wir bieten zum <\/span><strong style=\"color: var(--awb-text-color); font-family: var(--awb-text-font-family); font-size: var(--awb-font-size); font-style: var(--awb-text-font-style); letter-spacing: var(--awb-letter-spacing); text-align: var(--awb-content-alignment); text-transform: var(--awb-text-transform); background-color: var(--awb-bg-color);\">01. August 2026<\/strong><span style=\"color: var(--awb-text-color); font-family: var(--awb-text-font-family); font-size: 13px; font-style: var(--awb-text-font-style); font-weight: var(--awb-text-font-weight); letter-spacing: var(--awb-letter-spacing); text-align: var(--awb-content-alignment); text-transform: var(--awb-text-transform); background-color: var(--awb-bg-color);\" data-cya11y-org-font-size=\"13\"> eine <\/span><strong style=\"color: var(--awb-text-color); font-family: var(--awb-text-font-family); font-size: var(--awb-font-size); font-style: var(--awb-text-font-style); letter-spacing: var(--awb-letter-spacing); text-align: var(--awb-content-alignment); text-transform: var(--awb-text-transform); background-color: var(--awb-bg-color);\">Ausbildung zur Hotelfachfrau\/ zum Hotelfachmann <\/strong><span style=\"color: var(--awb-text-color); font-family: var(--awb-text-font-family); font-size: 13px; font-style: var(--awb-text-font-style); font-weight: var(--awb-text-font-weight); letter-spacing: var(--awb-letter-spacing); text-align: var(--awb-content-alignment); text-transform: var(--awb-text-transform); background-color: var(--awb-bg-color);\" data-cya11y-org-font-size=\"13\">f\u00fcr <\/span><span style=\"color: var(--awb-content-color); font-family: var(--awb-content-font-family); font-size: 13px; font-style: var(--awb-content-font-style); font-weight: var(--awb-content-font-weight); letter-spacing: var(--awb-content-letter-spacing); text-transform: var(--awb-content-text-transform); background-color: var(--awb-bg-color);\" data-cya11y-org-font-size=\"13\">unseren Campingplatz <\/span><span style=\"color: var(--awb-content-color); font-family: var(--awb-content-font-family); font-size: 13px; font-style: var(--awb-content-font-style); letter-spacing: var(--awb-content-letter-spacing); text-transform: var(--awb-content-text-transform); background-color: var(--awb-bg-color);\" data-cya11y-org-font-size=\"13\"><b>Vier Jahreszeiten \u2013 Camping-Biggesee<\/b><\/span><span style=\"color: var(--awb-content-color); font-family: var(--awb-content-font-family); font-size: 13px; font-style: var(--awb-content-font-style); font-weight: var(--awb-content-font-weight); letter-spacing: var(--awb-content-letter-spacing); text-transform: var(--awb-content-text-transform); background-color: var(--awb-bg-color);\" data-cya11y-org-font-size=\"13\">.<\/span><\/p>\n<p data-cya11y-org-font-size=\"13\" style=\"font-size: 13px;\">Du m\u00f6chtest in einem pers\u00f6nlichen Arbeitsumfeld im kleinen Team Deine Ausbildung machen? Du bist neugierig, kontaktfreudig und verantwortungsbewusst? Du bist teamf\u00e4hig und hast Spa\u00df am Umgang und Kontakt mit Menschen unterschiedlichen Alters?<\/p>\n<p data-cya11y-org-font-size=\"13\" style=\"font-size: 13px;\"><strong>W\u00e4hrend deiner Ausbildung<\/strong><\/p>\n<ul>\n<li data-cya11y-org-font-size=\"13\" style=\"font-size: 13px;\">empf\u00e4ngst du G\u00e4ste an der Rezeption und ber\u00e4tst zu verschiedenen Themen<\/li>\n<li data-cya11y-org-font-size=\"13\" style=\"font-size: 13px;\">betreust du G\u00e4ste w\u00e4hrend ihres gesamten Aufenthaltes<\/li>\n<li data-cya11y-org-font-size=\"13\" style=\"font-size: 13px;\">vermarktest du den Campingplatz und seine Angebote<\/li>\n<li data-cya11y-org-font-size=\"13\" style=\"font-size: 13px;\">lernst du unser Veranstaltungsangebot kennen<\/li>\n<li data-cya11y-org-font-size=\"13\" style=\"font-size: 13px;\">Begleitest du unsere Kinderanimation in den Ferien<\/li>\n<li data-cya11y-org-font-size=\"13\" style=\"font-size: 13px;\">bereitest du Mietobjekte vor<\/li>\n<li data-cya11y-org-font-size=\"13\" style=\"font-size: 13px;\">Planst du Social Media-Beitr\u00e4ge<\/li>\n<\/ul>\n<p data-cya11y-org-font-size=\"13\" style=\"font-size: 13px;\"><strong>Im Berufskolleg AHS in Siegen lernst Du:<\/strong><\/p>\n<ul>\n<li data-cya11y-org-font-size=\"13\" style=\"font-size: 13px;\">Welche Faktoren Deutschland zu einem attraktiven Reiseland machen<\/li>\n<li data-cya11y-org-font-size=\"13\" style=\"font-size: 13px;\">Wie man ein touristisches Produkt entwickelt (Projektarbeiten)<\/li>\n<li data-cya11y-org-font-size=\"13\" style=\"font-size: 13px;\">Wie man seine Produkte richtig vermarktet<\/li>\n<li data-cya11y-org-font-size=\"13\" style=\"font-size: 13px;\">und vieles mehr\u2026<\/li>\n<\/ul>\n<p data-cya11y-org-font-size=\"13\" style=\"font-size: 13px;\"><strong>Wir w\u00fcnschen<\/strong><\/p>\n<ul>\n<li data-cya11y-org-font-size=\"13\" style=\"font-size: 13px;\">Mindestens einen Realschulabschluss<\/li>\n<li data-cya11y-org-font-size=\"13\" style=\"font-size: 13px;\">Interesse an Camping und Natur<\/li>\n<li data-cya11y-org-font-size=\"13\" style=\"font-size: 13px;\">Lernbereitschaft, Zuverl\u00e4ssigkeit und Genauigkeit<\/li>\n<li data-cya11y-org-font-size=\"13\" style=\"font-size: 13px;\">Kundenfreundliches und serviceorientiertes Auftreten<\/li>\n<li data-cya11y-org-font-size=\"13\" style=\"font-size: 13px;\">Gutes schriftliches und m\u00fcndliches Ausdrucksverm\u00f6gen<\/li>\n<li data-cya11y-org-font-size=\"13\" style=\"font-size: 13px;\">Gute Kenntnisse in MS-Office<\/li>\n<li data-cya11y-org-font-size=\"13\" style=\"font-size: 13px;\">Bereitschaft zu Wochenend- und Feiertagsdiensten<\/li>\n<\/ul>\n<p data-cya11y-org-font-size=\"13\" style=\"font-size: 13px;\"><strong>Wir bieten<\/strong><\/p>\n<ul>\n<li data-cya11y-org-font-size=\"13\" style=\"font-size: 13px;\">Einen zukunftssicheren Ausbildungsplatz in einem freundlichen und motivierten Team<\/li>\n<li data-cya11y-org-font-size=\"13\" style=\"font-size: 13px;\">Ein angenehmes Arbeitsumfeld (Arbeiten wo andere Urlaub machen)<\/li>\n<li data-cya11y-org-font-size=\"13\" style=\"font-size: 13px;\">Vielseitige Arbeit und die M\u00f6glichkeit, dich mit deinen Ideen einzubringen und mit dem Team umzusetzen.<\/li>\n<\/ul>\n<p data-cya11y-org-font-size=\"13\" style=\"font-size: 13px;\"><strong>Wir freuen uns auf Deine aussagekr\u00e4ftige Bewerbung!<\/strong><\/p>\n<p data-cya11y-org-font-size=\"13\" style=\"font-size: 13px;\"><span style=\"color: var(--awb-text-color); font-family: var(--awb-text-font-family); font-size: 13px; font-style: var(--awb-text-font-style); font-weight: var(--awb-text-font-weight); letter-spacing: var(--awb-letter-spacing); text-align: var(--awb-content-alignment); text-transform: var(--awb-text-transform); background-color: var(--awb-bg-color);\" data-cya11y-org-font-size=\"13\"><strong>Vier Jahreszeiten \u2013 Camping-Biggesee<\/strong><br \/>\n<\/span><span style=\"color: var(--awb-text-color); font-family: var(--awb-text-font-family); font-size: 13px; font-style: var(--awb-text-font-style); font-weight: var(--awb-text-font-weight); letter-spacing: var(--awb-letter-spacing); text-align: var(--awb-content-alignment); text-transform: var(--awb-text-transform); background-color: var(--awb-bg-color);\" data-cya11y-org-font-size=\"13\">Am Sonderner Kopf 3<br \/>\n<\/span><span style=\"color: var(--awb-text-color); font-family: var(--awb-text-font-family); font-size: 13px; font-style: var(--awb-text-font-style); font-weight: var(--awb-text-font-weight); letter-spacing: var(--awb-letter-spacing); text-align: var(--awb-content-alignment); text-transform: var(--awb-text-transform); background-color: var(--awb-bg-color);\" data-cya11y-org-font-size=\"13\">57462 Olpe-Sondern<\/span><\/p>\n<p data-cya11y-org-font-size=\"13\" style=\"font-size: 13px;\"><strong><span style=\"color: var(--awb-text-color); font-family: var(--awb-text-font-family); font-size: 13px; font-style: var(--awb-text-font-style); letter-spacing: var(--awb-letter-spacing); text-align: var(--awb-content-alignment); text-transform: var(--awb-text-transform); background-color: var(--awb-bg-color);\" data-cya11y-org-font-size=\"13\">Email <a href=\"mailto:jobs@freizeit-oasen.de\" data-cya11y-org-font-size=\"13\" style=\"font-size: 13px;\">jobs@freizeit-oasen.de<\/a><\/span><\/strong><\/p>\n<\/div><\/div><\/div><div class=\"xzqv-panel panel-default panel-2e2276cbf82796706 xzqv-toggle-no-divider\" style=\"--awb-title-color:#153961;--awb-content-color:#153961;\"><div class=\"panel-heading\"><h2 class=\"panel-title toggle\" id=\"toggle_2e2276cbf82796706\"><a aria-expanded=\"false\" aria-controls=\"2e2276cbf82796706\" role=\"button\" data-toggle=\"collapse\" data-parent=\"#accordion-21028-4\" data-target=\"#2e2276cbf82796706\" href=\"#2e2276cbf82796706\"><span class=\"xzqv-toggle-icon-wrapper\" aria-hidden=\"true\"><i class=\"fa-xzqv-box active-icon awb-icon-minus\" aria-hidden=\"true\"><\/i><i class=\"fa-xzqv-box inactive-icon awb-icon-plus\" aria-hidden=\"true\"><\/i><\/span><span class=\"xzqv-toggle-heading\">Schreiner\/in \/Tischler\/in (m\/w\/d)<\/span><\/a><\/h2><\/div><div id=\"2e2276cbf82796706\" class=\"panel-collapse collapse \" aria-labelledby=\"toggle_2e2276cbf82796706\"><div class=\"panel-body toggle-content xzqv-clearfix\">\n<p data-cya11y-org-font-size=\"13\" style=\"font-size: 13px;\"><span style=\"color: var(--awb-text-color); font-family: var(--awb-text-font-family); font-size: 13px; font-style: var(--awb-text-font-style); font-weight: var(--awb-text-font-weight); letter-spacing: var(--awb-letter-spacing); text-align: var(--awb-content-alignment); text-transform: var(--awb-text-transform); background-color: var(--awb-bg-color);\" data-cya11y-org-font-size=\"13\">Wir bieten zum <\/span><strong style=\"color: var(--awb-text-color); font-family: var(--awb-text-font-family); font-size: var(--awb-font-size); font-style: var(--awb-text-font-style); letter-spacing: var(--awb-letter-spacing); text-align: var(--awb-content-alignment); text-transform: var(--awb-text-transform); background-color: var(--awb-bg-color);\">01. August 2026<\/strong><span style=\"color: var(--awb-text-color); font-family: var(--awb-text-font-family); font-size: 13px; font-style: var(--awb-text-font-style); font-weight: var(--awb-text-font-weight); letter-spacing: var(--awb-letter-spacing); text-align: var(--awb-content-alignment); text-transform: var(--awb-text-transform); background-color: var(--awb-bg-color);\" data-cya11y-org-font-size=\"13\"> eine <\/span><strong style=\"color: var(--awb-text-color); font-family: var(--awb-text-font-family); font-size: var(--awb-font-size); font-style: var(--awb-text-font-style); letter-spacing: var(--awb-letter-spacing); text-align: var(--awb-content-alignment); text-transform: var(--awb-text-transform); background-color: var(--awb-bg-color);\">Ausbildung zur\/zum Schreiner\/in Tischler\/in <\/strong><span style=\"color: var(--awb-text-color); font-family: var(--awb-text-font-family); font-size: 13px; font-style: var(--awb-text-font-style); font-weight: var(--awb-text-font-weight); letter-spacing: var(--awb-letter-spacing); text-align: var(--awb-content-alignment); text-transform: var(--awb-text-transform); background-color: var(--awb-bg-color);\" data-cya11y-org-font-size=\"13\">f\u00fcr <\/span><span style=\"color: var(--awb-content-color); font-family: var(--awb-content-font-family); font-size: 13px; font-style: var(--awb-content-font-style); font-weight: var(--awb-content-font-weight); letter-spacing: var(--awb-content-letter-spacing); text-transform: var(--awb-content-text-transform); background-color: var(--awb-bg-color);\" data-cya11y-org-font-size=\"13\">unseren Campingplatz <\/span><span style=\"color: var(--awb-content-color); font-family: var(--awb-content-font-family); font-size: 13px; font-style: var(--awb-content-font-style); letter-spacing: var(--awb-content-letter-spacing); text-transform: var(--awb-content-text-transform); background-color: var(--awb-bg-color);\" data-cya11y-org-font-size=\"13\"><b>Vier Jahreszeiten \u2013 Camping-Biggesee<\/b><\/span><span style=\"color: var(--awb-content-color); font-family: var(--awb-content-font-family); font-size: 13px; font-style: var(--awb-content-font-style); font-weight: var(--awb-content-font-weight); letter-spacing: var(--awb-content-letter-spacing); text-transform: var(--awb-content-text-transform); background-color: var(--awb-bg-color);\" data-cya11y-org-font-size=\"13\">.<\/span><\/p>\n<p data-cya11y-org-font-size=\"13\" style=\"font-size: 13px;\">Du m\u00f6chtest in einem pers\u00f6nlichen Arbeitsumfeld im kleinen Team Deine Ausbildung machen? Du bist neugierig, kontaktfreudig und verantwortungsbewusst? Du bist teamf\u00e4hig und hast Spa\u00df an der Bearbeitung von Holz und andern Naturmaterialien.<\/p>\n<p data-cya11y-org-font-size=\"13\" style=\"font-size: 13px;\"><b>Deine neuen Aufgaben:<\/b><\/p>\n<p data-cya11y-org-font-size=\"13\" style=\"font-size: 13px;\"><span style=\"color: var(--awb-text-color); font-family: var(--awb-text-font-family); font-size: 13px; font-style: var(--awb-text-font-style); font-weight: var(--awb-text-font-weight); letter-spacing: var(--awb-letter-spacing); text-align: var(--awb-content-alignment); text-transform: var(--awb-text-transform); background-color: var(--awb-bg-color);\" data-cya11y-org-font-size=\"13\">W\u00e4hrend der dreij\u00e4hrigen Ausbildung erh\u00e4ltst Du einen umfangreichen \u00dcberblick \u00fcber die T\u00e4tigkeiten des Schreiners m\/w\/d. <\/span><span style=\"color: var(--awb-text-color); font-family: var(--awb-text-font-family); font-size: 13px; font-style: var(--awb-text-font-style); font-weight: var(--awb-text-font-weight); letter-spacing: var(--awb-letter-spacing); text-align: var(--awb-content-alignment); text-transform: var(--awb-text-transform); background-color: var(--awb-bg-color);\" data-cya11y-org-font-size=\"13\">Das theoretische Wissen vermittelt Dir die Berufsschule, bei uns wirst Du es in die Tat umsetzen k\u00f6nnen.<\/span><\/p>\n<p data-cya11y-org-font-size=\"13\" style=\"font-size: 13px;\"><b>Das bringst du mit:<\/b><\/p>\n<ul>\n<li data-cya11y-org-font-size=\"13\" style=\"font-size: 13px;\">Eine abgeschlossene Schulausbildung bei Ausbildungsbeginn<\/li>\n<li data-cya11y-org-font-size=\"13\" style=\"font-size: 13px;\">Interesse an Holzbearbeitung, Oberfl\u00e4chenbehandlung und Zusammenbauen<\/li>\n<li data-cya11y-org-font-size=\"13\" style=\"font-size: 13px;\">Interesse an handwerklichen und praktischen Arbeiten<\/li>\n<li data-cya11y-org-font-size=\"13\" style=\"font-size: 13px;\">Kreativit\u00e4t<\/li>\n<li data-cya11y-org-font-size=\"13\" style=\"font-size: 13px;\">r\u00e4umliches und technisches Verst\u00e4ndnis<\/li>\n<li data-cya11y-org-font-size=\"13\" style=\"font-size: 13px;\">ein offenes und kommunikatives Wesen<\/li>\n<\/ul>\n<p data-cya11y-org-font-size=\"13\" style=\"font-size: 13px;\"><strong>Wir bieten<\/strong><\/p>\n<ul>\n<li data-cya11y-org-font-size=\"13\" style=\"font-size: 13px;\">Einen zukunftssicheren Ausbildungsplatz in einem freundlichen und motivierten Team<\/li>\n<li data-cya11y-org-font-size=\"13\" style=\"font-size: 13px;\">Ein angenehmes Arbeitsumfeld (Arbeiten wo andere Urlaub machen)<\/li>\n<li data-cya11y-org-font-size=\"13\" style=\"font-size: 13px;\">Vielseitige Arbeit und die M\u00f6glichkeit, dich mit deinen Ideen einzubringen und mit de, Team umzusetzen.<\/li>\n<\/ul>\n<p data-cya11y-org-font-size=\"13\" style=\"font-size: 13px;\"><strong>Wir freuen uns auf Deine aussagekr\u00e4ftige Bewerbung!<\/strong><\/p>\n<p data-cya11y-org-font-size=\"13\" style=\"font-size: 13px;\"><span style=\"color: var(--awb-text-color); font-family: var(--awb-text-font-family); font-size: 13px; font-style: var(--awb-text-font-style); font-weight: var(--awb-text-font-weight); letter-spacing: var(--awb-letter-spacing); text-align: var(--awb-content-alignment); text-transform: var(--awb-text-transform); background-color: var(--awb-bg-color);\" data-cya11y-org-font-size=\"13\"><strong>Vier Jahreszeiten \u2013 Camping-Biggesee<\/strong><br \/>\n<\/span><span style=\"color: var(--awb-text-color); font-family: var(--awb-text-font-family); font-size: 13px; font-style: var(--awb-text-font-style); font-weight: var(--awb-text-font-weight); letter-spacing: var(--awb-letter-spacing); text-align: var(--awb-content-alignment); text-transform: var(--awb-text-transform); background-color: var(--awb-bg-color);\" data-cya11y-org-font-size=\"13\">Am Sonderner Kopf 3<br \/>\n<\/span><span style=\"color: var(--awb-text-color); font-family: var(--awb-text-font-family); font-size: 13px; font-style: var(--awb-text-font-style); font-weight: var(--awb-text-font-weight); letter-spacing: var(--awb-letter-spacing); text-align: var(--awb-content-alignment); text-transform: var(--awb-text-transform); background-color: var(--awb-bg-color);\" data-cya11y-org-font-size=\"13\">57462 Olpe-Sondern<\/span><\/p>\n<p data-cya11y-org-font-size=\"13\" style=\"font-size: 13px;\"><strong><span style=\"color: var(--awb-text-color); font-family: var(--awb-text-font-family); font-size: 13px; font-style: var(--awb-text-font-style); letter-spacing: var(--awb-letter-spacing); text-align: var(--awb-content-alignment); text-transform: var(--awb-text-transform); background-color: var(--awb-bg-color);\" data-cya11y-org-font-size=\"13\">Email <a href=\"mailto:jobs@freizeit-oasen.de\" data-cya11y-org-font-size=\"13\" style=\"font-size: 13px;\">jobs@freizeit-oasen.de<\/a><\/span><\/strong><\/p>\n<\/div><\/div><\/div><div class=\"xzqv-panel panel-default panel-85222d0af810c838d xzqv-toggle-no-divider\" style=\"--awb-title-color:#153961;--awb-content-color:#153961;\"><div class=\"panel-heading\"><h2 class=\"panel-title toggle\" id=\"toggle_85222d0af810c838d\"><a aria-expanded=\"false\" aria-controls=\"85222d0af810c838d\" role=\"button\" data-toggle=\"collapse\" data-parent=\"#accordion-21028-4\" data-target=\"#85222d0af810c838d\" href=\"#85222d0af810c838d\"><span class=\"xzqv-toggle-icon-wrapper\" aria-hidden=\"true\"><i class=\"fa-xzqv-box active-icon awb-icon-minus\" aria-hidden=\"true\"><\/i><i class=\"fa-xzqv-box inactive-icon awb-icon-plus\" aria-hidden=\"true\"><\/i><\/span><span class=\"xzqv-toggle-heading\">Gartenlandschaftsg\u00e4rtner\/in GaLaBau (m\/w\/d)<\/span><\/a><\/h2><\/div><div id=\"85222d0af810c838d\" class=\"panel-collapse collapse \" aria-labelledby=\"toggle_85222d0af810c838d\"><div class=\"panel-body toggle-content xzqv-clearfix\">\n<p data-cya11y-org-font-size=\"13\" style=\"font-size: 13px;\"><span style=\"color: var(--awb-text-color); font-family: var(--awb-text-font-family); font-size: 13px; font-style: var(--awb-text-font-style); font-weight: var(--awb-text-font-weight); letter-spacing: var(--awb-letter-spacing); text-align: var(--awb-content-alignment); text-transform: var(--awb-text-transform); background-color: var(--awb-bg-color);\" data-cya11y-org-font-size=\"13\">Wir bieten zum <\/span><strong style=\"color: var(--awb-text-color); font-family: var(--awb-text-font-family); font-size: var(--awb-font-size); font-style: var(--awb-text-font-style); letter-spacing: var(--awb-letter-spacing); text-align: var(--awb-content-alignment); text-transform: var(--awb-text-transform); background-color: var(--awb-bg-color);\">01. August 2026<\/strong><span style=\"color: var(--awb-text-color); font-family: var(--awb-text-font-family); font-size: 13px; font-style: var(--awb-text-font-style); font-weight: var(--awb-text-font-weight); letter-spacing: var(--awb-letter-spacing); text-align: var(--awb-content-alignment); text-transform: var(--awb-text-transform); background-color: var(--awb-bg-color);\" data-cya11y-org-font-size=\"13\"> eine <\/span><strong style=\"color: var(--awb-text-color); font-family: var(--awb-text-font-family); font-size: var(--awb-font-size); font-style: var(--awb-text-font-style); letter-spacing: var(--awb-letter-spacing); text-align: var(--awb-content-alignment); text-transform: var(--awb-text-transform); background-color: var(--awb-bg-color);\">Ausbildung zur\/zum Gartenlandschaftsg\u00e4rtner <\/strong><span style=\"color: var(--awb-text-color); font-family: var(--awb-text-font-family); font-size: 13px; font-style: var(--awb-text-font-style); font-weight: var(--awb-text-font-weight); letter-spacing: var(--awb-letter-spacing); text-align: var(--awb-content-alignment); text-transform: var(--awb-text-transform); background-color: var(--awb-bg-color);\" data-cya11y-org-font-size=\"13\">f\u00fcr <\/span><span style=\"color: var(--awb-content-color); font-family: var(--awb-content-font-family); font-size: 13px; font-style: var(--awb-content-font-style); font-weight: var(--awb-content-font-weight); letter-spacing: var(--awb-content-letter-spacing); text-transform: var(--awb-content-text-transform); background-color: var(--awb-bg-color);\" data-cya11y-org-font-size=\"13\">unseren Campingplatz <\/span><span style=\"color: var(--awb-content-color); font-family: var(--awb-content-font-family); font-size: 13px; font-style: var(--awb-content-font-style); letter-spacing: var(--awb-content-letter-spacing); text-transform: var(--awb-content-text-transform); background-color: var(--awb-bg-color);\" data-cya11y-org-font-size=\"13\"><b>Vier Jahreszeiten \u2013 Camping-Biggesee.<\/b><\/span><\/p>\n<p data-cya11y-org-font-size=\"13\" style=\"font-size: 13px;\">Du m\u00f6chtest in einem pers\u00f6nlichen Arbeitsumfeld im kleinen Team Deine Ausbildung machen? Du bist neugierig, kontaktfreudig und verantwortungsbewusst? Du bist teamf\u00e4hig und hast einen gr\u00fcnen Daumen.<\/p>\n<p data-cya11y-org-font-size=\"13\" style=\"font-size: 13px;\"><b>Das erwartet dich:<\/b><\/p>\n<p data-cya11y-org-font-size=\"13\" style=\"font-size: 13px;\">Die dreij\u00e4hrige Ausbildung zum Landschaftsg\u00e4rtner l\u00e4uft auf zwei Ebenen ab: Im <strong>Betrieb<\/strong>, wo die Auszubildenden die g\u00e4rtnerische Praxis von der Pike auf lernen, und in der <strong>Berufsschule<\/strong> beim theoretischen Unterricht. Der ist aber nicht wie in einer allgemeinen Schule, sondern zugeschnitten auf den Berufsalltag: Dinge, die Du hier lernst, kannst Du bei Deiner Arbeit auch direkt anwenden.<\/p>\n<p data-cya11y-org-font-size=\"13\" style=\"font-size: 13px;\">Das sind zum Beispiel<\/p>\n<ul>\n<li data-cya11y-org-font-size=\"13\" style=\"font-size: 13px;\">Pflanzenkunde<\/li>\n<li data-cya11y-org-font-size=\"13\" style=\"font-size: 13px;\">Technik<\/li>\n<li data-cya11y-org-font-size=\"13\" style=\"font-size: 13px;\">Mathe<\/li>\n<\/ul>\n<p data-cya11y-org-font-size=\"13\" style=\"font-size: 13px;\">Au\u00dferdem gibt es noch <strong>\u00fcberbetriebliche Lehrg\u00e4nge<\/strong>, wo angehende Landschaftsg\u00e4rtner z. B. lernen, wie sie mit der Motors\u00e4ge umzugehen haben oder wie sie Natursteine verarbeiten.<\/p>\n<p data-cya11y-org-font-size=\"13\" style=\"font-size: 13px;\"><strong>Du solltest Landschaftsg\u00e4rtnerIn werden, wenn \u2026<\/strong><\/p>\n<ol data-cya11y-org-font-size=\"13\" style=\"font-size: 13px;\">\n<li data-cya11y-org-font-size=\"13\" style=\"font-size: 13px;\">dir schwere Arbeit nichts ausmacht.<\/li>\n<li data-cya11y-org-font-size=\"13\" style=\"font-size: 13px;\">du gerne drau\u00dfen bist.<\/li>\n<li data-cya11y-org-font-size=\"13\" style=\"font-size: 13px;\">Schmutz am Arbeitsplatz f\u00fcr dich kein Problem darstellt<\/li>\n<\/ol>\n<p data-cya11y-org-font-size=\"13\" style=\"font-size: 13px;\"><strong>Wir bieten<\/strong><\/p>\n<ul>\n<li data-cya11y-org-font-size=\"13\" style=\"font-size: 13px;\">Einen zukunftssicheren Ausbildungsplatz in einem freundlichen und motivierten Team<\/li>\n<li data-cya11y-org-font-size=\"13\" style=\"font-size: 13px;\">Ein angenehmes Arbeitsumfeld (Arbeiten wo andere Urlaub machen)<\/li>\n<li data-cya11y-org-font-size=\"13\" style=\"font-size: 13px;\">Vielseitige Arbeit und die M\u00f6glichkeit, dich mit deinen Ideen einzubringen und mit de, Team umzusetzen.<\/li>\n<\/ul>\n<p data-cya11y-org-font-size=\"13\" style=\"font-size: 13px;\"><strong>Wir freuen uns auf Deine aussagekr\u00e4ftige Bewerbung!<\/strong><\/p>\n<p data-cya11y-org-font-size=\"13\" style=\"font-size: 13px;\"><span style=\"color: var(--awb-text-color); font-family: var(--awb-text-font-family); font-size: 13px; font-style: var(--awb-text-font-style); font-weight: var(--awb-text-font-weight); letter-spacing: var(--awb-letter-spacing); text-align: var(--awb-content-alignment); text-transform: var(--awb-text-transform); background-color: var(--awb-bg-color);\" data-cya11y-org-font-size=\"13\"><strong>Vier Jahreszeiten \u2013 Camping-Biggesee<\/strong><br \/>\n<\/span><span style=\"color: var(--awb-text-color); font-family: var(--awb-text-font-family); font-size: 13px; font-style: var(--awb-text-font-style); font-weight: var(--awb-text-font-weight); letter-spacing: var(--awb-letter-spacing); text-align: var(--awb-content-alignment); text-transform: var(--awb-text-transform); background-color: var(--awb-bg-color);\" data-cya11y-org-font-size=\"13\">Am Sonderner Kopf 3<br \/>\n<\/span><span style=\"color: var(--awb-text-color); font-family: var(--awb-text-font-family); font-size: 13px; font-style: var(--awb-text-font-style); font-weight: var(--awb-text-font-weight); letter-spacing: var(--awb-letter-spacing); text-align: var(--awb-content-alignment); text-transform: var(--awb-text-transform); background-color: var(--awb-bg-color);\" data-cya11y-org-font-size=\"13\">57462 Olpe-Sondern<\/span><\/p>\n<p data-cya11y-org-font-size=\"13\" style=\"font-size: 13px;\"><strong><span style=\"color: var(--awb-text-color); font-family: var(--awb-text-font-family); font-size: 13px; font-style: var(--awb-text-font-style); letter-spacing: var(--awb-letter-spacing); text-align: var(--awb-content-alignment); text-transform: var(--awb-text-transform); background-color: var(--awb-bg-color);\" data-cya11y-org-font-size=\"13\">Email <a href=\"mailto:jobs@freizeit-oasen.de\" data-cya11y-org-font-size=\"13\" style=\"font-size: 13px;\">jobs@freizeit-oasen.de<\/a><\/span><\/strong><\/p>\n<\/div><\/div><\/div><\/div><\/div><\/div><\/div><div class=\"xzqv-layout-column xzqv_builder_column xzqv-builder-column-10 xzqv_builder_column_1_4 1_4 xzqv-flex-column\" style=\"--awb-bg-size:cover;--awb-width-large:25%;--awb-margin-top-large:0px;--awb-spacing-right-large:5.82%;--awb-margin-bottom-large:20px;--awb-spacing-left-large:5.82%;--awb-width-medium:25%;--awb-order-medium:0;--awb-spacing-right-medium:5.82%;--awb-spacing-left-medium:5.82%;--awb-width-small:100%;--awb-order-small:0;--awb-spacing-right-small:1.455%;--awb-spacing-left-small:1.455%;\"><div class=\"xzqv-column-wrapper xzqv-column-has-shadow xzqv-flex-justify-content-center xzqv-content-layout-column\"><div class=\"xzqv-text xzqv-text-12\"><p><img decoding=\"async\" class=\"aligncenter wp-image-17739\" src=\"https:\/\/biggesee.freizeit-oasen.de\/fo_uploads\/2023\/01\/FO_Logo_Biggesee_5_Sterne_300dpi.png\" alt=\"\" width=\"144\" height=\"186\" \/><\/p>\n<h3><\/h3>\n<h3 style=\"text-align: center;\"><a href=\"http:\/\/biggesee.freizeit-oasen.de\" target=\"_blank\" rel=\"noopener noreferrer\">Zur Website &gt;<\/a><\/h3>\n<\/div><\/div><\/div><div class=\"xzqv-layout-column xzqv_builder_column xzqv-builder-column-11 xzqv_builder_column_3_4 3_4 xzqv-flex-column\" style=\"--awb-bg-color:#e9e8e5;--awb-bg-color-hover:#e9e8e5;--awb-bg-size:cover;--awb-width-large:75%;--awb-margin-top-large:0px;--awb-spacing-right-large:1.94%;--awb-margin-bottom-large:20px;--awb-spacing-left-large:1.94%;--awb-width-medium:75%;--awb-order-medium:0;--awb-spacing-right-medium:1.94%;--awb-spacing-left-medium:1.94%;--awb-width-small:100%;--awb-order-small:0;--awb-spacing-right-small:1.455%;--awb-spacing-left-small:1.455%;\"><div class=\"xzqv-column-wrapper xzqv-column-has-shadow xzqv-flex-justify-content-center xzqv-content-layout-column\"><div class=\"xzqv-text xzqv-text-13 xzqv-text-no-margin\" style=\"--awb-margin-top:-20px;--awb-margin-bottom:20px;\"><p><img decoding=\"async\" class=\"alignleft wp-image-18008\" src=\"https:\/\/biggesee.freizeit-oasen.de\/fo_uploads\/2023\/03\/FO_Initiativbewerbung_teaser.png\" alt=\"\" width=\"200\" height=\"47\" \/><\/p>\n<\/div><div class=\"xzqv-text xzqv-text-14 xzqv-text-no-margin\" style=\"--awb-margin-right:10px;--awb-margin-bottom:20px;--awb-margin-left:20px;\"><p>F\u00fcr Sie war noch nicht das Richtige dabei? Nicht schlimm! Schreiben Sie uns ganz einfach eine E-Mail und sagen Sie uns, <strong>warum Sie als Zusammenbringer perfekt zur Freizeit-Oasen Familie passen<\/strong> \u2013 gerne unter Angabe Ihres bevorzugten Eintrittstermins und Ihrer Gehaltsvorstellung.<\/p>\n<p><strong>Email: <a href=\"mailto:jobs@freizeit-oasen.de\">jobs@freizeit-oasen.de<\/a><\/strong><\/p>\n<\/div><\/div><\/div><\/div><\/div>\n<div class=\"xzqv-fullwidth fullwidth-box xzqv-builder-row-4 xzqv-flex-container has-pattern-background has-mask-background nonhundred-percent-fullwidth non-hundred-percent-height-scrolling\" style=\"--awb-border-radius-top-left:0px;--awb-border-radius-top-right:0px;--awb-border-radius-bottom-right:0px;--awb-border-radius-bottom-left:0px;--awb-flex-wrap:wrap;\" ><div class=\"xzqv-builder-row xzqv-row xzqv-flex-align-items-flex-start xzqv-flex-content-wrap\" style=\"max-width:1030px;margin-left: calc(-3% \/ 2 );margin-right: calc(-3% \/ 2 );\"><div class=\"xzqv-layout-column xzqv_builder_column xzqv-builder-column-12 xzqv_builder_column_3_4 3_4 xzqv-flex-column\" style=\"--awb-bg-size:cover;--awb-width-large:75%;--awb-margin-top-large:0px;--awb-spacing-right-large:1.94%;--awb-margin-bottom-large:20px;--awb-spacing-left-large:1.94%;--awb-width-medium:75%;--awb-order-medium:0;--awb-spacing-right-medium:1.94%;--awb-spacing-left-medium:1.94%;--awb-width-small:100%;--awb-order-small:0;--awb-spacing-right-small:1.455%;--awb-spacing-left-small:1.455%;\"><div class=\"xzqv-column-wrapper xzqv-column-has-shadow xzqv-flex-justify-content-flex-start xzqv-content-layout-column\"><div class=\"xzqv-separator xzqv-full-width-sep\" style=\"align-self: center;margin-left: auto;margin-right: auto;margin-bottom:30px;width:100%;\"><div class=\"xzqv-separator-border sep-single sep-solid\" style=\"--awb-height:20px;--awb-amount:20px;--awb-sep-color:var(--awb-color7);border-color:var(--awb-color7);border-top-width:1px;\"><\/div><\/div><\/div><\/div><\/div><\/div><div class=\"xzqv-fullwidth fullwidth-box xzqv-builder-row-5 xzqv-flex-container has-pattern-background has-mask-background nonhundred-percent-fullwidth non-hundred-percent-height-scrolling xzqv-animated\" style=\"--awb-border-radius-top-left:0px;--awb-border-radius-top-right:0px;--awb-border-radius-bottom-right:0px;--awb-border-radius-bottom-left:0px;--awb-flex-wrap:wrap;\" data-animationType=\"zoomInDown\" data-animationDuration=\"2.0\" data-animationOffset=\"top-into-view\" ><div class=\"awb-background-mask\" style=\"background-image:  url(data:image\/svg+xml;utf8,%3Csvg%20width%3D%221920%22%20height%3D%22954%22%20fill%3D%22none%22%20xmlns%3D%22http%3A%2F%2Fwww.w3.org%2F2000%2Fsvg%22%3E%3Cg%20clip-path%3D%22url%28%23prefix__clip0_58_68%29%22%20fill%3D%22rgba%28160%2C206%2C78%2C1%29%22%3E%3Ccircle%20cx%3D%221663.56%22%20cy%3D%22206.967%22%20r%3D%22349.995%22%20transform%3D%22rotate%28-45%201663.56%20206.967%29%22%2F%3E%3Cpath%20d%3D%22M1703.05%20674.96c-116.77%20154.952-336.57%20186.262-490.94%2069.933s-184.86-336.246-68.1-491.198l559.04%20421.265z%22%2F%3E%3Cpath%20d%3D%22M1280.32%20918.549c-124.14%2071.672-282.874%2029.138-354.546-95.001-71.672-124.14-29.139-282.876%2094.996-354.548l259.55%20449.549z%22%2F%3E%3C%2Fg%3E%3Cdefs%3E%3CclipPath%20id%3D%22prefix__clip0_58_68%22%3E%3Cpath%20fill%3D%22%23fff%22%20d%3D%22M0%200h1920v954H0z%22%2F%3E%3C%2FclipPath%3E%3C%2Fdefs%3E%3C%2Fsvg%3E);opacity: 1 ;transform: scale(1, 1);mix-blend-mode:normal;\"><\/div><div class=\"xzqv-builder-row xzqv-row xzqv-flex-align-items-flex-start xzqv-flex-content-wrap\" style=\"max-width:1030px;margin-left: calc(-3% \/ 2 );margin-right: calc(-3% \/ 2 );\"><div class=\"xzqv-layout-column xzqv_builder_column xzqv-builder-column-13 xzqv_builder_column_3_4 3_4 xzqv-flex-column\" style=\"--awb-padding-top:60px;--awb-bg-color:#f9f9fb;--awb-bg-color-hover:#f9f9fb;--awb-bg-size:cover;--awb-border-color:var(--awb-color6);--awb-border-style:solid;--awb-width-large:75%;--awb-margin-top-large:0px;--awb-spacing-right-large:1.94%;--awb-margin-bottom-large:20px;--awb-spacing-left-large:1.94%;--awb-width-medium:75%;--awb-order-medium:0;--awb-spacing-right-medium:1.94%;--awb-spacing-left-medium:1.94%;--awb-width-small:100%;--awb-order-small:0;--awb-spacing-right-small:1.455%;--awb-spacing-left-small:1.455%;\"><div class=\"xzqv-column-wrapper xzqv-column-has-shadow xzqv-flex-justify-content-flex-start xzqv-content-layout-column\"><div class=\"xzqv-menu-anchor\" id=\"leitspruch\"><\/div><div class=\"xzqv-text xzqv-text-15\" style=\"--awb-font-size:16px;\"><h2 class=\"xzqv-responsive-typography-calculated\" style=\"--fontsize: 18; line-height: 1.5; --minfontsize: 18; font-size: 22px; text-align: center;\" data-xzqv-font=\"true\" data-fontsize=\"18\" data-lineheight=\"27px\">Leitspruch der Freizeit-Oasen Familie<\/h2>\n<blockquote>\n<p style=\"text-align: center;\"><span style=\"font-style: normal;\"><b style=\"font-size: 14px;\" data-xzqv-font=\"true\">Wir sind die Freizeit-Oasen.<\/b><br \/>\n<span style=\"font-size: 14px;\" data-xzqv-font=\"true\">Das sind die mit den Campingpl\u00e4tzen.<\/span><br \/>\n<span style=\"font-size: 14px;\" data-xzqv-font=\"true\">Aber wir sind noch viel mehr.<\/span><\/span><\/p>\n<p style=\"text-align: center;\"><span style=\"font-style: normal;\"><span style=\"font-size: 14px;\" data-xzqv-font=\"true\">Zukunftsorientiert.<\/span><br \/>\n<span style=\"font-size: 14px;\" data-xzqv-font=\"true\">Verantwortungsvoll.<\/span><br \/>\n<span style=\"font-size: 14px;\" data-xzqv-font=\"true\">Engagiert.<\/span><\/span><\/p>\n<p style=\"text-align: center;\"><span style=\"font-style: normal;\"><span style=\"font-size: 14px;\" data-xzqv-font=\"true\">Wir sind die Zusammenbringer, Vorausdenker,<\/span><br \/>\n<span style=\"font-size: 14px;\" data-xzqv-font=\"true\">Campingpioniere, Weiterentwickler,<\/span><br \/>\n<span style=\"font-size: 14px;\" data-xzqv-font=\"true\">Andersdenker, Partner,<\/span><br \/>\n<span style=\"font-size: 14px;\" data-xzqv-font=\"true\">Zukunftsgestalter, Freiheitsliebende,<\/span><br \/>\n<span style=\"font-size: 14px;\" data-xzqv-font=\"true\">Macher und Willkommen-Hei\u00dfer.<\/span><\/span><\/p>\n<p style=\"text-align: center;\"><span style=\"font-style: normal;\"><span style=\"font-size: 14px;\" data-xzqv-font=\"true\">Aber vor allem sind wir die,<\/span><br \/>\n<span style=\"font-size: 14px;\" data-xzqv-font=\"true\">mit dem Urlaub.<\/span><br \/>\n<span style=\"font-size: 14px;\" data-xzqv-font=\"true\">Und zwar, Zuhause in der Natur.<\/span><\/span><\/p>\n<p style=\"text-align: center;\"><span style=\"font-style: normal;\"><span style=\"font-size: 14px;\" data-xzqv-font=\"true\">Dezent, und intelligent.<\/span><br \/>\n<span style=\"font-size: 14px;\" data-xzqv-font=\"true\">Mit einem klaren Anspruch an Qualit\u00e4t,<\/span><br \/>\n<span style=\"font-size: 14px;\" data-xzqv-font=\"true\">Besonderheit und Wohlf\u00fchlen.<\/span><br \/>\n<span style=\"font-size: 14px;\" data-xzqv-font=\"true\">Und voller Innovationskraft.<\/span><\/span><\/p>\n<p style=\"text-align: center;\"><span style=\"font-style: normal;\"><span style=\"font-size: 14px;\" data-xzqv-font=\"true\">Im Herzen sind wir Camper,<\/span><br \/>\n<span style=\"font-size: 14px;\" data-xzqv-font=\"true\">die begeistern wollen. F\u00fcr neues Wohlf\u00fchlen,<\/span><br \/>\n<span style=\"font-size: 14px;\" data-xzqv-font=\"true\">smarte Umsetzungen und<\/span><br \/>\n<span style=\"font-size: 14px;\" data-xzqv-font=\"true\">\u00fcberzeugende Details.<\/span><\/span><\/p>\n<p style=\"text-align: center;\"><span style=\"font-style: normal;\"><span style=\"font-size: 14px;\" data-xzqv-font=\"true\">Wir tun nie weniger als alles,<\/span><br \/>\n<span style=\"font-size: 14px;\" data-xzqv-font=\"true\">um f\u00fcr unsere G\u00e4ste die beste L\u00f6sung zu finden.<\/span><br \/>\n<span style=\"font-size: 14px;\" data-xzqv-font=\"true\">Mit Service, Leistung und Herz,<\/span><br \/>\n<span style=\"font-size: 14px;\" data-xzqv-font=\"true\">Made in Germany.<\/span><\/span><\/p>\n<p style=\"text-align: center;\"><span style=\"font-style: normal;\"><span style=\"font-size: 14px;\" data-xzqv-font=\"true\">Denn daf\u00fcr stehen wir.<\/span><br \/>\n<span style=\"font-size: 14px;\" data-xzqv-font=\"true\">Und das schon seit 1994.<\/span><\/span><\/p>\n<\/blockquote>\n<p style=\"text-align: center; font-size: 10px;\" data-xzqv-font=\"true\">(In Anlehnung an Gira)<\/p>\n<\/div><\/div><\/div><div class=\"xzqv-layout-column xzqv_builder_column xzqv-builder-column-14 awb-sticky awb-sticky-small awb-sticky-medium awb-sticky-large xzqv_builder_column_1_4 1_4 xzqv-flex-column xzqv-flex-align-self-center xzqv-no-small-visibility\" style=\"--awb-bg-size:cover;--awb-width-large:25%;--awb-margin-top-large:0px;--awb-spacing-right-large:5.82%;--awb-margin-bottom-large:20px;--awb-spacing-left-large:5.82%;--awb-width-medium:25%;--awb-order-medium:0;--awb-spacing-right-medium:5.82%;--awb-spacing-left-medium:5.82%;--awb-width-small:100%;--awb-order-small:0;--awb-spacing-right-small:1.455%;--awb-spacing-left-small:1.455%;\"><div class=\"xzqv-column-wrapper xzqv-column-has-shadow xzqv-flex-justify-content-center xzqv-content-layout-column\"><div class=\"xzqv-image-element sm-text-align-center\" style=\"text-align:right;--awb-margin-top-small:10px;--awb-max-width:220px;--awb-caption-title-font-family:var(--h2_typography-font-family);--awb-caption-title-font-weight:var(--h2_typography-font-weight);--awb-caption-title-font-style:var(--h2_typography-font-style);--awb-caption-title-size:var(--h2_typography-font-size);--awb-caption-title-transform:var(--h2_typography-text-transform);--awb-caption-title-line-height:var(--h2_typography-line-height);--awb-caption-title-letter-spacing:var(--h2_typography-letter-spacing);\"><span class=\" xzqv-imageframe imageframe-none imageframe-3 hover-type-none\"><img decoding=\"async\" width=\"360\" height=\"358\" alt=\"Freizeit-Oasen Logo\" src=\"https:\/\/eifel-camp.freizeit-oasen.de\/fo_content\/uploads\/2014\/04\/fo_logo.png\" class=\"img-responsive wp-image-5830\" srcset=\"https:\/\/eifel-camp.freizeit-oasen.de\/fo_content\/uploads\/2014\/04\/fo_logo-200x199.png 200w, https:\/\/eifel-camp.freizeit-oasen.de\/fo_content\/uploads\/2014\/04\/fo_logo.png 360w\" sizes=\"(max-width: 640px) 100vw, 360px\" \/><\/span><\/div><div class=\"xzqv-text xzqv-text-16 xzqv-text-no-margin\" style=\"--awb-margin-top:60px;--awb-margin-bottom:60px;\"><p><img decoding=\"async\" class=\"size-full wp-image-21111 aligncenter\" src=\"https:\/\/eifel-camp.freizeit-oasen.de\/fo_content\/uploads\/2023\/01\/FO_aufkleber_infotheke_zuhause_80x20.png\" alt=\"\" width=\"300\" height=\"65\" srcset=\"https:\/\/eifel-camp.freizeit-oasen.de\/fo_content\/uploads\/2023\/01\/FO_aufkleber_infotheke_zuhause_80x20-24x5.png 24w, https:\/\/eifel-camp.freizeit-oasen.de\/fo_content\/uploads\/2023\/01\/FO_aufkleber_infotheke_zuhause_80x20-36x8.png 36w, https:\/\/eifel-camp.freizeit-oasen.de\/fo_content\/uploads\/2023\/01\/FO_aufkleber_infotheke_zuhause_80x20-48x10.png 48w, https:\/\/eifel-camp.freizeit-oasen.de\/fo_content\/uploads\/2023\/01\/FO_aufkleber_infotheke_zuhause_80x20-200x43.png 200w, https:\/\/eifel-camp.freizeit-oasen.de\/fo_content\/uploads\/2023\/01\/FO_aufkleber_infotheke_zuhause_80x20.png 300w\" sizes=\"(max-width: 300px) 100vw, 300px\" \/><\/p>\n<\/div><\/div><\/div><\/div><\/div><\/p>\n","protected":false},"excerpt":{"rendered":"","protected":false},"author":1,"featured_media":0,"parent":0,"menu_order":0,"comment_status":"closed","ping_status":"closed","template":"","meta":{"footnotes":""},"class_list":["post-21028","page","type-page","status-publish","hentry"],"_links":{"self":[{"href":"https:\/\/eifel-camp.freizeit-oasen.de\/api-json\/wp\/v2\/pages\/21028","targetHints":{"allow":["GET"]}}],"collection":[{"href":"https:\/\/eifel-camp.freizeit-oasen.de\/api-json\/wp\/v2\/pages"}],"about":[{"href":"https:\/\/eifel-camp.freizeit-oasen.de\/api-json\/wp\/v2\/types\/page"}],"author":[{"embeddable":true,"href":"https:\/\/eifel-camp.freizeit-oasen.de\/api-json\/wp\/v2\/users\/1"}],"replies":[{"embeddable":true,"href":"https:\/\/eifel-camp.freizeit-oasen.de\/api-json\/wp\/v2\/comments?post=21028"}],"version-history":[{"count":62,"href":"https:\/\/eifel-camp.freizeit-oasen.de\/api-json\/wp\/v2\/pages\/21028\/revisions"}],"predecessor-version":[{"id":25154,"href":"https:\/\/eifel-camp.freizeit-oasen.de\/api-json\/wp\/v2\/pages\/21028\/revisions\/25154"}],"wp:attachment":[{"href":"https:\/\/eifel-camp.freizeit-oasen.de\/api-json\/wp\/v2\/media?parent=21028"}],"curies":[{"name":"wp","href":"https:\/\/api.w.org\/{rel}","templated":true}]}}